{"id":1351,"date":"2020-05-24T00:52:43","date_gmt":"2020-05-24T04:52:43","guid":{"rendered":"https:\/\/hotelfrayjunipero.com\/?page_id=1351"},"modified":"2026-03-24T14:57:48","modified_gmt":"2026-03-24T18:57:48","slug":"travesia-cora","status":"publish","type":"page","link":"https:\/\/hotelesfray.com\/en\/proveedores-turisticos\/travesia-cora\/","title":{"rendered":"Traves\u00eda Cora"},"content":{"rendered":"\n[et_pb_section fb_built=\u00bb1&#8243; _builder_version=\u00bb4.4.6&#8243; background_image=\u00bbhttps:\/\/hotelfrayjunipero.com\/wp-content\/uploads\/2020\/08\/TravesiaHero.jpg\u00bb custom_padding=\u00bb0px|||||\u00bb da_disable_devices=\u00bboff|off|off\u00bb locked=\u00bboff\u00bb da_is_popup=\u00bboff\u00bb da_exit_intent=\u00bboff\u00bb da_has_close=\u00bbon\u00bb da_alt_close=\u00bboff\u00bb da_dark_close=\u00bboff\u00bb da_not_modal=\u00bbon\u00bb da_is_singular=\u00bboff\u00bb da_with_loader=\u00bboff\u00bb da_has_shadow=\u00bbon\u00bb][et_pb_row _builder_version=\u00bb4.4.6&#8243; module_alignment=\u00bbleft\u00bb custom_padding=\u00bb35px|0px|0px|40px|false|false\u00bb][et_pb_column type=\u00bb4_4&#8243; _builder_version=\u00bb4.4.6&#8243;][et_pb_button button_url=\u00bb@ET-DC@eyJkeW5hbWljIjp0cnVlLCJjb250ZW50IjoicG9zdF9saW5rX3VybF9wYWdlIiwic2V0dGluZ3MiOnsicG9zdF9pZCI6IjExNTcifX0=@\u00bb button_text=\u00bbVolver al listado de tours\u00bb button_alignment=\u00bbleft\u00bb _builder_version=\u00bb4.4.6&#8243; _dynamic_attributes=\u00bbbutton_url\u00bb custom_button=\u00bbon\u00bb button_bg_color=\u00bbrgba(0,0,0,0)\u00bb button_font=\u00bb||||||||solid\u00bb button_icon=\u00bb%%19%%\u00bb button_icon_placement=\u00bbleft\u00bb button_on_hover=\u00bboff\u00bb button_bg_color__hover_enabled=\u00bboff|desktop\u00bb][\/et_pb_button][\/et_pb_column][\/et_pb_row][et_pb_row _builder_version=\u00bb4.4.6&#8243; custom_padding=\u00bb120px||140px|||\u00bb][et_pb_column type=\u00bb4_4&#8243; _builder_version=\u00bb4.4.6&#8243;][et_pb_text _builder_version=\u00bb4.4.6&#8243; text_font=\u00bb|300|||||||\u00bb text_text_color=\u00bb#eba123&#8243; text_font_size=\u00bb30px\u00bb text_letter_spacing=\u00bb-1px\u00bb header_font=\u00bb|800|||||||\u00bb header_text_color=\u00bb#ffffff\u00bb header_font_size=\u00bb52px\u00bb header_line_height=\u00bb0.8em\u00bb]<h1>Traves\u00eda Cora<\/h1>\n<p>Especialistas en diversi\u00f3n<\/p>[\/et_pb_text][\/et_pb_column][\/et_pb_row][\/et_pb_section][et_pb_section fb_built=\u00bb1&#8243; _builder_version=\u00bb4.4.6&#8243; background_color=\u00bb#f9fbfc\u00bb background_image=\u00bbhttps:\/\/hotelfrayjunipero.com\/wp-content\/uploads\/2020\/02\/Pattern25.png\u00bb background_size=\u00bbinitial\u00bb background_repeat=\u00bbrepeat\u00bb custom_padding=\u00bb35px||35px|||\u00bb da_disable_devices=\u00bboff|off|off\u00bb box_shadow_style=\u00bbpreset3&#8243; box_shadow_vertical=\u00bb-4px\u00bb box_shadow_blur=\u00bb24px\u00bb box_shadow_color=\u00bb#c2c8ce\u00bb box_shadow_position=\u00bbinner\u00bb locked=\u00bboff\u00bb da_is_popup=\u00bboff\u00bb da_exit_intent=\u00bboff\u00bb da_has_close=\u00bbon\u00bb da_alt_close=\u00bboff\u00bb da_dark_close=\u00bboff\u00bb da_not_modal=\u00bbon\u00bb da_is_singular=\u00bboff\u00bb da_with_loader=\u00bboff\u00bb da_has_shadow=\u00bbon\u00bb][et_pb_row column_structure=\u00bb3_4,1_4&#8243; _builder_version=\u00bb4.4.6&#8243; custom_padding=\u00bb1px||0px|||\u00bb][et_pb_column type=\u00bb3_4&#8243; _builder_version=\u00bb4.4.6&#8243;][et_pb_text _builder_version=\u00bb4.4.1&#8243; text_font=\u00bb|600|on||||||\u00bb text_text_color=\u00bb#586d7a\u00bb text_font_size=\u00bb18px\u00bb text_line_height=\u00bb1.6em\u00bb background_image=\u00bbhttps:\/\/hotelfrayjunipero.com\/wp-content\/uploads\/2020\/02\/Quotes100.png\u00bb background_size=\u00bbinitial\u00bb background_position=\u00bbtop_left\u00bb custom_padding=\u00bb||14px|||\u00bb]<p>Ofrecemos experiencias \u00fanicas por medio de recorridos tur\u00edsticos en contacto con la naturaleza, rutas donde los viajeros tienen la oportunidad de conocer riquezas naturales y culturales en el estado de Nayarit a trav\u00e9s de actividades de Turismo de aventura, Ecoturismo y Turismo rural.<\/p>[\/et_pb_text][\/et_pb_column][et_pb_column type=\u00bb1_4&#8243; _builder_version=\u00bb4.4.6&#8243;][et_pb_image src=\u00bbhttps:\/\/hotelfrayjunipero.com\/wp-content\/uploads\/2020\/04\/TravesiaCora.jpg\u00bb title_text=\u00bbTravesiaCora\u00bb align=\u00bbcenter\u00bb _builder_version=\u00bb4.4.6&#8243; width=\u00bb128px\u00bb border_radii=\u00bbon|5px|5px|5px|5px\u00bb box_shadow_style=\u00bbpreset3&#8243;][\/et_pb_image][\/et_pb_column][\/et_pb_row][\/et_pb_section][et_pb_section fb_built=\u00bb1&#8243; disabled_on=\u00bboff|off|off\u00bb _builder_version=\u00bb4.4.6&#8243; custom_padding=\u00bb35px||0px|||\u00bb da_disable_devices=\u00bboff|off|off\u00bb locked=\u00bboff\u00bb da_is_popup=\u00bboff\u00bb da_exit_intent=\u00bboff\u00bb da_has_close=\u00bbon\u00bb da_alt_close=\u00bboff\u00bb da_dark_close=\u00bboff\u00bb da_not_modal=\u00bbon\u00bb da_is_singular=\u00bboff\u00bb da_with_loader=\u00bboff\u00bb da_has_shadow=\u00bbon\u00bb][et_pb_row column_structure=\u00bb1_3,1_3,1_3&#8243; custom_padding_last_edited=\u00bboff|tablet\u00bb _builder_version=\u00bb4.4.6&#8243; custom_padding=\u00bb0px||40px||false|false\u00bb][et_pb_column type=\u00bb1_3&#8243; _builder_version=\u00bb4.4.6&#8243;][et_pb_cta title=\u00bbCa\u00f1\u00f3n del Cora\u00bb _builder_version=\u00bb4.4.6&#8243; header_text_align=\u00bbleft\u00bb header_font_size=\u00bb28px\u00bb background_enable_color=\u00bboff\u00bb background_image=\u00bbhttps:\/\/hotelfrayjunipero.com\/wp-content\/uploads\/2020\/05\/Travesia-1.jpg\u00bb custom_button=\u00bbon\u00bb button_bg_color=\u00bbrgba(0,0,0,0)\u00bb button_border_width=\u00bb2px\u00bb button_alignment=\u00bbleft\u00bb button_custom_margin=\u00bb180px||||false|false\u00bb height=\u00bb350px\u00bb custom_padding=\u00bb20px|20px|22px|20px|false|false\u00bb header_text_shadow_style=\u00bbpreset1&#8243; border_radii=\u00bbon|5px|5px|5px|5px\u00bb box_shadow_style=\u00bbpreset3&#8243; button_bg_color__hover_enabled=\u00bbon|hover\u00bb button_bg_color__hover=\u00bbrgba(10,6,6,0.55)\u00bb button_bg_enable_color__hover=\u00bbon\u00bb button_border_width__hover_enabled=\u00bbon|hover\u00bb button_border_width__hover=\u00bb2px\u00bb][\/et_pb_cta][et_pb_button button_url=\u00bb#reserva\u00bb button_text=\u00bbReservar\u00bb button_alignment=\u00bbright\u00bb _builder_version=\u00bb4.4.6&#8243; custom_button=\u00bbon\u00bb button_bg_color=\u00bbrgba(10,7,7,0.5)\u00bb button_border_width=\u00bb2px\u00bb custom_margin=\u00bb-75px|18px|35px|18px|false|false\u00bb custom_margin_tablet=\u00bb-85px|15px|35px|15px|false|false\u00bb custom_margin_phone=\u00bb\u00bb custom_margin_last_edited=\u00bbon|tablet\u00bb][\/et_pb_button][et_pb_text _builder_version=\u00bb4.4.6&#8243; text_font=\u00bb|600|on||||||\u00bb text_text_color=\u00bb#586d7a\u00bb text_orientation=\u00bbjustified\u00bb custom_padding=\u00bb||4px|||\u00bb]<p><span>Una belleza para conectarte con la naturaleza: senderismo y r\u00e1pel en cascadas de 35, 22 y 18 metros de altura.<\/span><\/p>\n<p>Temporada: <strong>de octubre a julio<\/strong>.<span><\/span><\/p>\n<p><strong>Precio por persona<\/strong> (adultos):<\/p>[\/et_pb_text][et_pb_text _builder_version=\u00bb4.4.6&#8243; text_font=\u00bb|300|||||||\u00bb text_text_color=\u00bb#eba123&#8243; text_font_size=\u00bb24px\u00bb text_orientation=\u00bbright\u00bb custom_margin=\u00bb-45px||||false|false\u00bb]$<strong>880<\/strong>[\/et_pb_text][\/et_pb_column][et_pb_column type=\u00bb1_3&#8243; _builder_version=\u00bb4.4.6&#8243;][et_pb_cta title=\u00bbCa\u00f1\u00f3n del Tenemache\u00bb _builder_version=\u00bb4.4.6&#8243; header_text_align=\u00bbleft\u00bb header_font_size=\u00bb28px\u00bb background_enable_color=\u00bboff\u00bb background_image=\u00bbhttps:\/\/hotelfrayjunipero.com\/wp-content\/uploads\/2020\/05\/Travesia-2.jpg\u00bb custom_button=\u00bbon\u00bb button_bg_color=\u00bbrgba(0,0,0,0)\u00bb button_border_width=\u00bb2px\u00bb button_alignment=\u00bbleft\u00bb button_custom_margin=\u00bb180px||||false|false\u00bb height=\u00bb350px\u00bb custom_padding=\u00bb20px|20px|22px|20px|false|false\u00bb header_text_shadow_style=\u00bbpreset1&#8243; border_radii=\u00bbon|5px|5px|5px|5px\u00bb box_shadow_style=\u00bbpreset3&#8243; button_bg_color__hover_enabled=\u00bbon|hover\u00bb button_bg_color__hover=\u00bbrgba(10,6,6,0.55)\u00bb button_bg_enable_color__hover=\u00bbon\u00bb button_border_width__hover_enabled=\u00bbon|hover\u00bb button_border_width__hover=\u00bb2px\u00bb][\/et_pb_cta][et_pb_button button_url=\u00bb#reserva\u00bb button_text=\u00bbReservar\u00bb button_alignment=\u00bbright\u00bb _builder_version=\u00bb4.4.6&#8243; custom_button=\u00bbon\u00bb button_bg_color=\u00bbrgba(10,7,7,0.5)\u00bb button_border_width=\u00bb2px\u00bb custom_margin=\u00bb-75px|18px|35px|18px|false|false\u00bb custom_margin_tablet=\u00bb-85px|15px|35px|15px|false|false\u00bb custom_margin_phone=\u00bb\u00bb custom_margin_last_edited=\u00bbon|tablet\u00bb][\/et_pb_button][et_pb_text _builder_version=\u00bb4.4.6&#8243; text_font=\u00bb|600|on||||||\u00bb text_text_color=\u00bb#586d7a\u00bb text_orientation=\u00bbjustified\u00bb custom_padding=\u00bb||4px|||\u00bb]<p><span>Incre\u00edbles paisajes escondidos dentro de la Sierra Madre Occidental: senderismo y r\u00e1pel en pared de 15 metros.<\/span><\/p>\n<p>Temporada: <strong>de junio a noviembre<\/strong>.<span><\/span><\/p>\n<p><strong>Precio por persona<\/strong> (adultos):<\/p>[\/et_pb_text][et_pb_text _builder_version=\u00bb4.4.6&#8243; text_font=\u00bb|300|||||||\u00bb text_text_color=\u00bb#eba123&#8243; text_font_size=\u00bb24px\u00bb text_orientation=\u00bbright\u00bb custom_margin=\u00bb-45px||||false|false\u00bb]$<strong>880<\/strong>[\/et_pb_text][\/et_pb_column][et_pb_column type=\u00bb1_3&#8243; _builder_version=\u00bb4.4.6&#8243;][et_pb_cta title=\u00bbEl Real de Acuitapilco\u00bb _builder_version=\u00bb4.4.6&#8243; header_text_align=\u00bbleft\u00bb header_font_size=\u00bb28px\u00bb background_enable_color=\u00bboff\u00bb background_image=\u00bbhttps:\/\/hotelfrayjunipero.com\/wp-content\/uploads\/2020\/05\/Travesia-3.jpg\u00bb custom_button=\u00bbon\u00bb button_bg_color=\u00bbrgba(0,0,0,0)\u00bb button_border_width=\u00bb2px\u00bb button_alignment=\u00bbleft\u00bb button_custom_margin=\u00bb180px||||false|false\u00bb height=\u00bb350px\u00bb custom_padding=\u00bb20px|20px|22px|20px|false|false\u00bb header_text_shadow_style=\u00bbpreset1&#8243; border_radii=\u00bbon|5px|5px|5px|5px\u00bb box_shadow_style=\u00bbpreset3&#8243; button_bg_color__hover_enabled=\u00bbon|hover\u00bb button_bg_color__hover=\u00bbrgba(10,6,6,0.55)\u00bb button_bg_enable_color__hover=\u00bbon\u00bb button_border_width__hover_enabled=\u00bbon|hover\u00bb button_border_width__hover=\u00bb2px\u00bb][\/et_pb_cta][et_pb_button button_url=\u00bb#reserva\u00bb button_text=\u00bbReservar\u00bb button_alignment=\u00bbright\u00bb _builder_version=\u00bb4.4.6&#8243; custom_button=\u00bbon\u00bb button_bg_color=\u00bbrgba(10,7,7,0.5)\u00bb button_border_width=\u00bb2px\u00bb custom_margin=\u00bb-75px|18px|35px|18px|false|false\u00bb custom_margin_tablet=\u00bb-85px|15px|35px|15px|false|false\u00bb custom_margin_phone=\u00bb\u00bb custom_margin_last_edited=\u00bbon|tablet\u00bb][\/et_pb_button][et_pb_text _builder_version=\u00bb4.4.6&#8243; text_font=\u00bb|600|on||||||\u00bb text_text_color=\u00bb#586d7a\u00bb text_orientation=\u00bbjustified\u00bb custom_padding=\u00bb||4px|||\u00bb]<p><span>Descenso en r\u00e1pel de 12 metros de altura, cascadas de 30 y 25 metros y paddel board en la m\u00edstica laguna de Samao.<\/span><\/p>\n<p>Temporada: <strong>de octubre a julio<\/strong>.<span><\/span><\/p>\n<p><strong>Precio por persona<\/strong> (adultos):<\/p>[\/et_pb_text][et_pb_text _builder_version=\u00bb4.4.6&#8243; text_font=\u00bb|300|||||||\u00bb text_text_color=\u00bb#eba123&#8243; text_font_size=\u00bb24px\u00bb text_orientation=\u00bbright\u00bb custom_margin=\u00bb-45px||||false|false\u00bb]$<strong>880<\/strong>[\/et_pb_text][\/et_pb_column][\/et_pb_row][et_pb_row column_structure=\u00bb1_3,1_3,1_3&#8243; custom_padding_last_edited=\u00bboff|tablet\u00bb _builder_version=\u00bb4.4.6&#8243; custom_padding=\u00bb0px||40px||false|false\u00bb][et_pb_column type=\u00bb1_3&#8243; _builder_version=\u00bb4.4.6&#8243;][et_pb_cta title=\u00bbCa\u00f1\u00f3n Tecuitata\u00bb _builder_version=\u00bb4.4.6&#8243; header_text_align=\u00bbleft\u00bb header_font_size=\u00bb28px\u00bb background_enable_color=\u00bboff\u00bb background_image=\u00bbhttps:\/\/hotelfrayjunipero.com\/wp-content\/uploads\/2020\/05\/Travesia-4.jpg\u00bb custom_button=\u00bbon\u00bb button_bg_color=\u00bbrgba(0,0,0,0)\u00bb button_border_width=\u00bb2px\u00bb button_alignment=\u00bbleft\u00bb button_custom_margin=\u00bb180px||||false|false\u00bb height=\u00bb350px\u00bb custom_padding=\u00bb20px|20px|22px|20px|false|false\u00bb header_text_shadow_style=\u00bbpreset1&#8243; border_radii=\u00bbon|5px|5px|5px|5px\u00bb box_shadow_style=\u00bbpreset3&#8243; button_bg_color__hover_enabled=\u00bbon|hover\u00bb button_bg_color__hover=\u00bbrgba(10,6,6,0.55)\u00bb button_bg_enable_color__hover=\u00bbon\u00bb button_border_width__hover_enabled=\u00bbon|hover\u00bb button_border_width__hover=\u00bb2px\u00bb][\/et_pb_cta][et_pb_button button_url=\u00bb#reserva\u00bb button_text=\u00bbReservar\u00bb button_alignment=\u00bbright\u00bb _builder_version=\u00bb4.4.6&#8243; custom_button=\u00bbon\u00bb button_bg_color=\u00bbrgba(10,7,7,0.5)\u00bb button_border_width=\u00bb2px\u00bb custom_margin=\u00bb-75px|18px|35px|18px|false|false\u00bb custom_margin_tablet=\u00bb-85px|15px|35px|15px|false|false\u00bb custom_margin_phone=\u00bb\u00bb custom_margin_last_edited=\u00bbon|tablet\u00bb][\/et_pb_button][et_pb_text _builder_version=\u00bb4.4.6&#8243; text_font=\u00bb|600|on||||||\u00bb text_text_color=\u00bb#586d7a\u00bb text_orientation=\u00bbjustified\u00bb custom_padding=\u00bb||4px|||\u00bb]<p><span>Un ca\u00f1\u00f3n paradisiaco: saltos al agua desde 2 a 14 metros, r\u00e1pel y senderismo, con el delicioso caf\u00e9 de la zona.<\/span><\/p>\n<p>Temporada: <strong>de octubre a julio<\/strong>.<span><\/span><\/p>\n<p><strong>Precio por persona<\/strong> (adultos):<\/p>[\/et_pb_text][et_pb_text _builder_version=\u00bb4.4.6&#8243; text_font=\u00bb|300|||||||\u00bb text_text_color=\u00bb#eba123&#8243; text_font_size=\u00bb24px\u00bb text_orientation=\u00bbright\u00bb custom_margin=\u00bb-45px||||false|false\u00bb]$<strong>880<\/strong>[\/et_pb_text][\/et_pb_column][et_pb_column type=\u00bb1_3&#8243; _builder_version=\u00bb4.4.6&#8243;][et_pb_cta title=\u00bbEl Salto Negro\u00bb _builder_version=\u00bb4.4.6&#8243; header_text_align=\u00bbleft\u00bb header_font_size=\u00bb28px\u00bb background_enable_color=\u00bboff\u00bb background_image=\u00bbhttps:\/\/hotelfrayjunipero.com\/wp-content\/uploads\/2020\/05\/Travesia-5-e1590298477934.jpg\u00bb custom_button=\u00bbon\u00bb button_bg_color=\u00bbrgba(0,0,0,0)\u00bb button_border_width=\u00bb2px\u00bb button_alignment=\u00bbleft\u00bb button_custom_margin=\u00bb180px||||false|false\u00bb height=\u00bb350px\u00bb custom_padding=\u00bb20px|20px|22px|20px|false|false\u00bb header_text_shadow_style=\u00bbpreset1&#8243; border_radii=\u00bbon|5px|5px|5px|5px\u00bb box_shadow_style=\u00bbpreset3&#8243; button_bg_color__hover_enabled=\u00bbon|hover\u00bb button_bg_color__hover=\u00bbrgba(10,6,6,0.55)\u00bb button_bg_enable_color__hover=\u00bbon\u00bb button_border_width__hover_enabled=\u00bbon|hover\u00bb button_border_width__hover=\u00bb2px\u00bb][\/et_pb_cta][et_pb_button button_url=\u00bb#reserva\u00bb button_text=\u00bbReservar\u00bb button_alignment=\u00bbright\u00bb _builder_version=\u00bb4.4.6&#8243; custom_button=\u00bbon\u00bb button_bg_color=\u00bbrgba(10,7,7,0.5)\u00bb button_border_width=\u00bb2px\u00bb custom_margin=\u00bb-75px|18px|35px|18px|false|false\u00bb custom_margin_tablet=\u00bb-85px|15px|35px|15px|false|false\u00bb custom_margin_phone=\u00bb\u00bb custom_margin_last_edited=\u00bbon|tablet\u00bb][\/et_pb_button][et_pb_text _builder_version=\u00bb4.4.6&#8243; text_font=\u00bb|600|on||||||\u00bb text_text_color=\u00bb#586d7a\u00bb text_orientation=\u00bbjustified\u00bb custom_padding=\u00bb||4px|||\u00bb]<p>Relajaci\u00f3n y un c\u00e1lido servicio: senderismo y descenso a r\u00e1pel de 40 metros de altura, saltos y nataci\u00f3n entre la naturaleza.<\/p>\n<p>Temporada: <strong>de\u00a0<span>julio a noviembre<\/span><\/strong>.<span><\/span><\/p>\n<p><strong>Precio por persona<\/strong> (adultos):<\/p>[\/et_pb_text][et_pb_text _builder_version=\u00bb4.4.6&#8243; text_font=\u00bb|300|||||||\u00bb text_text_color=\u00bb#eba123&#8243; text_font_size=\u00bb24px\u00bb text_orientation=\u00bbright\u00bb custom_margin=\u00bb-45px||||false|false\u00bb]$<strong>880<\/strong>[\/et_pb_text][\/et_pb_column][et_pb_column type=\u00bb1_3&#8243; _builder_version=\u00bb4.4.6&#8243;][et_pb_image src=\u00bbhttps:\/\/hotelfrayjunipero.com\/wp-content\/uploads\/2020\/04\/TravesiaCora.jpg\u00bb title_text=\u00bbTravesiaCora\u00bb align=\u00bbcenter\u00bb _builder_version=\u00bb4.4.6&#8243; width=\u00bb50%\u00bb filter_saturate=\u00bb0%\u00bb filter_opacity=\u00bb13%\u00bb border_radii=\u00bbon|512px|512px|512px|512px\u00bb][\/et_pb_image][\/et_pb_column][\/et_pb_row][\/et_pb_section][et_pb_section fb_built=\u00bb1&#8243; _builder_version=\u00bb4.5.5&#8243; custom_padding=\u00bb0px||28px|||\u00bb da_disable_devices=\u00bboff|off|off\u00bb da_is_popup=\u00bboff\u00bb da_exit_intent=\u00bboff\u00bb da_has_close=\u00bbon\u00bb da_alt_close=\u00bboff\u00bb da_dark_close=\u00bboff\u00bb da_not_modal=\u00bbon\u00bb da_is_singular=\u00bboff\u00bb da_with_loader=\u00bboff\u00bb da_has_shadow=\u00bbon\u00bb][et_pb_row column_structure=\u00bb3_5,2_5&#8243; _builder_version=\u00bb4.4.6&#8243; background_color=\u00bb#eba123&#8243; background_image=\u00bbhttps:\/\/hotelfrayjunipero.com\/wp-content\/uploads\/2020\/02\/Pattern50.png\u00bb background_size=\u00bbinitial\u00bb background_repeat=\u00bbrepeat\u00bb background_blend=\u00bboverlay\u00bb custom_padding=\u00bb40px|45px|40px|45px|true|true\u00bb border_radii=\u00bbon|5px|5px|5px|5px\u00bb box_shadow_style=\u00bbpreset3&#8243;][et_pb_column type=\u00bb3_5&#8243; _builder_version=\u00bb4.4.6&#8243;][et_pb_text _builder_version=\u00bb4.4.6&#8243; text_text_color=\u00bb#ffffff\u00bb header_2_font=\u00bb|800|||||||\u00bb header_2_text_color=\u00bb#20292d\u00bb]<h2>Todos los tours incluyen:<\/h2>\n<ul>\n<li>Transporte (redondo) y box lunch (barras energ\u00e9ticas e hidrataci\u00f3n)<\/li>\n<li>Servicios de gu\u00edas acreditados y equipo especializado (casco, arn\u00e9s, chaleco y sistema de descenso, con botiqu\u00edn de primeros auxilios)<\/li>\n<li>Desarrollo de la actividad (senderismo, saltos a pozas de agua y descenso a rappel)<\/li>\n<li>Seguro contra accidentes<\/li>\n<li>Fotograf\u00edas<\/li>\n<\/ul>[\/et_pb_text][\/et_pb_column][et_pb_column type=\u00bb2_5&#8243; _builder_version=\u00bb4.4.6&#8243;][et_pb_text _builder_version=\u00bb4.4.6&#8243; text_text_color=\u00bb#ffffff\u00bb header_text_color=\u00bb#20292d\u00bb]<h1 style=\"text-align: center;\">Reservar un tour<\/h1>\n<p style=\"text-align: center;\">Correo: <strong>reservaciones@hotelfrayjunipero.com<\/strong><br \/> Tel\u00e9fono: <strong>(311) 212 2525<\/strong><\/p>[\/et_pb_text][et_pb_button button_url=\u00bbmailto:reservaciones@hotelfrayjunipero.com\u00bb button_text=\u00bbEnviar correo\u00bb button_alignment=\u00bbcenter\u00bb _builder_version=\u00bb4.4.6&#8243; custom_button=\u00bbon\u00bb button_bg_color=\u00bb#20292d\u00bb][\/et_pb_button][et_pb_button button_url=\u00bbtel:+523112122525&#8243; button_text=\u00bbLlamar ahora\u00bb button_alignment=\u00bbcenter\u00bb _builder_version=\u00bb4.4.6&#8243; custom_button=\u00bbon\u00bb button_bg_color=\u00bb#20292d\u00bb][\/et_pb_button][\/et_pb_column][\/et_pb_row][\/et_pb_section][et_pb_section fb_built=\u00bb1&#8243; _builder_version=\u00bb4.4.6&#8243; custom_padding=\u00bb14px||35px|||\u00bb da_disable_devices=\u00bboff|off|off\u00bb da_is_popup=\u00bboff\u00bb da_exit_intent=\u00bboff\u00bb da_has_close=\u00bbon\u00bb da_alt_close=\u00bboff\u00bb da_dark_close=\u00bboff\u00bb da_not_modal=\u00bbon\u00bb da_is_singular=\u00bboff\u00bb da_with_loader=\u00bboff\u00bb da_has_shadow=\u00bbon\u00bb][et_pb_row column_structure=\u00bb1_2,1_2&#8243; _builder_version=\u00bb4.4.6&#8243; custom_padding=\u00bb0px||0px|||\u00bb][et_pb_column type=\u00bb1_2&#8243; _builder_version=\u00bb4.4.6&#8243;][et_pb_text _builder_version=\u00bb4.4.6&#8243;]<h2>Recomendaciones<\/h2>\n<ul>\n<li><strong>General:<\/strong> Bloqueador y repelente biodegradable, (no water shoes),<br \/> cambio de ropa extra, calzado extra, toalla.<\/li>\n<li><strong>Damas:<\/strong> Botas o tenis resistentes a agua, mayas tipo sport, licras de<br \/> manga larga o corta tipo dry fit.<\/li>\n<li><strong>Caballeros:<\/strong> Botas o tenis resistentes al agua, short, licras de manga<br \/> larga o corta tipo dry fit.<\/li>\n<\/ul>[\/et_pb_text][\/et_pb_column][et_pb_column type=\u00bb1_2&#8243; _builder_version=\u00bb4.4.6&#8243;][et_pb_text _builder_version=\u00bb4.4.6&#8243;]<h2>Horarios y fechas<\/h2>\n<p><strong>Salidas fines de semana<\/strong> en temporada baja, o el d\u00eda que el cliente<br \/> desee siempre y cuando se re\u00fana un m\u00ednimo de 7 participantes.<\/p>\n<p><strong>Salidas diarias en temporadas vacacionales<\/strong> siempre y cuando se cumpla<br \/> un m\u00ednimo de 7 participantes.<\/p>\n<p>Salimos con grupos menores de 7 personas con tarifa especial.<\/p>\n<p><strong>Hora de salida<\/strong> de traves\u00edas: 7AM<\/p>\n<p><strong>Hora de regreso<\/strong>: Entre 6PM y 7PM.<\/p>[\/et_pb_text][\/et_pb_column][\/et_pb_row][\/et_pb_section][et_pb_section fb_built=\u00bb1&#8243; module_id=\u00bbreserva\u00bb module_class=\u00bbpopup\u00bb _builder_version=\u00bb4.5.5&#8243; _module_preset=\u00bbdefault\u00bb width=\u00bb80%\u00bb custom_padding=\u00bb0px||0px||false|false\u00bb da_is_popup=\u00bbon\u00bb da_popup_slug=\u00bbreserva\u00bb da_disable_devices=\u00bboff|off|off\u00bb border_radii=\u00bbon|10px|10px|10px|10px\u00bb da_exit_intent=\u00bboff\u00bb da_has_close=\u00bbon\u00bb da_alt_close=\u00bboff\u00bb da_dark_close=\u00bboff\u00bb da_not_modal=\u00bbon\u00bb da_is_singular=\u00bboff\u00bb da_with_loader=\u00bboff\u00bb da_has_shadow=\u00bbon\u00bb][et_pb_row column_structure=\u00bb2_3,1_3&#8243; module_class=\u00bbbtn-inline\u00bb _builder_version=\u00bb4.5.5&#8243; _module_preset=\u00bbdefault\u00bb][et_pb_column type=\u00bb2_3&#8243; _builder_version=\u00bb4.5.5&#8243; _module_preset=\u00bbdefault\u00bb][et_pb_text _builder_version=\u00bb4.5.5&#8243; _module_preset=\u00bbdefault\u00bb hover_enabled=\u00bb0&#8243;]<h1>Reserva hoy<\/h1>\n<p>Obt\u00e9n el mejor precio en los tours al reservar con tu Hotel Fray Jun\u00edpero Serra, \u00a1conozcamos Nayarit juntos!\u00a0<strong>Recuerda solicitar m\u00e1s detalles y recomendaciones adicionales.<\/strong><\/p>\n<p>Env\u00edanos un correo electr\u00f3nico a nuestra direcci\u00f3n \u00ab<a href=\"mailto:reservaciones@hotelfrayjunipero.com\">reservaciones@hotelfrayjunipero.com<\/a>\u00ab, ll\u00e1manos al <a href=\"tel:+523112122525\">(311) 212 25 25<\/a> o <a href=\"https:\/\/wa.me\/523112122525\">env\u00edanos un WhatsApp<\/a> al mismo n\u00famero, puedes agregarnos o hacer clic en el bot\u00f3n de la esquina inferior izquierda.<\/p>\n[\/et_pb_text][et_pb_button button_text=\u00bbEnviar correo\u00bb _builder_version=\u00bb4.5.5&#8243; _module_preset=\u00bbdefault\u00bb custom_button=\u00bbon\u00bb button_icon=\u00bb%%238%%\u00bb button_icon_color=\u00bb#752d11&#8243; button_icon_placement=\u00bbleft\u00bb button_on_hover=\u00bboff\u00bb custom_padding=\u00bb|||35px|false|false\u00bb][\/et_pb_button][et_pb_button button_text=\u00bbLlamar ahora\u00bb _builder_version=\u00bb4.5.5&#8243; _module_preset=\u00bbdefault\u00bb custom_button=\u00bbon\u00bb button_icon=\u00bb%%264%%\u00bb button_icon_color=\u00bb#752d11&#8243; button_icon_placement=\u00bbleft\u00bb button_on_hover=\u00bboff\u00bb custom_padding=\u00bb|||35px|false|false\u00bb][\/et_pb_button][et_pb_button button_url=\u00bbhttps:\/\/wa.me\/523112122525&#8243; button_text=\u00bbChat WhatsApp\u00bb _builder_version=\u00bb4.5.5&#8243; _module_preset=\u00bbdefault\u00bb custom_button=\u00bbon\u00bb button_icon=\u00bb%%104%%\u00bb button_icon_color=\u00bb#752d11&#8243; button_icon_placement=\u00bbleft\u00bb button_on_hover=\u00bboff\u00bb custom_padding=\u00bb|||35px|false|false\u00bb][\/et_pb_button][et_pb_text _builder_version=\u00bb4.5.5&#8243; _module_preset=\u00bbdefault\u00bb text_font_size=\u00bb10px\u00bb]<span style=\"color: #bbb;\">Ilustraci\u00f3n: <a href=\"https:\/\/www.freepik.com\/free-vector\/travelers-passengers-set_5889718.htm\" style=\"color: #bbb;\">pch.vector \u2013 Freepik<\/a><\/span>[\/et_pb_text][\/et_pb_column][et_pb_column type=\u00bb1_3&#8243; _builder_version=\u00bb4.5.5&#8243; _module_preset=\u00bbdefault\u00bb][et_pb_image src=\u00bbhttps:\/\/hotelfrayjunipero.com\/wp-content\/uploads\/2020\/08\/Viajes.png\u00bb title_text=\u00bbViajes\u00bb _builder_version=\u00bb4.5.5&#8243; _module_preset=\u00bbdefault\u00bb][\/et_pb_image][\/et_pb_column][\/et_pb_row][\/et_pb_section]\n","protected":false},"excerpt":{"rendered":"<p>Traves\u00eda Cora Especialistas en diversi\u00f3nOfrecemos experiencias \u00fanicas por medio de recorridos tur\u00edsticos en contacto con la naturaleza, rutas donde los viajeros tienen la oportunidad de conocer riquezas naturales y culturales en el estado de Nayarit a trav\u00e9s de actividades de Turismo de aventura, Ecoturismo y Turismo rural.Una belleza para conectarte con la naturaleza: senderismo y [&hellip;]<\/p>\n","protected":false},"author":2,"featured_media":1378,"parent":1157,"menu_order":0,"comment_status":"closed","ping_status":"closed","template":"","meta":{"_et_pb_use_builder":"on","_et_pb_old_content":"<!-- wp:divi\/placeholder \/-->","_et_gb_content_width":"","footnotes":""},"class_list":["post-1351","page","type-page","status-publish","has-post-thumbnail","hentry"],"yoast_head":"<!-- This site is optimized with the Yoast SEO plugin v27.5 - https:\/\/yoast.com\/product\/yoast-seo-wordpress\/ -->\n<title>Hotels in Tepic | Hoteles Fray \u2013 Complimentary Buffet Breakfast<\/title>\n<meta name=\"description\" content=\"Looking for hotels in Tepic? Hoteles Fray offers the best location, complimentary buffet breakfast, free WiFi, and flexible cancellation. Book directly with no deposit!\" \/>\n<meta name=\"robots\" content=\"noindex, follow\" \/>\n<meta property=\"og:locale\" content=\"en_US\" \/>\n<meta property=\"og:type\" content=\"article\" \/>\n<meta property=\"og:title\" content=\"Hotels in Tepic | Hoteles Fray \u2013 Complimentary Buffet Breakfast\" \/>\n<meta property=\"og:description\" content=\"Looking for hotels in Tepic? Hoteles Fray offers the best location, complimentary buffet breakfast, free WiFi, and flexible cancellation. Book directly with no deposit!\" \/>\n<meta property=\"og:url\" content=\"https:\/\/hotelesfray.com\/en\/proveedores-turisticos\/travesia-cora\/\" \/>\n<meta property=\"og:site_name\" content=\"Hoteles Fray\" \/>\n<meta property=\"article:modified_time\" content=\"2026-03-24T18:57:48+00:00\" \/>\n<meta property=\"og:image\" content=\"https:\/\/hotelesfray.com\/wp-content\/uploads\/2020\/05\/San-Blas-TV.jpg\" \/>\n\t<meta property=\"og:image:width\" content=\"1280\" \/>\n\t<meta property=\"og:image:height\" content=\"720\" \/>\n\t<meta property=\"og:image:type\" content=\"image\/jpeg\" \/>\n<meta name=\"twitter:card\" content=\"summary_large_image\" \/>\n<meta name=\"twitter:label1\" content=\"Est. reading time\" \/>\n\t<meta name=\"twitter:data1\" content=\"14 minutes\" \/>\n<script type=\"application\/ld+json\" class=\"yoast-schema-graph\">{\"@context\":\"https:\\\/\\\/schema.org\",\"@graph\":[{\"@type\":\"WebPage\",\"@id\":\"https:\\\/\\\/hotelesfray.com\\\/proveedores-turisticos\\\/travesia-cora\\\/\",\"url\":\"https:\\\/\\\/hotelesfray.com\\\/proveedores-turisticos\\\/travesia-cora\\\/\",\"name\":\"Traves\u00eda Cora | Hoteles Fray\",\"isPartOf\":{\"@id\":\"https:\\\/\\\/hotelesfray.com\\\/#website\"},\"primaryImageOfPage\":{\"@id\":\"https:\\\/\\\/hotelesfray.com\\\/proveedores-turisticos\\\/travesia-cora\\\/#primaryimage\"},\"image\":{\"@id\":\"https:\\\/\\\/hotelesfray.com\\\/proveedores-turisticos\\\/travesia-cora\\\/#primaryimage\"},\"thumbnailUrl\":\"https:\\\/\\\/hotelesfray.com\\\/wp-content\\\/uploads\\\/2020\\\/05\\\/San-Blas-TV.jpg\",\"datePublished\":\"2020-05-24T04:52:43+00:00\",\"dateModified\":\"2026-03-24T18:57:48+00:00\",\"breadcrumb\":{\"@id\":\"https:\\\/\\\/hotelesfray.com\\\/proveedores-turisticos\\\/travesia-cora\\\/#breadcrumb\"},\"inLanguage\":\"en-US\",\"potentialAction\":[{\"@type\":\"ReadAction\",\"target\":[\"https:\\\/\\\/hotelesfray.com\\\/proveedores-turisticos\\\/travesia-cora\\\/\"]}]},{\"@type\":\"ImageObject\",\"inLanguage\":\"en-US\",\"@id\":\"https:\\\/\\\/hotelesfray.com\\\/proveedores-turisticos\\\/travesia-cora\\\/#primaryimage\",\"url\":\"https:\\\/\\\/hotelesfray.com\\\/wp-content\\\/uploads\\\/2020\\\/05\\\/San-Blas-TV.jpg\",\"contentUrl\":\"https:\\\/\\\/hotelesfray.com\\\/wp-content\\\/uploads\\\/2020\\\/05\\\/San-Blas-TV.jpg\",\"width\":1280,\"height\":720},{\"@type\":\"BreadcrumbList\",\"@id\":\"https:\\\/\\\/hotelesfray.com\\\/proveedores-turisticos\\\/travesia-cora\\\/#breadcrumb\",\"itemListElement\":[{\"@type\":\"ListItem\",\"position\":1,\"name\":\"Proveedores Tur\u00edsticos\",\"item\":\"https:\\\/\\\/hotelesfray.com\\\/proveedores-turisticos\\\/\"},{\"@type\":\"ListItem\",\"position\":2,\"name\":\"Traves\u00eda Cora\"}]},{\"@type\":\"WebSite\",\"@id\":\"https:\\\/\\\/hotelesfray.com\\\/#website\",\"url\":\"https:\\\/\\\/hotelesfray.com\\\/\",\"name\":\"Hoteles Fray\",\"description\":\"Los Mejores Hoteles en el Centro de Tepic, Nayarit\",\"publisher\":{\"@id\":\"https:\\\/\\\/hotelesfray.com\\\/#organization\"},\"potentialAction\":[{\"@type\":\"SearchAction\",\"target\":{\"@type\":\"EntryPoint\",\"urlTemplate\":\"https:\\\/\\\/hotelesfray.com\\\/?s={search_term_string}\"},\"query-input\":{\"@type\":\"PropertyValueSpecification\",\"valueRequired\":true,\"valueName\":\"search_term_string\"}}],\"inLanguage\":\"en-US\"},{\"@type\":\"Organization\",\"@id\":\"https:\\\/\\\/hotelesfray.com\\\/#organization\",\"name\":\"Hoteles Fray\",\"url\":\"https:\\\/\\\/hotelesfray.com\\\/\",\"logo\":{\"@type\":\"ImageObject\",\"inLanguage\":\"en-US\",\"@id\":\"https:\\\/\\\/hotelesfray.com\\\/#\\\/schema\\\/logo\\\/image\\\/\",\"url\":\"https:\\\/\\\/hotelesfray.com\\\/wp-content\\\/uploads\\\/2023\\\/01\\\/HotelesFray-cuadro.png\",\"contentUrl\":\"https:\\\/\\\/hotelesfray.com\\\/wp-content\\\/uploads\\\/2023\\\/01\\\/HotelesFray-cuadro.png\",\"width\":2200,\"height\":2200,\"caption\":\"Hoteles Fray\"},\"image\":{\"@id\":\"https:\\\/\\\/hotelesfray.com\\\/#\\\/schema\\\/logo\\\/image\\\/\"}}]}<\/script>\n<!-- \/ Yoast SEO plugin. -->","yoast_head_json":{"title":"Hotels in Tepic | Hoteles Fray \u2013 Complimentary Buffet Breakfast","description":"Looking for hotels in Tepic? Hoteles Fray offers the best location, complimentary buffet breakfast, free WiFi, and flexible cancellation. Book directly with no deposit!","robots":{"index":"noindex","follow":"follow"},"og_locale":"en_US","og_type":"article","og_title":"Hotels in Tepic | Hoteles Fray \u2013 Complimentary Buffet Breakfast","og_description":"Looking for hotels in Tepic? Hoteles Fray offers the best location, complimentary buffet breakfast, free WiFi, and flexible cancellation. Book directly with no deposit!","og_url":"https:\/\/hotelesfray.com\/en\/proveedores-turisticos\/travesia-cora\/","og_site_name":"Hoteles Fray","article_modified_time":"2026-03-24T18:57:48+00:00","og_image":[{"width":1280,"height":720,"url":"https:\/\/hotelesfray.com\/wp-content\/uploads\/2020\/05\/San-Blas-TV.jpg","type":"image\/jpeg"}],"twitter_card":"summary_large_image","twitter_misc":{"Est. reading time":"14 minutes"},"schema":{"@context":"https:\/\/schema.org","@graph":[{"@type":"WebPage","@id":"https:\/\/hotelesfray.com\/proveedores-turisticos\/travesia-cora\/","url":"https:\/\/hotelesfray.com\/proveedores-turisticos\/travesia-cora\/","name":"Traves\u00eda Cora | Hoteles Fray","isPartOf":{"@id":"https:\/\/hotelesfray.com\/#website"},"primaryImageOfPage":{"@id":"https:\/\/hotelesfray.com\/proveedores-turisticos\/travesia-cora\/#primaryimage"},"image":{"@id":"https:\/\/hotelesfray.com\/proveedores-turisticos\/travesia-cora\/#primaryimage"},"thumbnailUrl":"https:\/\/hotelesfray.com\/wp-content\/uploads\/2020\/05\/San-Blas-TV.jpg","datePublished":"2020-05-24T04:52:43+00:00","dateModified":"2026-03-24T18:57:48+00:00","breadcrumb":{"@id":"https:\/\/hotelesfray.com\/proveedores-turisticos\/travesia-cora\/#breadcrumb"},"inLanguage":"en-US","potentialAction":[{"@type":"ReadAction","target":["https:\/\/hotelesfray.com\/proveedores-turisticos\/travesia-cora\/"]}]},{"@type":"ImageObject","inLanguage":"en-US","@id":"https:\/\/hotelesfray.com\/proveedores-turisticos\/travesia-cora\/#primaryimage","url":"https:\/\/hotelesfray.com\/wp-content\/uploads\/2020\/05\/San-Blas-TV.jpg","contentUrl":"https:\/\/hotelesfray.com\/wp-content\/uploads\/2020\/05\/San-Blas-TV.jpg","width":1280,"height":720},{"@type":"BreadcrumbList","@id":"https:\/\/hotelesfray.com\/proveedores-turisticos\/travesia-cora\/#breadcrumb","itemListElement":[{"@type":"ListItem","position":1,"name":"Proveedores Tur\u00edsticos","item":"https:\/\/hotelesfray.com\/proveedores-turisticos\/"},{"@type":"ListItem","position":2,"name":"Traves\u00eda Cora"}]},{"@type":"WebSite","@id":"https:\/\/hotelesfray.com\/#website","url":"https:\/\/hotelesfray.com\/","name":"Hoteles Fray","description":"Los Mejores Hoteles en el Centro de Tepic, Nayarit","publisher":{"@id":"https:\/\/hotelesfray.com\/#organization"},"potentialAction":[{"@type":"SearchAction","target":{"@type":"EntryPoint","urlTemplate":"https:\/\/hotelesfray.com\/?s={search_term_string}"},"query-input":{"@type":"PropertyValueSpecification","valueRequired":true,"valueName":"search_term_string"}}],"inLanguage":"en-US"},{"@type":"Organization","@id":"https:\/\/hotelesfray.com\/#organization","name":"Hoteles Fray","url":"https:\/\/hotelesfray.com\/","logo":{"@type":"ImageObject","inLanguage":"en-US","@id":"https:\/\/hotelesfray.com\/#\/schema\/logo\/image\/","url":"https:\/\/hotelesfray.com\/wp-content\/uploads\/2023\/01\/HotelesFray-cuadro.png","contentUrl":"https:\/\/hotelesfray.com\/wp-content\/uploads\/2023\/01\/HotelesFray-cuadro.png","width":2200,"height":2200,"caption":"Hoteles Fray"},"image":{"@id":"https:\/\/hotelesfray.com\/#\/schema\/logo\/image\/"}}]}},"_links":{"self":[{"href":"https:\/\/hotelesfray.com\/en\/wp-json\/wp\/v2\/pages\/1351","targetHints":{"allow":["GET"]}}],"collection":[{"href":"https:\/\/hotelesfray.com\/en\/wp-json\/wp\/v2\/pages"}],"about":[{"href":"https:\/\/hotelesfray.com\/en\/wp-json\/wp\/v2\/types\/page"}],"author":[{"embeddable":true,"href":"https:\/\/hotelesfray.com\/en\/wp-json\/wp\/v2\/users\/2"}],"replies":[{"embeddable":true,"href":"https:\/\/hotelesfray.com\/en\/wp-json\/wp\/v2\/comments?post=1351"}],"version-history":[{"count":10,"href":"https:\/\/hotelesfray.com\/en\/wp-json\/wp\/v2\/pages\/1351\/revisions"}],"predecessor-version":[{"id":7404,"href":"https:\/\/hotelesfray.com\/en\/wp-json\/wp\/v2\/pages\/1351\/revisions\/7404"}],"up":[{"embeddable":true,"href":"https:\/\/hotelesfray.com\/en\/wp-json\/wp\/v2\/pages\/1157"}],"wp:featuredmedia":[{"embeddable":true,"href":"https:\/\/hotelesfray.com\/en\/wp-json\/wp\/v2\/media\/1378"}],"wp:attachment":[{"href":"https:\/\/hotelesfray.com\/en\/wp-json\/wp\/v2\/media?parent=1351"}],"curies":[{"name":"wp","href":"https:\/\/api.w.org\/{rel}","templated":true}]}}