{"id":2817,"date":"2021-10-22T17:44:05","date_gmt":"2021-10-22T21:44:05","guid":{"rendered":"https:\/\/hotelfrayjunipero.com\/?page_id=2817"},"modified":"2026-04-23T17:31:52","modified_gmt":"2026-04-23T21:31:52","slug":"convenios","status":"publish","type":"page","link":"https:\/\/hotelesfray.com\/en\/convenios\/","title":{"rendered":"Convenio de Tarifas de Hospedaje en Tepic"},"content":{"rendered":"\n[et_pb_section fb_built=\u00bb1&#8243; inner_shadow=\u00bbon\u00bb fullwidth=\u00bbon\u00bb _builder_version=\u00bb4.27.0&#8243; _module_preset=\u00bbdefault\u00bb z_index=\u00bb1&#8243; da_disable_devices=\u00bboff|off|off\u00bb global_colors_info=\u00bb{}\u00bb da_is_popup=\u00bboff\u00bb da_exit_intent=\u00bboff\u00bb da_has_close=\u00bbon\u00bb da_alt_close=\u00bboff\u00bb da_dark_close=\u00bboff\u00bb da_not_modal=\u00bbon\u00bb da_is_singular=\u00bboff\u00bb da_with_loader=\u00bboff\u00bb da_has_shadow=\u00bbon\u00bb][et_pb_fullwidth_header title=\u00bbConvenio de tarifas para empresas\u00bb _builder_version=\u00bb4.27.6&#8243; _module_preset=\u00bbdefault\u00bb title_font=\u00bb|||on|||||\u00bb title_font_size=\u00bb26px\u00bb title_letter_spacing=\u00bb1px\u00bb title_line_height=\u00bb1.2em\u00bb background_enable_color=\u00bboff\u00bb use_background_color_gradient=\u00bbon\u00bb background_color_gradient_stops=\u00bbrgba(10,0,0,0.15) 21%|rgba(10,0,0,0.5) 55%\u00bb background_color_gradient_overlays_image=\u00bbon\u00bb background_image=\u00bbhttps:\/\/hotelesfray.com\/wp-content\/uploads\/2025\/07\/Superior-King-1-scaled.webp\u00bb custom_margin=\u00bb||||false|false\u00bb custom_padding=\u00bb350px||||false|false\u00bb custom_padding_tablet=\u00bb300px||||false|false\u00bb custom_padding_phone=\u00bb250px||0px||false|false\u00bb custom_padding_last_edited=\u00bbon|phone\u00bb hover_enabled=\u00bb0&#8243; title_text_color_tablet=\u00bb\u00bb title_text_color_phone=\u00bb\u00bb title_text_color_last_edited=\u00bbon|phone\u00bb custom_css_main_element=\u00bbimg.header-logo {padding-bottom:20px;}\u00bb title_text_shadow_style=\u00bbpreset1&#8243; global_colors_info=\u00bb{}\u00bb sticky_enabled=\u00bb0&#8243;][\/et_pb_fullwidth_header][\/et_pb_section][et_pb_section fb_built=\u00bb1&#8243; next_background_color=\u00bb#ffffff\u00bb _builder_version=\u00bb4.27.4&#8243; background_color=\u00bb#f4f4f4&#8243; background_image=\u00bbhttps:\/\/hotelfrayjunipero.com\/wp-content\/uploads\/2020\/02\/Pattern25.png\u00bb background_size=\u00bbinitial\u00bb background_repeat=\u00bbrepeat\u00bb custom_margin=\u00bb||||false|false\u00bb custom_padding=\u00bb||||false|false\u00bb bottom_divider_style=\u00bbcurve\u00bb bottom_divider_height=\u00bb3vh\u00bb da_disable_devices=\u00bboff|off|off\u00bb box_shadow_style=\u00bbpreset3&#8243; box_shadow_position=\u00bbinner\u00bb global_colors_info=\u00bb{}\u00bb da_is_popup=\u00bboff\u00bb da_exit_intent=\u00bboff\u00bb da_has_close=\u00bbon\u00bb da_alt_close=\u00bboff\u00bb da_dark_close=\u00bboff\u00bb da_not_modal=\u00bbon\u00bb da_is_singular=\u00bboff\u00bb da_with_loader=\u00bboff\u00bb da_has_shadow=\u00bbon\u00bb][et_pb_row _builder_version=\u00bb4.27.6&#8243; width_tablet=\u00bb\u00bb width_phone=\u00bb\u00bb width_last_edited=\u00bbon|phone\u00bb custom_padding=\u00bb||20px||false|false\u00bb global_colors_info=\u00bb{}\u00bb][et_pb_column type=\u00bb4_4&#8243; _builder_version=\u00bb4.16&#8243; global_colors_info=\u00bb{}\u00bb][et_pb_text _builder_version=\u00bb4.27.6&#8243; text_text_color=\u00bb#3D5A69&#8243; global_colors_info=\u00bb{}\u00bb]<p style=\"text-align: center;\"><span>Solicita sin costo nuestro <strong>convenio de tarifas<\/strong>. Obt\u00e9n tarifas fijas especiales sin restricciones de fecha y la m\u00e1xima flexibilidad en cambios y cancelaciones. Contacta a nuestro departamento de ventas y solicitalo hoy mismo. Con un solo convenio podr\u00e1s tener los mismos beneficios en cualquiera de nuestras propiedades.<\/span><\/p>[\/et_pb_text][et_pb_text _builder_version=\u00bb4.27.6&#8243; _module_preset=\u00bbdefault\u00bb text_text_color=\u00bb#3D5A69&#8243; header_2_font_size=\u00bb20px\u00bb header_2_line_height=\u00bb1.5em\u00bb custom_padding=\u00bb10px||||false|false\u00bb text_font_size_tablet=\u00bb\u00bb text_font_size_phone=\u00bb15px\u00bb text_font_size_last_edited=\u00bbon|phone\u00bb global_colors_info=\u00bb{}\u00bb]<p style=\"text-align: center;\">Lunes a s\u00e1bado <strong>8:00 am a 4:00 pm<\/strong><br \/>Tel\u00e9fono\/WhatsApp: <strong><a href=\"tel:3112122525\">311 212 2525<\/a><\/strong><br \/>Correo: <strong><a href=\"mailto:ventas@hotelfrayjunipero.com\">ventas@hotelfrayjunipero.com<\/a><\/strong><\/p>[\/et_pb_text][\/et_pb_column][\/et_pb_row][\/et_pb_section][et_pb_section fb_built=\u00bb1&#8243; next_background_color=\u00bb#2b3438&#8243; _builder_version=\u00bb4.27.4&#8243; _module_preset=\u00bbdefault\u00bb custom_margin=\u00bb||||false|false\u00bb bottom_divider_style=\u00bbcurve\u00bb bottom_divider_height=\u00bb3vh\u00bb da_disable_devices=\u00bboff|off|off\u00bb global_colors_info=\u00bb{}\u00bb da_is_popup=\u00bboff\u00bb da_exit_intent=\u00bboff\u00bb da_has_close=\u00bbon\u00bb da_alt_close=\u00bboff\u00bb da_dark_close=\u00bboff\u00bb da_not_modal=\u00bbon\u00bb da_is_singular=\u00bboff\u00bb da_with_loader=\u00bboff\u00bb da_has_shadow=\u00bbon\u00bb][et_pb_row _builder_version=\u00bb4.27.6&#8243; _module_preset=\u00bbdefault\u00bb width_tablet=\u00bb\u00bb width_phone=\u00bb\u00bb width_last_edited=\u00bbon|phone\u00bb custom_padding=\u00bb||||false|false\u00bb global_colors_info=\u00bb{}\u00bb][et_pb_column type=\u00bb4_4&#8243; _builder_version=\u00bb4.16&#8243; _module_preset=\u00bbdefault\u00bb global_colors_info=\u00bb{}\u00bb][et_pb_text _builder_version=\u00bb4.27.6&#8243; header_font=\u00bb|600||on|||||\u00bb header_font_size=\u00bb26px\u00bb header_letter_spacing=\u00bb1px\u00bb header_line_height=\u00bb1.5em\u00bb header_2_font=\u00bb|600||on|||||\u00bb header_2_font_size=\u00bb22px\u00bb header_2_letter_spacing=\u00bb1px\u00bb global_colors_info=\u00bb{}\u00bb]<h2 style=\"text-align: center;\">Beneficios<\/h2>[\/et_pb_text][et_pb_text _builder_version=\u00bb4.27.6&#8243; _module_preset=\u00bbdefault\u00bb text_text_color=\u00bb#3D5A69&#8243; ul_line_height=\u00bb2em\u00bb header_2_font=\u00bb|600||on|||||\u00bb header_2_letter_spacing=\u00bb1px\u00bb header_2_line_height=\u00bb1.5em\u00bb header_3_font=\u00bb|600||on|||||\u00bb header_3_font_size=\u00bb18px\u00bb header_3_letter_spacing=\u00bb1px\u00bb header_3_line_height=\u00bb1.5em\u00bb custom_padding=\u00bb||20px||false|false\u00bb global_colors_info=\u00bb{}\u00bb]<ul>\n<li><strong>Tarifas fijas<\/strong> (sin cambios por aumentos de la demanda) y sin restricciones de fechas.<\/li>\n<li>Las tarifas incluyen <strong>desayuno buffet completo<\/strong>.<\/li>\n<li>Posible upgrade a <strong>habitaci\u00f3n superior<\/strong> sin costo (solo Hotel Fray Jun\u00edpero Centro Hist\u00f3rico).<\/li>\n<li>Tarifa convenio aplica para ambas propiedades, <a href=\"https:\/\/hotelesfray.com\/frayjunipero\/\"><strong>Hotel Fray Jun\u00edpero Serra (Centro Hist\u00f3rico)<\/strong><\/a> y<strong><a href=\"https:\/\/hotelesfray.com\/frayselect\/\"> Hotel Fray Select<\/a>.<\/strong><\/li>\n<li><strong>Reserva de manera sencilla<\/strong> por tel\u00e9fono o por correo mencionando tu empresa. Adicionalmente si lo solicitas podremos crear un c\u00f3digo para que realices tus reservas en l\u00ednea.<\/li>\n<li><strong>M\u00e1xima flexibilidad en cambios o cancelaciones<\/strong>, sin cargo hasta las 12:00 pm hora local del d\u00eda de la llegada del hu\u00e9sped contact\u00e1ndose directamente al hotel por tel\u00e9fono o por correo.<\/li>\n<\/ul>[\/et_pb_text][et_pb_text _builder_version=\u00bb4.27.4&#8243; header_font=\u00bb|600||on|||||\u00bb header_font_size=\u00bb26px\u00bb header_letter_spacing=\u00bb1px\u00bb header_line_height=\u00bb1.5em\u00bb header_2_font=\u00bb|600||on|||||\u00bb header_2_font_size=\u00bb18px\u00bb header_2_letter_spacing=\u00bb1px\u00bb header_2_line_height=\u00bb1.5em\u00bb header_3_font=\u00bb|600||on|||||\u00bb header_3_font_size=\u00bb18px\u00bb header_3_letter_spacing=\u00bb1px\u00bb header_3_line_height=\u00bb1.5em\u00bb custom_padding=\u00bb||20px||false|false\u00bb global_colors_info=\u00bb{}\u00bb]<h2 style=\"text-align: center;\">Con tu convenio, optimiza tus viajes de negocios y ahorra en tus pr\u00f3ximas estancias.<\/h2>[\/et_pb_text][et_pb_text _builder_version=\u00bb4.27.6&#8243; _module_preset=\u00bbdefault\u00bb text_text_color=\u00bb#3D5A69&#8243; text_line_height=\u00bb2em\u00bb header_3_font=\u00bb|600||on|||||\u00bb header_3_font_size=\u00bb18px\u00bb header_3_letter_spacing=\u00bb1px\u00bb header_3_line_height=\u00bb1.5em\u00bb global_colors_info=\u00bb{}\u00bb]<p>\u2713 Certificaciones Distinto H y Punto Limpio para la seguridad y tranquilidad por los altos est\u00e1ndares de limpieza e higiene en el hotel.<br \/>\u2713 Internet Wi-Fi sin costo en todas las instalaciones del hotel.<br \/>\u2713 Llamadas locales y 01 800 sin cargo adicional.<br \/>\u2713 Estacionamiento sin costo.<br \/>\u2713 Almacenamiento de equipaje.<br \/>\u2713 Cultura de servicio c\u00e1lido y personalizado.<br \/>\u2713 Uso de PC en lobby del hotel (solo Hotel Fray Jun\u00edpero Centro Hist\u00f3rico).<br \/>\u2713 <strong>Nuestros hu\u00e9spedes con tarifa convenio reciben benificios como hu\u00e9sped <a href=\"https:\/\/hotelesfray.com\/frayvip\/\">FrayVIP<\/a> que incluyen:<\/strong><\/p>[\/et_pb_text][\/et_pb_column][\/et_pb_row][et_pb_row column_structure=\u00bb1_3,1_3,1_3&#8243; make_equal=\u00bbon\u00bb module_class=\u00bbthree-columns\u00bb _builder_version=\u00bb4.27.6&#8243; width_tablet=\u00bb\u00bb width_phone=\u00bb\u00bb width_last_edited=\u00bbon|phone\u00bb custom_margin=\u00bb15px||||false|false\u00bb custom_padding=\u00bb||40px||false|false\u00bb global_colors_info=\u00bb{}\u00bb][et_pb_column type=\u00bb1_3&#8243; _builder_version=\u00bb4.21.0&#8243; background_color=\u00bb#ffffff\u00bb custom_padding=\u00bb25px|25px|30px|25px|false|false\u00bb border_radii=\u00bbon|5px|5px|5px|5px\u00bb box_shadow_style=\u00bbpreset3&#8243; global_colors_info=\u00bb{}\u00bb][et_pb_image src=\u00bbhttps:\/\/hotelfrayjunipero.com\/wp-content\/uploads\/2020\/05\/drink-icon-e1589940204860.png\u00bb title_text=\u00bbdrink-icon\u00bb align=\u00bbcenter\u00bb _builder_version=\u00bb4.21.0&#8243; custom_margin=\u00bb||10px||false|false\u00bb global_colors_info=\u00bb{}\u00bb][\/et_pb_image][et_pb_text _builder_version=\u00bb4.27.6&#8243; text_text_color=\u00bb#3D5A69&#8243; text_font_size=\u00bb14px\u00bb header_2_font_size=\u00bb20px\u00bb header_2_line_height=\u00bb1.5em\u00bb header_3_font=\u00bb|600||on|||||\u00bb header_3_font_size=\u00bb18px\u00bb header_3_letter_spacing=\u00bb1px\u00bb header_3_line_height=\u00bb1.5em\u00bb global_colors_info=\u00bb{}\u00bb]<h3 style=\"text-align: center;\">Bebida de bienvenida<\/h3>\n<p style=\"text-align: center;\">Obt\u00e9n una bebida de cortes\u00eda a elegir en cada visita. Beneficio exclusivo para nuestros hu\u00e9spedes m\u00e1s leales.<\/p>[\/et_pb_text][\/et_pb_column][et_pb_column type=\u00bb1_3&#8243; _builder_version=\u00bb4.16&#8243; background_color=\u00bb#ffffff\u00bb custom_padding=\u00bb25px|25px|30px|25px|false|false\u00bb border_radii=\u00bbon|5px|5px|5px|5px\u00bb box_shadow_style=\u00bbpreset3&#8243; global_colors_info=\u00bb{}\u00bb][et_pb_image src=\u00bbhttps:\/\/hotelfrayjunipero.com\/wp-content\/uploads\/2020\/02\/Tag.png\u00bb title_text=\u00bbTag\u00bb align=\u00bbcenter\u00bb _builder_version=\u00bb4.16&#8243; custom_margin=\u00bb||10px||false|false\u00bb global_colors_info=\u00bb{}\u00bb][\/et_pb_image][et_pb_text _builder_version=\u00bb4.27.6&#8243; text_text_color=\u00bb#3D5A69&#8243; text_font_size=\u00bb14px\u00bb header_2_font_size=\u00bb20px\u00bb header_2_line_height=\u00bb1.5em\u00bb header_3_font=\u00bb|600||on|||||\u00bb header_3_font_size=\u00bb18px\u00bb header_3_letter_spacing=\u00bb1px\u00bb header_3_line_height=\u00bb1.5em\u00bb global_colors_info=\u00bb{}\u00bb]<h3 style=\"text-align: center;\">Tarjeta de regalo cada 5 noches de estancia<\/h3>\n<p style=\"text-align: center;\">Por cada cinco noches de estancia, recibe una tarjeta de $200 para utilizar como bonificaci\u00f3n a tu cuenta de habitaci\u00f3n o en cualquiera de nuestros centros de consumo.<\/p>[\/et_pb_text][\/et_pb_column][et_pb_column type=\u00bb1_3&#8243; _builder_version=\u00bb4.16&#8243; background_color=\u00bb#ffffff\u00bb custom_padding=\u00bb25px|25px|30px|25px|false|false\u00bb border_radii=\u00bbon|5px|5px|5px|5px\u00bb box_shadow_style=\u00bbpreset3&#8243; global_colors_info=\u00bb{}\u00bb][et_pb_image src=\u00bbhttps:\/\/hotelfrayjunipero.com\/wp-content\/uploads\/2020\/02\/Star.png\u00bb title_text=\u00bbStar\u00bb align=\u00bbcenter\u00bb _builder_version=\u00bb4.16&#8243; custom_margin=\u00bb||10px||false|false\u00bb global_colors_info=\u00bb{}\u00bb][\/et_pb_image][et_pb_text _builder_version=\u00bb4.27.6&#8243; text_text_color=\u00bb#3D5A69&#8243; text_font_size=\u00bb14px\u00bb header_2_font_size=\u00bb20px\u00bb header_2_line_height=\u00bb1.5em\u00bb header_3_font=\u00bb|600||on|||||\u00bb header_3_font_size=\u00bb18px\u00bb header_3_letter_spacing=\u00bb1px\u00bb header_3_line_height=\u00bb1.5em\u00bb global_colors_info=\u00bb{}\u00bb]<h3 style=\"text-align: center;\">Souvenir de bienvenida y promociones exclusivas<\/h3>\n<p style=\"text-align: center;\">Recibe tu souvenir de bienvenida en tu primera visita despu\u00e9s de inscribirte en el programa y promociones exclusivas para miembros por correo.<\/p>[\/et_pb_text][\/et_pb_column][\/et_pb_row][\/et_pb_section][et_pb_section fb_built=\u00bb1&#8243; _builder_version=\u00bb4.17.1&#8243; _module_preset=\u00bbdefault\u00bb background_color=\u00bb#2b3438&#8243; custom_margin=\u00bb||||false|false\u00bb custom_padding=\u00bb||20px||false|false\u00bb da_disable_devices=\u00bboff|off|off\u00bb box_shadow_style=\u00bbpreset3&#8243; locked=\u00bboff\u00bb global_colors_info=\u00bb{}\u00bb da_is_popup=\u00bboff\u00bb da_exit_intent=\u00bboff\u00bb da_has_close=\u00bbon\u00bb da_alt_close=\u00bboff\u00bb da_dark_close=\u00bboff\u00bb da_not_modal=\u00bbon\u00bb da_is_singular=\u00bboff\u00bb da_with_loader=\u00bboff\u00bb da_has_shadow=\u00bbon\u00bb][et_pb_row _builder_version=\u00bb4.27.4&#8243; _module_preset=\u00bbdefault\u00bb global_colors_info=\u00bb{}\u00bb][et_pb_column type=\u00bb4_4&#8243; _builder_version=\u00bb4.27.4&#8243; _module_preset=\u00bbdefault\u00bb global_colors_info=\u00bb{}\u00bb][et_pb_text _builder_version=\u00bb4.27.6&#8243; header_font=\u00bb|600||on|||||\u00bb header_font_size=\u00bb26px\u00bb header_letter_spacing=\u00bb1px\u00bb header_line_height=\u00bb1.5em\u00bb header_2_font=\u00bb|600||on|||||\u00bb header_2_text_color=\u00bb#FFFFFF\u00bb header_2_font_size=\u00bb22px\u00bb header_2_letter_spacing=\u00bb1px\u00bb global_colors_info=\u00bb{}\u00bb]<h2 style=\"text-align: center;\">Conoce nuestros Hoteles en Tepic<\/h2>[\/et_pb_text][\/et_pb_column][\/et_pb_row][et_pb_row column_structure=\u00bb1_2,1_2&#8243; use_custom_gutter=\u00bbon\u00bb make_equal=\u00bbon\u00bb custom_padding_last_edited=\u00bboff|desktop\u00bb disabled_on=\u00bboff|off|off\u00bb module_class=\u00bbtwo-columns\u00bb _builder_version=\u00bb4.27.6&#8243; _module_preset=\u00bbdefault\u00bb background_enable_color=\u00bboff\u00bb width_tablet=\u00bb\u00bb width_phone=\u00bb\u00bb width_last_edited=\u00bbon|phone\u00bb custom_margin=\u00bb||||false|false\u00bb custom_padding=\u00bb||||false|false\u00bb border_radii=\u00bbon|10px|10px|10px|10px\u00bb global_colors_info=\u00bb{}\u00bb][et_pb_column type=\u00bb1_2&#8243; module_id=\u00bbfj\u00bb _builder_version=\u00bb4.27.4&#8243; _module_preset=\u00bbdefault\u00bb background_color=\u00bb#fcfcfc\u00bb custom_padding=\u00bb20px|20px|30px|20px|false|false\u00bb border_radii=\u00bbon|20px|20px|20px|20px\u00bb border_width_all=\u00bb1px\u00bb border_color_all=\u00bb#cecece\u00bb global_colors_info=\u00bb{}\u00bb][et_pb_image src=\u00bbhttps:\/\/hotelesfray.com\/wp-content\/uploads\/2022\/12\/LogoCHsmall.png\u00bb title_text=\u00bbLogoCHsmall\u00bb align=\u00bbcenter\u00bb _builder_version=\u00bb4.27.6&#8243; _module_preset=\u00bbdefault\u00bb width=\u00bb60%\u00bb width_tablet=\u00bb\u00bb width_phone=\u00bb80%\u00bb width_last_edited=\u00bbon|phone\u00bb global_colors_info=\u00bb{}\u00bb][\/et_pb_image][et_pb_text _builder_version=\u00bb4.27.4&#8243; _module_preset=\u00bbdefault\u00bb background_enable_color=\u00bboff\u00bb use_background_color_gradient=\u00bbon\u00bb background_color_gradient_stops=\u00bbrgba(235,161,35,0.3) 0%|rgba(255,255,255,0.3) 100%\u00bb background_color_gradient_overlays_image=\u00bbon\u00bb background_image=\u00bbhttps:\/\/hotelesfray.com\/wp-content\/uploads\/2025\/08\/hotel-fray-junipero-1500.webp\u00bb custom_margin=\u00bb||20px||false|false\u00bb custom_padding=\u00bb50px||50px||false|false\u00bb border_radii=\u00bbon|5px|5px|5px|5px\u00bb global_colors_info=\u00bb{}\u00bb][\/et_pb_text][et_pb_text _builder_version=\u00bb4.27.6&#8243; _module_preset=\u00bbdefault\u00bb text_text_color=\u00bb#3D5A69&#8243; text_font_size=\u00bb15px\u00bb custom_margin=\u00bb||||false|false\u00bb global_colors_info=\u00bb{}\u00bb]<p dir=\"auto\" style=\"text-align: center;\"><span><strong>Hotel Fray Jun\u00edpero<\/strong> cuenta con una ubicaci\u00f3n privilegiada frente a la Catedral y la Plaza Principal, con vistas \u00fanicas y <\/span><strong>todos los atractivos tur\u00edsticos y de negocios a pocos pasos.<\/strong><\/p>[\/et_pb_text][et_pb_button button_url=\u00bb@ET-DC@eyJkeW5hbWljIjp0cnVlLCJjb250ZW50IjoicG9zdF9saW5rX3VybF9wYWdlIiwic2V0dGluZ3MiOnsicG9zdF9pZCI6IjM2MjAifX0=@\u00bb button_text=\u00bbVer m\u00e1s\u00bb button_alignment=\u00bbcenter\u00bb _builder_version=\u00bb4.27.6&#8243; _dynamic_attributes=\u00bbbutton_url\u00bb _module_preset=\u00bbdefault\u00bb custom_button=\u00bbon\u00bb button_text_size=\u00bb14px\u00bb button_bg_color=\u00bb#6c8481&#8243; custom_margin=\u00bb||||false|false\u00bb custom_padding=\u00bb8px||8px||false|false\u00bb global_colors_info=\u00bb{}\u00bb][\/et_pb_button][\/et_pb_column][et_pb_column type=\u00bb1_2&#8243; module_id=\u00bbfj\u00bb _builder_version=\u00bb4.27.4&#8243; _module_preset=\u00bbdefault\u00bb background_color=\u00bb#fcfcfc\u00bb custom_padding=\u00bb20px|20px|30px|20px|false|false\u00bb border_radii=\u00bbon|20px|20px|20px|20px\u00bb border_width_all=\u00bb1px\u00bb border_color_all=\u00bb#cecece\u00bb global_colors_info=\u00bb{}\u00bb][et_pb_image src=\u00bbhttps:\/\/hotelesfray.com\/wp-content\/uploads\/2022\/12\/LogoFSsmall.png\u00bb title_text=\u00bbLogoFSsmall\u00bb align=\u00bbcenter\u00bb _builder_version=\u00bb4.27.6&#8243; _module_preset=\u00bbdefault\u00bb width=\u00bb60%\u00bb width_tablet=\u00bb\u00bb width_phone=\u00bb80%\u00bb width_last_edited=\u00bbon|phone\u00bb global_colors_info=\u00bb{}\u00bb][\/et_pb_image][et_pb_text _builder_version=\u00bb4.27.6&#8243; _module_preset=\u00bbdefault\u00bb background_enable_color=\u00bboff\u00bb use_background_color_gradient=\u00bbon\u00bb background_color_gradient_stops=\u00bbrgba(203,37,61,0.3) 0%|rgba(255,255,255,0.3) 100%\u00bb background_color_gradient_overlays_image=\u00bbon\u00bb background_image=\u00bbhttps:\/\/hotelesfray.com\/wp-content\/uploads\/2023\/07\/FS-fachada6b-web-jpg.webp\u00bb custom_margin=\u00bb||20px||false|false\u00bb custom_padding=\u00bb50px||50px||false|false\u00bb border_radii=\u00bbon|5px|5px|5px|5px\u00bb global_colors_info=\u00bb{}\u00bb][\/et_pb_text][et_pb_text _builder_version=\u00bb4.27.6&#8243; _module_preset=\u00bbdefault\u00bb text_text_color=\u00bb#3D5A69&#8243; text_font_size=\u00bb15px\u00bb custom_margin=\u00bb||||false|false\u00bb global_colors_info=\u00bb{}\u00bb]<p dir=\"auto\" style=\"text-align: center;\"><span><strong>Hotel Fray Select<\/strong> es el hotel m\u00e1s nuevo y moderno de Tepic,\u00a0<\/span><strong>con la ubicaci\u00f3n m\u00e1s conveniente <\/strong>y habitaciones contempor\u00e1neas<span>\u00a0de alto nivel.<\/span><\/p>[\/et_pb_text][et_pb_button button_url=\u00bb@ET-DC@eyJkeW5hbWljIjp0cnVlLCJjb250ZW50IjoicG9zdF9saW5rX3VybF9wYWdlIiwic2V0dGluZ3MiOnsicG9zdF9pZCI6IjM1ODMifX0=@\u00bb button_text=\u00bbVer m\u00e1s\u00bb button_alignment=\u00bbcenter\u00bb _builder_version=\u00bb4.27.6&#8243; _dynamic_attributes=\u00bbbutton_url\u00bb _module_preset=\u00bbdefault\u00bb custom_button=\u00bbon\u00bb button_text_size=\u00bb14px\u00bb button_bg_color=\u00bb#6c8481&#8243; custom_margin=\u00bb||||false|false\u00bb custom_padding=\u00bb8px||8px||false|false\u00bb global_colors_info=\u00bb{}\u00bb][\/et_pb_button][\/et_pb_column][\/et_pb_row][et_pb_row _builder_version=\u00bb4.27.6&#8243; _module_preset=\u00bbdefault\u00bb global_colors_info=\u00bb{}\u00bb][et_pb_column type=\u00bb4_4&#8243; _builder_version=\u00bb4.27.6&#8243; _module_preset=\u00bbdefault\u00bb global_colors_info=\u00bb{}\u00bb][et_pb_text _builder_version=\u00bb4.27.6&#8243; _module_preset=\u00bbdefault\u00bb text_text_color=\u00bb#FFFFFF\u00bb header_2_font_size=\u00bb20px\u00bb header_2_line_height=\u00bb1.5em\u00bb custom_padding=\u00bb10px||||false|false\u00bb text_font_size_tablet=\u00bb\u00bb text_font_size_phone=\u00bb15px\u00bb text_font_size_last_edited=\u00bbon|phone\u00bb global_colors_info=\u00bb{}\u00bb]<p style=\"text-align: center;\">Lunes a s\u00e1bado <strong>8:00 am a 4:00 pm<\/strong><br \/>Tel\u00e9fono\/WhatsApp: <strong><a href=\"tel:3112122525\">311 212 2525<\/a><\/strong><br \/>Correo: <strong><a href=\"mailto:ventas@hotelfrayjunipero.com\">ventas@hotelfrayjunipero.com<\/a><\/strong><\/p>[\/et_pb_text][\/et_pb_column][\/et_pb_row][et_pb_row disabled_on=\u00bbon|on|on\u00bb module_id=\u00bbunete\u00bb _builder_version=\u00bb4.27.4&#8243; disabled=\u00bbon\u00bb global_colors_info=\u00bb{}\u00bb][et_pb_column type=\u00bb4_4&#8243; _builder_version=\u00bb4.16&#8243; global_colors_info=\u00bb{}\u00bb][et_pb_contact_form captcha=\u00bboff\u00bb email=\u00bbventas@hotelfrayjunipero.com, ventas2@hotelfrayjunipero.com\u00bb custom_message=\u00bbOrigen: P\u00e1gina de Convenio\u00bb success_message=\u00bbGracias por tu inter\u00e9s en nuestro convenio. Pronto recibir\u00e1s un correo con m\u00e1s informaci\u00f3n.\u00bb submit_button_text=\u00bbEnviar\u00bb _builder_version=\u00bb4.27.4&#8243; _unique_id=\u00bb6bd0d27b-b584-4c7e-b43c-08558c6e8dbb\u00bb form_field_background_color=\u00bb#FFFFFF\u00bb form_field_text_color=\u00bb#20292D\u00bb form_field_focus_background_color=\u00bb#f7f7f7&#8243; form_field_custom_margin=\u00bb||20px||false|false\u00bb form_field_custom_padding=\u00bb||||false|false\u00bb title_text_color=\u00bb#FFFFFF\u00bb captcha_text_color=\u00bb#FFFFFF\u00bb custom_button=\u00bbon\u00bb button_custom_margin=\u00bb20px||||false|false\u00bb button_custom_padding=\u00bb10px|30px|10px|30px|false|false\u00bb text_orientation=\u00bbleft\u00bb custom_css_main_element=\u00bbcolor: white;||\u00bb border_radii=\u00bbon|5px|5px|5px|5px\u00bb border_width_all=\u00bb1px\u00bb border_color_all=\u00bb#efefef\u00bb box_shadow_style=\u00bbpreset3&#8243; box_shadow_vertical=\u00bb4px\u00bb box_shadow_blur=\u00bb8px\u00bb box_shadow_spread=\u00bb0px\u00bb box_shadow_color=\u00bbrgba(0,0,0,0.09)\u00bb global_colors_info=\u00bb{}\u00bb submit_button_text__hover_enabled=\u00bboff|desktop\u00bb][et_pb_contact_field field_id=\u00bbNombre\u00bb field_title=\u00bbNombre (requerido)\u00bb max_length=\u00bb40&#8243; allowed_symbols=\u00bbletters\u00bb _builder_version=\u00bb4.16&#8243; global_colors_info=\u00bb{}\u00bb button_text_size__hover_enabled=\u00bboff\u00bb button_one_text_size__hover_enabled=\u00bboff\u00bb button_two_text_size__hover_enabled=\u00bboff\u00bb button_text_color__hover_enabled=\u00bboff\u00bb button_one_text_color__hover_enabled=\u00bboff\u00bb button_two_text_color__hover_enabled=\u00bboff\u00bb button_border_width__hover_enabled=\u00bboff\u00bb button_one_border_width__hover_enabled=\u00bboff\u00bb button_two_border_width__hover_enabled=\u00bboff\u00bb button_border_color__hover_enabled=\u00bboff\u00bb button_one_border_color__hover_enabled=\u00bboff\u00bb button_two_border_color__hover_enabled=\u00bboff\u00bb button_border_radius__hover_enabled=\u00bboff\u00bb button_one_border_radius__hover_enabled=\u00bboff\u00bb button_two_border_radius__hover_enabled=\u00bboff\u00bb button_letter_spacing__hover_enabled=\u00bboff\u00bb button_one_letter_spacing__hover_enabled=\u00bboff\u00bb button_two_letter_spacing__hover_enabled=\u00bboff\u00bb button_bg_color__hover_enabled=\u00bboff\u00bb button_one_bg_color__hover_enabled=\u00bboff\u00bb button_two_bg_color__hover_enabled=\u00bboff\u00bb][\/et_pb_contact_field][et_pb_contact_field field_id=\u00bbApellido\u00bb field_title=\u00bbApellido (requerido)\u00bb _builder_version=\u00bb4.16&#8243; global_colors_info=\u00bb{}\u00bb button_text_size__hover_enabled=\u00bboff\u00bb button_one_text_size__hover_enabled=\u00bboff\u00bb button_two_text_size__hover_enabled=\u00bboff\u00bb button_text_color__hover_enabled=\u00bboff\u00bb button_one_text_color__hover_enabled=\u00bboff\u00bb button_two_text_color__hover_enabled=\u00bboff\u00bb button_border_width__hover_enabled=\u00bboff\u00bb button_one_border_width__hover_enabled=\u00bboff\u00bb button_two_border_width__hover_enabled=\u00bboff\u00bb button_border_color__hover_enabled=\u00bboff\u00bb button_one_border_color__hover_enabled=\u00bboff\u00bb button_two_border_color__hover_enabled=\u00bboff\u00bb button_border_radius__hover_enabled=\u00bboff\u00bb button_one_border_radius__hover_enabled=\u00bboff\u00bb button_two_border_radius__hover_enabled=\u00bboff\u00bb button_letter_spacing__hover_enabled=\u00bboff\u00bb button_one_letter_spacing__hover_enabled=\u00bboff\u00bb button_two_letter_spacing__hover_enabled=\u00bboff\u00bb button_bg_color__hover_enabled=\u00bboff\u00bb button_one_bg_color__hover_enabled=\u00bboff\u00bb button_two_bg_color__hover_enabled=\u00bboff\u00bb][\/et_pb_contact_field][et_pb_contact_field field_id=\u00bbCorreo\u00bb field_title=\u00bbCorreo electr\u00f3nico (requerido)\u00bb field_type=\u00bbemail\u00bb _builder_version=\u00bb4.16&#8243; global_colors_info=\u00bb{}\u00bb button_text_size__hover_enabled=\u00bboff\u00bb button_one_text_size__hover_enabled=\u00bboff\u00bb button_two_text_size__hover_enabled=\u00bboff\u00bb button_text_color__hover_enabled=\u00bboff\u00bb button_one_text_color__hover_enabled=\u00bboff\u00bb button_two_text_color__hover_enabled=\u00bboff\u00bb button_border_width__hover_enabled=\u00bboff\u00bb button_one_border_width__hover_enabled=\u00bboff\u00bb button_two_border_width__hover_enabled=\u00bboff\u00bb button_border_color__hover_enabled=\u00bboff\u00bb button_one_border_color__hover_enabled=\u00bboff\u00bb button_two_border_color__hover_enabled=\u00bboff\u00bb button_border_radius__hover_enabled=\u00bboff\u00bb button_one_border_radius__hover_enabled=\u00bboff\u00bb button_two_border_radius__hover_enabled=\u00bboff\u00bb button_letter_spacing__hover_enabled=\u00bboff\u00bb button_one_letter_spacing__hover_enabled=\u00bboff\u00bb button_two_letter_spacing__hover_enabled=\u00bboff\u00bb button_bg_color__hover_enabled=\u00bboff\u00bb button_one_bg_color__hover_enabled=\u00bboff\u00bb button_two_bg_color__hover_enabled=\u00bboff\u00bb][\/et_pb_contact_field][et_pb_contact_field field_id=\u00bbTelefono\u00bb field_title=\u00bbTel\u00e9fono (requerido)\u00bb max_length=\u00bb16&#8243; _builder_version=\u00bb4.16&#8243; global_colors_info=\u00bb{}\u00bb button_text_size__hover_enabled=\u00bboff\u00bb button_one_text_size__hover_enabled=\u00bboff\u00bb button_two_text_size__hover_enabled=\u00bboff\u00bb button_text_color__hover_enabled=\u00bboff\u00bb button_one_text_color__hover_enabled=\u00bboff\u00bb button_two_text_color__hover_enabled=\u00bboff\u00bb button_border_width__hover_enabled=\u00bboff\u00bb button_one_border_width__hover_enabled=\u00bboff\u00bb button_two_border_width__hover_enabled=\u00bboff\u00bb button_border_color__hover_enabled=\u00bboff\u00bb button_one_border_color__hover_enabled=\u00bboff\u00bb button_two_border_color__hover_enabled=\u00bboff\u00bb button_border_radius__hover_enabled=\u00bboff\u00bb button_one_border_radius__hover_enabled=\u00bboff\u00bb button_two_border_radius__hover_enabled=\u00bboff\u00bb button_letter_spacing__hover_enabled=\u00bboff\u00bb button_one_letter_spacing__hover_enabled=\u00bboff\u00bb button_two_letter_spacing__hover_enabled=\u00bboff\u00bb button_bg_color__hover_enabled=\u00bboff\u00bb button_one_bg_color__hover_enabled=\u00bboff\u00bb button_two_bg_color__hover_enabled=\u00bboff\u00bb][\/et_pb_contact_field][et_pb_contact_field field_id=\u00bbDonde\u00bb field_title=\u00bb\u00bfDe d\u00f3nde nos visita? (requerido)\u00bb fullwidth_field=\u00bbon\u00bb _builder_version=\u00bb4.16&#8243; global_colors_info=\u00bb{}\u00bb][\/et_pb_contact_field][et_pb_contact_field field_id=\u00bbEmpresa\u00bb field_title=\u00bbEmpresa (requerido)\u00bb fullwidth_field=\u00bbon\u00bb _builder_version=\u00bb4.27.4&#8243; global_colors_info=\u00bb{}\u00bb][\/et_pb_contact_field][et_pb_contact_field field_id=\u00bbConsentimiento\u00bb field_title=\u00bb \u00bb field_type=\u00bbcheckbox\u00bb checkbox_options=\u00bb%91{%22value%22:%22Doy consentimiento a recibir correos del Hoteles Fray en mi direcci\u00f3n de correo (aproximadamente 1 correo al mes)%22,%22checked%22:0,%22dragID%22:-1}%93&#8243; required_mark=\u00bboff\u00bb fullwidth_field=\u00bbon\u00bb _builder_version=\u00bb4.27.4&#8243; form_field_text_color=\u00bb#FFFFFF\u00bb custom_css_main_element=\u00bbfont-size: 14px\u00bb global_colors_info=\u00bb{}\u00bb][\/et_pb_contact_field][\/et_pb_contact_form][\/et_pb_column][\/et_pb_row][\/et_pb_section]\n","protected":false},"excerpt":{"rendered":"<p>Informaci\u00f3n de convenios de tarifas hotel empresa de Hoteles Fray en Tepic Nayarit.<\/p>","protected":false},"author":2,"featured_media":7487,"parent":0,"menu_order":0,"comment_status":"closed","ping_status":"closed","template":"","meta":{"_et_pb_use_builder":"on","_et_pb_old_content":"<!-- wp:divi\/placeholder \/-->","_et_gb_content_width":"","footnotes":""},"class_list":["post-2817","page","type-page","status-publish","has-post-thumbnail","hentry"],"yoast_head":"<!-- This site is optimized with the Yoast SEO plugin v27.4 - https:\/\/yoast.com\/product\/yoast-seo-wordpress\/ -->\n<title>Hotels in Tepic | Hoteles Fray \u2013 Complimentary Buffet Breakfast<\/title>\n<meta name=\"description\" content=\"Looking for hotels in Tepic? Hoteles Fray offers the best location, complimentary buffet breakfast, free WiFi, and flexible cancellation. Book directly with no deposit!\" \/>\n<meta name=\"robots\" content=\"index, follow, max-snippet:-1, max-image-preview:large, max-video-preview:-1\" \/>\n<link rel=\"canonical\" href=\"https:\/\/hotelesfray.com\/en\/convenios\/\" \/>\n<meta property=\"og:locale\" content=\"en_US\" \/>\n<meta property=\"og:type\" content=\"article\" \/>\n<meta property=\"og:title\" content=\"Hotels in Tepic | Hoteles Fray \u2013 Complimentary Buffet Breakfast\" \/>\n<meta property=\"og:description\" content=\"Looking for hotels in Tepic? Hoteles Fray offers the best location, complimentary buffet breakfast, free WiFi, and flexible cancellation. Book directly with no deposit!\" \/>\n<meta property=\"og:url\" content=\"https:\/\/hotelesfray.com\/en\/convenios\/\" \/>\n<meta property=\"og:site_name\" content=\"Hoteles Fray\" \/>\n<meta property=\"article:modified_time\" content=\"2026-04-23T21:31:52+00:00\" \/>\n<meta property=\"og:image\" content=\"https:\/\/hotelesfray.com\/wp-content\/uploads\/2026\/03\/superior-nva5-scaled.webp\" \/>\n\t<meta property=\"og:image:width\" content=\"2560\" \/>\n\t<meta property=\"og:image:height\" content=\"1707\" \/>\n\t<meta property=\"og:image:type\" content=\"image\/jpeg\" \/>\n<meta name=\"twitter:card\" content=\"summary_large_image\" \/>\n<script type=\"application\/ld+json\" class=\"yoast-schema-graph\">{\"@context\":\"https:\\\/\\\/schema.org\",\"@graph\":[{\"@type\":\"WebPage\",\"@id\":\"https:\\\/\\\/hotelesfray.com\\\/convenios\\\/\",\"url\":\"https:\\\/\\\/hotelesfray.com\\\/convenios\\\/\",\"name\":\"Convenio de Hospedaje para Empresas en Tepic | Hoteles Fray\",\"isPartOf\":{\"@id\":\"https:\\\/\\\/hotelesfray.com\\\/#website\"},\"primaryImageOfPage\":{\"@id\":\"https:\\\/\\\/hotelesfray.com\\\/convenios\\\/#primaryimage\"},\"image\":{\"@id\":\"https:\\\/\\\/hotelesfray.com\\\/convenios\\\/#primaryimage\"},\"thumbnailUrl\":\"https:\\\/\\\/hotelesfray.com\\\/wp-content\\\/uploads\\\/2026\\\/03\\\/superior-nva5-scaled.webp\",\"datePublished\":\"2021-10-22T21:44:05+00:00\",\"dateModified\":\"2026-04-23T21:31:52+00:00\",\"description\":\"Solicita sin costo el convenio de tarifas de Hoteles Fray en Tepic: tarifas fijas con desayuno buffet, cancelaci\u00f3n flexible, internet y estacionamiento gratis.\",\"inLanguage\":\"en-US\",\"potentialAction\":[{\"@type\":\"ReadAction\",\"target\":[\"https:\\\/\\\/hotelesfray.com\\\/convenios\\\/\"]}]},{\"@type\":\"ImageObject\",\"inLanguage\":\"en-US\",\"@id\":\"https:\\\/\\\/hotelesfray.com\\\/convenios\\\/#primaryimage\",\"url\":\"https:\\\/\\\/hotelesfray.com\\\/wp-content\\\/uploads\\\/2026\\\/03\\\/superior-nva5-scaled.webp\",\"contentUrl\":\"https:\\\/\\\/hotelesfray.com\\\/wp-content\\\/uploads\\\/2026\\\/03\\\/superior-nva5-scaled.webp\",\"width\":2560,\"height\":1707,\"caption\":\"Habitacion Superior del Hotel Fray Junipero en Tepic\"},{\"@type\":\"WebSite\",\"@id\":\"https:\\\/\\\/hotelesfray.com\\\/#website\",\"url\":\"https:\\\/\\\/hotelesfray.com\\\/\",\"name\":\"Hoteles Fray\",\"description\":\"Los Mejores Hoteles en el Centro de Tepic, Nayarit\",\"publisher\":{\"@id\":\"https:\\\/\\\/hotelesfray.com\\\/#organization\"},\"potentialAction\":[{\"@type\":\"SearchAction\",\"target\":{\"@type\":\"EntryPoint\",\"urlTemplate\":\"https:\\\/\\\/hotelesfray.com\\\/?s={search_term_string}\"},\"query-input\":{\"@type\":\"PropertyValueSpecification\",\"valueRequired\":true,\"valueName\":\"search_term_string\"}}],\"inLanguage\":\"en-US\"},{\"@type\":\"Organization\",\"@id\":\"https:\\\/\\\/hotelesfray.com\\\/#organization\",\"name\":\"Hoteles Fray\",\"url\":\"https:\\\/\\\/hotelesfray.com\\\/\",\"logo\":{\"@type\":\"ImageObject\",\"inLanguage\":\"en-US\",\"@id\":\"https:\\\/\\\/hotelesfray.com\\\/#\\\/schema\\\/logo\\\/image\\\/\",\"url\":\"https:\\\/\\\/hotelesfray.com\\\/wp-content\\\/uploads\\\/2023\\\/01\\\/HotelesFray-cuadro.png\",\"contentUrl\":\"https:\\\/\\\/hotelesfray.com\\\/wp-content\\\/uploads\\\/2023\\\/01\\\/HotelesFray-cuadro.png\",\"width\":2200,\"height\":2200,\"caption\":\"Hoteles Fray\"},\"image\":{\"@id\":\"https:\\\/\\\/hotelesfray.com\\\/#\\\/schema\\\/logo\\\/image\\\/\"}}]}<\/script>\n<!-- \/ Yoast SEO plugin. -->","yoast_head_json":{"title":"Hotels in Tepic | Hoteles Fray \u2013 Complimentary Buffet Breakfast","description":"Looking for hotels in Tepic? Hoteles Fray offers the best location, complimentary buffet breakfast, free WiFi, and flexible cancellation. Book directly with no deposit!","robots":{"index":"index","follow":"follow","max-snippet":"max-snippet:-1","max-image-preview":"max-image-preview:large","max-video-preview":"max-video-preview:-1"},"canonical":"https:\/\/hotelesfray.com\/en\/convenios\/","og_locale":"en_US","og_type":"article","og_title":"Hotels in Tepic | Hoteles Fray \u2013 Complimentary Buffet Breakfast","og_description":"Looking for hotels in Tepic? Hoteles Fray offers the best location, complimentary buffet breakfast, free WiFi, and flexible cancellation. Book directly with no deposit!","og_url":"https:\/\/hotelesfray.com\/en\/convenios\/","og_site_name":"Hoteles Fray","article_modified_time":"2026-04-23T21:31:52+00:00","og_image":[{"width":2560,"height":1707,"url":"https:\/\/hotelesfray.com\/wp-content\/uploads\/2026\/03\/superior-nva5-scaled.webp","type":"image\/jpeg"}],"twitter_card":"summary_large_image","schema":{"@context":"https:\/\/schema.org","@graph":[{"@type":"WebPage","@id":"https:\/\/hotelesfray.com\/convenios\/","url":"https:\/\/hotelesfray.com\/convenios\/","name":"Convenio de Hospedaje para Empresas en Tepic | Hoteles Fray","isPartOf":{"@id":"https:\/\/hotelesfray.com\/#website"},"primaryImageOfPage":{"@id":"https:\/\/hotelesfray.com\/convenios\/#primaryimage"},"image":{"@id":"https:\/\/hotelesfray.com\/convenios\/#primaryimage"},"thumbnailUrl":"https:\/\/hotelesfray.com\/wp-content\/uploads\/2026\/03\/superior-nva5-scaled.webp","datePublished":"2021-10-22T21:44:05+00:00","dateModified":"2026-04-23T21:31:52+00:00","description":"Solicita sin costo el convenio de tarifas de Hoteles Fray en Tepic: tarifas fijas con desayuno buffet, cancelaci\u00f3n flexible, internet y estacionamiento gratis.","inLanguage":"en-US","potentialAction":[{"@type":"ReadAction","target":["https:\/\/hotelesfray.com\/convenios\/"]}]},{"@type":"ImageObject","inLanguage":"en-US","@id":"https:\/\/hotelesfray.com\/convenios\/#primaryimage","url":"https:\/\/hotelesfray.com\/wp-content\/uploads\/2026\/03\/superior-nva5-scaled.webp","contentUrl":"https:\/\/hotelesfray.com\/wp-content\/uploads\/2026\/03\/superior-nva5-scaled.webp","width":2560,"height":1707,"caption":"Habitacion Superior del Hotel Fray Junipero en Tepic"},{"@type":"WebSite","@id":"https:\/\/hotelesfray.com\/#website","url":"https:\/\/hotelesfray.com\/","name":"Hoteles Fray","description":"Los Mejores Hoteles en el Centro de Tepic, Nayarit","publisher":{"@id":"https:\/\/hotelesfray.com\/#organization"},"potentialAction":[{"@type":"SearchAction","target":{"@type":"EntryPoint","urlTemplate":"https:\/\/hotelesfray.com\/?s={search_term_string}"},"query-input":{"@type":"PropertyValueSpecification","valueRequired":true,"valueName":"search_term_string"}}],"inLanguage":"en-US"},{"@type":"Organization","@id":"https:\/\/hotelesfray.com\/#organization","name":"Hoteles Fray","url":"https:\/\/hotelesfray.com\/","logo":{"@type":"ImageObject","inLanguage":"en-US","@id":"https:\/\/hotelesfray.com\/#\/schema\/logo\/image\/","url":"https:\/\/hotelesfray.com\/wp-content\/uploads\/2023\/01\/HotelesFray-cuadro.png","contentUrl":"https:\/\/hotelesfray.com\/wp-content\/uploads\/2023\/01\/HotelesFray-cuadro.png","width":2200,"height":2200,"caption":"Hoteles Fray"},"image":{"@id":"https:\/\/hotelesfray.com\/#\/schema\/logo\/image\/"}}]}},"_links":{"self":[{"href":"https:\/\/hotelesfray.com\/en\/wp-json\/wp\/v2\/pages\/2817","targetHints":{"allow":["GET"]}}],"collection":[{"href":"https:\/\/hotelesfray.com\/en\/wp-json\/wp\/v2\/pages"}],"about":[{"href":"https:\/\/hotelesfray.com\/en\/wp-json\/wp\/v2\/types\/page"}],"author":[{"embeddable":true,"href":"https:\/\/hotelesfray.com\/en\/wp-json\/wp\/v2\/users\/2"}],"replies":[{"embeddable":true,"href":"https:\/\/hotelesfray.com\/en\/wp-json\/wp\/v2\/comments?post=2817"}],"version-history":[{"count":55,"href":"https:\/\/hotelesfray.com\/en\/wp-json\/wp\/v2\/pages\/2817\/revisions"}],"predecessor-version":[{"id":8014,"href":"https:\/\/hotelesfray.com\/en\/wp-json\/wp\/v2\/pages\/2817\/revisions\/8014"}],"wp:featuredmedia":[{"embeddable":true,"href":"https:\/\/hotelesfray.com\/en\/wp-json\/wp\/v2\/media\/7487"}],"wp:attachment":[{"href":"https:\/\/hotelesfray.com\/en\/wp-json\/wp\/v2\/media?parent=2817"}],"curies":[{"name":"wp","href":"https:\/\/api.w.org\/{rel}","templated":true}]}}