{"id":3051,"date":"2022-04-11T16:29:15","date_gmt":"2022-04-11T20:29:15","guid":{"rendered":"https:\/\/hotelfrayjunipero.com\/?page_id=3051"},"modified":"2026-03-24T18:49:30","modified_gmt":"2026-03-24T22:49:30","slug":"museos","status":"publish","type":"page","link":"https:\/\/hotelesfray.com\/en\/guia-turistica\/museos\/","title":{"rendered":"Museos"},"content":{"rendered":"<p>[et_pb_section fb_built=\u00bb1&#8243; custom_padding_last_edited=\u00bbon|phone\u00bb _builder_version=\u00bb4.27.6&#8243; background_image=\u00bbhttps:\/\/hotelfrayjunipero.com\/wp-content\/uploads\/2022\/04\/MuseosHeroNC.jpg\u00bb custom_padding=\u00bb250px||||false|false\u00bb custom_padding_tablet=\u00bb250px||||false|false\u00bb custom_padding_phone=\u00bb250px||||false|false\u00bb top_divider_color=\u00bb#eba123&#8243; top_divider_height=\u00bb20px\u00bb da_disable_devices=\u00bboff|off|off\u00bb locked=\u00bboff\u00bb global_colors_info=\u00bb{}\u00bb da_is_popup=\u00bboff\u00bb da_exit_intent=\u00bboff\u00bb da_has_close=\u00bbon\u00bb da_alt_close=\u00bboff\u00bb da_dark_close=\u00bboff\u00bb da_not_modal=\u00bbon\u00bb da_is_singular=\u00bboff\u00bb da_with_loader=\u00bboff\u00bb da_has_shadow=\u00bbon\u00bb][et_pb_row custom_padding_last_edited=\u00bbon|desktop\u00bb _builder_version=\u00bb4.27.6&#8243; custom_padding=\u00bb||||false|false\u00bb custom_padding_tablet=\u00bb90px||90px||false|false\u00bb custom_padding_phone=\u00bb70px||70px||false|false\u00bb global_colors_info=\u00bb{}\u00bb][et_pb_column type=\u00bb4_4&#8243; _builder_version=\u00bb4.16&#8243; global_colors_info=\u00bb{}\u00bb][et_pb_text _builder_version=\u00bb4.27.6&#8243; text_font=\u00bb||||||||\u00bb text_text_color=\u00bb#ffffff\u00bb text_letter_spacing=\u00bb-0.2px\u00bb header_font=\u00bb|700|||||||\u00bb header_text_color=\u00bb#ffffff\u00bb header_line_height=\u00bb1.2em\u00bb text_font_size_phone=\u00bb16px\u00bb text_font_size_last_edited=\u00bboff|desktop\u00bb text_line_height_tablet=\u00bb\u00bb text_line_height_phone=\u00bb1.5em\u00bb text_line_height_last_edited=\u00bbon|phone\u00bb header_font_size_last_edited=\u00bboff|desktop\u00bb text_orientation_tablet=\u00bbleft\u00bb text_orientation_phone=\u00bbleft\u00bb text_orientation_last_edited=\u00bbon|phone\u00bb text_text_shadow_style=\u00bbpreset1&#8243; text_text_shadow_vertical_length=\u00bb0.3em\u00bb text_text_shadow_blur_strength=\u00bb0.4em\u00bb global_colors_info=\u00bb{}\u00bb]<\/p>\n<h1>Cultura y puntos de inter\u00e9s en Tepic<\/h1>\n<p>Con\u00e9ctate con la cultura actual e historia colonial de Tepic, Nayarit. Qued\u00e1ndote en <a href=\"https:\/\/hotelesfray.com\/frayjunipero\/\">Hotel Fray Jun\u00edpero<\/a> y <a href=\"https:\/\/hotelesfray.com\/frayselect\/\">Hotel Fray Select<\/a> te encuentras a menos de 10 minutos a pie o en autom\u00f3vil de cualquiera de estos lugares.<\/p>\n<p>[\/et_pb_text][\/et_pb_column][\/et_pb_row][\/et_pb_section][et_pb_section fb_built=\u00bb1&#8243; _builder_version=\u00bb4.27.6&#8243; _module_preset=\u00bbdefault\u00bb background_enable_color=\u00bboff\u00bb background_image=\u00bbhttps:\/\/hotelfrayjunipero.com\/wp-content\/uploads\/2020\/02\/Pattern25.png\u00bb background_size=\u00bbinitial\u00bb background_repeat=\u00bbrepeat\u00bb custom_padding=\u00bb20px||||false|false\u00bb da_disable_devices=\u00bboff|off|off\u00bb box_shadow_style=\u00bbpreset3&#8243; box_shadow_position=\u00bbinner\u00bb global_colors_info=\u00bb{}\u00bb da_is_popup=\u00bboff\u00bb da_exit_intent=\u00bboff\u00bb da_has_close=\u00bbon\u00bb da_alt_close=\u00bboff\u00bb da_dark_close=\u00bboff\u00bb da_not_modal=\u00bbon\u00bb da_is_singular=\u00bboff\u00bb da_with_loader=\u00bboff\u00bb da_has_shadow=\u00bbon\u00bb][et_pb_row _builder_version=\u00bb4.27.6&#8243; _module_preset=\u00bbdefault\u00bb custom_margin=\u00bb0px||0px||false|false\u00bb custom_padding=\u00bb0px||10px||false|false\u00bb global_colors_info=\u00bb{}\u00bb][et_pb_column type=\u00bb4_4&#8243; _builder_version=\u00bb4.27.6&#8243; _module_preset=\u00bbdefault\u00bb global_colors_info=\u00bb{}\u00bb][et_pb_code _builder_version=\u00bb4.27.6&#8243; _module_preset=\u00bbdefault\u00bb text_orientation=\u00bbcenter\u00bb custom_css_main_element=\u00bbfont-size: 14px;\u00bb global_colors_info=\u00bb{}\u00bb][\/et_pb_code][\/et_pb_column][\/et_pb_row][et_pb_row column_structure=\u00bb1_2,1_2&#8243; module_class=\u00bbtwo-columns\u00bb _builder_version=\u00bb4.27.6&#8243; _module_preset=\u00bbdefault\u00bb custom_padding=\u00bb||||false|false\u00bb global_colors_info=\u00bb{}\u00bb][et_pb_column type=\u00bb1_2&#8243; _builder_version=\u00bb4.27.6&#8243; _module_preset=\u00bbdefault\u00bb global_colors_info=\u00bb{}\u00bb][et_pb_image src=\u00bbhttps:\/\/hotelesfray.com\/wp-content\/uploads\/2025\/10\/Bellavista.webp\u00bb title_text=\u00bbBellavista\u00bb _builder_version=\u00bb4.27.6&#8243; _module_preset=\u00bbdefault\u00bb border_radii=\u00bbon|5px|5px|5px|5px\u00bb box_shadow_style=\u00bbpreset3&#8243; global_colors_info=\u00bb{}\u00bb][\/et_pb_image][et_pb_text _builder_version=\u00bb4.27.4&#8243; _module_preset=\u00bbdefault\u00bb header_2_line_height=\u00bb1.2em\u00bb global_colors_info=\u00bb{}\u00bb]<\/p>\n<h2>Ex-f\u00e1brica de Bellavista<\/h2>\n<p>De estilo industrial decimon\u00f3nico con influencia europea, la ex-f\u00e1brica textil de Bellavista data de 1841 y fue construida como una r\u00e9plica exacta de una factor\u00eda ubicada en Gante, B\u00e9lgica. Se le conoce tambi\u00e9n como F\u00e1brica de Hilados y Tejidos Bellavista, siendo fundada por Jos\u00e9 Mar\u00eda Casta\u00f1os y Llano en sociedad con Ignacio Fletes, llegando a albergar hasta 350 obreros que laboraban jornadas de 14 a 16 horas.<\/p>\n<p>En 1905, el 20 de marzo, fue escenario de una de las primeras huelgas obreras del siglo XX en M\u00e9xico, cuando los trabajadores exigieron mejores condiciones laborales. La f\u00e1brica dej\u00f3 de operar de forma permanente alrededor de 1990.<\/p>\n<p>[\/et_pb_text][et_pb_button button_url=\u00bbhttps:\/\/sic.cultura.gob.mx\/ficha.php?table=monumento_icahe&#038;table_id=3544&#038;utm_source=chatgpt.com\u00bb button_text=\u00bbLeer m\u00e1s\u00bb _builder_version=\u00bb4.27.6&#8243; _module_preset=\u00bbdefault\u00bb custom_button=\u00bbon\u00bb button_text_color=\u00bb#FFFFFF\u00bb button_bg_color=\u00bb#3D5A69&#8243; hover_enabled=\u00bb0&#8243; global_colors_info=\u00bb{}\u00bb sticky_enabled=\u00bb0&#8243;][\/et_pb_button][et_pb_button button_url=\u00bbhttps:\/\/maps.app.goo.gl\/HqqX6P2mGtwNLkHH6&#8243; button_text=\u00bb\u00bfC\u00f3mo llegar?\u00bb _builder_version=\u00bb4.27.4&#8243; _module_preset=\u00bbdefault\u00bb locked=\u00bboff\u00bb global_colors_info=\u00bb{}\u00bb][\/et_pb_button][\/et_pb_column][et_pb_column type=\u00bb1_2&#8243; _builder_version=\u00bb4.16&#8243; _module_preset=\u00bbdefault\u00bb global_colors_info=\u00bb{}\u00bb][et_pb_image src=\u00bbhttps:\/\/hotelesfray.com\/wp-content\/uploads\/2025\/10\/CAIN.webp\u00bb title_text=\u00bbCAIN\u00bb _builder_version=\u00bb4.27.4&#8243; _module_preset=\u00bbdefault\u00bb border_radii=\u00bbon|5px|5px|5px|5px\u00bb box_shadow_style=\u00bbpreset3&#8243; global_colors_info=\u00bb{}\u00bb][\/et_pb_image][et_pb_text _builder_version=\u00bb4.27.4&#8243; _module_preset=\u00bbdefault\u00bb header_2_line_height=\u00bb1.2em\u00bb locked=\u00bboff\u00bb global_colors_info=\u00bb{}\u00bb]<\/p>\n<h2>Ciudad de las Artes \u00cdndigenas de Nayarit<\/h2>\n<p>De estilo contempor\u00e1neo con \u00e9nfasis en la arquitectura social y el dise\u00f1o participativo, la Ciudad de las Artes Ind\u00edgenas de Nayarit, ubicada en Tepic, fue concluida en agosto de 2024.<\/p>\n<p>Destaca por su funci\u00f3n cultural-polivalente: incluye talleres de producci\u00f3n, \u00e1reas de exhibici\u00f3n, espacios para ense\u00f1anza de t\u00e9cnicas artesanales ind\u00edgenas, galer\u00edas, plazas p\u00fablicas, jardines, andadores, juegos infantiles, iluminaci\u00f3n urbana nueva, pavimentos, \u00e1rea p\u00fablica al aire libre, miradores hacia el r\u00edo Mololoa, as\u00ed como zonas de descanso.<\/p>\n<p>[\/et_pb_text][et_pb_button button_url=\u00bbhttps:\/\/www.gob.mx\/sedatu\/prensa\/concluye-sedatu-construccion-de-la-ciudad-de-las-artes-indigenas-de-nayarit-preservara-la-cultura-de-los-pueblos-originarios?utm_source=chatgpt.com\u00bb button_text=\u00bbLeer m\u00e1s\u00bb _builder_version=\u00bb4.27.6&#8243; _module_preset=\u00bbdefault\u00bb custom_button=\u00bbon\u00bb button_text_color=\u00bb#FFFFFF\u00bb button_bg_color=\u00bb#3D5A69&#8243; hover_enabled=\u00bb0&#8243; locked=\u00bboff\u00bb global_colors_info=\u00bb{}\u00bb sticky_enabled=\u00bb0&#8243;][\/et_pb_button][et_pb_button button_url=\u00bbhttps:\/\/maps.app.goo.gl\/XRQTVD1j82rDXig68&#8243; button_text=\u00bb\u00bfC\u00f3mo llegar?\u00bb _builder_version=\u00bb4.27.4&#8243; _module_preset=\u00bbdefault\u00bb locked=\u00bboff\u00bb global_colors_info=\u00bb{}\u00bb][\/et_pb_button][\/et_pb_column][\/et_pb_row][\/et_pb_section][et_pb_section fb_built=\u00bb1&#8243; _builder_version=\u00bb4.16&#8243; _module_preset=\u00bbdefault\u00bb background_color=\u00bb#3D5A69&#8243; background_image=\u00bbhttps:\/\/hotelfrayjunipero.com\/wp-content\/uploads\/2020\/02\/Pattern25.png\u00bb background_size=\u00bbinitial\u00bb background_repeat=\u00bbrepeat\u00bb da_disable_devices=\u00bboff|off|off\u00bb box_shadow_style=\u00bbpreset3&#8243; box_shadow_position=\u00bbinner\u00bb global_colors_info=\u00bb{}\u00bb da_is_popup=\u00bboff\u00bb da_exit_intent=\u00bboff\u00bb da_has_close=\u00bbon\u00bb da_alt_close=\u00bboff\u00bb da_dark_close=\u00bboff\u00bb da_not_modal=\u00bbon\u00bb da_is_singular=\u00bboff\u00bb da_with_loader=\u00bboff\u00bb da_has_shadow=\u00bbon\u00bb][et_pb_row column_structure=\u00bb1_2,1_2&#8243; module_class=\u00bbtwo-columns\u00bb _builder_version=\u00bb4.27.6&#8243; _module_preset=\u00bbdefault\u00bb custom_padding=\u00bb3px||0px|||\u00bb global_colors_info=\u00bb{}\u00bb][et_pb_column type=\u00bb1_2&#8243; _builder_version=\u00bb4.16&#8243; _module_preset=\u00bbdefault\u00bb global_colors_info=\u00bb{}\u00bb][et_pb_image src=\u00bbhttps:\/\/hotelfrayjunipero.com\/wp-content\/uploads\/2022\/04\/MuseoAmado.jpg\u00bb title_text=\u00bbMuseoAmado\u00bb _builder_version=\u00bb4.16&#8243; _module_preset=\u00bbdefault\u00bb border_radii=\u00bbon|5px|5px|5px|5px\u00bb box_shadow_style=\u00bbpreset3&#8243; global_colors_info=\u00bb{}\u00bb][\/et_pb_image][et_pb_text _builder_version=\u00bb4.21.0&#8243; _module_preset=\u00bbdefault\u00bb text_text_color=\u00bb#FFFFFF\u00bb header_2_line_height=\u00bb1.2em\u00bb global_colors_info=\u00bb{}\u00bb]<\/p>\n<h2>Casa Museo \u00abAmado Nervo\u00bb<\/h2>\n<p>De estilo neocl\u00e1sico, la construcci\u00f3n de la casa data de 1840; destaca su portal compuesto por el vano de acceso de arco de medio punto. Fue habitada por la familia Nervo Ordaz y despu\u00e9s tuvo varios propietarios. Aqu\u00ed naci\u00f3 el poeta Amado Nervo el 27 de agosto de 1870, as\u00ed como sus hermanos Francisco, Luis, Rodolfo, \u00c1ngela, Elvira y Concepci\u00f3n.<\/p>\n<p>[\/et_pb_text][et_pb_button button_url=\u00bb@ET-DC@eyJkeW5hbWljIjp0cnVlLCJjb250ZW50IjoicG9zdF9saW5rX3VybF9wYWdlIiwic2V0dGluZ3MiOnsicG9zdF9pZCI6IjMwNzEifX0=@\u00bb button_text=\u00bbLeer m\u00e1s\u00bb _builder_version=\u00bb4.16&#8243; _dynamic_attributes=\u00bbbutton_url\u00bb _module_preset=\u00bbdefault\u00bb custom_button=\u00bbon\u00bb button_text_color=\u00bb#EBA123&#8243; button_bg_color=\u00bb#FFFFFF\u00bb hover_enabled=\u00bb0&#8243; global_colors_info=\u00bb{}\u00bb sticky_enabled=\u00bb0&#8243;][\/et_pb_button][et_pb_button button_url=\u00bbhttps:\/\/goo.gl\/maps\/vEKCzATNdtrsDFzu9&#8243; button_text=\u00bb\u00bfC\u00f3mo llegar?\u00bb _builder_version=\u00bb4.16&#8243; _module_preset=\u00bbdefault\u00bb locked=\u00bboff\u00bb global_colors_info=\u00bb{}\u00bb][\/et_pb_button][\/et_pb_column][et_pb_column type=\u00bb1_2&#8243; _builder_version=\u00bb4.16&#8243; _module_preset=\u00bbdefault\u00bb global_colors_info=\u00bb{}\u00bb][et_pb_image src=\u00bbhttps:\/\/hotelfrayjunipero.com\/wp-content\/uploads\/2022\/04\/MuseoJuanEsc.jpg\u00bb title_text=\u00bbMuseoJuanEsc\u00bb _builder_version=\u00bb4.16&#8243; _module_preset=\u00bbdefault\u00bb border_radii=\u00bbon|5px|5px|5px|5px\u00bb box_shadow_style=\u00bbpreset3&#8243; global_colors_info=\u00bb{}\u00bb][\/et_pb_image][et_pb_text _builder_version=\u00bb4.21.0&#8243; _module_preset=\u00bbdefault\u00bb text_text_color=\u00bb#FFFFFF\u00bb header_2_line_height=\u00bb1.2em\u00bb global_colors_info=\u00bb{}\u00bb]<\/p>\n<h2>Casa Museo \u00abJuan Escutia\u00bb<\/h2>\n<p>Se encuentra ubicado en una casa construida en el siglo XIX. En la \u00e9poca en que naci\u00f3 Juan Escutia, la calle llevaba el nombre de Calle del Comercio o Calle Ancha. Para 1855 se le conoc\u00eda como 2\u00aa. Calle de Oriente. Actualmente el Museo Juan Escutia se encuentra ubicado en la Calle Hidalgo 71 Oriente.<\/p>\n<p>[\/et_pb_text][et_pb_button button_url=\u00bb@ET-DC@eyJkeW5hbWljIjp0cnVlLCJjb250ZW50IjoicG9zdF9saW5rX3VybF9wYWdlIiwic2V0dGluZ3MiOnsicG9zdF9pZCI6IjMwNzMifX0=@\u00bb button_text=\u00bbLeer m\u00e1s\u00bb _builder_version=\u00bb4.16&#8243; _dynamic_attributes=\u00bbbutton_url\u00bb _module_preset=\u00bbdefault\u00bb custom_button=\u00bbon\u00bb button_text_color=\u00bb#EBA123&#8243; button_bg_color=\u00bb#FFFFFF\u00bb hover_enabled=\u00bb0&#8243; locked=\u00bboff\u00bb global_colors_info=\u00bb{}\u00bb sticky_enabled=\u00bb0&#8243;][\/et_pb_button][et_pb_button button_url=\u00bbhttps:\/\/goo.gl\/maps\/Q8aXyArdhaEL3Nnf7&#8243; button_text=\u00bb\u00bfC\u00f3mo llegar?\u00bb _builder_version=\u00bb4.16&#8243; _module_preset=\u00bbdefault\u00bb locked=\u00bboff\u00bb global_colors_info=\u00bb{}\u00bb][\/et_pb_button][\/et_pb_column][\/et_pb_row][\/et_pb_section][et_pb_section fb_built=\u00bb1&#8243; _builder_version=\u00bb4.16&#8243; _module_preset=\u00bbdefault\u00bb da_disable_devices=\u00bboff|off|off\u00bb global_colors_info=\u00bb{}\u00bb da_is_popup=\u00bboff\u00bb da_exit_intent=\u00bboff\u00bb da_has_close=\u00bbon\u00bb da_alt_close=\u00bboff\u00bb da_dark_close=\u00bboff\u00bb da_not_modal=\u00bbon\u00bb da_is_singular=\u00bboff\u00bb da_with_loader=\u00bboff\u00bb da_has_shadow=\u00bbon\u00bb][et_pb_row column_structure=\u00bb1_2,1_4,1_4&#8243; _builder_version=\u00bb4.16&#8243; _module_preset=\u00bbdefault\u00bb global_colors_info=\u00bb{}\u00bb][et_pb_column type=\u00bb1_2&#8243; _builder_version=\u00bb4.16&#8243; _module_preset=\u00bbdefault\u00bb global_colors_info=\u00bb{}\u00bb][et_pb_text _builder_version=\u00bb4.27.4&#8243; _module_preset=\u00bbdefault\u00bb header_2_line_height=\u00bb1.2em\u00bb global_colors_info=\u00bb{}\u00bb]<\/p>\n<h2>Ex-convento de la Cruz de Zacate<\/h2>\n<p>El Ex-Convento de la Cruz de Zacate, contiguo al templo del mismo nombre, es un inmueble virreinal de sobria arquitectura fundado por franciscanos como residencia religiosa; su construcci\u00f3n data del siglo XVI y destaca por su sencillez estructural y valor hist\u00f3rico, hoy reconocido y registrado por el INAH como patrimonio cultural inmueble.<\/p>\n<p>[\/et_pb_text][\/et_pb_column][et_pb_column type=\u00bb1_4&#8243; _builder_version=\u00bb4.16&#8243; _module_preset=\u00bbdefault\u00bb global_colors_info=\u00bb{}\u00bb][et_pb_image src=\u00bbhttps:\/\/hotelesfray.com\/wp-content\/uploads\/2025\/10\/CruzZacate.webp\u00bb title_text=\u00bbCruzZacate\u00bb _builder_version=\u00bb4.27.4&#8243; _module_preset=\u00bbdefault\u00bb border_radii=\u00bbon|5px|5px|5px|5px\u00bb box_shadow_style=\u00bbpreset3&#8243; global_colors_info=\u00bb{}\u00bb][\/et_pb_image][\/et_pb_column][et_pb_column type=\u00bb1_4&#8243; _builder_version=\u00bb4.16&#8243; _module_preset=\u00bbdefault\u00bb global_colors_info=\u00bb{}\u00bb][et_pb_button button_url=\u00bbhttps:\/\/sic.cultura.gob.mx\/ficha.php?table=museo&#038;table_id=1507&#8243; button_text=\u00bbLeer m\u00e1s\u00bb _builder_version=\u00bb4.27.6&#8243; _module_preset=\u00bbdefault\u00bb custom_button=\u00bbon\u00bb button_text_color=\u00bb#FFFFFF\u00bb button_bg_color=\u00bb#3D5A69&#8243; button_icon=\u00bb&#xf35d;||fa||900&#8243; button_on_hover=\u00bboff\u00bb hover_enabled=\u00bb0&#8243; locked=\u00bboff\u00bb global_colors_info=\u00bb{}\u00bb sticky_enabled=\u00bb0&#8243;][\/et_pb_button][et_pb_button button_url=\u00bbhttps:\/\/visitmexico.com\/es\/destino\/2433\/exconvento-de-la-cruz-nayarit\u00bb button_text=\u00bb\u00bfC\u00f3mo llegar?\u00bb _builder_version=\u00bb4.27.6&#8243; _module_preset=\u00bbdefault\u00bb hover_enabled=\u00bb0&#8243; global_colors_info=\u00bb{}\u00bb url_new_window=\u00bbon\u00bb sticky_enabled=\u00bb0&#8243;][\/et_pb_button][\/et_pb_column][\/et_pb_row][et_pb_row column_structure=\u00bb1_2,1_4,1_4&#8243; _builder_version=\u00bb4.16&#8243; _module_preset=\u00bbdefault\u00bb global_colors_info=\u00bb{}\u00bb][et_pb_column type=\u00bb1_2&#8243; _builder_version=\u00bb4.16&#8243; _module_preset=\u00bbdefault\u00bb global_colors_info=\u00bb{}\u00bb][et_pb_text _builder_version=\u00bb4.21.0&#8243; _module_preset=\u00bbdefault\u00bb header_2_line_height=\u00bb1.2em\u00bb global_colors_info=\u00bb{}\u00bb]<\/p>\n<h2>Centro de Arte Contempor\u00e1neo \u00abEmilia Ortiz\u00bb<\/h2>\n<p>Tiene sede en una joya arquitect\u00f3nica del siglo XIX catalogada y protegida por el Instituto Nacional de Antropolog\u00eda e Historia. Este espacio museogr\u00e1fico, tambi\u00e9n conocido como Ex Casa Aguirre, est\u00e1 abierto al p\u00fablico desde 2011 y ofrece exposiciones permanentes y exposiciones temporales de artistas locales, nacionales e internacionales; visitas guiadas; subastas; talleres de iniciaci\u00f3n art\u00edstica, experimentaci\u00f3n pl\u00e1stica, cer\u00e1mica y grabado, adem\u00e1s de cursos, conferencias, seminarios y diplomados.<\/p>\n<p>[\/et_pb_text][\/et_pb_column][et_pb_column type=\u00bb1_4&#8243; _builder_version=\u00bb4.16&#8243; _module_preset=\u00bbdefault\u00bb global_colors_info=\u00bb{}\u00bb][et_pb_image src=\u00bbhttps:\/\/hotelfrayjunipero.com\/wp-content\/uploads\/2022\/04\/EmiliaOrtiz.jpg\u00bb title_text=\u00bbEmiliaOrtiz\u00bb _builder_version=\u00bb4.16&#8243; _module_preset=\u00bbdefault\u00bb border_radii=\u00bbon|5px|5px|5px|5px\u00bb box_shadow_style=\u00bbpreset3&#8243; global_colors_info=\u00bb{}\u00bb][\/et_pb_image][\/et_pb_column][et_pb_column type=\u00bb1_4&#8243; _builder_version=\u00bb4.16&#8243; _module_preset=\u00bbdefault\u00bb global_colors_info=\u00bb{}\u00bb][et_pb_button button_url=\u00bb@ET-DC@eyJkeW5hbWljIjp0cnVlLCJjb250ZW50IjoicG9zdF9saW5rX3VybF9wYWdlIiwic2V0dGluZ3MiOnsicG9zdF9pZCI6IjMwNjUifX0=@\u00bb button_text=\u00bbLeer m\u00e1s\u00bb _builder_version=\u00bb4.27.6&#8243; _module_preset=\u00bbdefault\u00bb custom_button=\u00bbon\u00bb button_text_color=\u00bb#FFFFFF\u00bb button_bg_color=\u00bb#3D5A69&#8243; hover_enabled=\u00bb0&#8243; locked=\u00bboff\u00bb global_colors_info=\u00bb{}\u00bb _dynamic_attributes=\u00bbbutton_url\u00bb sticky_enabled=\u00bb0&#8243;][\/et_pb_button][et_pb_button button_url=\u00bbhttps:\/\/maps.app.goo.gl\/XRQTVD1j82rDXig68&#8243; button_text=\u00bb\u00bfC\u00f3mo llegar?\u00bb _builder_version=\u00bb4.27.4&#8243; _module_preset=\u00bbdefault\u00bb global_colors_info=\u00bb{}\u00bb][\/et_pb_button][\/et_pb_column][\/et_pb_row][et_pb_row column_structure=\u00bb1_2,1_4,1_4&#8243; _builder_version=\u00bb4.16&#8243; _module_preset=\u00bbdefault\u00bb global_colors_info=\u00bb{}\u00bb][et_pb_column type=\u00bb1_2&#8243; _builder_version=\u00bb4.16&#8243; _module_preset=\u00bbdefault\u00bb global_colors_info=\u00bb{}\u00bb][et_pb_text _builder_version=\u00bb4.21.0&#8243; _module_preset=\u00bbdefault\u00bb header_2_line_height=\u00bb1.2em\u00bb global_colors_info=\u00bb{}\u00bb]<\/p>\n<h2>Centro Cultural \u00abCasa Fenel\u00f3n\u00bb<\/h2>\n<p>Centro cultural de la Universidad Aut\u00f3noma de Nayarit, patrimonio de la sociedad nayarita, lugar de encuentro p\u00fablico con gran valor arquitect\u00f3nico e hist\u00f3rico dedicado a la apreciaci\u00f3n, formaci\u00f3n y enriquecimiento cultural a trav\u00e9s una programaci\u00f3n de actividades art\u00edsticas como exposiciones pict\u00f3ricas, literarias y musicales por mencionar algunas, as\u00ed como un lugar disponible para reuniones ejecutivas y eventos vinculados con la cultura.<\/p>\n<p>[\/et_pb_text][\/et_pb_column][et_pb_column type=\u00bb1_4&#8243; _builder_version=\u00bb4.16&#8243; _module_preset=\u00bbdefault\u00bb global_colors_info=\u00bb{}\u00bb][et_pb_image src=\u00bbhttps:\/\/hotelfrayjunipero.com\/wp-content\/uploads\/2022\/04\/Fenelon.jpg\u00bb title_text=\u00bbFenelon\u00bb _builder_version=\u00bb4.16&#8243; _module_preset=\u00bbdefault\u00bb border_radii=\u00bbon|5px|5px|5px|5px\u00bb box_shadow_style=\u00bbpreset3&#8243; global_colors_info=\u00bb{}\u00bb][\/et_pb_image][\/et_pb_column][et_pb_column type=\u00bb1_4&#8243; _builder_version=\u00bb4.16&#8243; _module_preset=\u00bbdefault\u00bb global_colors_info=\u00bb{}\u00bb][et_pb_button button_url=\u00bb@ET-DC@eyJkeW5hbWljIjp0cnVlLCJjb250ZW50IjoicG9zdF9saW5rX3VybF9wYWdlIiwic2V0dGluZ3MiOnsicG9zdF9pZCI6IjMwNjcifX0=@\u00bb button_text=\u00bbLeer m\u00e1s\u00bb _builder_version=\u00bb4.16&#8243; _dynamic_attributes=\u00bbbutton_url\u00bb _module_preset=\u00bbdefault\u00bb custom_button=\u00bbon\u00bb button_text_color=\u00bb#FFFFFF\u00bb button_bg_color=\u00bb#3D5A69&#8243; hover_enabled=\u00bb0&#8243; locked=\u00bboff\u00bb global_colors_info=\u00bb{}\u00bb sticky_enabled=\u00bb0&#8243;][\/et_pb_button][et_pb_button button_url=\u00bbhttps:\/\/www.facebook.com\/CentroCulturalCasaFenelon\/\u00bb button_text=\u00bbRedes Sociales\u00bb _builder_version=\u00bb4.16&#8243; _module_preset=\u00bbdefault\u00bb global_colors_info=\u00bb{}\u00bb][\/et_pb_button][et_pb_button button_url=\u00bbhttps:\/\/goo.gl\/maps\/Wpmbxy2uUGcMBvc68&#8243; button_text=\u00bb\u00bfC\u00f3mo llegar?\u00bb _builder_version=\u00bb4.16&#8243; _module_preset=\u00bbdefault\u00bb global_colors_info=\u00bb{}\u00bb][\/et_pb_button][\/et_pb_column][\/et_pb_row][et_pb_row column_structure=\u00bb1_2,1_4,1_4&#8243; _builder_version=\u00bb4.16&#8243; _module_preset=\u00bbdefault\u00bb global_colors_info=\u00bb{}\u00bb][et_pb_column type=\u00bb1_2&#8243; _builder_version=\u00bb4.16&#8243; _module_preset=\u00bbdefault\u00bb global_colors_info=\u00bb{}\u00bb][et_pb_text _builder_version=\u00bb4.21.0&#8243; _module_preset=\u00bbdefault\u00bb header_2_line_height=\u00bb1.2em\u00bb global_colors_info=\u00bb{}\u00bb]<\/p>\n<h2>Centro Cultural Nayarlab Cinema<\/h2>\n<p>Una cineteca y sala de exhibici\u00f3n en el centro hist\u00f3rico de Tepic. Somos un cine de barrio y una casa de arte. Un punto de encuentro para la sociedad nayarita con el arte y la cultura local e internacional.<br \/>Un espacio de formaci\u00f3n de p\u00fablicos y un laboratorio para la experimentaci\u00f3n, producci\u00f3n y exhibici\u00f3n art\u00edstica.<\/p>\n<p>[\/et_pb_text][\/et_pb_column][et_pb_column type=\u00bb1_4&#8243; _builder_version=\u00bb4.16&#8243; _module_preset=\u00bbdefault\u00bb global_colors_info=\u00bb{}\u00bb][et_pb_image src=\u00bbhttps:\/\/hotelfrayjunipero.com\/wp-content\/uploads\/2022\/04\/Nayarlab.jpg\u00bb title_text=\u00bbNayarlab\u00bb _builder_version=\u00bb4.16&#8243; _module_preset=\u00bbdefault\u00bb border_radii=\u00bbon|5px|5px|5px|5px\u00bb box_shadow_style=\u00bbpreset3&#8243; global_colors_info=\u00bb{}\u00bb][\/et_pb_image][\/et_pb_column][et_pb_column type=\u00bb1_4&#8243; _builder_version=\u00bb4.16&#8243; _module_preset=\u00bbdefault\u00bb global_colors_info=\u00bb{}\u00bb][et_pb_button button_url=\u00bb@ET-DC@eyJkeW5hbWljIjp0cnVlLCJjb250ZW50IjoicG9zdF9saW5rX3VybF9wYWdlIiwic2V0dGluZ3MiOnsicG9zdF9pZCI6IjMwNzQifX0=@\u00bb button_text=\u00bbLeer m\u00e1s\u00bb _builder_version=\u00bb4.16&#8243; _dynamic_attributes=\u00bbbutton_url\u00bb _module_preset=\u00bbdefault\u00bb custom_button=\u00bbon\u00bb button_text_color=\u00bb#FFFFFF\u00bb button_bg_color=\u00bb#3D5A69&#8243; locked=\u00bboff\u00bb global_colors_info=\u00bb{}\u00bb][\/et_pb_button][et_pb_button button_url=\u00bbhttps:\/\/www.facebook.com\/NayarLab\/\u00bb button_text=\u00bbRedes Sociales\u00bb _builder_version=\u00bb4.16&#8243; _module_preset=\u00bbdefault\u00bb locked=\u00bboff\u00bb global_colors_info=\u00bb{}\u00bb][\/et_pb_button][et_pb_button button_url=\u00bbhttps:\/\/goo.gl\/maps\/DLGhuBJTZvMFZm477&#8243; button_text=\u00bb\u00bfC\u00f3mo llegar?\u00bb _builder_version=\u00bb4.16&#8243; _module_preset=\u00bbdefault\u00bb locked=\u00bboff\u00bb global_colors_info=\u00bb{}\u00bb][\/et_pb_button][\/et_pb_column][\/et_pb_row][et_pb_row column_structure=\u00bb1_2,1_4,1_4&#8243; _builder_version=\u00bb4.16&#8243; _module_preset=\u00bbdefault\u00bb global_colors_info=\u00bb{}\u00bb][et_pb_column type=\u00bb1_2&#8243; _builder_version=\u00bb4.16&#8243; _module_preset=\u00bbdefault\u00bb global_colors_info=\u00bb{}\u00bb][et_pb_text _builder_version=\u00bb4.21.0&#8243; _module_preset=\u00bbdefault\u00bb header_2_line_height=\u00bb1.2em\u00bb global_colors_info=\u00bb{}\u00bb]<\/p>\n<h2>Centro Cultural Fundaci\u00f3n \u00c1lica<\/h2>\n<p>Nace en 1990 (32 a\u00f1os actualmente) gracias a los esfuerzos, dedicaci\u00f3n inversi\u00f3n y riesgos que tomo la familia Echevarr\u00eda Dom\u00ednguez, cuyos objetivos dados por su fundador C.P. Antonio Echevarr\u00eda Dom\u00ednguez, son lograr una instituci\u00f3n humanista, sin fines de lucro, plural, que impulse la creatividad en el trabajo; en el ambiente de libertad y democracia.<\/p>\n<p>[\/et_pb_text][\/et_pb_column][et_pb_column type=\u00bb1_4&#8243; _builder_version=\u00bb4.16&#8243; _module_preset=\u00bbdefault\u00bb global_colors_info=\u00bb{}\u00bb][et_pb_image src=\u00bbhttps:\/\/hotelfrayjunipero.com\/wp-content\/uploads\/2022\/04\/FundacionAlica.jpg\u00bb title_text=\u00bbFundacionAlica\u00bb _builder_version=\u00bb4.16&#8243; _module_preset=\u00bbdefault\u00bb border_radii=\u00bbon|5px|5px|5px|5px\u00bb box_shadow_style=\u00bbpreset3&#8243; global_colors_info=\u00bb{}\u00bb][\/et_pb_image][\/et_pb_column][et_pb_column type=\u00bb1_4&#8243; _builder_version=\u00bb4.16&#8243; _module_preset=\u00bbdefault\u00bb global_colors_info=\u00bb{}\u00bb][et_pb_button button_url=\u00bb@ET-DC@eyJkeW5hbWljIjp0cnVlLCJjb250ZW50IjoicG9zdF9saW5rX3VybF9wYWdlIiwic2V0dGluZ3MiOnsicG9zdF9pZCI6IjMwNjkifX0=@\u00bb button_text=\u00bbLeer m\u00e1s\u00bb _builder_version=\u00bb4.27.6&#8243; _dynamic_attributes=\u00bbbutton_url\u00bb _module_preset=\u00bbdefault\u00bb custom_button=\u00bbon\u00bb button_text_color=\u00bb#FFFFFF\u00bb button_bg_color=\u00bb#3D5A69&#8243; hover_enabled=\u00bb0&#8243; locked=\u00bboff\u00bb global_colors_info=\u00bb{}\u00bb sticky_enabled=\u00bb0&#8243;][\/et_pb_button][et_pb_button button_url=\u00bbhttps:\/\/goo.gl\/maps\/4V1hBkAGCyATPUUy8&#8243; button_text=\u00bb\u00bfC\u00f3mo llegar?\u00bb _builder_version=\u00bb4.16&#8243; _module_preset=\u00bbdefault\u00bb locked=\u00bboff\u00bb global_colors_info=\u00bb{}\u00bb][\/et_pb_button][\/et_pb_column][\/et_pb_row][et_pb_row column_structure=\u00bb1_2,1_4,1_4&#8243; _builder_version=\u00bb4.16&#8243; _module_preset=\u00bbdefault\u00bb global_colors_info=\u00bb{}\u00bb][et_pb_column type=\u00bb1_2&#8243; _builder_version=\u00bb4.16&#8243; _module_preset=\u00bbdefault\u00bb global_colors_info=\u00bb{}\u00bb][et_pb_text _builder_version=\u00bb4.21.0&#8243; _module_preset=\u00bbdefault\u00bb header_2_line_height=\u00bb1.2em\u00bb global_colors_info=\u00bb{}\u00bb]<\/p>\n<h2>Museo de los Cinco Pueblos<\/h2>\n<p>Promueve y difunde la cultura del pueblo nayarita entre el p\u00fablico visitante de este museo. Ofrece un viaje a trav\u00e9s de las regiones de los pueblos nayaritas y su cultura, ritos, vestimenta, tradiciones, gastronom\u00eda, m\u00fasica y objetos rituales de las etnias, adem\u00e1s de coloridas obras de arte de pintores y artesanos de la regi\u00f3n. El museo forma parte del Centro Cultural de los Cinco Pueblos.<\/p>\n<p>[\/et_pb_text][\/et_pb_column][et_pb_column type=\u00bb1_4&#8243; _builder_version=\u00bb4.16&#8243; _module_preset=\u00bbdefault\u00bb global_colors_info=\u00bb{}\u00bb][et_pb_image src=\u00bbhttps:\/\/hotelesfray.com\/wp-content\/uploads\/2023\/06\/Tepic16.jpg\u00bb alt=\u00bbTuristas en edificio antiguo\u00bb title_text=\u00bbTepic16&#8243; _builder_version=\u00bb4.21.0&#8243; _module_preset=\u00bbdefault\u00bb border_radii=\u00bbon|5px|5px|5px|5px\u00bb box_shadow_style=\u00bbpreset3&#8243; global_colors_info=\u00bb{}\u00bb][\/et_pb_image][\/et_pb_column][et_pb_column type=\u00bb1_4&#8243; _builder_version=\u00bb4.16&#8243; _module_preset=\u00bbdefault\u00bb global_colors_info=\u00bb{}\u00bb][et_pb_button button_url=\u00bbhttps:\/\/sic.cultura.gob.mx\/ficha.php?table=museo&#038;table_id=1507&#8243; button_text=\u00bbLeer m\u00e1s\u00bb _builder_version=\u00bb4.27.6&#8243; _module_preset=\u00bbdefault\u00bb custom_button=\u00bbon\u00bb button_text_color=\u00bb#FFFFFF\u00bb button_bg_color=\u00bb#3D5A69&#8243; button_icon=\u00bb&#xf35d;||fa||900&#8243; button_on_hover=\u00bboff\u00bb hover_enabled=\u00bb0&#8243; locked=\u00bboff\u00bb global_colors_info=\u00bb{}\u00bb sticky_enabled=\u00bb0&#8243;][\/et_pb_button][et_pb_button button_url=\u00bbhttps:\/\/goo.gl\/maps\/UHpiG1BQk5wNUBqV9&#8243; button_text=\u00bb\u00bfC\u00f3mo llegar?\u00bb _builder_version=\u00bb4.21.0&#8243; _module_preset=\u00bbdefault\u00bb locked=\u00bboff\u00bb global_colors_info=\u00bb{}\u00bb][\/et_pb_button][\/et_pb_column][\/et_pb_row][et_pb_row column_structure=\u00bb1_2,1_4,1_4&#8243; _builder_version=\u00bb4.16&#8243; _module_preset=\u00bbdefault\u00bb global_colors_info=\u00bb{}\u00bb][et_pb_column type=\u00bb1_2&#8243; _builder_version=\u00bb4.16&#8243; _module_preset=\u00bbdefault\u00bb global_colors_info=\u00bb{}\u00bb][et_pb_text _builder_version=\u00bb4.21.0&#8243; _module_preset=\u00bbdefault\u00bb header_2_line_height=\u00bb1.2em\u00bb global_colors_info=\u00bb{}\u00bb]<\/p>\n<h2>Museo Regional de Nayarit<\/h2>\n<p>El Museo Regional de Nayarit se ubica en un monumento hist\u00f3rico construido en 1762, ligado al desarrollo econ\u00f3mico, pol\u00edtico, social y cultural del estado, el inmueble pas\u00f3 a ser en el siglo XIX una casa comercial y despu\u00e9s el consulado alem\u00e1n. Fue reinaugurado en 1969. <span>La importancia de este museo radica en el hecho de que da cuenta de las diferentes tradiciones culturales del Nayarit prehisp\u00e1nico.<\/span><\/p>\n<p>[\/et_pb_text][\/et_pb_column][et_pb_column type=\u00bb1_4&#8243; _builder_version=\u00bb4.16&#8243; _module_preset=\u00bbdefault\u00bb global_colors_info=\u00bb{}\u00bb][et_pb_image src=\u00bbhttps:\/\/hotelesfray.com\/wp-content\/uploads\/2021\/08\/MuseoInah.jpg\u00bb alt=\u00bbTuristas en edificio antiguo\u00bb title_text=\u00bbMuseoInah\u00bb _builder_version=\u00bb4.21.0&#8243; _module_preset=\u00bbdefault\u00bb border_radii=\u00bbon|5px|5px|5px|5px\u00bb box_shadow_style=\u00bbpreset3&#8243; global_colors_info=\u00bb{}\u00bb][\/et_pb_image][\/et_pb_column][et_pb_column type=\u00bb1_4&#8243; _builder_version=\u00bb4.16&#8243; _module_preset=\u00bbdefault\u00bb global_colors_info=\u00bb{}\u00bb][et_pb_button button_url=\u00bbhttps:\/\/sic.cultura.gob.mx\/ficha.php?table=museo&#038;table_id=261&#8243; button_text=\u00bbLeer m\u00e1s\u00bb _builder_version=\u00bb4.27.6&#8243; _module_preset=\u00bbdefault\u00bb custom_button=\u00bbon\u00bb button_text_color=\u00bb#FFFFFF\u00bb button_bg_color=\u00bb#3D5A69&#8243; button_icon=\u00bb&#xf35d;||fa||900&#8243; button_on_hover=\u00bboff\u00bb hover_enabled=\u00bb0&#8243; locked=\u00bboff\u00bb global_colors_info=\u00bb{}\u00bb sticky_enabled=\u00bb0&#8243;][\/et_pb_button][et_pb_button button_url=\u00bbhttps:\/\/goo.gl\/maps\/t3RSCXxg3k6WznKy8&#8243; button_text=\u00bb\u00bfC\u00f3mo llegar?\u00bb _builder_version=\u00bb4.21.0&#8243; _module_preset=\u00bbdefault\u00bb locked=\u00bboff\u00bb global_colors_info=\u00bb{}\u00bb][\/et_pb_button][\/et_pb_column][\/et_pb_row][\/et_pb_section]<\/p>\n","protected":false},"excerpt":{"rendered":"<p>Cultura y puntos de inter\u00e9s en Tepic Con\u00e9ctate con la cultura actual e historia colonial de Tepic, Nayarit. Qued\u00e1ndote en Hotel Fray Jun\u00edpero y Hotel Fray Select te encuentras a menos de 10 minutos a pie o en autom\u00f3vil de cualquiera de estos lugares.Ex-f\u00e1brica de Bellavista De estilo industrial decimon\u00f3nico con influencia europea, la ex-f\u00e1brica [&hellip;]<\/p>\n","protected":false},"author":2,"featured_media":2732,"parent":339,"menu_order":0,"comment_status":"closed","ping_status":"closed","template":"","meta":{"_et_pb_use_builder":"on","_et_pb_old_content":"<!-- wp:divi\/placeholder \/-->","_et_gb_content_width":"","footnotes":""},"class_list":["post-3051","page","type-page","status-publish","has-post-thumbnail","hentry"],"yoast_head":"<!-- This site is optimized with the Yoast SEO plugin v27.4 - https:\/\/yoast.com\/product\/yoast-seo-wordpress\/ -->\n<title>Hotels in Tepic | Hoteles Fray \u2013 Complimentary Buffet Breakfast<\/title>\n<meta name=\"description\" content=\"Looking for hotels in Tepic? Hoteles Fray offers the best location, complimentary buffet breakfast, free WiFi, and flexible cancellation. Book directly with no deposit!\" \/>\n<meta name=\"robots\" content=\"index, follow, max-snippet:-1, max-image-preview:large, max-video-preview:-1\" \/>\n<link rel=\"canonical\" href=\"https:\/\/hotelesfray.com\/en\/guia-turistica\/museos\/\" \/>\n<meta property=\"og:locale\" content=\"en_US\" \/>\n<meta property=\"og:type\" content=\"article\" \/>\n<meta property=\"og:title\" content=\"Hotels in Tepic | Hoteles Fray \u2013 Complimentary Buffet Breakfast\" \/>\n<meta property=\"og:description\" content=\"Looking for hotels in Tepic? Hoteles Fray offers the best location, complimentary buffet breakfast, free WiFi, and flexible cancellation. Book directly with no deposit!\" \/>\n<meta property=\"og:url\" content=\"https:\/\/hotelesfray.com\/en\/guia-turistica\/museos\/\" \/>\n<meta property=\"og:site_name\" content=\"Hoteles Fray\" \/>\n<meta property=\"article:modified_time\" content=\"2026-03-24T22:49:30+00:00\" \/>\n<meta property=\"og:image\" content=\"https:\/\/hotelesfray.com\/wp-content\/uploads\/2021\/08\/Museo5Pueblos.jpg\" \/>\n\t<meta property=\"og:image:width\" content=\"1280\" \/>\n\t<meta property=\"og:image:height\" content=\"720\" \/>\n\t<meta property=\"og:image:type\" content=\"image\/jpeg\" \/>\n<meta name=\"twitter:card\" content=\"summary_large_image\" \/>\n<meta name=\"twitter:label1\" content=\"Est. reading time\" \/>\n\t<meta name=\"twitter:data1\" content=\"4 minutes\" \/>\n<script type=\"application\/ld+json\" class=\"yoast-schema-graph\">{\"@context\":\"https:\\\/\\\/schema.org\",\"@graph\":[{\"@type\":\"WebPage\",\"@id\":\"https:\\\/\\\/hotelesfray.com\\\/guia-turistica\\\/museos\\\/\",\"url\":\"https:\\\/\\\/hotelesfray.com\\\/guia-turistica\\\/museos\\\/\",\"name\":\"Museos | Hoteles Fray\",\"isPartOf\":{\"@id\":\"https:\\\/\\\/hotelesfray.com\\\/#website\"},\"primaryImageOfPage\":{\"@id\":\"https:\\\/\\\/hotelesfray.com\\\/guia-turistica\\\/museos\\\/#primaryimage\"},\"image\":{\"@id\":\"https:\\\/\\\/hotelesfray.com\\\/guia-turistica\\\/museos\\\/#primaryimage\"},\"thumbnailUrl\":\"https:\\\/\\\/hotelesfray.com\\\/wp-content\\\/uploads\\\/2021\\\/08\\\/Museo5Pueblos.jpg\",\"datePublished\":\"2022-04-11T20:29:15+00:00\",\"dateModified\":\"2026-03-24T22:49:30+00:00\",\"breadcrumb\":{\"@id\":\"https:\\\/\\\/hotelesfray.com\\\/guia-turistica\\\/museos\\\/#breadcrumb\"},\"inLanguage\":\"en-US\",\"potentialAction\":[{\"@type\":\"ReadAction\",\"target\":[\"https:\\\/\\\/hotelesfray.com\\\/guia-turistica\\\/museos\\\/\"]}]},{\"@type\":\"ImageObject\",\"inLanguage\":\"en-US\",\"@id\":\"https:\\\/\\\/hotelesfray.com\\\/guia-turistica\\\/museos\\\/#primaryimage\",\"url\":\"https:\\\/\\\/hotelesfray.com\\\/wp-content\\\/uploads\\\/2021\\\/08\\\/Museo5Pueblos.jpg\",\"contentUrl\":\"https:\\\/\\\/hotelesfray.com\\\/wp-content\\\/uploads\\\/2021\\\/08\\\/Museo5Pueblos.jpg\",\"width\":1280,\"height\":720},{\"@type\":\"BreadcrumbList\",\"@id\":\"https:\\\/\\\/hotelesfray.com\\\/guia-turistica\\\/museos\\\/#breadcrumb\",\"itemListElement\":[{\"@type\":\"ListItem\",\"position\":1,\"name\":\"Qu\u00e9 hacer en Tepic\",\"item\":\"https:\\\/\\\/hotelesfray.com\\\/guia-turistica\\\/\"},{\"@type\":\"ListItem\",\"position\":2,\"name\":\"Museos\"}]},{\"@type\":\"WebSite\",\"@id\":\"https:\\\/\\\/hotelesfray.com\\\/#website\",\"url\":\"https:\\\/\\\/hotelesfray.com\\\/\",\"name\":\"Hoteles Fray\",\"description\":\"Los Mejores Hoteles en el Centro de Tepic, Nayarit\",\"publisher\":{\"@id\":\"https:\\\/\\\/hotelesfray.com\\\/#organization\"},\"potentialAction\":[{\"@type\":\"SearchAction\",\"target\":{\"@type\":\"EntryPoint\",\"urlTemplate\":\"https:\\\/\\\/hotelesfray.com\\\/?s={search_term_string}\"},\"query-input\":{\"@type\":\"PropertyValueSpecification\",\"valueRequired\":true,\"valueName\":\"search_term_string\"}}],\"inLanguage\":\"en-US\"},{\"@type\":\"Organization\",\"@id\":\"https:\\\/\\\/hotelesfray.com\\\/#organization\",\"name\":\"Hoteles Fray\",\"url\":\"https:\\\/\\\/hotelesfray.com\\\/\",\"logo\":{\"@type\":\"ImageObject\",\"inLanguage\":\"en-US\",\"@id\":\"https:\\\/\\\/hotelesfray.com\\\/#\\\/schema\\\/logo\\\/image\\\/\",\"url\":\"https:\\\/\\\/hotelesfray.com\\\/wp-content\\\/uploads\\\/2023\\\/01\\\/HotelesFray-cuadro.png\",\"contentUrl\":\"https:\\\/\\\/hotelesfray.com\\\/wp-content\\\/uploads\\\/2023\\\/01\\\/HotelesFray-cuadro.png\",\"width\":2200,\"height\":2200,\"caption\":\"Hoteles Fray\"},\"image\":{\"@id\":\"https:\\\/\\\/hotelesfray.com\\\/#\\\/schema\\\/logo\\\/image\\\/\"}}]}<\/script>\n<!-- \/ Yoast SEO plugin. -->","yoast_head_json":{"title":"Hotels in Tepic | Hoteles Fray \u2013 Complimentary Buffet Breakfast","description":"Looking for hotels in Tepic? Hoteles Fray offers the best location, complimentary buffet breakfast, free WiFi, and flexible cancellation. Book directly with no deposit!","robots":{"index":"index","follow":"follow","max-snippet":"max-snippet:-1","max-image-preview":"max-image-preview:large","max-video-preview":"max-video-preview:-1"},"canonical":"https:\/\/hotelesfray.com\/en\/guia-turistica\/museos\/","og_locale":"en_US","og_type":"article","og_title":"Hotels in Tepic | Hoteles Fray \u2013 Complimentary Buffet Breakfast","og_description":"Looking for hotels in Tepic? Hoteles Fray offers the best location, complimentary buffet breakfast, free WiFi, and flexible cancellation. Book directly with no deposit!","og_url":"https:\/\/hotelesfray.com\/en\/guia-turistica\/museos\/","og_site_name":"Hoteles Fray","article_modified_time":"2026-03-24T22:49:30+00:00","og_image":[{"width":1280,"height":720,"url":"https:\/\/hotelesfray.com\/wp-content\/uploads\/2021\/08\/Museo5Pueblos.jpg","type":"image\/jpeg"}],"twitter_card":"summary_large_image","twitter_misc":{"Est. reading time":"4 minutes"},"schema":{"@context":"https:\/\/schema.org","@graph":[{"@type":"WebPage","@id":"https:\/\/hotelesfray.com\/guia-turistica\/museos\/","url":"https:\/\/hotelesfray.com\/guia-turistica\/museos\/","name":"Museos | Hoteles Fray","isPartOf":{"@id":"https:\/\/hotelesfray.com\/#website"},"primaryImageOfPage":{"@id":"https:\/\/hotelesfray.com\/guia-turistica\/museos\/#primaryimage"},"image":{"@id":"https:\/\/hotelesfray.com\/guia-turistica\/museos\/#primaryimage"},"thumbnailUrl":"https:\/\/hotelesfray.com\/wp-content\/uploads\/2021\/08\/Museo5Pueblos.jpg","datePublished":"2022-04-11T20:29:15+00:00","dateModified":"2026-03-24T22:49:30+00:00","breadcrumb":{"@id":"https:\/\/hotelesfray.com\/guia-turistica\/museos\/#breadcrumb"},"inLanguage":"en-US","potentialAction":[{"@type":"ReadAction","target":["https:\/\/hotelesfray.com\/guia-turistica\/museos\/"]}]},{"@type":"ImageObject","inLanguage":"en-US","@id":"https:\/\/hotelesfray.com\/guia-turistica\/museos\/#primaryimage","url":"https:\/\/hotelesfray.com\/wp-content\/uploads\/2021\/08\/Museo5Pueblos.jpg","contentUrl":"https:\/\/hotelesfray.com\/wp-content\/uploads\/2021\/08\/Museo5Pueblos.jpg","width":1280,"height":720},{"@type":"BreadcrumbList","@id":"https:\/\/hotelesfray.com\/guia-turistica\/museos\/#breadcrumb","itemListElement":[{"@type":"ListItem","position":1,"name":"Qu\u00e9 hacer en Tepic","item":"https:\/\/hotelesfray.com\/guia-turistica\/"},{"@type":"ListItem","position":2,"name":"Museos"}]},{"@type":"WebSite","@id":"https:\/\/hotelesfray.com\/#website","url":"https:\/\/hotelesfray.com\/","name":"Hoteles Fray","description":"Los Mejores Hoteles en el Centro de Tepic, Nayarit","publisher":{"@id":"https:\/\/hotelesfray.com\/#organization"},"potentialAction":[{"@type":"SearchAction","target":{"@type":"EntryPoint","urlTemplate":"https:\/\/hotelesfray.com\/?s={search_term_string}"},"query-input":{"@type":"PropertyValueSpecification","valueRequired":true,"valueName":"search_term_string"}}],"inLanguage":"en-US"},{"@type":"Organization","@id":"https:\/\/hotelesfray.com\/#organization","name":"Hoteles Fray","url":"https:\/\/hotelesfray.com\/","logo":{"@type":"ImageObject","inLanguage":"en-US","@id":"https:\/\/hotelesfray.com\/#\/schema\/logo\/image\/","url":"https:\/\/hotelesfray.com\/wp-content\/uploads\/2023\/01\/HotelesFray-cuadro.png","contentUrl":"https:\/\/hotelesfray.com\/wp-content\/uploads\/2023\/01\/HotelesFray-cuadro.png","width":2200,"height":2200,"caption":"Hoteles Fray"},"image":{"@id":"https:\/\/hotelesfray.com\/#\/schema\/logo\/image\/"}}]}},"_links":{"self":[{"href":"https:\/\/hotelesfray.com\/en\/wp-json\/wp\/v2\/pages\/3051","targetHints":{"allow":["GET"]}}],"collection":[{"href":"https:\/\/hotelesfray.com\/en\/wp-json\/wp\/v2\/pages"}],"about":[{"href":"https:\/\/hotelesfray.com\/en\/wp-json\/wp\/v2\/types\/page"}],"author":[{"embeddable":true,"href":"https:\/\/hotelesfray.com\/en\/wp-json\/wp\/v2\/users\/2"}],"replies":[{"embeddable":true,"href":"https:\/\/hotelesfray.com\/en\/wp-json\/wp\/v2\/comments?post=3051"}],"version-history":[{"count":14,"href":"https:\/\/hotelesfray.com\/en\/wp-json\/wp\/v2\/pages\/3051\/revisions"}],"predecessor-version":[{"id":7481,"href":"https:\/\/hotelesfray.com\/en\/wp-json\/wp\/v2\/pages\/3051\/revisions\/7481"}],"up":[{"embeddable":true,"href":"https:\/\/hotelesfray.com\/en\/wp-json\/wp\/v2\/pages\/339"}],"wp:featuredmedia":[{"embeddable":true,"href":"https:\/\/hotelesfray.com\/en\/wp-json\/wp\/v2\/media\/2732"}],"wp:attachment":[{"href":"https:\/\/hotelesfray.com\/en\/wp-json\/wp\/v2\/media?parent=3051"}],"curies":[{"name":"wp","href":"https:\/\/api.w.org\/{rel}","templated":true}]}}