{"id":3065,"date":"2022-04-11T17:07:05","date_gmt":"2022-04-11T21:07:05","guid":{"rendered":"https:\/\/hotelfrayjunipero.com\/?page_id=3065"},"modified":"2026-03-24T18:33:59","modified_gmt":"2026-03-24T22:33:59","slug":"museo-emilia-ortiz","status":"publish","type":"page","link":"https:\/\/hotelesfray.com\/en\/guia-turistica\/museos\/museo-emilia-ortiz\/","title":{"rendered":"Centro de Arte Contempor\u00e1neo Emilia Ortiz"},"content":{"rendered":"<p>[et_pb_section fb_built=\u00bb1&#8243; fullwidth=\u00bbon\u00bb _builder_version=\u00bb4.17.1&#8243; _module_preset=\u00bbdefault\u00bb locked=\u00bboff\u00bb global_colors_info=\u00bb{}\u00bb da_is_popup=\u00bboff\u00bb da_exit_intent=\u00bboff\u00bb da_has_close=\u00bbon\u00bb da_alt_close=\u00bboff\u00bb da_dark_close=\u00bboff\u00bb da_not_modal=\u00bbon\u00bb da_is_singular=\u00bboff\u00bb da_with_loader=\u00bboff\u00bb da_has_shadow=\u00bbon\u00bb da_disable_devices=\u00bboff|off|off\u00bb][et_pb_fullwidth_header title=\u00bbCentro de Arte Contempor\u00e1neo Emilia Ortiz\u00bb subhead=\u00bbTambi\u00e9n conocida como ex-casa Aguirre\u00bb _builder_version=\u00bb4.17.1&#8243; _module_preset=\u00bbdefault\u00bb title_text_align=\u00bbcenter\u00bb title_line_height=\u00bb0.5em\u00bb subhead_text_align=\u00bbcenter\u00bb background_color=\u00bb#3D5A69&#8243; background_image=\u00bbhttps:\/\/hotelfrayjunipero.com\/wp-content\/uploads\/2022\/05\/EmilioOrtizHero.jpg\u00bb custom_padding=\u00bb200px||200px||true|false\u00bb title_line_height_tablet=\u00bb0.5em\u00bb title_line_height_phone=\u00bb1em\u00bb title_line_height_last_edited=\u00bbon|phone\u00bb global_colors_info=\u00bb{}\u00bb][\/et_pb_fullwidth_header][\/et_pb_section][et_pb_section fb_built=\u00bb1&#8243; _builder_version=\u00bb4.27.6&#8243; _module_preset=\u00bbdefault\u00bb hover_enabled=\u00bb0&#8243; global_colors_info=\u00bb{}\u00bb custom_padding=\u00bb20px||||false|false\u00bb sticky_enabled=\u00bb0&#8243; da_is_popup=\u00bboff\u00bb da_exit_intent=\u00bboff\u00bb da_has_close=\u00bbon\u00bb da_alt_close=\u00bboff\u00bb da_dark_close=\u00bboff\u00bb da_not_modal=\u00bbon\u00bb da_is_singular=\u00bboff\u00bb da_with_loader=\u00bboff\u00bb da_has_shadow=\u00bbon\u00bb da_disable_devices=\u00bboff|off|off\u00bb][et_pb_row _builder_version=\u00bb4.27.6&#8243; _module_preset=\u00bbdefault\u00bb custom_margin=\u00bb0px||0px||false|false\u00bb custom_padding=\u00bb0px||10px||false|false\u00bb global_colors_info=\u00bb{}\u00bb theme_builder_area=\u00bbpost_content\u00bb][et_pb_column type=\u00bb4_4&#8243; _builder_version=\u00bb4.27.6&#8243; _module_preset=\u00bbdefault\u00bb global_colors_info=\u00bb{}\u00bb theme_builder_area=\u00bbpost_content\u00bb][et_pb_code _builder_version=\u00bb4.27.6&#8243; _module_preset=\u00bbdefault\u00bb text_orientation=\u00bbleft\u00bb hover_enabled=\u00bb0&#8243; custom_css_main_element=\u00bbfont-size: 14px;\u00bb global_colors_info=\u00bb{}\u00bb theme_builder_area=\u00bbpost_content\u00bb sticky_enabled=\u00bb0&#8243;][\/et_pb_code][\/et_pb_column][\/et_pb_row][et_pb_row column_structure=\u00bb2_3,1_3&#8243; _builder_version=\u00bb4.17.1&#8243; _module_preset=\u00bbdefault\u00bb custom_padding=\u00bb||0px||false|false\u00bb global_colors_info=\u00bb{}\u00bb][et_pb_column type=\u00bb2_3&#8243; _builder_version=\u00bb4.17.1&#8243; _module_preset=\u00bbdefault\u00bb global_colors_info=\u00bb{}\u00bb][et_pb_text _builder_version=\u00bb4.27.6&#8243; _module_preset=\u00bbdefault\u00bb hover_enabled=\u00bb0&#8243; global_colors_info=\u00bb{}\u00bb sticky_enabled=\u00bb0&#8243;]<\/p>\n<h2>Centro de Arte Contempor\u00e1neo Emilia Ortiz<\/h2>\n<p>El Centro de Arte Contempor\u00e1neo Emilia Ortiz tiene sede en una joya arquitect\u00f3nica del siglo XIX catalogada y protegida por el Instituto Nacional de Antropolog\u00eda e Historia. Este espacio museogr\u00e1fico, tambi\u00e9n conocido como Ex Casa Aguirre, est\u00e1 abierto al p\u00fablico desde 2011 y ofrece exposiciones permanentes y exposiciones temporales de artistas locales, nacionales e internacionales; visitas guiadas; subastas; talleres de iniciaci\u00f3n art\u00edstica, experimentaci\u00f3n pl\u00e1stica, cer\u00e1mica y grabado, adem\u00e1s de cursos, conferencias, seminarios y diplomados. El Centro de Arte Contempor\u00e1neo Emilia Ortiz cuenta tambi\u00e9n con una biblioteca especializada en arte y una sala audiovisual.<\/p>\n<p>[\/et_pb_text][\/et_pb_column][et_pb_column type=\u00bb1_3&#8243; _builder_version=\u00bb4.17.1&#8243; _module_preset=\u00bbdefault\u00bb global_colors_info=\u00bb{}\u00bb][et_pb_image src=\u00bbhttps:\/\/hotelfrayjunipero.com\/wp-content\/uploads\/2022\/05\/CACEO5.jpg\u00bb title_text=\u00bbCACEO5&#8243; _builder_version=\u00bb4.17.1&#8243; _module_preset=\u00bbdefault\u00bb global_colors_info=\u00bb{}\u00bb][\/et_pb_image][\/et_pb_column][\/et_pb_row][et_pb_row _builder_version=\u00bb4.17.1&#8243; _module_preset=\u00bbdefault\u00bb custom_padding=\u00bb0px||0px||true|false\u00bb global_colors_info=\u00bb{}\u00bb][et_pb_column type=\u00bb4_4&#8243; _builder_version=\u00bb4.17.1&#8243; _module_preset=\u00bbdefault\u00bb global_colors_info=\u00bb{}\u00bb][et_pb_text _builder_version=\u00bb4.27.6&#8243; _module_preset=\u00bbdefault\u00bb custom_padding=\u00bb||20px||false|false\u00bb hover_enabled=\u00bb0&#8243; global_colors_info=\u00bb{}\u00bb sticky_enabled=\u00bb0&#8243;]<\/p>\n<p>El Centro de Arte Contempor\u00e1neo Emilia Ortiz tiene destinadas dos salas para la exhibici\u00f3n de la obra creada por esta destacada artista nayarita; en este momento se pueden apreciar 56 caricaturas de diversos personajes del estado que Emilia Ortiz elabor\u00f3 entre 1930 y 1999.<\/p>\n<p>La exposici\u00f3n temporal abierta al p\u00fablico actualmente en este espacio museogr\u00e1fico es Justa Retribuci\u00f3n. SAT, Pago en Especie,conformada por 118 obras de reconocidos artistasde todo el pa\u00edsconsiderados como algunos de los principales exponentes del arte contempor\u00e1neo mexicano en el mundo y que participan como contribuyentes en el programa SAT de Pago en Especie de la Secretar\u00eda de Hacienda. Son 22 esculturas y 96 cuadros, con diferentes posturas conceptuales y estilos diversos, que van desde el realismo fotogr\u00e1fico hasta la abstracci\u00f3n geom\u00e9trica. Se trata de 118 obras que ya forman parte del patrimonio cultural del Gobierno del Estado de Nayarit.<\/p>\n<p>El Centro de Arte Contempor\u00e1neo Emilia Ortiz tambi\u00e9n cuenta al visitante la historia del inmueble, de sus habitantes y de su trascendencia en la sociedad nayarita en el siglo XIX, a trav\u00e9s de la ambientaci\u00f3n de dos salas de sitio que parecieran dos c\u00e1psulas del tiempo.<\/p>\n<p>[\/et_pb_text][\/et_pb_column][\/et_pb_row][et_pb_row column_structure=\u00bb1_2,1_2&#8243; make_equal=\u00bbon\u00bb _builder_version=\u00bb4.17.1&#8243; _module_preset=\u00bbdefault\u00bb custom_padding=\u00bb0px|||||\u00bb locked=\u00bboff\u00bb global_colors_info=\u00bb{}\u00bb][et_pb_column type=\u00bb1_2&#8243; _builder_version=\u00bb4.17.1&#8243; _module_preset=\u00bbdefault\u00bb global_colors_info=\u00bb{}\u00bb][et_pb_image src=\u00bbhttps:\/\/hotelfrayjunipero.com\/wp-content\/uploads\/2022\/05\/CACEPerfil.jpg\u00bb title_text=\u00bbCACEPerfil\u00bb url=\u00bbhttps:\/\/www.facebook.com\/MuseoAmadoNervoCECAN\/\u00bb align=\u00bbright\u00bb align_tablet=\u00bbcenter\u00bb align_phone=\u00bbcenter\u00bb align_last_edited=\u00bbon|tablet\u00bb _builder_version=\u00bb4.17.1&#8243; _module_preset=\u00bbdefault\u00bb max_width=\u00bb256px\u00bb border_radii=\u00bbon|128px|128px|128px|128px\u00bb border_width_all=\u00bb10px\u00bb border_color_all=\u00bb#FFFFFF\u00bb box_shadow_style=\u00bbpreset3&#8243; global_colors_info=\u00bb{}\u00bb][\/et_pb_image][\/et_pb_column][et_pb_column type=\u00bb1_2&#8243; _builder_version=\u00bb4.17.1&#8243; _module_preset=\u00bbdefault\u00bb custom_css_main_element=\u00bbmargin: auto;\u00bb global_colors_info=\u00bb{}\u00bb][et_pb_text _builder_version=\u00bb4.17.1&#8243; _module_preset=\u00bbdefault\u00bb text_orientation_tablet=\u00bbcenter\u00bb text_orientation_phone=\u00bbcenter\u00bb text_orientation_last_edited=\u00bbon|tablet\u00bb global_colors_info=\u00bb{}\u00bb]<\/p>\n<h3>\u00a1S\u00edguelos en Facebook!<\/h3>\n<p>Centro de Arte Contempor\u00e1neo Emilia Ortiz<\/p>\n<p>[\/et_pb_text][et_pb_button button_url=\u00bbhttps:\/\/www.facebook.com\/Centro-de-Arte-Contempor%C3%A1neo-Emilia-Ortiz-376012455760143\/\u00bb button_text=\u00bbVer p\u00e1gina\u00bb button_alignment_tablet=\u00bbcenter\u00bb button_alignment_phone=\u00bbcenter\u00bb button_alignment_last_edited=\u00bbon|tablet\u00bb _builder_version=\u00bb4.17.1&#8243; _module_preset=\u00bbdefault\u00bb global_colors_info=\u00bb{}\u00bb][\/et_pb_button][\/et_pb_column][\/et_pb_row][et_pb_row column_structure=\u00bb1_4,3_4&#8243; _builder_version=\u00bb4.17.1&#8243; _module_preset=\u00bbdefault\u00bb global_colors_info=\u00bb{}\u00bb][et_pb_column type=\u00bb1_4&#8243; _builder_version=\u00bb4.17.1&#8243; _module_preset=\u00bbdefault\u00bb global_colors_info=\u00bb{}\u00bb][et_pb_text _builder_version=\u00bb4.17.1&#8243; _module_preset=\u00bbdefault\u00bb global_colors_info=\u00bb{}\u00bb]<\/p>\n<h2>Contacto<\/h2>\n<p>Calle Hidalgo 17 Oriente, esquina con Av. M\u00e9xico, Zona Centro, Tepic, Nayarit, C.P. 63000<\/p>\n<p>(311) 216 0389<\/p>\n<p>[\/et_pb_text][et_pb_button button_url=\u00bbhttps:\/\/goo.gl\/maps\/QPPSSMK2fJqFVS5V6&#8243; button_text=\u00bb\u00bfC\u00f3mo llegar?\u00bb _builder_version=\u00bb4.17.1&#8243; _module_preset=\u00bbdefault\u00bb locked=\u00bboff\u00bb global_colors_info=\u00bb{}\u00bb][\/et_pb_button][\/et_pb_column][et_pb_column type=\u00bb3_4&#8243; _builder_version=\u00bb4.17.1&#8243; _module_preset=\u00bbdefault\u00bb global_colors_info=\u00bb{}\u00bb][et_pb_text _builder_version=\u00bb4.17.1&#8243; _module_preset=\u00bbdefault\u00bb global_colors_info=\u00bb{}\u00bb]<\/p>\n<h2>Servicios al p\u00fablico<\/h2>\n<p>Los servicios de este recinto son de martes a viernes de 9:00 a 19:00 horas; s\u00e1bados de 10:00 a 14:00 y 15:00 a 19:00 horas; los domingos es de 10:00 a 14:00 horas. El servicio de la biblioteca es de martes a viernes de 9:00 a 19:00 horas en periodo ordinario.<\/p>\n<ul>\n<li>Un programa de exposiciones temporales de diversos artistas nayaritas, nacionales e internacionales.<\/li>\n<li>Una sala de sitio, donde se pretende recrear la \u00e9poca en que fue considerada la Casa Aguirre.<\/li>\n<li>Talleres de iniciaci\u00f3n art\u00edstica para ni\u00f1os y j\u00f3venes, de: Dibujo, pintura, escultura e historia del arte.<\/li>\n<li>Talleres de Alto nivel: de Gr\u00e1fica (Peyote Azul) y de Cer\u00e1mica (Tepalcate).<\/li>\n<li>Visitas Guiadas para ni\u00f1os, j\u00f3venes, adultos y p\u00fablicos espec\u00edficos.<\/li>\n<li>Una Biblioteca Especializada en las Bellas Artes \u201cArturo Camacho\u201d.<\/li>\n<li>Una sala audio visual, para proyecciones enfocadas a diversas tem\u00e1ticas, autores y artes visuales.<\/li>\n<li>Un espacio de Tele Aula para capacitaci\u00f3n, actualizaci\u00f3n y profesionalizaci\u00f3n en las diferentes \u00e1reas de las artes visuales, as\u00ed como para promotores y gestores culturales.<\/li>\n<li>Una tienda con venta de productos art\u00edsticos y reproducciones prehisp\u00e1nicas del taller de cer\u00e1mica el Tepalcate, as\u00ed como obras de algunos artistas nayaritas.<\/li>\n<li>Librer\u00eda Educal, ofreciendo a la venta una amplia selecci\u00f3n de libros de arte y cultura general.<\/li>\n<\/ul>\n<p>Te invitamos a hacer propio este espacio, que es para ti y todos los nayaritas y que alberga grandes tesoros de las artes visuales de nuestro estado, as\u00ed como nacionales y extranjeros.<\/p>\n<p>[\/et_pb_text][\/et_pb_column][\/et_pb_row][et_pb_row _builder_version=\u00bb4.17.1&#8243; _module_preset=\u00bbdefault\u00bb custom_padding=\u00bb||0px||false|false\u00bb global_colors_info=\u00bb{}\u00bb][et_pb_column type=\u00bb4_4&#8243; _builder_version=\u00bb4.17.1&#8243; _module_preset=\u00bbdefault\u00bb global_colors_info=\u00bb{}\u00bb][et_pb_text _builder_version=\u00bb4.17.1&#8243; _module_preset=\u00bbdefault\u00bb header_2_text_align=\u00bbcenter\u00bb custom_margin=\u00bb||0px||false|false\u00bb custom_padding=\u00bb||0px||false|false\u00bb global_colors_info=\u00bb{}\u00bb]<\/p>\n<h2>Galeria<\/h2>\n<p>[\/et_pb_text][et_pb_gallery gallery_ids=\u00bb3225,3224,3223,3222,3221&#8243; fullwidth=\u00bbon\u00bb _builder_version=\u00bb4.17.1&#8243; _module_preset=\u00bbdefault\u00bb max_width=\u00bb70%\u00bb module_alignment=\u00bbcenter\u00bb animation_style=\u00bbflip\u00bb animation_direction=\u00bbleft\u00bb animation_duration=\u00bb500ms\u00bb auto=\u00bbon\u00bb auto_speed=\u00bb5000&#8243; border_radii=\u00bbon|5px|5px|5px|5px\u00bb box_shadow_style=\u00bbpreset3&#8243; global_colors_info=\u00bb{}\u00bb][\/et_pb_gallery][\/et_pb_column][\/et_pb_row][\/et_pb_section]<\/p>\n","protected":false},"excerpt":{"rendered":"<p>Centro de Arte Contempor\u00e1neo Emilia Ortiz El Centro de Arte Contempor\u00e1neo Emilia Ortiz tiene sede en una joya arquitect\u00f3nica del siglo XIX catalogada y protegida por el Instituto Nacional de Antropolog\u00eda e Historia. Este espacio museogr\u00e1fico, tambi\u00e9n conocido como Ex Casa Aguirre, est\u00e1 abierto al p\u00fablico desde 2011 y ofrece exposiciones permanentes y exposiciones temporales [&hellip;]<\/p>\n","protected":false},"author":2,"featured_media":3059,"parent":3051,"menu_order":0,"comment_status":"closed","ping_status":"closed","template":"","meta":{"_et_pb_use_builder":"on","_et_pb_old_content":"<!-- wp:paragraph -->\n<p>El <strong>Centro de Arte Contempor\u00e1neo Emilia Ortiz<\/strong> tiene sede en una joya arquitect\u00f3nica del siglo XIX catalogada y protegida por el Instituto Nacional de Antropolog\u00eda e Historia. &nbsp;Este espacio museogr\u00e1fico, tambi\u00e9n conocido como Ex Casa Aguirre, est\u00e1 abierto al p\u00fablico desde 2011 y ofrece exposiciones permanentes y exposiciones temporales de artistas locales, nacionales e internacionales; visitas guiadas; subastas; talleres de iniciaci\u00f3n art\u00edstica, experimentaci\u00f3n pl\u00e1stica, cer\u00e1mica y grabado, adem\u00e1s de cursos, conferencias, seminarios y diplomados. El Centro de Arte Contempor\u00e1neo Emilia Ortiz cuenta tambi\u00e9n con una biblioteca especializada en arte y una sala audiovisual.<\/p>\n<!-- \/wp:paragraph -->\n\n<!-- wp:paragraph -->\n<p>El Centro de Arte Contempor\u00e1neo Emilia Ortiz tiene destinadas dos salas para la exhibici\u00f3n de la obra creada por esta destacada artista nayarita; en este momento se pueden apreciar 56 caricaturas de diversos personajes del estado que Emilia Ortiz elabor\u00f3 entre 1930 y 1999.<\/p>\n<!-- \/wp:paragraph -->\n\n<!-- wp:paragraph -->\n<p>La exposici\u00f3n temporal abierta al p\u00fablico actualmente en este espacio museogr\u00e1fico es <strong>Justa Retribuci\u00f3n. SAT, Pago en Especie<\/strong>,conformada por 118 obras de reconocidos artistasde todo el pa\u00edsconsiderados como algunos de los principales exponentes del arte contempor\u00e1neo mexicano en el mundo y que participan como contribuyentes en el programa SAT de Pago en Especie de la Secretar\u00eda de Hacienda. Son 22 esculturas y 96 cuadros, con diferentes posturas conceptuales y estilos diversos, que van desde el realismo fotogr\u00e1fico hasta la abstracci\u00f3n geom\u00e9trica. Se trata de 118 obras que ya forman parte del patrimonio cultural del Gobierno del Estado de Nayarit.<\/p>\n<!-- \/wp:paragraph -->\n\n<!-- wp:paragraph -->\n<p>El Centro de Arte Contempor\u00e1neo Emilia Ortiz tambi\u00e9n cuenta al visitante la historia del inmueble, de sus habitantes y de su trascendencia en la sociedad nayarita en el siglo XIX, a trav\u00e9s de la ambientaci\u00f3n de dos salas de sitio que parecieran dos c\u00e1psulas del tiempo.<\/p>\n<!-- \/wp:paragraph -->\n\n<!-- wp:gallery {\"linkTo\":\"none\"} -->\n<figure class=\"wp-block-gallery has-nested-images columns-default is-cropped\"><!-- wp:image {\"id\":3087,\"sizeSlug\":\"large\",\"linkDestination\":\"none\"} -->\n<figure class=\"wp-block-image size-large\"><img src=\"https:\/\/hotelfrayjunipero.com\/wp-content\/uploads\/2022\/04\/Emilia4-1024x576.jpg\" alt=\"\" class=\"wp-image-3087\"\/><\/figure>\n<!-- \/wp:image -->\n\n<!-- wp:image {\"id\":3088,\"sizeSlug\":\"large\",\"linkDestination\":\"none\"} -->\n<figure class=\"wp-block-image size-large\"><img src=\"https:\/\/hotelfrayjunipero.com\/wp-content\/uploads\/2022\/04\/Emilia3-1024x576.jpg\" alt=\"\" class=\"wp-image-3088\"\/><\/figure>\n<!-- \/wp:image -->\n\n<!-- wp:image {\"id\":3089,\"sizeSlug\":\"large\",\"linkDestination\":\"none\"} -->\n<figure class=\"wp-block-image size-large\"><img src=\"https:\/\/hotelfrayjunipero.com\/wp-content\/uploads\/2022\/04\/Emilia2-1024x576.jpg\" alt=\"\" class=\"wp-image-3089\"\/><\/figure>\n<!-- \/wp:image -->\n\n<!-- wp:image {\"id\":3090,\"sizeSlug\":\"large\",\"linkDestination\":\"none\"} -->\n<figure class=\"wp-block-image size-large\"><img src=\"https:\/\/hotelfrayjunipero.com\/wp-content\/uploads\/2022\/04\/Emilia1-1024x576.jpg\" alt=\"\" class=\"wp-image-3090\"\/><\/figure>\n<!-- \/wp:image --><\/figure>\n<!-- \/wp:gallery -->\n\n<!-- wp:heading -->\n<h2>Historia<\/h2>\n<!-- \/wp:heading -->\n\n<!-- wp:paragraph -->\n<p>La Ex Casa Aguirre, hoy Centro de Arte contempor\u00e1neo Emilia Ortiz, adquirido en el a\u00f1o 2001 por los servicios de Educaci\u00f3n P\u00fablica del Estado de Nayarit, y restaurado y habilitado a trav\u00e9s de proyectos federales, consta de dos plantas, con paredes de ladrillo y techo de terrado. La planta baja, consta de un pasillo con zagu\u00e1n de entrada, 4 corredores con arcos, 11 piezas, un patio central, cocheras, y corral para caballeriza; escaleras en caracol para la planta alta, y arriba:1 sala, 3 ba\u00f1os, cocina, comedor, 3 corredores con arcos, azotehuela con lavadero, letrinas y 22 piezas, ocupando un total de 1973 mts2.<\/p>\n<!-- \/wp:paragraph -->\n\n<!-- wp:paragraph -->\n<p>Este edifico ha pasado a lo largo de los a\u00f1os por diferentes due\u00f1os, todos personajes importantes en el desarrollo de nuestro Estado a trav\u00e9s de la historia de Nayarit. As\u00ed, a principios del siglo XIX, fue adquirida por Don Jos\u00e9 Mar\u00eda Casta\u00f1os y de Llanos, destacado comerciante, nombrado C\u00f3nsul de Estados Unidos en San Blas, y quien tambi\u00e9n fund\u00f3 la f\u00e1brica textil de Bellavista y el Ingenio azucarero de Puga. Muere, y va pasando la casa a otras familias distinguidas de la ciudad, como los Fern\u00e1ndez Somellera y los Mart\u00ednez negrete, y posteriormente perteneci\u00f3 a Gregorio Aguirre, quien a su vez adquiri\u00f3 las haciendas de Puga, Mora, Chilapa, La escondida, La laguna, Buenavista, y la f\u00e1brica textil de Jauja, donde se fabricaba la mejor manta de ese tiempo. Este muere, y son sus sobrinos Gangoiti quienes se hacen cargo de las empresas, y que transforman el inmueble con algunos cambios en las cruj\u00edas, donde se practic\u00f3 un ochavado en la esquina del edificio.<\/p>\n<!-- \/wp:paragraph -->\n\n<!-- wp:paragraph -->\n<p>Y es en al a\u00f1o de 2011, cuando se inaugura el Centro de Arte contempor\u00e1neo Emilia Ortiz, cuyo nombre se asigna en reconocimiento a la Pintora Nayarita Emilia Ortiz, quien naci\u00f3 el 10 de febrero de 1917. Emilia desde Peque\u00f1a demostr\u00f3 habilidades excepcionales para las artes pl\u00e1sticas, y desde ni\u00f1a se va a Guadalajara a tomar clases de dibujo, con el maestro Jos\u00e9 Luis Vizcarra, y con quien se inclin\u00f3 a dibujar cabezas de indios y mestizos. Su primera exposici\u00f3n, en el Sal\u00f3n Verde del Palacio de Bellas Artes en la Ciudad de M\u00e9xico, donde estudia en la Academia de San Carlos, con el maestro Manuel Rodr\u00edguez Lozano y Luis Ortiz, y donde conoce la obra de los grandes muralistas Diego Rivera, Jos\u00e9 Clemente Orozco y David Alfaro Siqueiros, despertando una visi\u00f3n de la realidad mexicana. Regresa a Tepic, donde contin\u00faa pintando explorando diversas t\u00e9cnicas y abordando diferentes momentos hist\u00f3ricos a trav\u00e9s de su obra. Ella fue precursora del Arte Moderno en Nayarit. Muere el 24 de noviembre del 2012.<\/p>\n<!-- \/wp:paragraph -->\n\n<!-- wp:heading -->\n<h2>Servicios al p\u00fablico<\/h2>\n<!-- \/wp:heading -->\n\n<!-- wp:paragraph -->\n<p>Los servicios de este recinto son de martes a viernes de 9:00 a 19:00 horas; s\u00e1bados de 10:00 a 14:00 y 15:00 a 19:00 horas; los domingos es de 10:00 a 14:00 horas. El servicio de la biblioteca es de martes a viernes de 9:00 a 19:00 horas en periodo ordinario.<\/p>\n<!-- \/wp:paragraph -->\n\n<!-- wp:list -->\n<ul><li>Un programa de exposiciones temporales de diversos artistas nayaritas, nacionales e internacionales.<\/li><li>Una sala de sitio, donde se pretende recrear la \u00e9poca en que fue considerada la Casa Aguirre.<\/li><li>Talleres de iniciaci\u00f3n art\u00edstica para ni\u00f1os y j\u00f3venes, de: Dibujo, pintura, escultura e historia del arte.<\/li><li>Talleres de Alto nivel: de Gr\u00e1fica (Peyote Azul) y de Cer\u00e1mica (Tepalcate).<\/li><li>Visitas Guiadas para ni\u00f1os, j\u00f3venes, adultos y p\u00fablicos espec\u00edficos.<\/li><li>Una Biblioteca Especializada en las Bellas Artes \u201cArturo Camacho\u201d.<\/li><li>Una sala audio visual, para proyecciones enfocadas a diversas tem\u00e1ticas, autores y artes visuales.<\/li><li>Un espacio de Tele Aula para capacitaci\u00f3n, actualizaci\u00f3n y profesionalizaci\u00f3n en las diferentes \u00e1reas de las artes visuales, as\u00ed como para promotores y gestores culturales.<\/li><li>Una tienda con venta de productos art\u00edsticos y reproducciones prehisp\u00e1nicas del taller de cer\u00e1mica el Tepalcate, as\u00ed como obras de algunos artistas nayaritas.<\/li><li>Librer\u00eda Educal, ofreciendo a la venta una amplia selecci\u00f3n de libros de arte y cultura general.<\/li><\/ul>\n<!-- \/wp:list -->\n\n<!-- wp:paragraph -->\n<p>Te invitamos a hacer propio este espacio, que es para ti y todos los nayaritas y que alberga grandes tesoros de las artes visuales de nuestro estado, as\u00ed como nacionales y extranjeros.<\/p>\n<!-- \/wp:paragraph -->\n\n<!-- wp:heading -->\n<h2>Contacto<\/h2>\n<!-- \/wp:heading -->\n\n<!-- wp:paragraph -->\n<p>Calle Hidalgo 17 Oriente, esquina con Av. M\u00e9xico, Zona Centro, Tepic, Nayarit, C.P. 63000<\/p>\n<!-- \/wp:paragraph -->\n\n<!-- wp:paragraph -->\n<p>Tel 311 2 16 03 89<\/p>\n<!-- \/wp:paragraph -->\n\n<!-- wp:paragraph -->\n<p>Facebook\/Centro de Arte Contempor\u00e1neo Emilia Ortiz<\/p>\n<!-- \/wp:paragraph -->","_et_gb_content_width":"","footnotes":""},"class_list":["post-3065","page","type-page","status-publish","has-post-thumbnail","hentry"],"yoast_head":"<!-- This site is optimized with the Yoast SEO plugin v27.4 - https:\/\/yoast.com\/product\/yoast-seo-wordpress\/ -->\n<title>Hotels in Tepic | Hoteles Fray \u2013 Complimentary Buffet Breakfast<\/title>\n<meta name=\"description\" content=\"Looking for hotels in Tepic? Hoteles Fray offers the best location, complimentary buffet breakfast, free WiFi, and flexible cancellation. Book directly with no deposit!\" \/>\n<meta name=\"robots\" content=\"index, follow, max-snippet:-1, max-image-preview:large, max-video-preview:-1\" \/>\n<link rel=\"canonical\" href=\"https:\/\/hotelesfray.com\/en\/guia-turistica\/museos\/museo-emilia-ortiz\/\" \/>\n<meta property=\"og:locale\" content=\"en_US\" \/>\n<meta property=\"og:type\" content=\"article\" \/>\n<meta property=\"og:title\" content=\"Hotels in Tepic | Hoteles Fray \u2013 Complimentary Buffet Breakfast\" \/>\n<meta property=\"og:description\" content=\"Looking for hotels in Tepic? Hoteles Fray offers the best location, complimentary buffet breakfast, free WiFi, and flexible cancellation. Book directly with no deposit!\" \/>\n<meta property=\"og:url\" content=\"https:\/\/hotelesfray.com\/en\/guia-turistica\/museos\/museo-emilia-ortiz\/\" \/>\n<meta property=\"og:site_name\" content=\"Hoteles Fray\" \/>\n<meta property=\"article:modified_time\" content=\"2026-03-24T22:33:59+00:00\" \/>\n<meta property=\"og:image\" content=\"https:\/\/hotelesfray.com\/wp-content\/uploads\/2022\/04\/EmiliaOrtiz.jpg\" \/>\n\t<meta property=\"og:image:width\" content=\"1280\" \/>\n\t<meta property=\"og:image:height\" content=\"720\" \/>\n\t<meta property=\"og:image:type\" content=\"image\/jpeg\" \/>\n<meta name=\"twitter:card\" content=\"summary_large_image\" \/>\n<meta name=\"twitter:label1\" content=\"Est. reading time\" \/>\n\t<meta name=\"twitter:data1\" content=\"6 minutes\" \/>\n<script type=\"application\/ld+json\" class=\"yoast-schema-graph\">{\"@context\":\"https:\\\/\\\/schema.org\",\"@graph\":[{\"@type\":\"WebPage\",\"@id\":\"https:\\\/\\\/hotelesfray.com\\\/guia-turistica\\\/museos\\\/museo-emilia-ortiz\\\/\",\"url\":\"https:\\\/\\\/hotelesfray.com\\\/guia-turistica\\\/museos\\\/museo-emilia-ortiz\\\/\",\"name\":\"Centro de Arte Contempor\u00e1neo Emilia Ortiz | Hoteles Fray\",\"isPartOf\":{\"@id\":\"https:\\\/\\\/hotelesfray.com\\\/#website\"},\"primaryImageOfPage\":{\"@id\":\"https:\\\/\\\/hotelesfray.com\\\/guia-turistica\\\/museos\\\/museo-emilia-ortiz\\\/#primaryimage\"},\"image\":{\"@id\":\"https:\\\/\\\/hotelesfray.com\\\/guia-turistica\\\/museos\\\/museo-emilia-ortiz\\\/#primaryimage\"},\"thumbnailUrl\":\"https:\\\/\\\/hotelesfray.com\\\/wp-content\\\/uploads\\\/2022\\\/04\\\/EmiliaOrtiz.jpg\",\"datePublished\":\"2022-04-11T21:07:05+00:00\",\"dateModified\":\"2026-03-24T22:33:59+00:00\",\"breadcrumb\":{\"@id\":\"https:\\\/\\\/hotelesfray.com\\\/guia-turistica\\\/museos\\\/museo-emilia-ortiz\\\/#breadcrumb\"},\"inLanguage\":\"en-US\",\"potentialAction\":[{\"@type\":\"ReadAction\",\"target\":[\"https:\\\/\\\/hotelesfray.com\\\/guia-turistica\\\/museos\\\/museo-emilia-ortiz\\\/\"]}]},{\"@type\":\"ImageObject\",\"inLanguage\":\"en-US\",\"@id\":\"https:\\\/\\\/hotelesfray.com\\\/guia-turistica\\\/museos\\\/museo-emilia-ortiz\\\/#primaryimage\",\"url\":\"https:\\\/\\\/hotelesfray.com\\\/wp-content\\\/uploads\\\/2022\\\/04\\\/EmiliaOrtiz.jpg\",\"contentUrl\":\"https:\\\/\\\/hotelesfray.com\\\/wp-content\\\/uploads\\\/2022\\\/04\\\/EmiliaOrtiz.jpg\",\"width\":1280,\"height\":720},{\"@type\":\"BreadcrumbList\",\"@id\":\"https:\\\/\\\/hotelesfray.com\\\/guia-turistica\\\/museos\\\/museo-emilia-ortiz\\\/#breadcrumb\",\"itemListElement\":[{\"@type\":\"ListItem\",\"position\":1,\"name\":\"Qu\u00e9 hacer en Tepic\",\"item\":\"https:\\\/\\\/hotelesfray.com\\\/guia-turistica\\\/\"},{\"@type\":\"ListItem\",\"position\":2,\"name\":\"Museos\",\"item\":\"https:\\\/\\\/hotelesfray.com\\\/guia-turistica\\\/museos\\\/\"},{\"@type\":\"ListItem\",\"position\":3,\"name\":\"Centro de Arte Contempor\u00e1neo Emilia Ortiz\"}]},{\"@type\":\"WebSite\",\"@id\":\"https:\\\/\\\/hotelesfray.com\\\/#website\",\"url\":\"https:\\\/\\\/hotelesfray.com\\\/\",\"name\":\"Hoteles Fray\",\"description\":\"Los Mejores Hoteles en el Centro de Tepic, Nayarit\",\"publisher\":{\"@id\":\"https:\\\/\\\/hotelesfray.com\\\/#organization\"},\"potentialAction\":[{\"@type\":\"SearchAction\",\"target\":{\"@type\":\"EntryPoint\",\"urlTemplate\":\"https:\\\/\\\/hotelesfray.com\\\/?s={search_term_string}\"},\"query-input\":{\"@type\":\"PropertyValueSpecification\",\"valueRequired\":true,\"valueName\":\"search_term_string\"}}],\"inLanguage\":\"en-US\"},{\"@type\":\"Organization\",\"@id\":\"https:\\\/\\\/hotelesfray.com\\\/#organization\",\"name\":\"Hoteles Fray\",\"url\":\"https:\\\/\\\/hotelesfray.com\\\/\",\"logo\":{\"@type\":\"ImageObject\",\"inLanguage\":\"en-US\",\"@id\":\"https:\\\/\\\/hotelesfray.com\\\/#\\\/schema\\\/logo\\\/image\\\/\",\"url\":\"https:\\\/\\\/hotelesfray.com\\\/wp-content\\\/uploads\\\/2023\\\/01\\\/HotelesFray-cuadro.png\",\"contentUrl\":\"https:\\\/\\\/hotelesfray.com\\\/wp-content\\\/uploads\\\/2023\\\/01\\\/HotelesFray-cuadro.png\",\"width\":2200,\"height\":2200,\"caption\":\"Hoteles Fray\"},\"image\":{\"@id\":\"https:\\\/\\\/hotelesfray.com\\\/#\\\/schema\\\/logo\\\/image\\\/\"}}]}<\/script>\n<!-- \/ Yoast SEO plugin. -->","yoast_head_json":{"title":"Hotels in Tepic | Hoteles Fray \u2013 Complimentary Buffet Breakfast","description":"Looking for hotels in Tepic? Hoteles Fray offers the best location, complimentary buffet breakfast, free WiFi, and flexible cancellation. Book directly with no deposit!","robots":{"index":"index","follow":"follow","max-snippet":"max-snippet:-1","max-image-preview":"max-image-preview:large","max-video-preview":"max-video-preview:-1"},"canonical":"https:\/\/hotelesfray.com\/en\/guia-turistica\/museos\/museo-emilia-ortiz\/","og_locale":"en_US","og_type":"article","og_title":"Hotels in Tepic | Hoteles Fray \u2013 Complimentary Buffet Breakfast","og_description":"Looking for hotels in Tepic? Hoteles Fray offers the best location, complimentary buffet breakfast, free WiFi, and flexible cancellation. Book directly with no deposit!","og_url":"https:\/\/hotelesfray.com\/en\/guia-turistica\/museos\/museo-emilia-ortiz\/","og_site_name":"Hoteles Fray","article_modified_time":"2026-03-24T22:33:59+00:00","og_image":[{"width":1280,"height":720,"url":"https:\/\/hotelesfray.com\/wp-content\/uploads\/2022\/04\/EmiliaOrtiz.jpg","type":"image\/jpeg"}],"twitter_card":"summary_large_image","twitter_misc":{"Est. reading time":"6 minutes"},"schema":{"@context":"https:\/\/schema.org","@graph":[{"@type":"WebPage","@id":"https:\/\/hotelesfray.com\/guia-turistica\/museos\/museo-emilia-ortiz\/","url":"https:\/\/hotelesfray.com\/guia-turistica\/museos\/museo-emilia-ortiz\/","name":"Centro de Arte Contempor\u00e1neo Emilia Ortiz | Hoteles Fray","isPartOf":{"@id":"https:\/\/hotelesfray.com\/#website"},"primaryImageOfPage":{"@id":"https:\/\/hotelesfray.com\/guia-turistica\/museos\/museo-emilia-ortiz\/#primaryimage"},"image":{"@id":"https:\/\/hotelesfray.com\/guia-turistica\/museos\/museo-emilia-ortiz\/#primaryimage"},"thumbnailUrl":"https:\/\/hotelesfray.com\/wp-content\/uploads\/2022\/04\/EmiliaOrtiz.jpg","datePublished":"2022-04-11T21:07:05+00:00","dateModified":"2026-03-24T22:33:59+00:00","breadcrumb":{"@id":"https:\/\/hotelesfray.com\/guia-turistica\/museos\/museo-emilia-ortiz\/#breadcrumb"},"inLanguage":"en-US","potentialAction":[{"@type":"ReadAction","target":["https:\/\/hotelesfray.com\/guia-turistica\/museos\/museo-emilia-ortiz\/"]}]},{"@type":"ImageObject","inLanguage":"en-US","@id":"https:\/\/hotelesfray.com\/guia-turistica\/museos\/museo-emilia-ortiz\/#primaryimage","url":"https:\/\/hotelesfray.com\/wp-content\/uploads\/2022\/04\/EmiliaOrtiz.jpg","contentUrl":"https:\/\/hotelesfray.com\/wp-content\/uploads\/2022\/04\/EmiliaOrtiz.jpg","width":1280,"height":720},{"@type":"BreadcrumbList","@id":"https:\/\/hotelesfray.com\/guia-turistica\/museos\/museo-emilia-ortiz\/#breadcrumb","itemListElement":[{"@type":"ListItem","position":1,"name":"Qu\u00e9 hacer en Tepic","item":"https:\/\/hotelesfray.com\/guia-turistica\/"},{"@type":"ListItem","position":2,"name":"Museos","item":"https:\/\/hotelesfray.com\/guia-turistica\/museos\/"},{"@type":"ListItem","position":3,"name":"Centro de Arte Contempor\u00e1neo Emilia Ortiz"}]},{"@type":"WebSite","@id":"https:\/\/hotelesfray.com\/#website","url":"https:\/\/hotelesfray.com\/","name":"Hoteles Fray","description":"Los Mejores Hoteles en el Centro de Tepic, Nayarit","publisher":{"@id":"https:\/\/hotelesfray.com\/#organization"},"potentialAction":[{"@type":"SearchAction","target":{"@type":"EntryPoint","urlTemplate":"https:\/\/hotelesfray.com\/?s={search_term_string}"},"query-input":{"@type":"PropertyValueSpecification","valueRequired":true,"valueName":"search_term_string"}}],"inLanguage":"en-US"},{"@type":"Organization","@id":"https:\/\/hotelesfray.com\/#organization","name":"Hoteles Fray","url":"https:\/\/hotelesfray.com\/","logo":{"@type":"ImageObject","inLanguage":"en-US","@id":"https:\/\/hotelesfray.com\/#\/schema\/logo\/image\/","url":"https:\/\/hotelesfray.com\/wp-content\/uploads\/2023\/01\/HotelesFray-cuadro.png","contentUrl":"https:\/\/hotelesfray.com\/wp-content\/uploads\/2023\/01\/HotelesFray-cuadro.png","width":2200,"height":2200,"caption":"Hoteles Fray"},"image":{"@id":"https:\/\/hotelesfray.com\/#\/schema\/logo\/image\/"}}]}},"_links":{"self":[{"href":"https:\/\/hotelesfray.com\/en\/wp-json\/wp\/v2\/pages\/3065","targetHints":{"allow":["GET"]}}],"collection":[{"href":"https:\/\/hotelesfray.com\/en\/wp-json\/wp\/v2\/pages"}],"about":[{"href":"https:\/\/hotelesfray.com\/en\/wp-json\/wp\/v2\/types\/page"}],"author":[{"embeddable":true,"href":"https:\/\/hotelesfray.com\/en\/wp-json\/wp\/v2\/users\/2"}],"replies":[{"embeddable":true,"href":"https:\/\/hotelesfray.com\/en\/wp-json\/wp\/v2\/comments?post=3065"}],"version-history":[{"count":6,"href":"https:\/\/hotelesfray.com\/en\/wp-json\/wp\/v2\/pages\/3065\/revisions"}],"predecessor-version":[{"id":7469,"href":"https:\/\/hotelesfray.com\/en\/wp-json\/wp\/v2\/pages\/3065\/revisions\/7469"}],"up":[{"embeddable":true,"href":"https:\/\/hotelesfray.com\/en\/wp-json\/wp\/v2\/pages\/3051"}],"wp:featuredmedia":[{"embeddable":true,"href":"https:\/\/hotelesfray.com\/en\/wp-json\/wp\/v2\/media\/3059"}],"wp:attachment":[{"href":"https:\/\/hotelesfray.com\/en\/wp-json\/wp\/v2\/media?parent=3065"}],"curies":[{"name":"wp","href":"https:\/\/api.w.org\/{rel}","templated":true}]}}