{"id":3067,"date":"2022-04-11T17:07:56","date_gmt":"2022-04-11T21:07:56","guid":{"rendered":"https:\/\/hotelfrayjunipero.com\/?page_id=3067"},"modified":"2026-03-24T18:39:54","modified_gmt":"2026-03-24T22:39:54","slug":"casa-fenelon","status":"publish","type":"page","link":"https:\/\/hotelesfray.com\/en\/guia-turistica\/museos\/casa-fenelon\/","title":{"rendered":"Centro Cultural Casa Fenel\u00f3n"},"content":{"rendered":"[et_pb_section fb_built=\u00bb1&#8243; admin_label=\u00bbsection\u00bb _builder_version=\u00bb4.16&#8243; global_colors_info=\u00bb{}\u00bb da_is_popup=\u00bboff\u00bb da_exit_intent=\u00bboff\u00bb da_has_close=\u00bbon\u00bb da_alt_close=\u00bboff\u00bb da_dark_close=\u00bboff\u00bb da_not_modal=\u00bbon\u00bb da_is_singular=\u00bboff\u00bb da_with_loader=\u00bboff\u00bb da_has_shadow=\u00bbon\u00bb da_disable_devices=\u00bboff|off|off\u00bb][et_pb_row _builder_version=\u00bb4.27.6&#8243; _module_preset=\u00bbdefault\u00bb custom_margin=\u00bb100px||0px||false|false\u00bb custom_padding=\u00bb0px||10px||false|false\u00bb hover_enabled=\u00bb0&#8243; global_colors_info=\u00bb{}\u00bb theme_builder_area=\u00bbpost_content\u00bb sticky_enabled=\u00bb0&#8243;][et_pb_column type=\u00bb4_4&#8243; _builder_version=\u00bb4.27.6&#8243; _module_preset=\u00bbdefault\u00bb global_colors_info=\u00bb{}\u00bb theme_builder_area=\u00bbpost_content\u00bb][et_pb_code _builder_version=\u00bb4.27.6&#8243; _module_preset=\u00bbdefault\u00bb text_orientation=\u00bbleft\u00bb hover_enabled=\u00bb0&#8243; custom_css_main_element=\u00bbfont-size: 14px;\u00bb global_colors_info=\u00bb{}\u00bb theme_builder_area=\u00bbpost_content\u00bb sticky_enabled=\u00bb0&#8243;][\/et_pb_code][\/et_pb_column][\/et_pb_row][et_pb_row admin_label=\u00bbrow\u00bb _builder_version=\u00bb4.27.6&#8243; background_size=\u00bbinitial\u00bb background_position=\u00bbtop_left\u00bb background_repeat=\u00bbrepeat\u00bb hover_enabled=\u00bb0&#8243; global_colors_info=\u00bb{}\u00bb custom_padding=\u00bb||||false|false\u00bb sticky_enabled=\u00bb0&#8243; custom_margin=\u00bb||||false|false\u00bb][et_pb_column type=\u00bb4_4&#8243; _builder_version=\u00bb4.16&#8243; custom_padding=\u00bb|||\u00bb global_colors_info=\u00bb{}\u00bb custom_padding__hover=\u00bb|||\u00bb][et_pb_text admin_label=\u00bbText\u00bb _builder_version=\u00bb4.27.6&#8243; background_size=\u00bbinitial\u00bb background_position=\u00bbtop_left\u00bb background_repeat=\u00bbrepeat\u00bb hover_enabled=\u00bb0&#8243; global_colors_info=\u00bb{}\u00bb sticky_enabled=\u00bb0&#8243;]<h1>Centro Cultural Casa Fenel\u00f3n<\/h1>\n<p>Centro cultural de la Universidad Aut\u00f3noma de Nayarit, patrimonio de la sociedad nayarita, lugar de encuentro p\u00fablico con gran valor arquitect\u00f3nico e hist\u00f3rico dedicado a la apreciaci\u00f3n, formaci\u00f3n y enriquecimiento cultural a trav\u00e9s una programaci\u00f3n de actividades art\u00edsticas como exposiciones pict\u00f3ricas, literarias y musicales por mencionar algunas, as\u00ed como un lugar disponible para reuniones ejecutivas y eventos vinculados con la cultura.<\/p>\n<p><\/p>\n<p><\/p>\n<h2 class=\"wp-block-heading\">Acerca de<\/h2>\n<p><\/p>\n<p>Se trata de una de las residencias m\u00e1s representativas del Tepic del siglo IXX. Entre 1884 y 1905 se edificar\u00eda este inmueble sobre una secci\u00f3n de la casa perteneciente a Natalia y Virginia Retes Peiro. Ten\u00eda dos niveles con m\u00e1s de veinte habitaciones distribuidas alrededor de un patio central y una fachada neorrenacentista en piedra de cantera color gris. Se ha confirmado documentalmente que en su construcci\u00f3n estuvo involucrado el ingeniero Porfirio Lomel\u00ed. A partir de 1920 fue sede del Poder Ejecutivo de Nayarit, transitando entre sus salones por lo menos 18 gobernadores e interinos. Para ello se hizo una remodelaci\u00f3n al interior de la casa. Espacio fue escenario del tr\u00e1gico asesinato de los l\u00edderes agrarios Antonio Laureles y Prisciliano G\u00f3ngora.<\/p>\n<p><\/p>\n<p>\u00a0Ser\u00e1 hasta 1928 que el General Esteban Baca Calder\u00f3n cambia la sede del Palacio de Gobierno a la Penitenciar\u00eda de Tepic. No obstante, su m\u00e1ximo esplendor arquitect\u00f3nico se vivi\u00f3 cuando la casa perteneci\u00f3 a Jos\u00e9 Mar\u00eda Flores y Mar\u00eda Luisa V\u00e1zquez, de 1930 a 1963. Los interiores de la casa sufrir\u00edan, nuevamente, una renovaci\u00f3n total seg\u00fan los deseos de sus nuevos due\u00f1os. Es as\u00ed que, de forma paulatina, diversas corrientes estil\u00edsticas \u2013como el art nouveau, el art dec\u00f3 y el regionalismo\u2013 convivir\u00edan en un mismo espacio produci\u00e9ndose una arquitectura de un eclecticismo tal, que s\u00f3lo puede ser advertido mediante su ornato.<\/p>\n<p><\/p>\n<p>En 1969 se expropiar\u00eda la finca por parte de Gobierno del Estado para albergar el Instituto de Ciencias y Letras de Nayarit, y posteriormente varias aulas de la Facultad de Medicina de la Universidad Aut\u00f3noma de Nayarit. A partir del 2011, la Universidad Aut\u00f3noma de Nayarit iniciar\u00eda su restauraci\u00f3n.<\/p>\n<p><\/p>\n<p>A partir del 31 de octubre de 2019 se convierte en el Centro Cultural Casa Fenel\u00f3n.<\/p>\n<p><\/p>\n<p><\/p>\n<h2 class=\"wp-block-heading\">Servicios<\/h2>\n<p><\/p>\n<p>Visitas Guiadas.<br \/>Talleres; Dibujo, Literatura Creativa, \u00d3leo, Grabado, entre otros, los cuales son impartidos por especialistas y cronistas de la zona.<br \/>Cafeter\u00eda.<br \/>Exposiciones temporales.<\/p>\n<p><\/p>\n<p><\/p>\n<p><\/p>\n<p><\/p>\n<p><!-- \/wp:post-content --><\/p>\n<p><!-- wp:heading --><\/p>\n<h2>Contacto<\/h2>\n<p><!-- \/wp:heading --><\/p>\n<p><!-- wp:paragraph -->Direcci\u00f3n: Calle Sebasti\u00e1n Lerdo de Tejada, 71 colonia Centro, 63000. Tepic Nayarit.<br \/><!-- wp:paragraph -->Tel\u00e9fono: 311 688 5660 y 311 688 5669.<br \/><!-- wp:paragraph -->Contacto: <a href=\"mailto:dir.fenelon@uan.edu.mx\">dir.fenelon@uan.edu.m<\/a><\/p>\n<p><!-- \/wp:paragraph --><\/p>\n<p><!-- \/wp:paragraph --><\/p>\n<p><!-- \/wp:paragraph --><\/p>\n<p><!-- \/wp:paragraph --><\/p>\n<p><!-- wp:heading --><\/p>\n<h2>Horarios salas de exposiciones<\/h2>\n<p><!-- \/wp:heading --><\/p>\n<p><!-- wp:paragraph -->Lunes a viernes de 10:00 a 19:00 hrs<br \/><!-- wp:paragraph -->S\u00e1bado de 10:00 a 14:00 hrs<br \/><!-- wp:paragraph --><\/p>\n<p><!-- \/wp:paragraph --><\/p>\n<p><!-- wp:paragraph -->Cafeter\u00eda<br \/><!-- wp:paragraph -->Lunes a s\u00e1bado de 16.30 a 22:00 hrs<\/p>\n<p><!-- \/wp:paragraph --><\/p>\n<p><!-- \/wp:paragraph --><\/p>\n<p><!-- wp:heading --><\/p>\n<p><!-- \/wp:paragraph --><\/p>[\/et_pb_text][\/et_pb_column][\/et_pb_row][\/et_pb_section]","protected":false},"excerpt":{"rendered":"<p>Centro Cultural Casa Fenel\u00f3n Centro cultural de la Universidad Aut\u00f3noma de Nayarit, patrimonio de la sociedad nayarita, lugar de encuentro p\u00fablico con gran valor arquitect\u00f3nico e hist\u00f3rico dedicado a la apreciaci\u00f3n, formaci\u00f3n y enriquecimiento cultural a trav\u00e9s una programaci\u00f3n de actividades art\u00edsticas como exposiciones pict\u00f3ricas, literarias y musicales por mencionar algunas, as\u00ed como un lugar [&hellip;]<\/p>\n","protected":false},"author":2,"featured_media":3060,"parent":3051,"menu_order":0,"comment_status":"closed","ping_status":"closed","template":"","meta":{"_et_pb_use_builder":"on","_et_pb_old_content":"<!-- wp:paragraph -->\n<p>Centro cultural de la Universidad Aut\u00f3noma de Nayarit, patrimonio de la sociedad nayarita, lugar de encuentro p\u00fablico con gran valor arquitect\u00f3nico e hist\u00f3rico dedicado a la apreciaci\u00f3n, formaci\u00f3n y enriquecimiento cultural a trav\u00e9s una programaci\u00f3n de actividades art\u00edsticas como exposiciones pict\u00f3ricas, literarias y musicales por mencionar algunas, as\u00ed como un lugar disponible para reuniones ejecutivas y eventos vinculados con la cultura.<\/p>\n<!-- \/wp:paragraph -->\n\n<!-- wp:heading -->\n<h2>Acerca de<\/h2>\n<!-- \/wp:heading -->\n\n<!-- wp:paragraph -->\n<p>Se trata de una de las residencias m\u00e1s representativas del Tepic del siglo IXX. Entre 1884 y 1905 se edificar\u00eda este inmueble sobre una secci\u00f3n de la casa perteneciente a Natalia y Virginia Retes Peiro. Ten\u00eda dos niveles con m\u00e1s de veinte habitaciones distribuidas alrededor de un patio central y una fachada neorrenacentista en piedra de cantera color gris. Se ha confirmado documentalmente que en su construcci\u00f3n estuvo involucrado el ingeniero Porfirio Lomel\u00ed. A partir de 1920 fue sede del Poder Ejecutivo de Nayarit, transitando entre sus salones por lo menos 18 gobernadores e interinos. Para ello se hizo una remodelaci\u00f3n al interior de la casa. Espacio fue escenario del tr\u00e1gico asesinato de los l\u00edderes agrarios Antonio Laureles y Prisciliano G\u00f3ngora.<\/p>\n<!-- \/wp:paragraph -->\n\n<!-- wp:paragraph -->\n<p>&nbsp;Ser\u00e1 hasta 1928 que el General Esteban Baca Calder\u00f3n cambia la sede del Palacio de Gobierno a la Penitenciar\u00eda de Tepic. No obstante, su m\u00e1ximo esplendor arquitect\u00f3nico se vivi\u00f3 cuando la casa perteneci\u00f3 a Jos\u00e9 Mar\u00eda Flores y Mar\u00eda Luisa V\u00e1zquez, de 1930 a 1963. Los interiores de la casa sufrir\u00edan, nuevamente, una renovaci\u00f3n total seg\u00fan los deseos de sus nuevos due\u00f1os. Es as\u00ed que, de forma paulatina, diversas corrientes estil\u00edsticas \u2013como el art nouveau, el art dec\u00f3 y el regionalismo\u2013 convivir\u00edan en un mismo espacio produci\u00e9ndose una arquitectura de un eclecticismo tal, que s\u00f3lo puede ser advertido mediante su ornato.<\/p>\n<!-- \/wp:paragraph -->\n\n<!-- wp:paragraph -->\n<p>En 1969 se expropiar\u00eda la finca por parte de Gobierno del Estado para albergar el Instituto de Ciencias y Letras de Nayarit, y posteriormente varias aulas de la Facultad de Medicina de la Universidad Aut\u00f3noma de Nayarit. A partir del 2011, la Universidad Aut\u00f3noma de Nayarit iniciar\u00eda su restauraci\u00f3n.<\/p>\n<!-- \/wp:paragraph -->\n\n<!-- wp:paragraph -->\n<p>A partir del 31 de octubre de 2019 se convierte en el Centro Cultural Casa Fenel\u00f3n.<\/p>\n<!-- \/wp:paragraph -->\n\n<!-- wp:heading -->\n<h2>Servicios<\/h2>\n<!-- \/wp:heading -->\n\n<!-- wp:paragraph -->\n<p>Visitas Guiadas.<\/p>\n<!-- \/wp:paragraph -->\n\n<!-- wp:paragraph -->\n<p>Talleres; Dibujo, Literatura Creativa, \u00d3leo, Grabado, entre otros, los cuales son impartidos por especialistas y cronistas de la zona.<\/p>\n<!-- \/wp:paragraph -->\n\n<!-- wp:paragraph -->\n<p>Cafeter\u00eda.<\/p>\n<!-- \/wp:paragraph -->\n\n<!-- wp:paragraph -->\n<p>Exposici\u00f3n Temporal:<\/p>\n<!-- \/wp:paragraph -->\n\n<!-- wp:paragraph -->\n<p>\u201cIm\u00e1genes de una noche bohemia y la nostalgia del tiempo\u201d<\/p>\n<!-- \/wp:paragraph -->\n\n<!-- wp:paragraph -->\n<p>Exposici\u00f3n pict\u00f3rica del maestro Pedro Casant, expuesta del 30 de marzo al mes de Agosto, 2022. (4 Salas)<\/p>\n<!-- \/wp:paragraph -->\n\n<!-- wp:paragraph -->\n<p>Pedro Casant<\/p>\n<!-- \/wp:paragraph -->\n\n<!-- wp:paragraph -->\n<p>Santa Mar\u00eda del Oro, Nayarit. 1944. Cuenta con m\u00e1s de 45 a\u00f1os de trayectoria en las artes pl\u00e1sticas y es considerado uno de los pioneros de la pintura en el Estado. Fue maestro de artes pl\u00e1sticas de la Universidad Aut\u00f3noma de Nayarit donde habita parte de su obra mural, pintor de texturas y escenas costumbristas que divulga el h\u00e1bitat de su tierra por medio del color. Estudi\u00f3 dibujo y pintura con el maestro Antonio L\u00f3pez Rodr\u00edguez en el Instituto Nayarita de Bellas Artes, as\u00ed como cursos de grabado y relieve monumental. Cuatro veces acreedor al Premio de Pintura del Sal\u00f3n de la Pl\u00e1stica del Noroeste de M\u00e9xico en Hermosillo Sonora. Premio Estatal de Artes Pl\u00e1sticas de la Universidad Aut\u00f3noma de Nayarit; Premio Nacional Emilia Ortiz otorgado por la Fundaci\u00f3n \u00c1lica de Nayarit, Beca por trayectoria Art\u00edstica en Artes Visuales del Fondo Estatal para la Cultura y las Artes de Nayarit. Exposiciones individuales y colectivas entre las que destacan espacios como: Museo de Antropolog\u00eda e Historia, Museo de Artes Visuales Aramara, Museo Emilia Ortiz en Tepic, Nayarit; Casa de la Cultura Jalisciense, Galer\u00eda Oscar Rom\u00e1n CDMX, Galer\u00eda de Arte Actual, Centro de Arte Moderno y Feria Internacional de Arte Contempor\u00e1neo en Guadalajara Jalisco; Casa de la Cultura de Colima y Galer\u00eda HB Ciudad de M\u00e9xico por mencionar algunos.<\/p>\n<!-- \/wp:paragraph -->\n\n<!-- wp:heading -->\n<h2>Contacto<\/h2>\n<!-- \/wp:heading -->\n\n<!-- wp:paragraph -->\n<p>Direcci\u00f3n; Calle Sebasti\u00e1n Lerdo de Tejada, 71 colonia Centro, 63000. Tepic Nayarit.<\/p>\n<!-- \/wp:paragraph -->\n\n<!-- wp:paragraph -->\n<p>Tel\u00e9fono: 311 688 5660 y 311 688 5669.<\/p>\n<!-- \/wp:paragraph -->\n\n<!-- wp:paragraph -->\n<p>Contacto: <a href=\"mailto:dir.fenelon@uan.edu.mx\">dir.fenelon@uan.edu.mx<\/a><\/p>\n<!-- \/wp:paragraph -->\n\n<!-- wp:paragraph -->\n<p>Facebook y YouTube: Centro Cultural Casa Fenelon<\/p>\n<!-- \/wp:paragraph -->\n\n<!-- wp:heading -->\n<h2>Horarios salas de exposiciones<\/h2>\n<!-- \/wp:heading -->\n\n<!-- wp:paragraph -->\n<p>Lunes a viernes de 10:00 a 19:00 hrs<\/p>\n<!-- \/wp:paragraph -->\n\n<!-- wp:paragraph -->\n<p>S\u00e1bado de 10:00 a 14:00 hrs<\/p>\n<!-- \/wp:paragraph -->\n\n<!-- wp:paragraph -->\n<p>(Horario de Semana Santa)<\/p>\n<!-- \/wp:paragraph -->\n\n<!-- wp:paragraph -->\n<p>Lunes a mi\u00e9rcoles de 10:00 a 14:00 hrs<\/p>\n<!-- \/wp:paragraph -->\n\n<!-- wp:paragraph -->\n<p>(Horario de Semana de Pascua)<\/p>\n<!-- \/wp:paragraph -->\n\n<!-- wp:paragraph -->\n<p>Lunes a viernes de 10:00 a 14:00 hrs<\/p>\n<!-- \/wp:paragraph -->\n\n<!-- wp:paragraph -->\n<p>Cafeter\u00eda<\/p>\n<!-- \/wp:paragraph -->\n\n<!-- wp:paragraph -->\n<p>Lunes a s\u00e1bado de 16.30 a 22:00 hrs<\/p>\n<!-- \/wp:paragraph -->\n\n<!-- wp:heading -->\n<h2>Contacto<\/h2>\n<!-- \/wp:heading -->\n\n<!-- wp:paragraph -->\n<p>Direcci\u00f3n; Calle Sebasti\u00e1n Lerdo de Tejada, 71 colonia Centro, 63000. Tepic Nayarit.<\/p>\n<!-- \/wp:paragraph -->\n\n<!-- wp:paragraph -->\n<p>Tel\u00e9fono: 311 688 5660 y 311 688 5669.<\/p>\n<!-- \/wp:paragraph -->\n\n<!-- wp:paragraph -->\n<p>Contacto: <a href=\"mailto:dir.fenelon@uan.edu.mx\">dir.fenelon@uan.edu.mx<\/a><\/p>\n<!-- \/wp:paragraph -->\n\n<!-- wp:paragraph -->\n<p>Facebook y YouTube: Centro Cultural Casa Fenelon<\/p>\n<!-- \/wp:paragraph -->\n\n<!-- wp:paragraph -->\n<p>*Dr. Raymundo ramos Delgado<\/p>\n<!-- \/wp:paragraph -->","_et_gb_content_width":"","footnotes":""},"class_list":["post-3067","page","type-page","status-publish","has-post-thumbnail","hentry"],"yoast_head":"<!-- This site is optimized with the Yoast SEO plugin v27.4 - https:\/\/yoast.com\/product\/yoast-seo-wordpress\/ -->\n<title>Hotels in Tepic | Hoteles Fray \u2013 Complimentary Buffet Breakfast<\/title>\n<meta name=\"description\" content=\"Looking for hotels in Tepic? Hoteles Fray offers the best location, complimentary buffet breakfast, free WiFi, and flexible cancellation. Book directly with no deposit!\" \/>\n<meta name=\"robots\" content=\"index, follow, max-snippet:-1, max-image-preview:large, max-video-preview:-1\" \/>\n<link rel=\"canonical\" href=\"https:\/\/hotelesfray.com\/en\/guia-turistica\/museos\/casa-fenelon\/\" \/>\n<meta property=\"og:locale\" content=\"en_US\" \/>\n<meta property=\"og:type\" content=\"article\" \/>\n<meta property=\"og:title\" content=\"Hotels in Tepic | Hoteles Fray \u2013 Complimentary Buffet Breakfast\" \/>\n<meta property=\"og:description\" content=\"Looking for hotels in Tepic? Hoteles Fray offers the best location, complimentary buffet breakfast, free WiFi, and flexible cancellation. Book directly with no deposit!\" \/>\n<meta property=\"og:url\" content=\"https:\/\/hotelesfray.com\/en\/guia-turistica\/museos\/casa-fenelon\/\" \/>\n<meta property=\"og:site_name\" content=\"Hoteles Fray\" \/>\n<meta property=\"article:modified_time\" content=\"2026-03-24T22:39:54+00:00\" \/>\n<meta property=\"og:image\" content=\"https:\/\/hotelesfray.com\/wp-content\/uploads\/2022\/04\/Fenelon.jpg\" \/>\n\t<meta property=\"og:image:width\" content=\"1280\" \/>\n\t<meta property=\"og:image:height\" content=\"720\" \/>\n\t<meta property=\"og:image:type\" content=\"image\/jpeg\" \/>\n<meta name=\"twitter:card\" content=\"summary_large_image\" \/>\n<meta name=\"twitter:label1\" content=\"Est. reading time\" \/>\n\t<meta name=\"twitter:data1\" content=\"4 minutes\" \/>\n<script type=\"application\/ld+json\" class=\"yoast-schema-graph\">{\"@context\":\"https:\\\/\\\/schema.org\",\"@graph\":[{\"@type\":\"WebPage\",\"@id\":\"https:\\\/\\\/hotelesfray.com\\\/guia-turistica\\\/museos\\\/casa-fenelon\\\/\",\"url\":\"https:\\\/\\\/hotelesfray.com\\\/guia-turistica\\\/museos\\\/casa-fenelon\\\/\",\"name\":\"Centro Cultural Casa Fenel\u00f3n | Hoteles Fray\",\"isPartOf\":{\"@id\":\"https:\\\/\\\/hotelesfray.com\\\/#website\"},\"primaryImageOfPage\":{\"@id\":\"https:\\\/\\\/hotelesfray.com\\\/guia-turistica\\\/museos\\\/casa-fenelon\\\/#primaryimage\"},\"image\":{\"@id\":\"https:\\\/\\\/hotelesfray.com\\\/guia-turistica\\\/museos\\\/casa-fenelon\\\/#primaryimage\"},\"thumbnailUrl\":\"https:\\\/\\\/hotelesfray.com\\\/wp-content\\\/uploads\\\/2022\\\/04\\\/Fenelon.jpg\",\"datePublished\":\"2022-04-11T21:07:56+00:00\",\"dateModified\":\"2026-03-24T22:39:54+00:00\",\"breadcrumb\":{\"@id\":\"https:\\\/\\\/hotelesfray.com\\\/guia-turistica\\\/museos\\\/casa-fenelon\\\/#breadcrumb\"},\"inLanguage\":\"en-US\",\"potentialAction\":[{\"@type\":\"ReadAction\",\"target\":[\"https:\\\/\\\/hotelesfray.com\\\/guia-turistica\\\/museos\\\/casa-fenelon\\\/\"]}]},{\"@type\":\"ImageObject\",\"inLanguage\":\"en-US\",\"@id\":\"https:\\\/\\\/hotelesfray.com\\\/guia-turistica\\\/museos\\\/casa-fenelon\\\/#primaryimage\",\"url\":\"https:\\\/\\\/hotelesfray.com\\\/wp-content\\\/uploads\\\/2022\\\/04\\\/Fenelon.jpg\",\"contentUrl\":\"https:\\\/\\\/hotelesfray.com\\\/wp-content\\\/uploads\\\/2022\\\/04\\\/Fenelon.jpg\",\"width\":1280,\"height\":720},{\"@type\":\"BreadcrumbList\",\"@id\":\"https:\\\/\\\/hotelesfray.com\\\/guia-turistica\\\/museos\\\/casa-fenelon\\\/#breadcrumb\",\"itemListElement\":[{\"@type\":\"ListItem\",\"position\":1,\"name\":\"Qu\u00e9 hacer en Tepic\",\"item\":\"https:\\\/\\\/hotelesfray.com\\\/guia-turistica\\\/\"},{\"@type\":\"ListItem\",\"position\":2,\"name\":\"Museos\",\"item\":\"https:\\\/\\\/hotelesfray.com\\\/guia-turistica\\\/museos\\\/\"},{\"@type\":\"ListItem\",\"position\":3,\"name\":\"Centro Cultural Casa Fenel\u00f3n\"}]},{\"@type\":\"WebSite\",\"@id\":\"https:\\\/\\\/hotelesfray.com\\\/#website\",\"url\":\"https:\\\/\\\/hotelesfray.com\\\/\",\"name\":\"Hoteles Fray\",\"description\":\"Los Mejores Hoteles en el Centro de Tepic, Nayarit\",\"publisher\":{\"@id\":\"https:\\\/\\\/hotelesfray.com\\\/#organization\"},\"potentialAction\":[{\"@type\":\"SearchAction\",\"target\":{\"@type\":\"EntryPoint\",\"urlTemplate\":\"https:\\\/\\\/hotelesfray.com\\\/?s={search_term_string}\"},\"query-input\":{\"@type\":\"PropertyValueSpecification\",\"valueRequired\":true,\"valueName\":\"search_term_string\"}}],\"inLanguage\":\"en-US\"},{\"@type\":\"Organization\",\"@id\":\"https:\\\/\\\/hotelesfray.com\\\/#organization\",\"name\":\"Hoteles Fray\",\"url\":\"https:\\\/\\\/hotelesfray.com\\\/\",\"logo\":{\"@type\":\"ImageObject\",\"inLanguage\":\"en-US\",\"@id\":\"https:\\\/\\\/hotelesfray.com\\\/#\\\/schema\\\/logo\\\/image\\\/\",\"url\":\"https:\\\/\\\/hotelesfray.com\\\/wp-content\\\/uploads\\\/2023\\\/01\\\/HotelesFray-cuadro.png\",\"contentUrl\":\"https:\\\/\\\/hotelesfray.com\\\/wp-content\\\/uploads\\\/2023\\\/01\\\/HotelesFray-cuadro.png\",\"width\":2200,\"height\":2200,\"caption\":\"Hoteles Fray\"},\"image\":{\"@id\":\"https:\\\/\\\/hotelesfray.com\\\/#\\\/schema\\\/logo\\\/image\\\/\"}}]}<\/script>\n<!-- \/ Yoast SEO plugin. -->","yoast_head_json":{"title":"Hotels in Tepic | Hoteles Fray \u2013 Complimentary Buffet Breakfast","description":"Looking for hotels in Tepic? Hoteles Fray offers the best location, complimentary buffet breakfast, free WiFi, and flexible cancellation. Book directly with no deposit!","robots":{"index":"index","follow":"follow","max-snippet":"max-snippet:-1","max-image-preview":"max-image-preview:large","max-video-preview":"max-video-preview:-1"},"canonical":"https:\/\/hotelesfray.com\/en\/guia-turistica\/museos\/casa-fenelon\/","og_locale":"en_US","og_type":"article","og_title":"Hotels in Tepic | Hoteles Fray \u2013 Complimentary Buffet Breakfast","og_description":"Looking for hotels in Tepic? Hoteles Fray offers the best location, complimentary buffet breakfast, free WiFi, and flexible cancellation. Book directly with no deposit!","og_url":"https:\/\/hotelesfray.com\/en\/guia-turistica\/museos\/casa-fenelon\/","og_site_name":"Hoteles Fray","article_modified_time":"2026-03-24T22:39:54+00:00","og_image":[{"width":1280,"height":720,"url":"https:\/\/hotelesfray.com\/wp-content\/uploads\/2022\/04\/Fenelon.jpg","type":"image\/jpeg"}],"twitter_card":"summary_large_image","twitter_misc":{"Est. reading time":"4 minutes"},"schema":{"@context":"https:\/\/schema.org","@graph":[{"@type":"WebPage","@id":"https:\/\/hotelesfray.com\/guia-turistica\/museos\/casa-fenelon\/","url":"https:\/\/hotelesfray.com\/guia-turistica\/museos\/casa-fenelon\/","name":"Centro Cultural Casa Fenel\u00f3n | Hoteles Fray","isPartOf":{"@id":"https:\/\/hotelesfray.com\/#website"},"primaryImageOfPage":{"@id":"https:\/\/hotelesfray.com\/guia-turistica\/museos\/casa-fenelon\/#primaryimage"},"image":{"@id":"https:\/\/hotelesfray.com\/guia-turistica\/museos\/casa-fenelon\/#primaryimage"},"thumbnailUrl":"https:\/\/hotelesfray.com\/wp-content\/uploads\/2022\/04\/Fenelon.jpg","datePublished":"2022-04-11T21:07:56+00:00","dateModified":"2026-03-24T22:39:54+00:00","breadcrumb":{"@id":"https:\/\/hotelesfray.com\/guia-turistica\/museos\/casa-fenelon\/#breadcrumb"},"inLanguage":"en-US","potentialAction":[{"@type":"ReadAction","target":["https:\/\/hotelesfray.com\/guia-turistica\/museos\/casa-fenelon\/"]}]},{"@type":"ImageObject","inLanguage":"en-US","@id":"https:\/\/hotelesfray.com\/guia-turistica\/museos\/casa-fenelon\/#primaryimage","url":"https:\/\/hotelesfray.com\/wp-content\/uploads\/2022\/04\/Fenelon.jpg","contentUrl":"https:\/\/hotelesfray.com\/wp-content\/uploads\/2022\/04\/Fenelon.jpg","width":1280,"height":720},{"@type":"BreadcrumbList","@id":"https:\/\/hotelesfray.com\/guia-turistica\/museos\/casa-fenelon\/#breadcrumb","itemListElement":[{"@type":"ListItem","position":1,"name":"Qu\u00e9 hacer en Tepic","item":"https:\/\/hotelesfray.com\/guia-turistica\/"},{"@type":"ListItem","position":2,"name":"Museos","item":"https:\/\/hotelesfray.com\/guia-turistica\/museos\/"},{"@type":"ListItem","position":3,"name":"Centro Cultural Casa Fenel\u00f3n"}]},{"@type":"WebSite","@id":"https:\/\/hotelesfray.com\/#website","url":"https:\/\/hotelesfray.com\/","name":"Hoteles Fray","description":"Los Mejores Hoteles en el Centro de Tepic, Nayarit","publisher":{"@id":"https:\/\/hotelesfray.com\/#organization"},"potentialAction":[{"@type":"SearchAction","target":{"@type":"EntryPoint","urlTemplate":"https:\/\/hotelesfray.com\/?s={search_term_string}"},"query-input":{"@type":"PropertyValueSpecification","valueRequired":true,"valueName":"search_term_string"}}],"inLanguage":"en-US"},{"@type":"Organization","@id":"https:\/\/hotelesfray.com\/#organization","name":"Hoteles Fray","url":"https:\/\/hotelesfray.com\/","logo":{"@type":"ImageObject","inLanguage":"en-US","@id":"https:\/\/hotelesfray.com\/#\/schema\/logo\/image\/","url":"https:\/\/hotelesfray.com\/wp-content\/uploads\/2023\/01\/HotelesFray-cuadro.png","contentUrl":"https:\/\/hotelesfray.com\/wp-content\/uploads\/2023\/01\/HotelesFray-cuadro.png","width":2200,"height":2200,"caption":"Hoteles Fray"},"image":{"@id":"https:\/\/hotelesfray.com\/#\/schema\/logo\/image\/"}}]}},"_links":{"self":[{"href":"https:\/\/hotelesfray.com\/en\/wp-json\/wp\/v2\/pages\/3067","targetHints":{"allow":["GET"]}}],"collection":[{"href":"https:\/\/hotelesfray.com\/en\/wp-json\/wp\/v2\/pages"}],"about":[{"href":"https:\/\/hotelesfray.com\/en\/wp-json\/wp\/v2\/types\/page"}],"author":[{"embeddable":true,"href":"https:\/\/hotelesfray.com\/en\/wp-json\/wp\/v2\/users\/2"}],"replies":[{"embeddable":true,"href":"https:\/\/hotelesfray.com\/en\/wp-json\/wp\/v2\/comments?post=3067"}],"version-history":[{"count":5,"href":"https:\/\/hotelesfray.com\/en\/wp-json\/wp\/v2\/pages\/3067\/revisions"}],"predecessor-version":[{"id":7472,"href":"https:\/\/hotelesfray.com\/en\/wp-json\/wp\/v2\/pages\/3067\/revisions\/7472"}],"up":[{"embeddable":true,"href":"https:\/\/hotelesfray.com\/en\/wp-json\/wp\/v2\/pages\/3051"}],"wp:featuredmedia":[{"embeddable":true,"href":"https:\/\/hotelesfray.com\/en\/wp-json\/wp\/v2\/media\/3060"}],"wp:attachment":[{"href":"https:\/\/hotelesfray.com\/en\/wp-json\/wp\/v2\/media?parent=3067"}],"curies":[{"name":"wp","href":"https:\/\/api.w.org\/{rel}","templated":true}]}}