{"id":3069,"date":"2022-04-11T17:09:17","date_gmt":"2022-04-11T21:09:17","guid":{"rendered":"https:\/\/hotelfrayjunipero.com\/?page_id=3069"},"modified":"2026-03-24T18:45:34","modified_gmt":"2026-03-24T22:45:34","slug":"fundacion-alica","status":"publish","type":"page","link":"https:\/\/hotelesfray.com\/en\/guia-turistica\/museos\/fundacion-alica\/","title":{"rendered":"Centro Cultural Fundaci\u00f3n \u00c1lica"},"content":{"rendered":"[et_pb_section fb_built=\u00bb1&#8243; admin_label=\u00bbsection\u00bb _builder_version=\u00bb4.16&#8243; global_colors_info=\u00bb{}\u00bb da_is_popup=\u00bboff\u00bb da_exit_intent=\u00bboff\u00bb da_has_close=\u00bbon\u00bb da_alt_close=\u00bboff\u00bb da_dark_close=\u00bboff\u00bb da_not_modal=\u00bbon\u00bb da_is_singular=\u00bboff\u00bb da_with_loader=\u00bboff\u00bb da_has_shadow=\u00bbon\u00bb da_disable_devices=\u00bboff|off|off\u00bb][et_pb_row _builder_version=\u00bb4.27.6&#8243; _module_preset=\u00bbdefault\u00bb custom_margin=\u00bb100px||0px||false|false\u00bb custom_padding=\u00bb0px||10px||false|false\u00bb hover_enabled=\u00bb0&#8243; global_colors_info=\u00bb{}\u00bb theme_builder_area=\u00bbpost_content\u00bb sticky_enabled=\u00bb0&#8243;][et_pb_column type=\u00bb4_4&#8243; _builder_version=\u00bb4.27.6&#8243; _module_preset=\u00bbdefault\u00bb global_colors_info=\u00bb{}\u00bb theme_builder_area=\u00bbpost_content\u00bb][et_pb_code _builder_version=\u00bb4.27.6&#8243; _module_preset=\u00bbdefault\u00bb text_orientation=\u00bbleft\u00bb hover_enabled=\u00bb0&#8243; custom_css_main_element=\u00bbfont-size: 14px;\u00bb global_colors_info=\u00bb{}\u00bb theme_builder_area=\u00bbpost_content\u00bb sticky_enabled=\u00bb0&#8243;][\/et_pb_code][\/et_pb_column][\/et_pb_row][et_pb_row admin_label=\u00bbrow\u00bb _builder_version=\u00bb4.16&#8243; background_size=\u00bbinitial\u00bb background_position=\u00bbtop_left\u00bb background_repeat=\u00bbrepeat\u00bb global_colors_info=\u00bb{}\u00bb][et_pb_column type=\u00bb4_4&#8243; _builder_version=\u00bb4.16&#8243; custom_padding=\u00bb|||\u00bb global_colors_info=\u00bb{}\u00bb custom_padding__hover=\u00bb|||\u00bb][et_pb_text admin_label=\u00bbText\u00bb _builder_version=\u00bb4.27.6&#8243; background_size=\u00bbinitial\u00bb background_position=\u00bbtop_left\u00bb background_repeat=\u00bbrepeat\u00bb hover_enabled=\u00bb0&#8243; global_colors_info=\u00bb{}\u00bb sticky_enabled=\u00bb0&#8243;]<h1>CENTRO CULTURAL FUNDACION ALICA DE NAYARIT, A.C<\/h1>\n<p><\/p>\n<p>FUNDACI\u00d3N ALICA DE NAYARIT, A.C.<br \/>Nace en 1990 (32 a\u00f1os actualmente) gracias a los esfuerzos, dedicaci\u00f3n inversi\u00f3n y riesgos que tomo la familia Echevarr\u00eda Dom\u00ednguez, cuyos objetivos dados por su fundador C.P. Antonio Echevarr\u00eda Dom\u00ednguez, son lograr una instituci\u00f3n humanista, sin fines de lucro, plural, que impulse la creatividad en el trabajo; en el ambiente de libertad y democracia.<\/p>\n<p><\/p>\n<p>Filosof\u00eda utilizada<br \/>Adquirimos y asumimos un compromiso social con los nayaritas, dentro de un ambiente plural, libre de credos pol\u00edticos o religiosos, que motiven la creatividad y la libertad de pensar, creemos en las bondades que tiene el ser humano y se propicie su progreso con esfuerzo compartido, trabajamos unidos, en lo que nos sea com\u00fan, buscando un crecimiento integral del ser humano.<\/p>\n<p><\/p>\n<p>SECTOR APOYADO<br \/>Poblaci\u00f3n vulnerable sea por edad, discapacidad, enfermedad, con alta necesidad econ\u00f3mica, LA FUNDACION ALICA DE NAYARIT, A.C., otorga diversos apoyos para subsanar en lo posible, problemas que impiden el desarrollo de quienes lo padecen.<\/p>\n<p><\/p>\n<p>BIENESTAR SOCIAL<br \/>Este programa da la oportunidad de integrarse con dignidad a la sociedad y el sector productivo.<br \/>Brindamos apoyo a personas con alguna necesidad f\u00edsica que requieran aparatos espec\u00edficos (sillas de ruedas, muletas, auxiliares auditivos, f\u00e9rulas, lentes, aparatos ortop\u00e9dicos, entre otros.), adem\u00e1s contamos con brigadas de salud donde se apoyan con diferentes tipos de medicamentos as\u00ed como programas de becas para la preparaci\u00f3n acad\u00e9mica, cultural y deportiva.<br \/>Otorgamos las facilidades para que se expongan temas de inter\u00e9s social (AL-ANON, SOGENAY, PRESENTACION DE LIBROS, CONCIERTOS VARIOS).<br \/>En la FUNDACION ALICA DE NAYARIT, se puede disfrutar de conciertos, exposiciones, conferencias, altar de muertos, entre muchas otras actividades. Contamos con actividades permanentes las cu\u00e1les manejamos conforme al ciclo escolar vigente las cuales son totalmente gratuitas:<\/p>\n<p><\/p>\n<p>\u2756\u00a0ESCUELA DE M\u00daSICA<br \/>En la escuela de m\u00fasica se ofrece la oportunidad de cursar la carrera en T\u00e9cnico Musical en cualquiera de nuestras cuatro especialidades, Viol\u00edn, Viola, Violoncello y Contrabajo cada una de estas de manera gratuita y con validez oficial, oferta educativa para j\u00f3venes de nivel secundaria en adelante y un taller de iniciaci\u00f3n para ni\u00f1os de 9 a\u00f1os. (L-V de 3-7pm)<\/p>\n<p><!-- \/wp:post-content --><\/p>\n<p>\u2756\u00a0RONDALLA<br \/>Contamos con un grupo de ni\u00f1os de origen wixarika para formar la RONDALLA DE NI\u00d1OS HUICHOLES \u201cT++RI WA N+AWARI (EL CANTO DE LOS NI\u00d1OS)\u201d, en la ejecuci\u00f3n de instrumentos como Guitarra, Bajo, Mandolina Percusi\u00f3n y Voz, de igual forma que la orquesta tiene sus presentaciones de manera gratuita.<\/p>\n<p><!-- \/wp:paragraph --><\/p>\n<p><!-- wp:paragraph -->\u2756 Sala de Lectura<br \/>Un punto importante es la lectura ya que abre puertas al mundo cultural, es por eso que fundaci\u00f3n \u00c1lica no se pod\u00eda quedar atr\u00e1s, tenemos personal capacitado para fortalecer el h\u00e1bito de la lectura en los ni\u00f1os, aprendiendo a leer y comprender el 100% de su lectura a trav\u00e9s de juegos y actividades varias. Las sesiones se realizan los d\u00edas martes y jueves.<br \/>Actualmente puedes visitarlo de lunes a viernes de 9-5 pm.<\/p>\n<p><!-- \/wp:paragraph --><\/p>\n<p><!-- wp:paragraph -->\u2756 Clases de Danz\u00f3n<br \/>Clases de Danz\u00f3n todos los martes y jueves de 4-5 pm se llevan a cabo las clases de danz\u00f3n, donde ni\u00f1os, adolescentes y personas mayores aprenden el arte de bailar danz\u00f3n.<\/p>\n<p><!-- \/wp:paragraph --><\/p>\n<p>Veracruz no. 265 Nte Centro, Tepic, Nayarit., C.P.63000<br \/>Tel : (311) 212-01-27 y 212-19-44<br \/>Facebook: Fundaci\u00f3n \u00c1lica<br \/>Horario de lunes a viernes de 9-5 pm y s\u00e1bados de 9-2 pm<\/p>\n<p><!-- \/wp:paragraph --><\/p>[\/et_pb_text][\/et_pb_column][\/et_pb_row][\/et_pb_section]","protected":false},"excerpt":{"rendered":"<p>CENTRO CULTURAL FUNDACION ALICA DE NAYARIT, A.C FUNDACI\u00d3N ALICA DE NAYARIT, A.C.Nace en 1990 (32 a\u00f1os actualmente) gracias a los esfuerzos, dedicaci\u00f3n inversi\u00f3n y riesgos que tomo la familia Echevarr\u00eda Dom\u00ednguez, cuyos objetivos dados por su fundador C.P. Antonio Echevarr\u00eda Dom\u00ednguez, son lograr una instituci\u00f3n humanista, sin fines de lucro, plural, que impulse la creatividad [&hellip;]<\/p>\n","protected":false},"author":2,"featured_media":3058,"parent":3051,"menu_order":0,"comment_status":"closed","ping_status":"closed","template":"","meta":{"_et_pb_use_builder":"on","_et_pb_old_content":"<!-- wp:paragraph -->\n<p>CENTRO CULTURAL<br>FUNDACION ALICA DE NAYARIT, A.C<br>Veracruz no. 265 Nte Centro, Tepic, Nayarit., C.P.63000<br>Tel : (311) 212-01-27 y 212-19-44<br>Facebook: Fundaci\u00f3n \u00c1lica<br>Horario de lunes a viernes de 9-5 pm y s\u00e1bados de 9-2 pm<\/p>\n<!-- \/wp:paragraph -->\n\n<!-- wp:paragraph -->\n<p>FUNDACI\u00d3N ALICA DE NAYARIT, A.C.<br>Nace en 1990 (32 a\u00f1os actualmente) gracias a los esfuerzos, dedicaci\u00f3n inversi\u00f3n y riesgos que tomo la familia Echevarr\u00eda Dom\u00ednguez, cuyos objetivos dados por su fundador C.P. Antonio Echevarr\u00eda Dom\u00ednguez, son lograr una instituci\u00f3n humanista, sin fines de lucro, plural, que impulse la creatividad en el trabajo; en el ambiente de libertad y democracia.<\/p>\n<!-- \/wp:paragraph -->\n\n<!-- wp:paragraph -->\n<p>Filosof\u00eda utilizada<br>Adquirimos y asumimos un compromiso social con los nayaritas, dentro de un ambiente plural, libre de credos pol\u00edticos o religiosos, que motiven la creatividad y la libertad de pensar, creemos en las bondades que tiene el ser humano y se propicie su progreso con esfuerzo compartido, trabajamos unidos, en lo que nos sea com\u00fan, buscando un crecimiento integral del ser humano.<\/p>\n<!-- \/wp:paragraph -->\n\n<!-- wp:paragraph -->\n<p>SECTOR APOYADO<br>Poblaci\u00f3n vulnerable sea por edad, discapacidad, enfermedad, con alta necesidad econ\u00f3mica, LA FUNDACION ALICA DE NAYARIT, A.C., otorga diversos apoyos para subsanar en lo posible, problemas que impiden el desarrollo de quienes lo padecen.<\/p>\n<!-- \/wp:paragraph -->\n\n<!-- wp:paragraph -->\n<p>BIENESTAR SOCIAL<br>Este programa da la oportunidad de integrarse con dignidad a la sociedad y el sector productivo.<br>Brindamos apoyo a personas con alguna necesidad f\u00edsica que requieran aparatos espec\u00edficos (sillas de ruedas, muletas, auxiliares auditivos, f\u00e9rulas, lentes, aparatos ortop\u00e9dicos, entre otros.), adem\u00e1s contamos con brigadas de salud donde se apoyan con diferentes tipos de medicamentos as\u00ed como programas de becas para la preparaci\u00f3n acad\u00e9mica, cultural y deportiva.<br>Otorgamos las facilidades para que se expongan temas de inter\u00e9s social (AL-ANON, SOGENAY, PRESENTACION DE LIBROS, CONCIERTOS VARIOS).<br>En la FUNDACION ALICA DE NAYARIT, se puede disfrutar de conciertos, exposiciones, conferencias, altar de muertos, entre muchas otras actividades. Contamos con actividades permanentes las cu\u00e1les manejamos conforme al ciclo escolar vigente las cuales son totalmente gratuitas:<\/p>\n<!-- \/wp:paragraph -->\n\n<!-- wp:paragraph -->\n<p>\uf076 ESCUELA DE M\u00daSICA<br>En la escuela de m\u00fasica se ofrece la oportunidad de cursar la carrera en T\u00e9cnico Musical en cualquiera de nuestras cuatro especialidades, Viol\u00edn, Viola, Violoncello y Contrabajo cada una de estas de manera gratuita y con validez oficial, oferta educativa para j\u00f3venes de nivel secundaria en adelante y un taller de iniciaci\u00f3n para ni\u00f1os de 9 a\u00f1os. (L-V de 3-7pm)<\/p>\n<!-- \/wp:paragraph -->\n\n<!-- wp:paragraph -->\n<p>\uf076 RONDALLA<br>Contamos con un grupo de ni\u00f1os de origen wixarika para formar la RONDALLA DE NI\u00d1OS HUICHOLES \u201cT++RI WA N+AWARI (EL CANTO DE LOS NI\u00d1OS)\u201d, en la ejecuci\u00f3n de instrumentos como Guitarra, Bajo, Mandolina Percusi\u00f3n y Voz, de igual forma que la orquesta tiene sus presentaciones de manera gratuita.<\/p>\n<!-- \/wp:paragraph -->\n\n<!-- wp:paragraph -->\n<p>\u2756 Sala de Lectura<br>Un punto importante es la lectura ya que abre puertas al mundo cultural, es por eso que fundaci\u00f3n \u00c1lica no se pod\u00eda quedar atr\u00e1s, tenemos personal capacitado para fortalecer el h\u00e1bito de la lectura en los ni\u00f1os, aprendiendo a leer y comprender el 100% de su lectura a trav\u00e9s de juegos y actividades varias. Las sesiones se realizan los d\u00edas martes y jueves.<br>Actualmente puedes visitarlo de lunes a viernes de 9-5 pm.<\/p>\n<!-- \/wp:paragraph -->\n\n<!-- wp:paragraph -->\n<p>\u2756 Clases de Danz\u00f3n<br>Clases de Danz\u00f3n todos los martes y jueves de 4-5 pm se llevan a cabo las clases de danz\u00f3n, donde ni\u00f1os, adolescentes y personas mayores aprenden el arte de bailar danz\u00f3n.<\/p>\n<!-- \/wp:paragraph -->\n\n<!-- wp:paragraph -->\n<p>ACTUALMENTE CONTAMOS CON UNA EXPOSCION DE OBRA DE ARTE DE TALLA NACIONAL E INTERNACIONAL COMO, Salvador Dal\u00ed , Andriacci, Chu Huiini, Tamayo, Toledo, Zuira, Casillas Larios, Emilia Ortiz , Jazzamoar, J.L. Bustamante, Daniel Lech\u00f3n, COLECCION FAMILIAR DE (ECHEVARRIA VALENZUELA) MISMA QUE PODRAN DISFRUTAN EN NUESTRAS INTALACIONES EN HORARIOS DE OFICINA.<\/p>\n<!-- \/wp:paragraph -->\n\n<!-- wp:paragraph -->\n<p>En semana santa por cuestiones laborales se trabaja en la sierra, pero este a\u00f1o ser\u00e1 en el municipio de jala, Nayarit. Pero los invitamos la semana de pascua est\u00e1 abierto normal.<\/p>\n<!-- \/wp:paragraph -->","_et_gb_content_width":"","footnotes":""},"class_list":["post-3069","page","type-page","status-publish","has-post-thumbnail","hentry"],"yoast_head":"<!-- This site is optimized with the Yoast SEO plugin v27.4 - https:\/\/yoast.com\/product\/yoast-seo-wordpress\/ -->\n<title>Hotels in Tepic | Hoteles Fray \u2013 Complimentary Buffet Breakfast<\/title>\n<meta name=\"description\" content=\"Looking for hotels in Tepic? Hoteles Fray offers the best location, complimentary buffet breakfast, free WiFi, and flexible cancellation. Book directly with no deposit!\" \/>\n<meta name=\"robots\" content=\"index, follow, max-snippet:-1, max-image-preview:large, max-video-preview:-1\" \/>\n<link rel=\"canonical\" href=\"https:\/\/hotelesfray.com\/en\/guia-turistica\/museos\/fundacion-alica\/\" \/>\n<meta property=\"og:locale\" content=\"en_US\" \/>\n<meta property=\"og:type\" content=\"article\" \/>\n<meta property=\"og:title\" content=\"Hotels in Tepic | Hoteles Fray \u2013 Complimentary Buffet Breakfast\" \/>\n<meta property=\"og:description\" content=\"Looking for hotels in Tepic? Hoteles Fray offers the best location, complimentary buffet breakfast, free WiFi, and flexible cancellation. Book directly with no deposit!\" \/>\n<meta property=\"og:url\" content=\"https:\/\/hotelesfray.com\/en\/guia-turistica\/museos\/fundacion-alica\/\" \/>\n<meta property=\"og:site_name\" content=\"Hoteles Fray\" \/>\n<meta property=\"article:modified_time\" content=\"2026-03-24T22:45:34+00:00\" \/>\n<meta property=\"og:image\" content=\"https:\/\/hotelesfray.com\/wp-content\/uploads\/2022\/04\/FundacionAlica.jpg\" \/>\n\t<meta property=\"og:image:width\" content=\"1280\" \/>\n\t<meta property=\"og:image:height\" content=\"720\" \/>\n\t<meta property=\"og:image:type\" content=\"image\/jpeg\" \/>\n<meta name=\"twitter:card\" content=\"summary_large_image\" \/>\n<meta name=\"twitter:label1\" content=\"Est. reading time\" \/>\n\t<meta name=\"twitter:data1\" content=\"3 minutes\" \/>\n<script type=\"application\/ld+json\" class=\"yoast-schema-graph\">{\"@context\":\"https:\\\/\\\/schema.org\",\"@graph\":[{\"@type\":\"WebPage\",\"@id\":\"https:\\\/\\\/hotelesfray.com\\\/guia-turistica\\\/museos\\\/fundacion-alica\\\/\",\"url\":\"https:\\\/\\\/hotelesfray.com\\\/guia-turistica\\\/museos\\\/fundacion-alica\\\/\",\"name\":\"Centro Cultural Fundaci\u00f3n \u00c1lica | Hoteles Fray\",\"isPartOf\":{\"@id\":\"https:\\\/\\\/hotelesfray.com\\\/#website\"},\"primaryImageOfPage\":{\"@id\":\"https:\\\/\\\/hotelesfray.com\\\/guia-turistica\\\/museos\\\/fundacion-alica\\\/#primaryimage\"},\"image\":{\"@id\":\"https:\\\/\\\/hotelesfray.com\\\/guia-turistica\\\/museos\\\/fundacion-alica\\\/#primaryimage\"},\"thumbnailUrl\":\"https:\\\/\\\/hotelesfray.com\\\/wp-content\\\/uploads\\\/2022\\\/04\\\/FundacionAlica.jpg\",\"datePublished\":\"2022-04-11T21:09:17+00:00\",\"dateModified\":\"2026-03-24T22:45:34+00:00\",\"breadcrumb\":{\"@id\":\"https:\\\/\\\/hotelesfray.com\\\/guia-turistica\\\/museos\\\/fundacion-alica\\\/#breadcrumb\"},\"inLanguage\":\"en-US\",\"potentialAction\":[{\"@type\":\"ReadAction\",\"target\":[\"https:\\\/\\\/hotelesfray.com\\\/guia-turistica\\\/museos\\\/fundacion-alica\\\/\"]}]},{\"@type\":\"ImageObject\",\"inLanguage\":\"en-US\",\"@id\":\"https:\\\/\\\/hotelesfray.com\\\/guia-turistica\\\/museos\\\/fundacion-alica\\\/#primaryimage\",\"url\":\"https:\\\/\\\/hotelesfray.com\\\/wp-content\\\/uploads\\\/2022\\\/04\\\/FundacionAlica.jpg\",\"contentUrl\":\"https:\\\/\\\/hotelesfray.com\\\/wp-content\\\/uploads\\\/2022\\\/04\\\/FundacionAlica.jpg\",\"width\":1280,\"height\":720},{\"@type\":\"BreadcrumbList\",\"@id\":\"https:\\\/\\\/hotelesfray.com\\\/guia-turistica\\\/museos\\\/fundacion-alica\\\/#breadcrumb\",\"itemListElement\":[{\"@type\":\"ListItem\",\"position\":1,\"name\":\"Qu\u00e9 hacer en Tepic\",\"item\":\"https:\\\/\\\/hotelesfray.com\\\/guia-turistica\\\/\"},{\"@type\":\"ListItem\",\"position\":2,\"name\":\"Museos\",\"item\":\"https:\\\/\\\/hotelesfray.com\\\/guia-turistica\\\/museos\\\/\"},{\"@type\":\"ListItem\",\"position\":3,\"name\":\"Centro Cultural Fundaci\u00f3n \u00c1lica\"}]},{\"@type\":\"WebSite\",\"@id\":\"https:\\\/\\\/hotelesfray.com\\\/#website\",\"url\":\"https:\\\/\\\/hotelesfray.com\\\/\",\"name\":\"Hoteles Fray\",\"description\":\"Los Mejores Hoteles en el Centro de Tepic, Nayarit\",\"publisher\":{\"@id\":\"https:\\\/\\\/hotelesfray.com\\\/#organization\"},\"potentialAction\":[{\"@type\":\"SearchAction\",\"target\":{\"@type\":\"EntryPoint\",\"urlTemplate\":\"https:\\\/\\\/hotelesfray.com\\\/?s={search_term_string}\"},\"query-input\":{\"@type\":\"PropertyValueSpecification\",\"valueRequired\":true,\"valueName\":\"search_term_string\"}}],\"inLanguage\":\"en-US\"},{\"@type\":\"Organization\",\"@id\":\"https:\\\/\\\/hotelesfray.com\\\/#organization\",\"name\":\"Hoteles Fray\",\"url\":\"https:\\\/\\\/hotelesfray.com\\\/\",\"logo\":{\"@type\":\"ImageObject\",\"inLanguage\":\"en-US\",\"@id\":\"https:\\\/\\\/hotelesfray.com\\\/#\\\/schema\\\/logo\\\/image\\\/\",\"url\":\"https:\\\/\\\/hotelesfray.com\\\/wp-content\\\/uploads\\\/2023\\\/01\\\/HotelesFray-cuadro.png\",\"contentUrl\":\"https:\\\/\\\/hotelesfray.com\\\/wp-content\\\/uploads\\\/2023\\\/01\\\/HotelesFray-cuadro.png\",\"width\":2200,\"height\":2200,\"caption\":\"Hoteles Fray\"},\"image\":{\"@id\":\"https:\\\/\\\/hotelesfray.com\\\/#\\\/schema\\\/logo\\\/image\\\/\"}}]}<\/script>\n<!-- \/ Yoast SEO plugin. -->","yoast_head_json":{"title":"Hotels in Tepic | Hoteles Fray \u2013 Complimentary Buffet Breakfast","description":"Looking for hotels in Tepic? Hoteles Fray offers the best location, complimentary buffet breakfast, free WiFi, and flexible cancellation. Book directly with no deposit!","robots":{"index":"index","follow":"follow","max-snippet":"max-snippet:-1","max-image-preview":"max-image-preview:large","max-video-preview":"max-video-preview:-1"},"canonical":"https:\/\/hotelesfray.com\/en\/guia-turistica\/museos\/fundacion-alica\/","og_locale":"en_US","og_type":"article","og_title":"Hotels in Tepic | Hoteles Fray \u2013 Complimentary Buffet Breakfast","og_description":"Looking for hotels in Tepic? Hoteles Fray offers the best location, complimentary buffet breakfast, free WiFi, and flexible cancellation. Book directly with no deposit!","og_url":"https:\/\/hotelesfray.com\/en\/guia-turistica\/museos\/fundacion-alica\/","og_site_name":"Hoteles Fray","article_modified_time":"2026-03-24T22:45:34+00:00","og_image":[{"width":1280,"height":720,"url":"https:\/\/hotelesfray.com\/wp-content\/uploads\/2022\/04\/FundacionAlica.jpg","type":"image\/jpeg"}],"twitter_card":"summary_large_image","twitter_misc":{"Est. reading time":"3 minutes"},"schema":{"@context":"https:\/\/schema.org","@graph":[{"@type":"WebPage","@id":"https:\/\/hotelesfray.com\/guia-turistica\/museos\/fundacion-alica\/","url":"https:\/\/hotelesfray.com\/guia-turistica\/museos\/fundacion-alica\/","name":"Centro Cultural Fundaci\u00f3n \u00c1lica | Hoteles Fray","isPartOf":{"@id":"https:\/\/hotelesfray.com\/#website"},"primaryImageOfPage":{"@id":"https:\/\/hotelesfray.com\/guia-turistica\/museos\/fundacion-alica\/#primaryimage"},"image":{"@id":"https:\/\/hotelesfray.com\/guia-turistica\/museos\/fundacion-alica\/#primaryimage"},"thumbnailUrl":"https:\/\/hotelesfray.com\/wp-content\/uploads\/2022\/04\/FundacionAlica.jpg","datePublished":"2022-04-11T21:09:17+00:00","dateModified":"2026-03-24T22:45:34+00:00","breadcrumb":{"@id":"https:\/\/hotelesfray.com\/guia-turistica\/museos\/fundacion-alica\/#breadcrumb"},"inLanguage":"en-US","potentialAction":[{"@type":"ReadAction","target":["https:\/\/hotelesfray.com\/guia-turistica\/museos\/fundacion-alica\/"]}]},{"@type":"ImageObject","inLanguage":"en-US","@id":"https:\/\/hotelesfray.com\/guia-turistica\/museos\/fundacion-alica\/#primaryimage","url":"https:\/\/hotelesfray.com\/wp-content\/uploads\/2022\/04\/FundacionAlica.jpg","contentUrl":"https:\/\/hotelesfray.com\/wp-content\/uploads\/2022\/04\/FundacionAlica.jpg","width":1280,"height":720},{"@type":"BreadcrumbList","@id":"https:\/\/hotelesfray.com\/guia-turistica\/museos\/fundacion-alica\/#breadcrumb","itemListElement":[{"@type":"ListItem","position":1,"name":"Qu\u00e9 hacer en Tepic","item":"https:\/\/hotelesfray.com\/guia-turistica\/"},{"@type":"ListItem","position":2,"name":"Museos","item":"https:\/\/hotelesfray.com\/guia-turistica\/museos\/"},{"@type":"ListItem","position":3,"name":"Centro Cultural Fundaci\u00f3n \u00c1lica"}]},{"@type":"WebSite","@id":"https:\/\/hotelesfray.com\/#website","url":"https:\/\/hotelesfray.com\/","name":"Hoteles Fray","description":"Los Mejores Hoteles en el Centro de Tepic, Nayarit","publisher":{"@id":"https:\/\/hotelesfray.com\/#organization"},"potentialAction":[{"@type":"SearchAction","target":{"@type":"EntryPoint","urlTemplate":"https:\/\/hotelesfray.com\/?s={search_term_string}"},"query-input":{"@type":"PropertyValueSpecification","valueRequired":true,"valueName":"search_term_string"}}],"inLanguage":"en-US"},{"@type":"Organization","@id":"https:\/\/hotelesfray.com\/#organization","name":"Hoteles Fray","url":"https:\/\/hotelesfray.com\/","logo":{"@type":"ImageObject","inLanguage":"en-US","@id":"https:\/\/hotelesfray.com\/#\/schema\/logo\/image\/","url":"https:\/\/hotelesfray.com\/wp-content\/uploads\/2023\/01\/HotelesFray-cuadro.png","contentUrl":"https:\/\/hotelesfray.com\/wp-content\/uploads\/2023\/01\/HotelesFray-cuadro.png","width":2200,"height":2200,"caption":"Hoteles Fray"},"image":{"@id":"https:\/\/hotelesfray.com\/#\/schema\/logo\/image\/"}}]}},"_links":{"self":[{"href":"https:\/\/hotelesfray.com\/en\/wp-json\/wp\/v2\/pages\/3069","targetHints":{"allow":["GET"]}}],"collection":[{"href":"https:\/\/hotelesfray.com\/en\/wp-json\/wp\/v2\/pages"}],"about":[{"href":"https:\/\/hotelesfray.com\/en\/wp-json\/wp\/v2\/types\/page"}],"author":[{"embeddable":true,"href":"https:\/\/hotelesfray.com\/en\/wp-json\/wp\/v2\/users\/2"}],"replies":[{"embeddable":true,"href":"https:\/\/hotelesfray.com\/en\/wp-json\/wp\/v2\/comments?post=3069"}],"version-history":[{"count":3,"href":"https:\/\/hotelesfray.com\/en\/wp-json\/wp\/v2\/pages\/3069\/revisions"}],"predecessor-version":[{"id":7478,"href":"https:\/\/hotelesfray.com\/en\/wp-json\/wp\/v2\/pages\/3069\/revisions\/7478"}],"up":[{"embeddable":true,"href":"https:\/\/hotelesfray.com\/en\/wp-json\/wp\/v2\/pages\/3051"}],"wp:featuredmedia":[{"embeddable":true,"href":"https:\/\/hotelesfray.com\/en\/wp-json\/wp\/v2\/media\/3058"}],"wp:attachment":[{"href":"https:\/\/hotelesfray.com\/en\/wp-json\/wp\/v2\/media?parent=3069"}],"curies":[{"name":"wp","href":"https:\/\/api.w.org\/{rel}","templated":true}]}}