{"id":3073,"date":"2022-04-11T17:10:49","date_gmt":"2022-04-11T21:10:49","guid":{"rendered":"https:\/\/hotelfrayjunipero.com\/?page_id=3073"},"modified":"2026-03-24T18:43:08","modified_gmt":"2026-03-24T22:43:08","slug":"museo-juan-escutia","status":"publish","type":"page","link":"https:\/\/hotelesfray.com\/en\/guia-turistica\/museos\/museo-juan-escutia\/","title":{"rendered":"Casa Museo Juan Escutia"},"content":{"rendered":"<p>[et_pb_section fb_built=\u00bb1&#8243; _builder_version=\u00bb4.16&#8243; global_colors_info=\u00bb{}\u00bb da_is_popup=\u00bboff\u00bb da_exit_intent=\u00bboff\u00bb da_has_close=\u00bbon\u00bb da_alt_close=\u00bboff\u00bb da_dark_close=\u00bboff\u00bb da_not_modal=\u00bbon\u00bb da_is_singular=\u00bboff\u00bb da_with_loader=\u00bboff\u00bb da_has_shadow=\u00bbon\u00bb da_disable_devices=\u00bboff|off|off\u00bb][et_pb_row _builder_version=\u00bb4.27.6&#8243; _module_preset=\u00bbdefault\u00bb custom_margin=\u00bb100px||0px||false|false\u00bb custom_padding=\u00bb0px||10px||false|false\u00bb hover_enabled=\u00bb0&#8243; global_colors_info=\u00bb{}\u00bb theme_builder_area=\u00bbpost_content\u00bb sticky_enabled=\u00bb0&#8243;][et_pb_column type=\u00bb4_4&#8243; _builder_version=\u00bb4.27.6&#8243; _module_preset=\u00bbdefault\u00bb global_colors_info=\u00bb{}\u00bb theme_builder_area=\u00bbpost_content\u00bb][et_pb_code _builder_version=\u00bb4.27.6&#8243; _module_preset=\u00bbdefault\u00bb text_orientation=\u00bbleft\u00bb hover_enabled=\u00bb0&#8243; custom_css_main_element=\u00bbfont-size: 14px;\u00bb global_colors_info=\u00bb{}\u00bb theme_builder_area=\u00bbpost_content\u00bb sticky_enabled=\u00bb0&#8243;][\/et_pb_code][\/et_pb_column][\/et_pb_row][et_pb_row _builder_version=\u00bb4.16&#8243; background_size=\u00bbinitial\u00bb background_position=\u00bbtop_left\u00bb background_repeat=\u00bbrepeat\u00bb global_colors_info=\u00bb{}\u00bb][et_pb_column type=\u00bb4_4&#8243; _builder_version=\u00bb4.16&#8243; custom_padding=\u00bb|||\u00bb global_colors_info=\u00bb{}\u00bb custom_padding__hover=\u00bb|||\u00bb][et_pb_text _builder_version=\u00bb4.27.6&#8243; background_size=\u00bbinitial\u00bb background_position=\u00bbtop_left\u00bb background_repeat=\u00bbrepeat\u00bb hover_enabled=\u00bb0&#8243; global_colors_info=\u00bb{}\u00bb sticky_enabled=\u00bb0&#8243;]<\/p>\n<h1><!-- divi:paragraph --><strong>Casa Museo Juan Escutia<\/strong><\/h1>\n<p><!-- \/divi:paragraph --><\/p>\n<p><!-- \/divi:paragraph --><\/p>\n<p><!-- divi:paragraph -->La Casa Museo Juan Escutia se encuentra ubicado en una casa construida en el siglo XIX. En la \u00e9poca en que naci\u00f3 Juan Escutia, la calle llevaba el nombre de Calle del Comercio o Calle Ancha. Para 1855 se le conoc\u00eda como 2\u00aa. Calle de Oriente.<\/p>\n<p><!-- \/divi:paragraph --><\/p>\n<p><!-- divi:paragraph -->La casa original fue fragmentada por lo que el Gobierno del Estado de Nayarit adquiri\u00f3 s\u00f3lo una parte de la casa original.<\/p>\n<p><!-- \/divi:paragraph --><\/p>\n<p><!-- divi:paragraph -->El edificio se encuentra restaurado por el INAH y el Gobierno del Estado de Nayarit. La casa fue adquirida por el Gobierno del Estado para instaurar el Museo Juan Escutia, el cual fue inaugurado en el a\u00f1o 1990.<\/p>\n<p><!-- \/divi:paragraph --><\/p>\n<p><!-- divi:paragraph -->Cuenta con tres salas y un patio central. Las salas se encuentran destinadas a informaci\u00f3n sobre: la familia de Juan Escutia; las batallas y los obeliscos.<\/p>\n<p><!-- \/divi:paragraph --><\/p>\n<p><!-- divi:paragraph -->En la sala 1: <strong>El contexto local de Juan Escutia, <\/strong>se recrea el ambiente familiar y social en el que transcurri\u00f3 la infancia y juventud de Juan Escutia en Tepic.<\/p>\n<p><!-- \/divi:paragraph --><\/p>\n<p><!-- divi:paragraph -->En la sala 2:<strong> La construcci\u00f3n del compromiso, <\/strong>se explican las condiciones pol\u00edticas en las que transcurri\u00f3 la vida de Juan Escutia y que lo llevaron a tomar la decisi\u00f3n de partir hacia el H. Colegio Militar. En particular, se le da relevancia a la participaci\u00f3n de esta regi\u00f3n en el contexto de la resistencia general del pa\u00eds a la intervenci\u00f3n de Estados Unidos.Paralelamente, se documenta la determinaci\u00f3n de Juan Escutia de participar en la defensa del pa\u00eds con la consecuente p\u00e9rdida de su vida.<\/p>\n<p><!-- \/divi:paragraph --><\/p>\n<p><!-- divi:paragraph -->En la sala 3:<strong> La acci\u00f3n heroica, <\/strong>se ponen en relevancialas consecuencias de la acci\u00f3n heroica. De qu\u00e9 manera \u00e9sta es retomada dentro de la historia oficial y de qu\u00e9 manera puede tener lecturas que sirvan a la juventud contempor\u00e1nea.\u00a0\u00a0\u00a0\u00a0\u00a0<\/p>\n<p><!-- \/divi:paragraph --><\/p>\n<p><!-- divi:paragraph -->El joven Juan Escutia asumi\u00f3 un compromiso con la patria cuando decidi\u00f3 dejar la ciudad de Tepic, en el actual estado de Nayarit, para trasladarse a la Ciudad de M\u00e9xico para formarse militarmente a fin de contribuir a la defensa de M\u00e9xico, pa\u00eds que apenas surg\u00eda como tal despu\u00e9s de la lucha de independencia contra el imperio espa\u00f1ol.<\/p>\n<p><!-- \/divi:paragraph --><\/p>\n<p><!-- divi:paragraph -->Esta decisi\u00f3n mostr\u00f3 la capacidad de la juventud para comprometerse a defenderla, cuando la patria se percibe amenazada. Es por ello que se construy\u00f3 una propuesta museogr\u00e1fica donde se resalta el compromiso de Juan Escutia. Esto nos permite construir modelos juveniles de compromiso social para el M\u00e9xico actual.<\/p>\n<p><!-- \/divi:paragraph --><\/p>\n<p><!-- divi:paragraph -->La importancia del Museo radica en que Juan Escutia naci\u00f3 en Tepic, el 22 de febrero de 1827 y que se ha convertido en un ejemplo fundamental para la ni\u00f1ez y juventud de todo el pa\u00eds, pero fundamentalmente del tepique\u00f1o y nayarita.<\/p>\n<p><!-- \/divi:paragraph --><\/p>\n<p><!-- divi:paragraph -->El Museo Juan Escutia est\u00e1 dirigido a los ni\u00f1os y a los j\u00f3venes, pero puede ser visitado por el p\u00fablico en general y el turismo. Nuestro p\u00fablico deseable son los ni\u00f1os y j\u00f3venes de las escuelas de la Entidad.<\/p>\n<p><!-- \/divi:paragraph --><\/p>\n<p><!-- divi:paragraph --><strong>Servicios:<\/strong><\/p>\n<p><!-- \/divi:paragraph --><\/p>\n<p><!-- divi:paragraph -->Visitas guiadas por gu\u00edas del museo, Visitas guiadas con el personaje de Juan Escutia, Visita guiada por personajes sorpresa.<\/p>\n<p><!-- \/divi:paragraph --><\/p>\n<p><!-- divi:paragraph -->Talleres y actividades de reforzamiento a lo visto en la visita guiada<\/p>\n<p><!-- \/divi:paragraph --><\/p>\n<p><!-- divi:paragraph -->Espacio en patio central para conferencias, talleres, ruedas de prensa, presentaciones art\u00edsticas y exposiciones temporales.<\/p>\n<p><strong>Ubicaci\u00f3n:<\/strong><\/p>\n<p>Calle Hidalgo 71 Oriente.<\/p>\n<p><!-- \/divi:paragraph --><\/p>\n<p><!-- \/divi:paragraph --><\/p>\n<p><!-- divi:paragraph -->Correo Electr\u00f3nico: <a href=\"mailto:museojuanescutia@cecan.gob.mx\">museojuanescutia@cecan.gob.mx<\/a>\u00a0<\/p>\n<p><!-- \/divi:paragraph --><\/p>\n<p><!-- divi:paragraph --><strong>Horario de servicio:<\/strong><\/p>\n<p><!-- \/divi:paragraph --><\/p>\n<p><!-- divi:paragraph -->De martes a s\u00e1bado de 10:00 a 14:00 horas y de 16:00 a 19:00 horas.<\/p>\n<p><!-- \/divi:paragraph --><\/p>\n<p><!-- divi:paragraph -->Domingo de 10:00 a 14:00 horas<\/p>\n<p><!-- \/divi:paragraph --><\/p>\n<p><!-- divi:paragraph -->Lunes no se abre al p\u00fablico.<\/p>\n<p><!-- \/divi:paragraph --><\/p>\n<p><!-- divi:paragraph --><strong>Lic. Ra\u00fal Ortiz Bupunary<\/strong><\/p>\n<p><!-- \/divi:paragraph --><\/p>\n<p><!-- divi:paragraph --><strong>Encargado.<\/strong><\/p>\n<p><!-- \/divi:paragraph --><\/p>\n<p>[\/et_pb_text][\/et_pb_column][\/et_pb_row][\/et_pb_section]<\/p>\n","protected":false},"excerpt":{"rendered":"<p>Casa Museo Juan Escutia La Casa Museo Juan Escutia se encuentra ubicado en una casa construida en el siglo XIX. En la \u00e9poca en que naci\u00f3 Juan Escutia, la calle llevaba el nombre de Calle del Comercio o Calle Ancha. Para 1855 se le conoc\u00eda como 2\u00aa. Calle de Oriente. La casa original fue fragmentada [&hellip;]<\/p>\n","protected":false},"author":2,"featured_media":3056,"parent":3051,"menu_order":0,"comment_status":"closed","ping_status":"closed","template":"","meta":{"_et_pb_use_builder":"on","_et_pb_old_content":"<!-- wp:paragraph -->\n<p><strong>Casa museo Juan Escutia<\/strong><\/p>\n<!-- \/wp:paragraph -->\n\n<!-- wp:paragraph -->\n<p><strong>Descripci\u00f3n o semblanza:<\/strong><\/p>\n<!-- \/wp:paragraph -->\n\n<!-- wp:paragraph -->\n<p>La Casa museo Juan Escutia se encuentra ubicado en una casa construida en el siglo XIX. En la \u00e9poca en que naci\u00f3 Juan Escutia, la calle llevaba el nombre de Calle del Comercio o Calle Ancha. Para 1855 se le conoc\u00eda como 2\u00aa. Calle de Oriente. Actualmente el Museo Juan Escutia se encuentra ubicado en la Calle Hidalgo 71 Oriente.<\/p>\n<!-- \/wp:paragraph -->\n\n<!-- wp:paragraph -->\n<p>Redes sociales Facebook: Juan Escutia Martinez (Casa Museo Juan Escutia)<\/p>\n<!-- \/wp:paragraph -->\n\n<!-- wp:paragraph -->\n<p>Correo Electr\u00f3nico: <a href=\"mailto:museojuanescutia@cecan.gob.mx\">museojuanescutia@cecan.gob.mx<\/a>&nbsp;<\/p>\n<!-- \/wp:paragraph -->\n\n<!-- wp:paragraph -->\n<p>La casa original fue fragmentada por lo que el Gobierno del Estado de Nayarit adquiri\u00f3 s\u00f3lo una parte de la casa original.<\/p>\n<!-- \/wp:paragraph -->\n\n<!-- wp:paragraph -->\n<p>El edificio se encuentra restaurado por el INAH y el Gobierno del Estado de Nayarit. La casa fue adquirida por el Gobierno del Estado para instaurar el Museo Juan Escutia, el cual fue inaugurado en el a\u00f1o 1990.<\/p>\n<!-- \/wp:paragraph -->\n\n<!-- wp:paragraph -->\n<p>Cuenta con tres salas y un patio central. Las salas se encuentran destinadas a informaci\u00f3n sobre: la familia de Juan Escutia; las batallas y los obeliscos.<\/p>\n<!-- \/wp:paragraph -->\n\n<!-- wp:paragraph -->\n<p>En la sala 1: <strong>El contexto local de Juan Escutia, <\/strong>se recrea el ambiente familiar y social en el que transcurri\u00f3 la infancia y juventud de Juan Escutia en Tepic.<\/p>\n<!-- \/wp:paragraph -->\n\n<!-- wp:paragraph -->\n<p>En la sala 2:<strong> La construcci\u00f3n del compromiso, <\/strong>se explican las condiciones pol\u00edticas en las que transcurri\u00f3 la vida de Juan Escutia y que lo llevaron a tomar la decisi\u00f3n de partir hacia el H. Colegio Militar. En particular, se le da relevancia a la participaci\u00f3n de esta regi\u00f3n en el contexto de la resistencia general del pa\u00eds a la intervenci\u00f3n de Estados Unidos.Paralelamente, se documenta la determinaci\u00f3n de Juan Escutia de participar en la defensa del pa\u00eds con la consecuente p\u00e9rdida de su vida.<\/p>\n<!-- \/wp:paragraph -->\n\n<!-- wp:paragraph -->\n<p>En la sala 3:<strong> La acci\u00f3n heroica, <\/strong>se ponen en relevancialas consecuencias de la acci\u00f3n heroica. De qu\u00e9 manera \u00e9sta es retomada dentro de la historia oficial y de qu\u00e9 manera puede tener lecturas que sirvan a la juventud contempor\u00e1nea.&nbsp;&nbsp;&nbsp;&nbsp;&nbsp;<\/p>\n<!-- \/wp:paragraph -->\n\n<!-- wp:paragraph -->\n<p>El joven Juan Escutia asumi\u00f3 un compromiso con la patria cuando decidi\u00f3 dejar la ciudad de Tepic, en el actual estado de Nayarit, para trasladarse a la Ciudad de M\u00e9xico para formarse militarmente a fin de contribuir a la defensa de M\u00e9xico, pa\u00eds que apenas surg\u00eda como tal despu\u00e9s de la lucha de independencia contra el imperio espa\u00f1ol.<\/p>\n<!-- \/wp:paragraph -->\n\n<!-- wp:paragraph -->\n<p>Esta decisi\u00f3n mostr\u00f3 la capacidad de la juventud para comprometerse a defenderla, cuando la patria se percibe amenazada. Es por ello que se construy\u00f3 una propuesta museogr\u00e1fica donde se resalta el compromiso de Juan Escutia. Esto nos permite construir modelos juveniles de compromiso social para el M\u00e9xico actual.<\/p>\n<!-- \/wp:paragraph -->\n\n<!-- wp:paragraph -->\n<p>La importancia del Museo radica en que Juan Escutia naci\u00f3 en Tepic, el 22 de febrero de 1827 y que se ha convertido en un ejemplo fundamental para la ni\u00f1ez y juventud de todo el pa\u00eds, pero fundamentalmente del tepique\u00f1o y nayarita.<\/p>\n<!-- \/wp:paragraph -->\n\n<!-- wp:paragraph -->\n<p>El Museo Juan Escutia est\u00e1 dirigido a los ni\u00f1os y a los j\u00f3venes, pero puede ser visitado por el p\u00fablico en general y el turismo. Nuestro p\u00fablico deseable son los ni\u00f1os y j\u00f3venes de las escuelas de la Entidad.<\/p>\n<!-- \/wp:paragraph -->\n\n<!-- wp:paragraph -->\n<p><strong>Servicios:<\/strong><\/p>\n<!-- \/wp:paragraph -->\n\n<!-- wp:paragraph -->\n<p>Visitas guiadas por gu\u00edas del museo, Visitas guiadas con el personaje de Juan Escutia, Visita guiada por personajes sorpresa.<\/p>\n<!-- \/wp:paragraph -->\n\n<!-- wp:paragraph -->\n<p>Talleres y actividades de reforzamiento a lo visto en la visita guiada<\/p>\n<!-- \/wp:paragraph -->\n\n<!-- wp:paragraph -->\n<p>Espacio en patio central para conferencias, talleres, ruedas de prensa, presentaciones art\u00edsticas y exposiciones temporales.<\/p>\n<!-- \/wp:paragraph -->\n\n<!-- wp:paragraph -->\n<p><strong>Horario de servicio:<\/strong><\/p>\n<!-- \/wp:paragraph -->\n\n<!-- wp:paragraph -->\n<p>De martes a s\u00e1bado de 10:00 a 14:00 horas y de 16:00 a 19:00 horas.<\/p>\n<!-- \/wp:paragraph -->\n\n<!-- wp:paragraph -->\n<p>Domingo de 10:00 a 14:00 horas<\/p>\n<!-- \/wp:paragraph -->\n\n<!-- wp:paragraph -->\n<p>Lunes no se abre al p\u00fablico.<\/p>\n<!-- \/wp:paragraph -->\n\n<!-- wp:paragraph -->\n<p><strong>Lic. Ra\u00fal Ortiz Bupunary<\/strong><\/p>\n<!-- \/wp:paragraph -->\n\n<!-- wp:paragraph -->\n<p><strong>Encargado.<\/strong><\/p>\n<!-- \/wp:paragraph -->","_et_gb_content_width":"","footnotes":""},"class_list":["post-3073","page","type-page","status-publish","has-post-thumbnail","hentry"],"yoast_head":"<!-- This site is optimized with the Yoast SEO plugin v27.4 - https:\/\/yoast.com\/product\/yoast-seo-wordpress\/ -->\n<title>Hotels in Tepic | Hoteles Fray \u2013 Complimentary Buffet Breakfast<\/title>\n<meta name=\"description\" content=\"Looking for hotels in Tepic? Hoteles Fray offers the best location, complimentary buffet breakfast, free WiFi, and flexible cancellation. Book directly with no deposit!\" \/>\n<meta name=\"robots\" content=\"index, follow, max-snippet:-1, max-image-preview:large, max-video-preview:-1\" \/>\n<link rel=\"canonical\" href=\"https:\/\/hotelesfray.com\/en\/guia-turistica\/museos\/museo-juan-escutia\/\" \/>\n<meta property=\"og:locale\" content=\"en_US\" \/>\n<meta property=\"og:type\" content=\"article\" \/>\n<meta property=\"og:title\" content=\"Hotels in Tepic | Hoteles Fray \u2013 Complimentary Buffet Breakfast\" \/>\n<meta property=\"og:description\" content=\"Looking for hotels in Tepic? Hoteles Fray offers the best location, complimentary buffet breakfast, free WiFi, and flexible cancellation. Book directly with no deposit!\" \/>\n<meta property=\"og:url\" content=\"https:\/\/hotelesfray.com\/en\/guia-turistica\/museos\/museo-juan-escutia\/\" \/>\n<meta property=\"og:site_name\" content=\"Hoteles Fray\" \/>\n<meta property=\"article:modified_time\" content=\"2026-03-24T22:43:08+00:00\" \/>\n<meta property=\"og:image\" content=\"https:\/\/hotelesfray.com\/wp-content\/uploads\/2022\/04\/MuseoJuanEsc.jpg\" \/>\n\t<meta property=\"og:image:width\" content=\"1280\" \/>\n\t<meta property=\"og:image:height\" content=\"720\" \/>\n\t<meta property=\"og:image:type\" content=\"image\/jpeg\" \/>\n<meta name=\"twitter:card\" content=\"summary_large_image\" \/>\n<meta name=\"twitter:label1\" content=\"Est. reading time\" \/>\n\t<meta name=\"twitter:data1\" content=\"3 minutes\" \/>\n<script type=\"application\/ld+json\" class=\"yoast-schema-graph\">{\"@context\":\"https:\\\/\\\/schema.org\",\"@graph\":[{\"@type\":\"WebPage\",\"@id\":\"https:\\\/\\\/hotelesfray.com\\\/guia-turistica\\\/museos\\\/museo-juan-escutia\\\/\",\"url\":\"https:\\\/\\\/hotelesfray.com\\\/guia-turistica\\\/museos\\\/museo-juan-escutia\\\/\",\"name\":\"Casa Museo Juan Escutia | Hoteles Fray\",\"isPartOf\":{\"@id\":\"https:\\\/\\\/hotelesfray.com\\\/#website\"},\"primaryImageOfPage\":{\"@id\":\"https:\\\/\\\/hotelesfray.com\\\/guia-turistica\\\/museos\\\/museo-juan-escutia\\\/#primaryimage\"},\"image\":{\"@id\":\"https:\\\/\\\/hotelesfray.com\\\/guia-turistica\\\/museos\\\/museo-juan-escutia\\\/#primaryimage\"},\"thumbnailUrl\":\"https:\\\/\\\/hotelesfray.com\\\/wp-content\\\/uploads\\\/2022\\\/04\\\/MuseoJuanEsc.jpg\",\"datePublished\":\"2022-04-11T21:10:49+00:00\",\"dateModified\":\"2026-03-24T22:43:08+00:00\",\"breadcrumb\":{\"@id\":\"https:\\\/\\\/hotelesfray.com\\\/guia-turistica\\\/museos\\\/museo-juan-escutia\\\/#breadcrumb\"},\"inLanguage\":\"en-US\",\"potentialAction\":[{\"@type\":\"ReadAction\",\"target\":[\"https:\\\/\\\/hotelesfray.com\\\/guia-turistica\\\/museos\\\/museo-juan-escutia\\\/\"]}]},{\"@type\":\"ImageObject\",\"inLanguage\":\"en-US\",\"@id\":\"https:\\\/\\\/hotelesfray.com\\\/guia-turistica\\\/museos\\\/museo-juan-escutia\\\/#primaryimage\",\"url\":\"https:\\\/\\\/hotelesfray.com\\\/wp-content\\\/uploads\\\/2022\\\/04\\\/MuseoJuanEsc.jpg\",\"contentUrl\":\"https:\\\/\\\/hotelesfray.com\\\/wp-content\\\/uploads\\\/2022\\\/04\\\/MuseoJuanEsc.jpg\",\"width\":1280,\"height\":720},{\"@type\":\"BreadcrumbList\",\"@id\":\"https:\\\/\\\/hotelesfray.com\\\/guia-turistica\\\/museos\\\/museo-juan-escutia\\\/#breadcrumb\",\"itemListElement\":[{\"@type\":\"ListItem\",\"position\":1,\"name\":\"Qu\u00e9 hacer en Tepic\",\"item\":\"https:\\\/\\\/hotelesfray.com\\\/guia-turistica\\\/\"},{\"@type\":\"ListItem\",\"position\":2,\"name\":\"Museos\",\"item\":\"https:\\\/\\\/hotelesfray.com\\\/guia-turistica\\\/museos\\\/\"},{\"@type\":\"ListItem\",\"position\":3,\"name\":\"Casa Museo Juan Escutia\"}]},{\"@type\":\"WebSite\",\"@id\":\"https:\\\/\\\/hotelesfray.com\\\/#website\",\"url\":\"https:\\\/\\\/hotelesfray.com\\\/\",\"name\":\"Hoteles Fray\",\"description\":\"Los Mejores Hoteles en el Centro de Tepic, Nayarit\",\"publisher\":{\"@id\":\"https:\\\/\\\/hotelesfray.com\\\/#organization\"},\"potentialAction\":[{\"@type\":\"SearchAction\",\"target\":{\"@type\":\"EntryPoint\",\"urlTemplate\":\"https:\\\/\\\/hotelesfray.com\\\/?s={search_term_string}\"},\"query-input\":{\"@type\":\"PropertyValueSpecification\",\"valueRequired\":true,\"valueName\":\"search_term_string\"}}],\"inLanguage\":\"en-US\"},{\"@type\":\"Organization\",\"@id\":\"https:\\\/\\\/hotelesfray.com\\\/#organization\",\"name\":\"Hoteles Fray\",\"url\":\"https:\\\/\\\/hotelesfray.com\\\/\",\"logo\":{\"@type\":\"ImageObject\",\"inLanguage\":\"en-US\",\"@id\":\"https:\\\/\\\/hotelesfray.com\\\/#\\\/schema\\\/logo\\\/image\\\/\",\"url\":\"https:\\\/\\\/hotelesfray.com\\\/wp-content\\\/uploads\\\/2023\\\/01\\\/HotelesFray-cuadro.png\",\"contentUrl\":\"https:\\\/\\\/hotelesfray.com\\\/wp-content\\\/uploads\\\/2023\\\/01\\\/HotelesFray-cuadro.png\",\"width\":2200,\"height\":2200,\"caption\":\"Hoteles Fray\"},\"image\":{\"@id\":\"https:\\\/\\\/hotelesfray.com\\\/#\\\/schema\\\/logo\\\/image\\\/\"}}]}<\/script>\n<!-- \/ Yoast SEO plugin. -->","yoast_head_json":{"title":"Hotels in Tepic | Hoteles Fray \u2013 Complimentary Buffet Breakfast","description":"Looking for hotels in Tepic? Hoteles Fray offers the best location, complimentary buffet breakfast, free WiFi, and flexible cancellation. Book directly with no deposit!","robots":{"index":"index","follow":"follow","max-snippet":"max-snippet:-1","max-image-preview":"max-image-preview:large","max-video-preview":"max-video-preview:-1"},"canonical":"https:\/\/hotelesfray.com\/en\/guia-turistica\/museos\/museo-juan-escutia\/","og_locale":"en_US","og_type":"article","og_title":"Hotels in Tepic | Hoteles Fray \u2013 Complimentary Buffet Breakfast","og_description":"Looking for hotels in Tepic? Hoteles Fray offers the best location, complimentary buffet breakfast, free WiFi, and flexible cancellation. Book directly with no deposit!","og_url":"https:\/\/hotelesfray.com\/en\/guia-turistica\/museos\/museo-juan-escutia\/","og_site_name":"Hoteles Fray","article_modified_time":"2026-03-24T22:43:08+00:00","og_image":[{"width":1280,"height":720,"url":"https:\/\/hotelesfray.com\/wp-content\/uploads\/2022\/04\/MuseoJuanEsc.jpg","type":"image\/jpeg"}],"twitter_card":"summary_large_image","twitter_misc":{"Est. reading time":"3 minutes"},"schema":{"@context":"https:\/\/schema.org","@graph":[{"@type":"WebPage","@id":"https:\/\/hotelesfray.com\/guia-turistica\/museos\/museo-juan-escutia\/","url":"https:\/\/hotelesfray.com\/guia-turistica\/museos\/museo-juan-escutia\/","name":"Casa Museo Juan Escutia | Hoteles Fray","isPartOf":{"@id":"https:\/\/hotelesfray.com\/#website"},"primaryImageOfPage":{"@id":"https:\/\/hotelesfray.com\/guia-turistica\/museos\/museo-juan-escutia\/#primaryimage"},"image":{"@id":"https:\/\/hotelesfray.com\/guia-turistica\/museos\/museo-juan-escutia\/#primaryimage"},"thumbnailUrl":"https:\/\/hotelesfray.com\/wp-content\/uploads\/2022\/04\/MuseoJuanEsc.jpg","datePublished":"2022-04-11T21:10:49+00:00","dateModified":"2026-03-24T22:43:08+00:00","breadcrumb":{"@id":"https:\/\/hotelesfray.com\/guia-turistica\/museos\/museo-juan-escutia\/#breadcrumb"},"inLanguage":"en-US","potentialAction":[{"@type":"ReadAction","target":["https:\/\/hotelesfray.com\/guia-turistica\/museos\/museo-juan-escutia\/"]}]},{"@type":"ImageObject","inLanguage":"en-US","@id":"https:\/\/hotelesfray.com\/guia-turistica\/museos\/museo-juan-escutia\/#primaryimage","url":"https:\/\/hotelesfray.com\/wp-content\/uploads\/2022\/04\/MuseoJuanEsc.jpg","contentUrl":"https:\/\/hotelesfray.com\/wp-content\/uploads\/2022\/04\/MuseoJuanEsc.jpg","width":1280,"height":720},{"@type":"BreadcrumbList","@id":"https:\/\/hotelesfray.com\/guia-turistica\/museos\/museo-juan-escutia\/#breadcrumb","itemListElement":[{"@type":"ListItem","position":1,"name":"Qu\u00e9 hacer en Tepic","item":"https:\/\/hotelesfray.com\/guia-turistica\/"},{"@type":"ListItem","position":2,"name":"Museos","item":"https:\/\/hotelesfray.com\/guia-turistica\/museos\/"},{"@type":"ListItem","position":3,"name":"Casa Museo Juan Escutia"}]},{"@type":"WebSite","@id":"https:\/\/hotelesfray.com\/#website","url":"https:\/\/hotelesfray.com\/","name":"Hoteles Fray","description":"Los Mejores Hoteles en el Centro de Tepic, Nayarit","publisher":{"@id":"https:\/\/hotelesfray.com\/#organization"},"potentialAction":[{"@type":"SearchAction","target":{"@type":"EntryPoint","urlTemplate":"https:\/\/hotelesfray.com\/?s={search_term_string}"},"query-input":{"@type":"PropertyValueSpecification","valueRequired":true,"valueName":"search_term_string"}}],"inLanguage":"en-US"},{"@type":"Organization","@id":"https:\/\/hotelesfray.com\/#organization","name":"Hoteles Fray","url":"https:\/\/hotelesfray.com\/","logo":{"@type":"ImageObject","inLanguage":"en-US","@id":"https:\/\/hotelesfray.com\/#\/schema\/logo\/image\/","url":"https:\/\/hotelesfray.com\/wp-content\/uploads\/2023\/01\/HotelesFray-cuadro.png","contentUrl":"https:\/\/hotelesfray.com\/wp-content\/uploads\/2023\/01\/HotelesFray-cuadro.png","width":2200,"height":2200,"caption":"Hoteles Fray"},"image":{"@id":"https:\/\/hotelesfray.com\/#\/schema\/logo\/image\/"}}]}},"_links":{"self":[{"href":"https:\/\/hotelesfray.com\/en\/wp-json\/wp\/v2\/pages\/3073","targetHints":{"allow":["GET"]}}],"collection":[{"href":"https:\/\/hotelesfray.com\/en\/wp-json\/wp\/v2\/pages"}],"about":[{"href":"https:\/\/hotelesfray.com\/en\/wp-json\/wp\/v2\/types\/page"}],"author":[{"embeddable":true,"href":"https:\/\/hotelesfray.com\/en\/wp-json\/wp\/v2\/users\/2"}],"replies":[{"embeddable":true,"href":"https:\/\/hotelesfray.com\/en\/wp-json\/wp\/v2\/comments?post=3073"}],"version-history":[{"count":3,"href":"https:\/\/hotelesfray.com\/en\/wp-json\/wp\/v2\/pages\/3073\/revisions"}],"predecessor-version":[{"id":7474,"href":"https:\/\/hotelesfray.com\/en\/wp-json\/wp\/v2\/pages\/3073\/revisions\/7474"}],"up":[{"embeddable":true,"href":"https:\/\/hotelesfray.com\/en\/wp-json\/wp\/v2\/pages\/3051"}],"wp:featuredmedia":[{"embeddable":true,"href":"https:\/\/hotelesfray.com\/en\/wp-json\/wp\/v2\/media\/3056"}],"wp:attachment":[{"href":"https:\/\/hotelesfray.com\/en\/wp-json\/wp\/v2\/media?parent=3073"}],"curies":[{"name":"wp","href":"https:\/\/api.w.org\/{rel}","templated":true}]}}