{"id":3074,"date":"2022-04-11T17:11:50","date_gmt":"2022-04-11T21:11:50","guid":{"rendered":"https:\/\/hotelfrayjunipero.com\/?page_id=3074"},"modified":"2026-03-24T18:10:16","modified_gmt":"2026-03-24T22:10:16","slug":"nayarlab-cinema","status":"publish","type":"page","link":"https:\/\/hotelesfray.com\/en\/guia-turistica\/museos\/nayarlab-cinema\/","title":{"rendered":"Centro Cultural Nayarlab Cinema"},"content":{"rendered":"<p>[et_pb_section fb_built=\u00bb1&#8243; fullwidth=\u00bbon\u00bb _builder_version=\u00bb4.17.1&#8243; _module_preset=\u00bbdefault\u00bb locked=\u00bboff\u00bb global_colors_info=\u00bb{}\u00bb da_is_popup=\u00bboff\u00bb da_exit_intent=\u00bboff\u00bb da_has_close=\u00bbon\u00bb da_alt_close=\u00bboff\u00bb da_dark_close=\u00bboff\u00bb da_not_modal=\u00bbon\u00bb da_is_singular=\u00bboff\u00bb da_with_loader=\u00bboff\u00bb da_has_shadow=\u00bbon\u00bb da_disable_devices=\u00bboff|off|off\u00bb][et_pb_fullwidth_header title=\u00bbCentro Cultural Nayarlab Cinema\u00bb subhead=\u00bb\u00a1Hay un cine en el centro!\u00bb _builder_version=\u00bb4.17.1&#8243; _module_preset=\u00bbdefault\u00bb title_text_align=\u00bbcenter\u00bb title_line_height=\u00bb0.5em\u00bb subhead_text_align=\u00bbcenter\u00bb background_color=\u00bb#3D5A69&#8243; background_image=\u00bbhttps:\/\/hotelfrayjunipero.com\/wp-content\/uploads\/2022\/05\/NayarlabHero1.jpg\u00bb custom_padding=\u00bb200px||200px||true|false\u00bb title_line_height_tablet=\u00bb0.5em\u00bb title_line_height_phone=\u00bb1em\u00bb title_line_height_last_edited=\u00bbon|phone\u00bb global_colors_info=\u00bb{}\u00bb][\/et_pb_fullwidth_header][\/et_pb_section][et_pb_section fb_built=\u00bb1&#8243; _builder_version=\u00bb4.27.6&#8243; _module_preset=\u00bbdefault\u00bb hover_enabled=\u00bb0&#8243; global_colors_info=\u00bb{}\u00bb custom_padding=\u00bb20px||||false|false\u00bb sticky_enabled=\u00bb0&#8243; da_is_popup=\u00bboff\u00bb da_exit_intent=\u00bboff\u00bb da_has_close=\u00bbon\u00bb da_alt_close=\u00bboff\u00bb da_dark_close=\u00bboff\u00bb da_not_modal=\u00bbon\u00bb da_is_singular=\u00bboff\u00bb da_with_loader=\u00bboff\u00bb da_has_shadow=\u00bbon\u00bb da_disable_devices=\u00bboff|off|off\u00bb][et_pb_row _builder_version=\u00bb4.27.6&#8243; _module_preset=\u00bbdefault\u00bb custom_margin=\u00bb0px||0px||false|false\u00bb custom_padding=\u00bb0px||10px||false|false\u00bb global_colors_info=\u00bb{}\u00bb theme_builder_area=\u00bbpost_content\u00bb][et_pb_column type=\u00bb4_4&#8243; _builder_version=\u00bb4.27.6&#8243; _module_preset=\u00bbdefault\u00bb global_colors_info=\u00bb{}\u00bb theme_builder_area=\u00bbpost_content\u00bb][et_pb_code _builder_version=\u00bb4.27.6&#8243; _module_preset=\u00bbdefault\u00bb text_orientation=\u00bbleft\u00bb hover_enabled=\u00bb0&#8243; custom_css_main_element=\u00bbfont-size: 14px;\u00bb global_colors_info=\u00bb{}\u00bb theme_builder_area=\u00bbpost_content\u00bb sticky_enabled=\u00bb0&#8243;][\/et_pb_code][\/et_pb_column][\/et_pb_row][et_pb_row column_structure=\u00bb3_5,2_5&#8243; _builder_version=\u00bb4.17.1&#8243; _module_preset=\u00bbdefault\u00bb global_colors_info=\u00bb{}\u00bb][et_pb_column type=\u00bb3_5&#8243; _builder_version=\u00bb4.17.1&#8243; _module_preset=\u00bbdefault\u00bb global_colors_info=\u00bb{}\u00bb][et_pb_text _builder_version=\u00bb4.17.1&#8243; _module_preset=\u00bbdefault\u00bb global_colors_info=\u00bb{}\u00bb]<\/p>\n<h2>Centro Cultural Nayarlab Cinema<\/h2>\n<p>Una cineteca y sala de exhibici\u00f3n en el centro hist\u00f3rico de Tepic. Somos un cine de barrio y una casa de arte. Un punto de encuentro para la sociedad nayarita con el arte y la cultura local e internacional. \u00a1Un espacio de formaci\u00f3n de p\u00fablicos y un laboratorio para la experimentaci\u00f3n, producci\u00f3n y exhibici\u00f3n art\u00edstica.!<\/p>\n<p>[\/et_pb_text][\/et_pb_column][et_pb_column type=\u00bb2_5&#8243; _builder_version=\u00bb4.17.1&#8243; _module_preset=\u00bbdefault\u00bb global_colors_info=\u00bb{}\u00bb][et_pb_gallery gallery_ids=\u00bb3206,3207,3208,3209,3210,3211&#8243; fullwidth=\u00bbon\u00bb _builder_version=\u00bb4.17.1&#8243; _module_preset=\u00bbdefault\u00bb animation_style=\u00bbflip\u00bb animation_direction=\u00bbleft\u00bb animation_duration=\u00bb500ms\u00bb auto=\u00bbon\u00bb auto_speed=\u00bb5000&#8243; border_radii=\u00bbon|5px|5px|5px|5px\u00bb box_shadow_style=\u00bbpreset3&#8243; global_colors_info=\u00bb{}\u00bb][\/et_pb_gallery][\/et_pb_column][\/et_pb_row][et_pb_row column_structure=\u00bb1_2,1_2&#8243; make_equal=\u00bbon\u00bb _builder_version=\u00bb4.17.1&#8243; _module_preset=\u00bbdefault\u00bb custom_padding=\u00bb0px|||||\u00bb locked=\u00bboff\u00bb global_colors_info=\u00bb{}\u00bb][et_pb_column type=\u00bb1_2&#8243; _builder_version=\u00bb4.17.1&#8243; _module_preset=\u00bbdefault\u00bb global_colors_info=\u00bb{}\u00bb][et_pb_image src=\u00bbhttps:\/\/hotelfrayjunipero.com\/wp-content\/uploads\/2022\/05\/NayarlabPerfil.jpg\u00bb title_text=\u00bbNayarlabPerfil\u00bb url=\u00bbhttps:\/\/www.facebook.com\/NayarLab\/\u00bb align=\u00bbright\u00bb align_tablet=\u00bbcenter\u00bb align_phone=\u00bbcenter\u00bb align_last_edited=\u00bbon|tablet\u00bb _builder_version=\u00bb4.17.1&#8243; _module_preset=\u00bbdefault\u00bb max_width=\u00bb256px\u00bb border_radii=\u00bbon|128px|128px|128px|128px\u00bb border_width_all=\u00bb10px\u00bb border_color_all=\u00bb#FFFFFF\u00bb box_shadow_style=\u00bbpreset3&#8243; global_colors_info=\u00bb{}\u00bb][\/et_pb_image][\/et_pb_column][et_pb_column type=\u00bb1_2&#8243; _builder_version=\u00bb4.17.1&#8243; _module_preset=\u00bbdefault\u00bb custom_css_main_element=\u00bbmargin: auto;\u00bb global_colors_info=\u00bb{}\u00bb][et_pb_text _builder_version=\u00bb4.17.1&#8243; _module_preset=\u00bbdefault\u00bb text_orientation_tablet=\u00bbcenter\u00bb text_orientation_phone=\u00bbcenter\u00bb text_orientation_last_edited=\u00bbon|tablet\u00bb global_colors_info=\u00bb{}\u00bb]<\/p>\n<h3>\u00a1S\u00edguelos en Facebook!<\/h3>\n<p>NAYAR LABCinema<\/p>\n<p>[\/et_pb_text][et_pb_button button_url=\u00bbhttps:\/\/www.facebook.com\/NayarLab\/\u00bb button_text=\u00bbVer p\u00e1gina\u00bb button_alignment_tablet=\u00bbcenter\u00bb button_alignment_phone=\u00bbcenter\u00bb button_alignment_last_edited=\u00bbon|tablet\u00bb _builder_version=\u00bb4.17.1&#8243; _module_preset=\u00bbdefault\u00bb global_colors_info=\u00bb{}\u00bb][\/et_pb_button][\/et_pb_column][\/et_pb_row][et_pb_row column_structure=\u00bb1_3,2_3&#8243; _builder_version=\u00bb4.17.1&#8243; _module_preset=\u00bbdefault\u00bb global_colors_info=\u00bb{}\u00bb][et_pb_column type=\u00bb1_3&#8243; _builder_version=\u00bb4.17.1&#8243; _module_preset=\u00bbdefault\u00bb global_colors_info=\u00bb{}\u00bb][et_pb_text _builder_version=\u00bb4.17.1&#8243; _module_preset=\u00bbdefault\u00bb global_colors_info=\u00bb{}\u00bb]<\/p>\n<h2>Direcci\u00f3n y contacto<\/h2>\n<p>Lerdo 95 OTE Centro Hist\u00f3rico, Tepic, Nay.<br \/>WhatsApp: (311) 243 1583<br \/>Tel\u00e9fono (311) 169 5499<\/p>\n<p>[\/et_pb_text][et_pb_button button_url=\u00bbhttps:\/\/goo.gl\/maps\/DLGhuBJTZvMFZm477&#8243; button_text=\u00bb\u00bfC\u00f3mo llegar?\u00bb button_alignment=\u00bbleft\u00bb _builder_version=\u00bb4.17.1&#8243; _module_preset=\u00bbdefault\u00bb global_colors_info=\u00bb{}\u00bb][\/et_pb_button][\/et_pb_column][et_pb_column type=\u00bb2_3&#8243; _builder_version=\u00bb4.17.1&#8243; _module_preset=\u00bbdefault\u00bb global_colors_info=\u00bb{}\u00bb][et_pb_text _builder_version=\u00bb4.17.1&#8243; _module_preset=\u00bbdefault\u00bb global_colors_info=\u00bb{}\u00bb]<\/p>\n<h2>Servicios<\/h2>\n<ul>\n<li>Cartelera de Jueves a Lunes de 4:00pm a 10:00 pm<\/li>\n<li>Cine, Caf\u00e9, Internet, Sala de estar, exposici\u00f3n de artes pl\u00e1sticas, sala de lectura, auditorio.<\/li>\n<li>Cafeter\u00eda de 4:00 pm a 10:00 pm<\/li>\n<li>Exposici\u00f3n Permanente de cine mexicano y de autor.<\/li>\n<li>Estrenos, Programas, Curadur\u00edas y exhibici\u00f3n de cine internacional.<\/li>\n<li>Abstracci\u00f3n Tropical de Salvador Lea abril 2022<\/li>\n<\/ul>\n<p>[\/et_pb_text][\/et_pb_column][\/et_pb_row][\/et_pb_section]<\/p>\n","protected":false},"excerpt":{"rendered":"<p>Centro Cultural Nayarlab Cinema Una cineteca y sala de exhibici\u00f3n en el centro hist\u00f3rico de Tepic. Somos un cine de barrio y una casa de arte. Un punto de encuentro para la sociedad nayarita con el arte y la cultura local e internacional. \u00a1Un espacio de formaci\u00f3n de p\u00fablicos y un laboratorio para la experimentaci\u00f3n, [&hellip;]<\/p>\n","protected":false},"author":2,"featured_media":3055,"parent":3051,"menu_order":0,"comment_status":"closed","ping_status":"closed","template":"","meta":{"_et_pb_use_builder":"on","_et_pb_old_content":"<!-- wp:paragraph -->\n<p>Una cineteca y sala de exhibici\u00f3n en el centro hist\u00f3rico de Tepic. Somos un cine de barrio y una casa de arte. Un punto de encuentro para la sociedad nayarita con el arte y la cultura local e internacional. \u00a1Un espacio de formaci\u00f3n de p\u00fablicos y un laboratorio para la experimentaci\u00f3n, producci\u00f3n y exhibici\u00f3n art\u00edstica.!<\/p>\n<!-- \/wp:paragraph -->\n\n<!-- wp:image {\"id\":3103,\"sizeSlug\":\"large\",\"linkDestination\":\"none\"} -->\n<figure class=\"wp-block-image size-large\"><img src=\"https:\/\/hotelfrayjunipero.com\/wp-content\/uploads\/2022\/04\/Nayarlab2-1024x576.jpg\" alt=\"\" class=\"wp-image-3103\"\/><\/figure>\n<!-- \/wp:image -->\n\n<!-- wp:heading -->\n<h2>Direcci\u00f3n y contacto<\/h2>\n<!-- \/wp:heading -->\n\n<!-- wp:paragraph -->\n<p>Lerdo 95 OTE Centro Hist\u00f3rico, Tepic, Nay.<br>WhatsApp: (311) 243 1583<br>Tel\u00e9fono (311) 169 5499<\/p>\n<!-- \/wp:paragraph -->\n\n<!-- wp:buttons -->\n<div class=\"wp-block-buttons\"><!-- wp:button -->\n<div class=\"wp-block-button\"><a class=\"wp-block-button__link\" href=\"https:\/\/goo.gl\/maps\/DLGhuBJTZvMFZm477\">\u00bfC\u00f3mo llegar?<\/a><\/div>\n<!-- \/wp:button --><\/div>\n<!-- \/wp:buttons -->\n\n<!-- wp:heading -->\n<h2>Servicios<\/h2>\n<!-- \/wp:heading -->\n\n<!-- wp:paragraph -->\n<p>Cartelera de Jueves a Lunes de 4:00pm a 10:00 pm<br>Cine, Caf\u00e9, Internet, Sala de estar, exposici\u00f3n de artes<br>pl\u00e1sticas, sala de lectura, auditorio.<br>Cafeter\u00eda de 4:00 pm a 10:00 pm<br>Exposici\u00f3n Permanente de cine mexicano y de autor.<br>Estrenos, Programas, Curadur\u00edas y exhibici\u00f3n de cine<br>internacional.<br>Abstracci\u00f3n Tropical de Salvador Lea abril 2022<\/p>\n<!-- \/wp:paragraph -->\n\n<!-- wp:buttons -->\n<div class=\"wp-block-buttons\"><!-- wp:button -->\n<div class=\"wp-block-button\"><a class=\"wp-block-button__link\" href=\"https:\/\/www.facebook.com\/NayarLab\/\">Redes sociales<\/a><\/div>\n<!-- \/wp:button --><\/div>\n<!-- \/wp:buttons -->\n\n<!-- wp:gallery {\"columns\":2,\"linkTo\":\"media\"} -->\n<figure class=\"wp-block-gallery has-nested-images columns-2 is-cropped\"><!-- wp:image {\"id\":3102,\"sizeSlug\":\"large\",\"linkDestination\":\"media\"} -->\n<figure class=\"wp-block-image size-large\"><a href=\"https:\/\/hotelfrayjunipero.com\/wp-content\/uploads\/2022\/04\/Nayarlab1.jpg\"><img src=\"https:\/\/hotelfrayjunipero.com\/wp-content\/uploads\/2022\/04\/Nayarlab1-1024x576.jpg\" alt=\"\" class=\"wp-image-3102\"\/><\/a><\/figure>\n<!-- \/wp:image -->\n\n<!-- wp:image {\"id\":3105,\"sizeSlug\":\"large\",\"linkDestination\":\"media\"} -->\n<figure class=\"wp-block-image size-large\"><a href=\"https:\/\/hotelfrayjunipero.com\/wp-content\/uploads\/2022\/04\/Nayarlab4.jpg\"><img src=\"https:\/\/hotelfrayjunipero.com\/wp-content\/uploads\/2022\/04\/Nayarlab4-1024x576.jpg\" alt=\"\" class=\"wp-image-3105\"\/><\/a><\/figure>\n<!-- \/wp:image -->\n\n<!-- wp:image {\"id\":3104,\"sizeSlug\":\"large\",\"linkDestination\":\"media\"} -->\n<figure class=\"wp-block-image size-large\"><a href=\"https:\/\/hotelfrayjunipero.com\/wp-content\/uploads\/2022\/04\/Nayarlab3.jpg\"><img src=\"https:\/\/hotelfrayjunipero.com\/wp-content\/uploads\/2022\/04\/Nayarlab3-1024x576.jpg\" alt=\"\" class=\"wp-image-3104\"\/><\/a><\/figure>\n<!-- \/wp:image -->\n\n<!-- wp:image {\"id\":3101,\"sizeSlug\":\"large\",\"linkDestination\":\"media\"} -->\n<figure class=\"wp-block-image size-large\"><a href=\"https:\/\/hotelfrayjunipero.com\/wp-content\/uploads\/2022\/04\/Nayarlab5.jpg\"><img src=\"https:\/\/hotelfrayjunipero.com\/wp-content\/uploads\/2022\/04\/Nayarlab5-1024x576.jpg\" alt=\"\" class=\"wp-image-3101\"\/><\/a><\/figure>\n<!-- \/wp:image --><\/figure>\n<!-- \/wp:gallery -->","_et_gb_content_width":"","footnotes":""},"class_list":["post-3074","page","type-page","status-publish","has-post-thumbnail","hentry"],"yoast_head":"<!-- This site is optimized with the Yoast SEO plugin v27.4 - https:\/\/yoast.com\/product\/yoast-seo-wordpress\/ -->\n<title>Hotels in Tepic | Hoteles Fray \u2013 Complimentary Buffet Breakfast<\/title>\n<meta name=\"description\" content=\"Looking for hotels in Tepic? Hoteles Fray offers the best location, complimentary buffet breakfast, free WiFi, and flexible cancellation. Book directly with no deposit!\" \/>\n<meta name=\"robots\" content=\"index, follow, max-snippet:-1, max-image-preview:large, max-video-preview:-1\" \/>\n<link rel=\"canonical\" href=\"https:\/\/hotelesfray.com\/en\/guia-turistica\/museos\/nayarlab-cinema\/\" \/>\n<meta property=\"og:locale\" content=\"en_US\" \/>\n<meta property=\"og:type\" content=\"article\" \/>\n<meta property=\"og:title\" content=\"Hotels in Tepic | Hoteles Fray \u2013 Complimentary Buffet Breakfast\" \/>\n<meta property=\"og:description\" content=\"Looking for hotels in Tepic? Hoteles Fray offers the best location, complimentary buffet breakfast, free WiFi, and flexible cancellation. Book directly with no deposit!\" \/>\n<meta property=\"og:url\" content=\"https:\/\/hotelesfray.com\/en\/guia-turistica\/museos\/nayarlab-cinema\/\" \/>\n<meta property=\"og:site_name\" content=\"Hoteles Fray\" \/>\n<meta property=\"article:modified_time\" content=\"2026-03-24T22:10:16+00:00\" \/>\n<meta property=\"og:image\" content=\"https:\/\/hotelesfray.com\/wp-content\/uploads\/2022\/04\/Nayarlab.jpg\" \/>\n\t<meta property=\"og:image:width\" content=\"1280\" \/>\n\t<meta property=\"og:image:height\" content=\"720\" \/>\n\t<meta property=\"og:image:type\" content=\"image\/jpeg\" \/>\n<meta name=\"twitter:card\" content=\"summary_large_image\" \/>\n<meta name=\"twitter:label1\" content=\"Est. reading time\" \/>\n\t<meta name=\"twitter:data1\" content=\"2 minutes\" \/>\n<script type=\"application\/ld+json\" class=\"yoast-schema-graph\">{\"@context\":\"https:\\\/\\\/schema.org\",\"@graph\":[{\"@type\":\"WebPage\",\"@id\":\"https:\\\/\\\/hotelesfray.com\\\/guia-turistica\\\/museos\\\/nayarlab-cinema\\\/\",\"url\":\"https:\\\/\\\/hotelesfray.com\\\/guia-turistica\\\/museos\\\/nayarlab-cinema\\\/\",\"name\":\"Centro Cultural Nayarlab Cinema | Hoteles Fray\",\"isPartOf\":{\"@id\":\"https:\\\/\\\/hotelesfray.com\\\/#website\"},\"primaryImageOfPage\":{\"@id\":\"https:\\\/\\\/hotelesfray.com\\\/guia-turistica\\\/museos\\\/nayarlab-cinema\\\/#primaryimage\"},\"image\":{\"@id\":\"https:\\\/\\\/hotelesfray.com\\\/guia-turistica\\\/museos\\\/nayarlab-cinema\\\/#primaryimage\"},\"thumbnailUrl\":\"https:\\\/\\\/hotelesfray.com\\\/wp-content\\\/uploads\\\/2022\\\/04\\\/Nayarlab.jpg\",\"datePublished\":\"2022-04-11T21:11:50+00:00\",\"dateModified\":\"2026-03-24T22:10:16+00:00\",\"breadcrumb\":{\"@id\":\"https:\\\/\\\/hotelesfray.com\\\/guia-turistica\\\/museos\\\/nayarlab-cinema\\\/#breadcrumb\"},\"inLanguage\":\"en-US\",\"potentialAction\":[{\"@type\":\"ReadAction\",\"target\":[\"https:\\\/\\\/hotelesfray.com\\\/guia-turistica\\\/museos\\\/nayarlab-cinema\\\/\"]}]},{\"@type\":\"ImageObject\",\"inLanguage\":\"en-US\",\"@id\":\"https:\\\/\\\/hotelesfray.com\\\/guia-turistica\\\/museos\\\/nayarlab-cinema\\\/#primaryimage\",\"url\":\"https:\\\/\\\/hotelesfray.com\\\/wp-content\\\/uploads\\\/2022\\\/04\\\/Nayarlab.jpg\",\"contentUrl\":\"https:\\\/\\\/hotelesfray.com\\\/wp-content\\\/uploads\\\/2022\\\/04\\\/Nayarlab.jpg\",\"width\":1280,\"height\":720},{\"@type\":\"BreadcrumbList\",\"@id\":\"https:\\\/\\\/hotelesfray.com\\\/guia-turistica\\\/museos\\\/nayarlab-cinema\\\/#breadcrumb\",\"itemListElement\":[{\"@type\":\"ListItem\",\"position\":1,\"name\":\"Qu\u00e9 hacer en Tepic\",\"item\":\"https:\\\/\\\/hotelesfray.com\\\/guia-turistica\\\/\"},{\"@type\":\"ListItem\",\"position\":2,\"name\":\"Museos\",\"item\":\"https:\\\/\\\/hotelesfray.com\\\/guia-turistica\\\/museos\\\/\"},{\"@type\":\"ListItem\",\"position\":3,\"name\":\"Centro Cultural Nayarlab Cinema\"}]},{\"@type\":\"WebSite\",\"@id\":\"https:\\\/\\\/hotelesfray.com\\\/#website\",\"url\":\"https:\\\/\\\/hotelesfray.com\\\/\",\"name\":\"Hoteles Fray\",\"description\":\"Los Mejores Hoteles en el Centro de Tepic, Nayarit\",\"publisher\":{\"@id\":\"https:\\\/\\\/hotelesfray.com\\\/#organization\"},\"potentialAction\":[{\"@type\":\"SearchAction\",\"target\":{\"@type\":\"EntryPoint\",\"urlTemplate\":\"https:\\\/\\\/hotelesfray.com\\\/?s={search_term_string}\"},\"query-input\":{\"@type\":\"PropertyValueSpecification\",\"valueRequired\":true,\"valueName\":\"search_term_string\"}}],\"inLanguage\":\"en-US\"},{\"@type\":\"Organization\",\"@id\":\"https:\\\/\\\/hotelesfray.com\\\/#organization\",\"name\":\"Hoteles Fray\",\"url\":\"https:\\\/\\\/hotelesfray.com\\\/\",\"logo\":{\"@type\":\"ImageObject\",\"inLanguage\":\"en-US\",\"@id\":\"https:\\\/\\\/hotelesfray.com\\\/#\\\/schema\\\/logo\\\/image\\\/\",\"url\":\"https:\\\/\\\/hotelesfray.com\\\/wp-content\\\/uploads\\\/2023\\\/01\\\/HotelesFray-cuadro.png\",\"contentUrl\":\"https:\\\/\\\/hotelesfray.com\\\/wp-content\\\/uploads\\\/2023\\\/01\\\/HotelesFray-cuadro.png\",\"width\":2200,\"height\":2200,\"caption\":\"Hoteles Fray\"},\"image\":{\"@id\":\"https:\\\/\\\/hotelesfray.com\\\/#\\\/schema\\\/logo\\\/image\\\/\"}}]}<\/script>\n<!-- \/ Yoast SEO plugin. -->","yoast_head_json":{"title":"Hotels in Tepic | Hoteles Fray \u2013 Complimentary Buffet Breakfast","description":"Looking for hotels in Tepic? Hoteles Fray offers the best location, complimentary buffet breakfast, free WiFi, and flexible cancellation. Book directly with no deposit!","robots":{"index":"index","follow":"follow","max-snippet":"max-snippet:-1","max-image-preview":"max-image-preview:large","max-video-preview":"max-video-preview:-1"},"canonical":"https:\/\/hotelesfray.com\/en\/guia-turistica\/museos\/nayarlab-cinema\/","og_locale":"en_US","og_type":"article","og_title":"Hotels in Tepic | Hoteles Fray \u2013 Complimentary Buffet Breakfast","og_description":"Looking for hotels in Tepic? Hoteles Fray offers the best location, complimentary buffet breakfast, free WiFi, and flexible cancellation. Book directly with no deposit!","og_url":"https:\/\/hotelesfray.com\/en\/guia-turistica\/museos\/nayarlab-cinema\/","og_site_name":"Hoteles Fray","article_modified_time":"2026-03-24T22:10:16+00:00","og_image":[{"width":1280,"height":720,"url":"https:\/\/hotelesfray.com\/wp-content\/uploads\/2022\/04\/Nayarlab.jpg","type":"image\/jpeg"}],"twitter_card":"summary_large_image","twitter_misc":{"Est. reading time":"2 minutes"},"schema":{"@context":"https:\/\/schema.org","@graph":[{"@type":"WebPage","@id":"https:\/\/hotelesfray.com\/guia-turistica\/museos\/nayarlab-cinema\/","url":"https:\/\/hotelesfray.com\/guia-turistica\/museos\/nayarlab-cinema\/","name":"Centro Cultural Nayarlab Cinema | Hoteles Fray","isPartOf":{"@id":"https:\/\/hotelesfray.com\/#website"},"primaryImageOfPage":{"@id":"https:\/\/hotelesfray.com\/guia-turistica\/museos\/nayarlab-cinema\/#primaryimage"},"image":{"@id":"https:\/\/hotelesfray.com\/guia-turistica\/museos\/nayarlab-cinema\/#primaryimage"},"thumbnailUrl":"https:\/\/hotelesfray.com\/wp-content\/uploads\/2022\/04\/Nayarlab.jpg","datePublished":"2022-04-11T21:11:50+00:00","dateModified":"2026-03-24T22:10:16+00:00","breadcrumb":{"@id":"https:\/\/hotelesfray.com\/guia-turistica\/museos\/nayarlab-cinema\/#breadcrumb"},"inLanguage":"en-US","potentialAction":[{"@type":"ReadAction","target":["https:\/\/hotelesfray.com\/guia-turistica\/museos\/nayarlab-cinema\/"]}]},{"@type":"ImageObject","inLanguage":"en-US","@id":"https:\/\/hotelesfray.com\/guia-turistica\/museos\/nayarlab-cinema\/#primaryimage","url":"https:\/\/hotelesfray.com\/wp-content\/uploads\/2022\/04\/Nayarlab.jpg","contentUrl":"https:\/\/hotelesfray.com\/wp-content\/uploads\/2022\/04\/Nayarlab.jpg","width":1280,"height":720},{"@type":"BreadcrumbList","@id":"https:\/\/hotelesfray.com\/guia-turistica\/museos\/nayarlab-cinema\/#breadcrumb","itemListElement":[{"@type":"ListItem","position":1,"name":"Qu\u00e9 hacer en Tepic","item":"https:\/\/hotelesfray.com\/guia-turistica\/"},{"@type":"ListItem","position":2,"name":"Museos","item":"https:\/\/hotelesfray.com\/guia-turistica\/museos\/"},{"@type":"ListItem","position":3,"name":"Centro Cultural Nayarlab Cinema"}]},{"@type":"WebSite","@id":"https:\/\/hotelesfray.com\/#website","url":"https:\/\/hotelesfray.com\/","name":"Hoteles Fray","description":"Los Mejores Hoteles en el Centro de Tepic, Nayarit","publisher":{"@id":"https:\/\/hotelesfray.com\/#organization"},"potentialAction":[{"@type":"SearchAction","target":{"@type":"EntryPoint","urlTemplate":"https:\/\/hotelesfray.com\/?s={search_term_string}"},"query-input":{"@type":"PropertyValueSpecification","valueRequired":true,"valueName":"search_term_string"}}],"inLanguage":"en-US"},{"@type":"Organization","@id":"https:\/\/hotelesfray.com\/#organization","name":"Hoteles Fray","url":"https:\/\/hotelesfray.com\/","logo":{"@type":"ImageObject","inLanguage":"en-US","@id":"https:\/\/hotelesfray.com\/#\/schema\/logo\/image\/","url":"https:\/\/hotelesfray.com\/wp-content\/uploads\/2023\/01\/HotelesFray-cuadro.png","contentUrl":"https:\/\/hotelesfray.com\/wp-content\/uploads\/2023\/01\/HotelesFray-cuadro.png","width":2200,"height":2200,"caption":"Hoteles Fray"},"image":{"@id":"https:\/\/hotelesfray.com\/#\/schema\/logo\/image\/"}}]}},"_links":{"self":[{"href":"https:\/\/hotelesfray.com\/en\/wp-json\/wp\/v2\/pages\/3074","targetHints":{"allow":["GET"]}}],"collection":[{"href":"https:\/\/hotelesfray.com\/en\/wp-json\/wp\/v2\/pages"}],"about":[{"href":"https:\/\/hotelesfray.com\/en\/wp-json\/wp\/v2\/types\/page"}],"author":[{"embeddable":true,"href":"https:\/\/hotelesfray.com\/en\/wp-json\/wp\/v2\/users\/2"}],"replies":[{"embeddable":true,"href":"https:\/\/hotelesfray.com\/en\/wp-json\/wp\/v2\/comments?post=3074"}],"version-history":[{"count":7,"href":"https:\/\/hotelesfray.com\/en\/wp-json\/wp\/v2\/pages\/3074\/revisions"}],"predecessor-version":[{"id":7459,"href":"https:\/\/hotelesfray.com\/en\/wp-json\/wp\/v2\/pages\/3074\/revisions\/7459"}],"up":[{"embeddable":true,"href":"https:\/\/hotelesfray.com\/en\/wp-json\/wp\/v2\/pages\/3051"}],"wp:featuredmedia":[{"embeddable":true,"href":"https:\/\/hotelesfray.com\/en\/wp-json\/wp\/v2\/media\/3055"}],"wp:attachment":[{"href":"https:\/\/hotelesfray.com\/en\/wp-json\/wp\/v2\/media?parent=3074"}],"curies":[{"name":"wp","href":"https:\/\/api.w.org\/{rel}","templated":true}]}}