{"id":339,"date":"2020-02-03T18:16:11","date_gmt":"2020-02-03T22:16:11","guid":{"rendered":"https:\/\/hotelfrayjunipero.com\/?page_id=339"},"modified":"2026-04-07T18:30:24","modified_gmt":"2026-04-07T22:30:24","slug":"guia-turistica","status":"publish","type":"page","link":"https:\/\/hotelesfray.com\/en\/guia-turistica\/","title":{"rendered":"What to do in Tepic"},"content":{"rendered":"<p>[et_pb_section fb_built=\u00bb1&#8243; custom_padding_last_edited=\u00bbon|phone\u00bb next_background_color=\u00bb#ffffff\u00bb admin_label=\u00bbSection\u00bb _builder_version=\u00bb4.27.6&#8243; background_enable_color=\u00bboff\u00bb use_background_color_gradient=\u00bbon\u00bb background_color_gradient_stops=\u00bbrgba(32,41,45,0.75) 56%|rgba(127,110,26,0.49) 100%\u00bb background_color_gradient_overlays_image=\u00bbon\u00bb background_image=\u00bbhttps:\/\/hotelesfray.com\/wp-content\/uploads\/2023\/08\/Tepic11-jpg.webp\u00bb custom_padding=\u00bb200px||||false|false\u00bb custom_padding_tablet=\u00bb200px||||false|false\u00bb custom_padding_phone=\u00bb200px||||false|false\u00bb top_divider_color=\u00bb#eba123&#8243; top_divider_height=\u00bb20px\u00bb bottom_divider_style=\u00bbcurve\u00bb bottom_divider_height=\u00bb2vw\u00bb da_disable_devices=\u00bboff|off|off\u00bb global_colors_info=\u00bb{}\u00bb da_is_popup=\u00bboff\u00bb da_exit_intent=\u00bboff\u00bb da_has_close=\u00bbon\u00bb da_alt_close=\u00bboff\u00bb da_dark_close=\u00bboff\u00bb da_not_modal=\u00bbon\u00bb da_is_singular=\u00bboff\u00bb da_with_loader=\u00bboff\u00bb da_has_shadow=\u00bbon\u00bb][et_pb_row custom_padding_last_edited=\u00bbon|desktop\u00bb _builder_version=\u00bb4.16&#8243; custom_padding=\u00bb100px||120px||false|false\u00bb custom_padding_tablet=\u00bb90px||90px||false|false\u00bb custom_padding_phone=\u00bb70px||70px||false|false\u00bb global_colors_info=\u00bb{}\u00bb][et_pb_column type=\u00bb4_4&#8243; _builder_version=\u00bb4.16&#8243; global_colors_info=\u00bb{}\u00bb][et_pb_text _builder_version=\u00bb4.27.6&#8243; text_font=\u00bb|300|||||||\u00bb text_text_color=\u00bb#ffffff\u00bb text_font_size=\u00bb20px\u00bb header_font=\u00bb||||||||\u00bb header_text_color=\u00bb#ffffff\u00bb header_line_height=\u00bb1.2em\u00bb header_font_size_tablet=\u00bb30px\u00bb header_font_size_phone=\u00bb30px\u00bb header_font_size_last_edited=\u00bbon|phone\u00bb text_orientation_tablet=\u00bbcenter\u00bb text_orientation_phone=\u00bbcenter\u00bb text_orientation_last_edited=\u00bbon|desktop\u00bb global_colors_info=\u00bb{}\u00bb]<\/p>\n<h1 style=\"text-align: center;\">Qu\u00e9 Hacer en Tepic: Gu\u00eda Completa de Actividades y Lugares Tur\u00edsticos<\/h1>\n<p>[\/et_pb_text][\/et_pb_column][\/et_pb_row][\/et_pb_section][et_pb_section fb_built=\u00bb1&#8243; admin_label=\u00bbSection\u00bb module_id=\u00bbseccion-guia\u00bb _builder_version=\u00bb4.27.6&#8243; custom_margin=\u00bb||||false|false\u00bb custom_padding=\u00bb30px||0px||false|false\u00bb da_popup_slug=\u00bbseccion-guia\u00bb da_disable_devices=\u00bboff|off|off\u00bb global_colors_info=\u00bb{}\u00bb da_is_popup=\u00bboff\u00bb da_exit_intent=\u00bboff\u00bb da_has_close=\u00bbon\u00bb da_alt_close=\u00bboff\u00bb da_dark_close=\u00bboff\u00bb da_not_modal=\u00bbon\u00bb da_is_singular=\u00bboff\u00bb da_with_loader=\u00bboff\u00bb da_has_shadow=\u00bbon\u00bb][et_pb_row _builder_version=\u00bb4.27.6&#8243; _module_preset=\u00bbdefault\u00bb background_enable_color=\u00bboff\u00bb custom_padding=\u00bb||||true|true\u00bb border_radii=\u00bbon|20px|20px|20px|20px\u00bb border_color_all=\u00bbrgba(61,90,105,0.25)\u00bb global_colors_info=\u00bb{}\u00bb][et_pb_column type=\u00bb4_4&#8243; _builder_version=\u00bb4.27.6&#8243; _module_preset=\u00bbdefault\u00bb global_colors_info=\u00bb{}\u00bb][et_pb_text _builder_version=\u00bb4.27.6&#8243; _module_preset=\u00bbdefault\u00bb text_text_color=\u00bb#3D5A69&#8243; global_colors_info=\u00bb{}\u00bb]<\/p>\n<p><span>Tepic con sus atractivos tur\u00edsticos, gastronom\u00eda y su gente \u00a1te enamorar\u00e1! Acompa\u00f1anos a descubrir las maravillas de la capital y alrededores. <strong>Hay mucho que ver y hacer en Tepic y alrededores, <\/strong>aqu\u00ed encontrar\u00e1s nuestras recomendaciones.<\/span><\/p>\n<p>[\/et_pb_text][et_pb_text _builder_version=\u00bb4.27.6&#8243; _module_preset=\u00bbdefault\u00bb text_font=\u00bb|600||||||#EBA123|\u00bb text_text_color=\u00bb#3D5A69&#8243; text_line_height=\u00bb2em\u00bb link_font=\u00bb||||||||\u00bb link_text_color=\u00bb#EBA123&#8243; global_colors_info=\u00bb{}\u00bb]<\/p>\n<p>INDICE DE NAVEGACI\u00d3N:<\/p>\n<p><a href=\"#museos\">1. Museos y Cultura<\/a><br \/><a href=\"#playas\">2. Playas y Lagunas<\/a><br \/><a href=\"#pueblos\">3. Pueblos y Barrios M\u00e1gicos<\/a><br \/><a href=\"#ecoturismo\">4. Ecoturismo y Aventura<\/a><br \/><a href=\"#parques\">5. Parques y Actividades al Aire Libre<\/a><br \/><a href=\"#faq\">6. Preguntas Frecuentes<\/a><\/p>\n<p>[\/et_pb_text][et_pb_text _builder_version=\u00bb4.27.6&#8243; _module_preset=\u00bbdefault\u00bb text_text_color=\u00bb#3D5A69&#8243; link_font=\u00bb|600|||on|||#EBA123|\u00bb link_text_color=\u00bb#EBA123&#8243; global_colors_info=\u00bb{}\u00bb]<\/p>\n<p><strong>\u00bfPrefieres viajar con expertos locales?<\/strong><\/p>\n<ul>\n<li><a href=\"https:\/\/hotelesfray.com\/guia-turistica\/-nayarit-adventures\">Conoce las excursiones de d\u00eda de <strong>Nayarit Adventures.<\/strong><\/a><\/li>\n<li><a href=\"https:\/\/hotelesfray.com\/2025\/05\/14\/conoce-el-tour-mi-lindo-nayarit-de-nayarit-adventures-de-4-dias-y-3-noches\/\">Conoce el tour <strong>\u00abMi Lindo Nayarit\u00bb<\/strong>\u00a0de 4 d\u00edas y 3 noches<\/a><\/li>\n<\/ul>\n<p>[\/et_pb_text][\/et_pb_column][\/et_pb_row][\/et_pb_section][et_pb_section fb_built=\u00bb1&#8243; _builder_version=\u00bb4.27.6&#8243; _module_preset=\u00bbdefault\u00bb custom_padding=\u00bb20px||0px||false|false\u00bb da_disable_devices=\u00bboff|off|off\u00bb global_colors_info=\u00bb{}\u00bb da_is_popup=\u00bboff\u00bb da_exit_intent=\u00bboff\u00bb da_has_close=\u00bbon\u00bb da_alt_close=\u00bboff\u00bb da_dark_close=\u00bboff\u00bb da_not_modal=\u00bbon\u00bb da_is_singular=\u00bboff\u00bb da_with_loader=\u00bboff\u00bb da_has_shadow=\u00bbon\u00bb][et_pb_row use_custom_gutter=\u00bbon\u00bb make_equal=\u00bbon\u00bb module_id=\u00bbmuseos\u00bb _builder_version=\u00bb4.27.6&#8243; background_enable_image=\u00bboff\u00bb custom_margin=\u00bb||||false|false\u00bb custom_padding=\u00bb||||true|true\u00bb global_colors_info=\u00bb{}\u00bb][et_pb_column type=\u00bb4_4&#8243; _builder_version=\u00bb4.27.6&#8243; use_background_color_gradient=\u00bbon\u00bb background_color_gradient_stops=\u00bbrgba(12,60,137,0.6) 0%|rgba(82,20,96,0.77) 100%\u00bb background_color_gradient_overlays_image=\u00bbon\u00bb background_image=\u00bbhttps:\/\/hotelesfray.com\/wp-content\/uploads\/2020\/03\/CatedralCuadro.jpg\u00bb custom_padding=\u00bb20px|20px|25px|20px|false|false\u00bb border_radii=\u00bbon|20px|20px|20px|20px\u00bb box_shadow_style=\u00bbpreset3&#8243; box_shadow_vertical=\u00bb7px\u00bb global_colors_info=\u00bb{}\u00bb][et_pb_text _builder_version=\u00bb4.27.6&#8243; text_text_color=\u00bb#ffffff\u00bb header_text_color=\u00bb#20292d\u00bb header_2_text_color=\u00bb#ffffff\u00bb header_2_font_size=\u00bb28px\u00bb header_2_line_height=\u00bb1.2em\u00bb custom_margin=\u00bb||||false|false\u00bb border_width_bottom=\u00bb2px\u00bb border_color_bottom=\u00bb#FFFFFF\u00bb global_colors_info=\u00bb{}\u00bb]<\/p>\n<h2>Museos y Cultura en el Centro Hist\u00f3rico de Tepic<\/h2>\n<p>[\/et_pb_text][et_pb_text _builder_version=\u00bb4.27.6&#8243; text_text_color=\u00bb#ffffff\u00bb header_text_color=\u00bb#20292d\u00bb header_2_text_color=\u00bb#ffffff\u00bb header_2_font_size=\u00bb28px\u00bb header_2_line_height=\u00bb1.2em\u00bb custom_margin=\u00bb||||false|false\u00bb custom_padding=\u00bb||10px||false|false\u00bb global_colors_info=\u00bb{}\u00bb]<\/p>\n<p>\u00a1Una ciudad colonial entre cerros! Ent\u00e9rate de los<strong> museos y puntos culturales de inter\u00e9s<\/strong> m\u00e1s cercanos a tus <span style=\"color: #ffcc00;\"><strong>Hoteles Fray.<\/strong><\/span><\/p>\n<p>[\/et_pb_text][et_pb_button button_url=\u00bb@ET-DC@eyJkeW5hbWljIjp0cnVlLCJjb250ZW50IjoicG9zdF9saW5rX3VybF9wYWdlIiwic2V0dGluZ3MiOnsicG9zdF9pZCI6IjMwNTEifX0=@\u00bb button_text=\u00bbVisita la secci\u00f3n\u00bb _builder_version=\u00bb4.27.4&#8243; _dynamic_attributes=\u00bbbutton_url\u00bb custom_button=\u00bbon\u00bb button_text_color=\u00bb#3a4b54&#8243; button_bg_color=\u00bb#ffffff\u00bb button_icon=\u00bb&#xf055;||fa||900&#8243; button_on_hover=\u00bboff\u00bb global_colors_info=\u00bb{}\u00bb button_bg_color__hover_enabled=\u00bbon|desktop\u00bb button_bg_color__hover=\u00bb#ffffff\u00bb button_bg_enable_color__hover=\u00bbon\u00bb][\/et_pb_button][\/et_pb_column][\/et_pb_row][\/et_pb_section][et_pb_section fb_built=\u00bb1&#8243; _builder_version=\u00bb4.27.6&#8243; _module_preset=\u00bbdefault\u00bb custom_padding=\u00bb30px||0px||false|false\u00bb da_disable_devices=\u00bboff|off|off\u00bb global_colors_info=\u00bb{}\u00bb da_is_popup=\u00bboff\u00bb da_exit_intent=\u00bboff\u00bb da_has_close=\u00bbon\u00bb da_alt_close=\u00bboff\u00bb da_dark_close=\u00bboff\u00bb da_not_modal=\u00bbon\u00bb da_is_singular=\u00bboff\u00bb da_with_loader=\u00bboff\u00bb da_has_shadow=\u00bbon\u00bb][et_pb_row module_id=\u00bbplayas\u00bb _builder_version=\u00bb4.27.6&#8243; custom_padding=\u00bb||||false|false\u00bb global_colors_info=\u00bb{}\u00bb][et_pb_column type=\u00bb4_4&#8243; _builder_version=\u00bb4.16&#8243; global_colors_info=\u00bb{}\u00bb][et_pb_text _builder_version=\u00bb4.27.6&#8243; custom_margin=\u00bb||||false|false\u00bb custom_padding=\u00bb||||false|false\u00bb border_width_bottom=\u00bb2px\u00bb border_color_bottom=\u00bb#EBA123&#8243; global_colors_info=\u00bb{}\u00bb]<\/p>\n<h2>Playas y Lagunas Cerca de Tepic<\/h2>\n<p>[\/et_pb_text][\/et_pb_column][\/et_pb_row][et_pb_row column_structure=\u00bb1_3,1_3,1_3&#8243; use_custom_gutter=\u00bbon\u00bb make_equal=\u00bbon\u00bb module_class=\u00bbthree-columns\u00bb _builder_version=\u00bb4.27.6&#8243; _module_preset=\u00bbdefault\u00bb custom_padding=\u00bb||||false|false\u00bb global_colors_info=\u00bb{}\u00bb][et_pb_column type=\u00bb1_3&#8243; _builder_version=\u00bb4.27.6&#8243; _module_preset=\u00bbdefault\u00bb custom_padding=\u00bb||20px||false|false\u00bb custom_css_main_element=\u00bb  display: flex;||  justify-content: center;||  flex-wrap: wrap;\u00bb border_radii=\u00bbon|20px|20px|20px|20px\u00bb border_width_all=\u00bb1px\u00bb border_color_all=\u00bbrgba(61,90,105,0.35)\u00bb global_colors_info=\u00bb{}\u00bb][et_pb_image src=\u00bbhttps:\/\/hotelesfray.com\/wp-content\/uploads\/2023\/08\/DestacadoLaguna-jpg.webp\u00bb alt=\u00bbVista aerea de la laguna de Santa Maria Del Oro en Nayarit.\u00bb title_text=\u00bbDestacadoLaguna\u00bb show_in_lightbox=\u00bbon\u00bb align=\u00bbcenter\u00bb _builder_version=\u00bb4.27.6&#8243; width_tablet=\u00bb90%\u00bb width_last_edited=\u00bboff|phone\u00bb custom_margin=\u00bb||||false|false\u00bb box_shadow_style=\u00bbpreset3&#8243; global_colors_info=\u00bb{}\u00bb width__hover_enabled=\u00bboff|desktop\u00bb][\/et_pb_image][et_pb_text _builder_version=\u00bb4.27.6&#8243; custom_margin=\u00bb||15px||false|false\u00bb custom_margin_tablet=\u00bb||15px||false|false\u00bb custom_margin_last_edited=\u00bboff|desktop\u00bb custom_padding=\u00bb|20px||20px|false|false\u00bb global_colors_info=\u00bb{}\u00bb]<\/p>\n<h3 style=\"text-align: center;\">Laguna de Santa Mar\u00eda del Oro<\/h3>\n<p style=\"text-align: center;\">\u00a1Es un cr\u00e1ter de volc\u00e1n! Redonda y de cinco colores diferentes dependiendo la estaci\u00f3n y d\u00eda del a\u00f1o, es una belleza natural y su deliciosa gastronom\u00eda que los restaurantes de alrededor te ofrecen te dejar\u00e1 sorprendido.<\/p>\n<p style=\"text-align: center;\"><span style=\"color: #eba123;\"><strong>Distancia desde el hotel:<br \/><\/strong><\/span>55 kil\u00f3metros (45 minutos)<\/p>\n<p>[\/et_pb_text][et_pb_button button_url=\u00bbhttps:\/\/goo.gl\/maps\/Z5B14ydXanEC11Bg6&#8243; button_text=\u00bbC\u00f3mo llegar\u00bb button_alignment=\u00bbleft\u00bb button_alignment_tablet=\u00bbcenter\u00bb button_alignment_phone=\u00bbleft\u00bb button_alignment_last_edited=\u00bbon|desktop\u00bb _builder_version=\u00bb4.27.6&#8243; custom_button=\u00bbon\u00bb button_text_size=\u00bb14px\u00bb button_icon=\u00bb&#xe081;||divi||400&#8243; custom_margin=\u00bb|10px|||false|false\u00bb global_colors_info=\u00bb{}\u00bb][\/et_pb_button][et_pb_button button_url=\u00bb@ET-DC@eyJkeW5hbWljIjp0cnVlLCJjb250ZW50IjoicG9zdF9saW5rX3VybF9wb3N0Iiwic2V0dGluZ3MiOnsicG9zdF9pZCI6IjExNDcifX0=@\u00bb button_text=\u00bbM\u00e1s informaci\u00f3n\u00bb button_alignment=\u00bbleft\u00bb button_alignment_tablet=\u00bbcenter\u00bb button_alignment_phone=\u00bbleft\u00bb button_alignment_last_edited=\u00bbon|desktop\u00bb _builder_version=\u00bb4.27.4&#8243; _dynamic_attributes=\u00bbbutton_url\u00bb custom_button=\u00bbon\u00bb button_text_size=\u00bb14px\u00bb button_icon=\u00bb&#xf055;||fa||900&#8243; button_on_hover=\u00bboff\u00bb global_colors_info=\u00bb{}\u00bb][\/et_pb_button][\/et_pb_column][et_pb_column type=\u00bb1_3&#8243; _builder_version=\u00bb4.27.6&#8243; _module_preset=\u00bbdefault\u00bb custom_padding=\u00bb||20px||false|false\u00bb custom_css_main_element=\u00bb  display: flex;||  justify-content: center;||  flex-wrap: wrap;\u00bb border_radii=\u00bbon|20px|20px|20px|20px\u00bb border_width_all=\u00bb1px\u00bb border_color_all=\u00bbrgba(61,90,105,0.35)\u00bb global_colors_info=\u00bb{}\u00bb][et_pb_image src=\u00bbhttps:\/\/hotelesfray.com\/wp-content\/uploads\/2023\/08\/DestacadoSanBlas-jpg.webp\u00bb alt=\u00bbVista aerea del muelle de Matanchen en San Blas Nayarit.\u00bb title_text=\u00bbDestacadoSanBlas\u00bb show_in_lightbox=\u00bbon\u00bb align=\u00bbcenter\u00bb _builder_version=\u00bb4.27.6&#8243; width_tablet=\u00bb90%\u00bb width_last_edited=\u00bboff|phone\u00bb custom_margin=\u00bb||||false|false\u00bb box_shadow_style=\u00bbpreset3&#8243; global_colors_info=\u00bb{}\u00bb][\/et_pb_image][et_pb_text _builder_version=\u00bb4.27.6&#8243; custom_margin=\u00bb||15px||false|false\u00bb custom_padding=\u00bb|20px||20px|false|false\u00bb global_colors_info=\u00bb{}\u00bb]<\/p>\n<h3 style=\"text-align: center;\">Bah\u00eda de Matanch\u00e9n, San Blas<\/h3>\n<p style=\"text-align: center;\">\u00a1Tepic ya tiene playa! Aqu\u00ed encontrar\u00e1s el famoso muelle que consta de 250 metros construidos sobre el mar. Disfruta de la gastronom\u00eda del lugar a base de mariscos frescos, preparados al estilo m\u00e1s nayarita.<\/p>\n<p style=\"text-align: center;\"><span style=\"color: #eba123;\"><strong>Distancia desde el hotel:<\/strong><\/span><br \/>40 kil\u00f3metros (25 minutos)<\/p>\n<p>[\/et_pb_text][et_pb_button button_url=\u00bbhttps:\/\/goo.gl\/maps\/vsivkFnb2T7XzhQa7&#8243; button_text=\u00bbC\u00f3mo llegar\u00bb button_alignment=\u00bbleft\u00bb button_alignment_tablet=\u00bbcenter\u00bb button_alignment_phone=\u00bbleft\u00bb button_alignment_last_edited=\u00bbon|desktop\u00bb _builder_version=\u00bb4.21.0&#8243; custom_button=\u00bbon\u00bb button_text_size=\u00bb14px\u00bb button_icon=\u00bb&#xe081;||divi||400&#8243; custom_margin=\u00bb|10px|||false|false\u00bb global_colors_info=\u00bb{}\u00bb][\/et_pb_button][et_pb_button button_url=\u00bb@ET-DC@eyJkeW5hbWljIjp0cnVlLCJjb250ZW50IjoicG9zdF9saW5rX3VybF9wb3N0Iiwic2V0dGluZ3MiOnsicG9zdF9pZCI6IjEyMDIifX0=@\u00bb button_text=\u00bbM\u00e1s informaci\u00f3n\u00bb button_alignment=\u00bbleft\u00bb button_alignment_tablet=\u00bbcenter\u00bb button_alignment_phone=\u00bbleft\u00bb button_alignment_last_edited=\u00bbon|desktop\u00bb _builder_version=\u00bb4.27.6&#8243; _dynamic_attributes=\u00bbbutton_url\u00bb custom_button=\u00bbon\u00bb button_text_size=\u00bb14px\u00bb button_icon=\u00bb&#xf055;||fa||900&#8243; button_on_hover=\u00bboff\u00bb global_colors_info=\u00bb{}\u00bb][\/et_pb_button][\/et_pb_column][et_pb_column type=\u00bb1_3&#8243; _builder_version=\u00bb4.27.6&#8243; _module_preset=\u00bbdefault\u00bb custom_padding=\u00bb||20px||false|false\u00bb custom_css_main_element=\u00bb  display: flex;||  justify-content: center;||  flex-wrap: wrap;\u00bb border_radii=\u00bbon|20px|20px|20px|20px\u00bb border_width_all=\u00bb1px\u00bb border_color_all=\u00bbrgba(61,90,105,0.35)\u00bb global_colors_info=\u00bb{}\u00bb][et_pb_image src=\u00bbhttps:\/\/hotelesfray.com\/wp-content\/uploads\/2021\/01\/PlayaElBorrego.jpg\u00bb alt=\u00bbVista aerea del muelle de Matanchen en San Blas Nayarit.\u00bb title_text=\u00bbPlayaElBorrego\u00bb show_in_lightbox=\u00bbon\u00bb align=\u00bbcenter\u00bb _builder_version=\u00bb4.27.6&#8243; width_tablet=\u00bb90%\u00bb width_last_edited=\u00bboff|phone\u00bb custom_margin=\u00bb||||false|false\u00bb box_shadow_style=\u00bbpreset3&#8243; global_colors_info=\u00bb{}\u00bb][\/et_pb_image][et_pb_text _builder_version=\u00bb4.27.6&#8243; custom_margin=\u00bb||15px||false|false\u00bb custom_padding=\u00bb|20px||20px|false|false\u00bb global_colors_info=\u00bb{}\u00bb]<\/p>\n<h3 style=\"text-align: center;\">Playa El Borrego, San Blas<\/h3>\n<p style=\"text-align: center;\">Tradicional y extensa playa de arena dorada y palmeras situada en San Blas, Nayarit. Destaca por su ambiente relajado, ideal para caminar, disfrutar de sus atardeceres y comer mariscos frescos en sus palapas, destacando el pescado zarandeado.<\/p>\n<p style=\"text-align: center;\"><span style=\"color: #eba123;\"><strong>Distancia desde el hotel:<\/strong><\/span><br \/>45 kil\u00f3metros (35 minutos)<\/p>\n<p>[\/et_pb_text][et_pb_button button_url=\u00bbhttps:\/\/goo.gl\/maps\/vsivkFnb2T7XzhQa7&#8243; button_text=\u00bbC\u00f3mo llegar\u00bb button_alignment=\u00bbleft\u00bb button_alignment_tablet=\u00bbcenter\u00bb button_alignment_phone=\u00bbleft\u00bb button_alignment_last_edited=\u00bbon|desktop\u00bb _builder_version=\u00bb4.21.0&#8243; custom_button=\u00bbon\u00bb button_text_size=\u00bb14px\u00bb button_icon=\u00bb&#xe081;||divi||400&#8243; custom_margin=\u00bb|10px|||false|false\u00bb global_colors_info=\u00bb{}\u00bb][\/et_pb_button][et_pb_button button_url=\u00bb@ET-DC@eyJkeW5hbWljIjp0cnVlLCJjb250ZW50IjoicG9zdF9saW5rX3VybF9wb3N0Iiwic2V0dGluZ3MiOnsicG9zdF9pZCI6IjIyNjQifX0=@\u00bb button_text=\u00bbM\u00e1s informaci\u00f3n\u00bb button_alignment=\u00bbleft\u00bb button_alignment_tablet=\u00bbcenter\u00bb button_alignment_phone=\u00bbleft\u00bb button_alignment_last_edited=\u00bbon|desktop\u00bb _builder_version=\u00bb4.27.6&#8243; _dynamic_attributes=\u00bbbutton_url\u00bb custom_button=\u00bbon\u00bb button_text_size=\u00bb14px\u00bb button_icon=\u00bb&#xf055;||fa||900&#8243; button_on_hover=\u00bboff\u00bb global_colors_info=\u00bb{}\u00bb][\/et_pb_button][\/et_pb_column][\/et_pb_row][\/et_pb_section][et_pb_section fb_built=\u00bb1&#8243; _builder_version=\u00bb4.27.6&#8243; _module_preset=\u00bbdefault\u00bb custom_padding=\u00bb30px||0px||false|false\u00bb da_disable_devices=\u00bboff|off|off\u00bb global_colors_info=\u00bb{}\u00bb da_is_popup=\u00bboff\u00bb da_exit_intent=\u00bboff\u00bb da_has_close=\u00bbon\u00bb da_alt_close=\u00bboff\u00bb da_dark_close=\u00bboff\u00bb da_not_modal=\u00bbon\u00bb da_is_singular=\u00bboff\u00bb da_with_loader=\u00bboff\u00bb da_has_shadow=\u00bbon\u00bb][et_pb_row module_id=\u00bbpueblos\u00bb _builder_version=\u00bb4.27.6&#8243; custom_padding=\u00bb||||false|false\u00bb global_colors_info=\u00bb{}\u00bb][et_pb_column type=\u00bb4_4&#8243; _builder_version=\u00bb4.16&#8243; global_colors_info=\u00bb{}\u00bb][et_pb_text _builder_version=\u00bb4.27.6&#8243; custom_margin=\u00bb||||false|false\u00bb custom_padding=\u00bb||||false|false\u00bb border_width_bottom=\u00bb2px\u00bb border_color_bottom=\u00bb#EBA123&#8243; global_colors_info=\u00bb{}\u00bb]<\/p>\n<h2>Pueblos y Barrios M\u00e1gicos de Nayarit desde Tepic<\/h2>\n<p>[\/et_pb_text][\/et_pb_column][\/et_pb_row][et_pb_row column_structure=\u00bb1_3,1_3,1_3&#8243; use_custom_gutter=\u00bbon\u00bb make_equal=\u00bbon\u00bb module_class=\u00bbthree-columns\u00bb _builder_version=\u00bb4.27.6&#8243; _module_preset=\u00bbdefault\u00bb custom_padding=\u00bb||||false|false\u00bb global_colors_info=\u00bb{}\u00bb][et_pb_column type=\u00bb1_3&#8243; _builder_version=\u00bb4.27.6&#8243; _module_preset=\u00bbdefault\u00bb custom_padding=\u00bb||20px||false|false\u00bb custom_css_main_element=\u00bb  display: flex;||  justify-content: center;||  flex-wrap: wrap;\u00bb border_radii=\u00bbon|20px|20px|20px|20px\u00bb border_width_all=\u00bb1px\u00bb border_color_all=\u00bbrgba(61,90,105,0.35)\u00bb global_colors_info=\u00bb{}\u00bb][et_pb_image src=\u00bbhttps:\/\/hotelesfray.com\/wp-content\/uploads\/2023\/08\/Tepic11-jpg.webp\u00bb alt=\u00bbPareja en la Ex-Fabrica Textil de Bellavista en Tepic\u00bb title_text=\u00bbTepic11&#8243; show_in_lightbox=\u00bbon\u00bb align=\u00bbcenter\u00bb _builder_version=\u00bb4.27.6&#8243; custom_margin=\u00bb||||false|false\u00bb hover_enabled=\u00bb0&#8243; box_shadow_style=\u00bbpreset3&#8243; global_colors_info=\u00bb{}\u00bb sticky_enabled=\u00bb0&#8243;][\/et_pb_image][et_pb_text _builder_version=\u00bb4.27.6&#8243; text_orientation=\u00bbcenter\u00bb custom_margin=\u00bb||15px||false|false\u00bb custom_padding=\u00bb|20px||20px|false|false\u00bb global_colors_info=\u00bb{}\u00bb]<\/p>\n<h3>Bellavista<\/h3>\n<p>Barrio M\u00e1gico donde se encuentra la Ex-F\u00e1brica Textil de Bellavista constru\u00edda en 1841, r\u00e9plica exacta de un edificio fabril en B\u00e9lgica llamado\u00bb<em>Bellevue<\/em>\u00ab. Revive su historia a trav\u00e9s de los recorridos guiados.<\/p>\n<p><span style=\"color: #eba123;\"><strong>Distancia desde el hotel:<\/strong><\/span><br \/>10 kil\u00f3metros (15 minutos)<\/p>\n<p>[\/et_pb_text][et_pb_button button_url=\u00bbhttps:\/\/goo.gl\/maps\/UPmzGLKv2ADbSMT7A\u00bb button_text=\u00bbC\u00f3mo llegar\u00bb button_alignment=\u00bbleft\u00bb button_alignment_tablet=\u00bbcenter\u00bb button_alignment_phone=\u00bbleft\u00bb button_alignment_last_edited=\u00bbon|desktop\u00bb _builder_version=\u00bb4.27.6&#8243; custom_button=\u00bbon\u00bb button_text_size=\u00bb14px\u00bb button_icon=\u00bb&#xe081;||divi||400&#8243; custom_margin=\u00bb|10px|||false|false\u00bb global_colors_info=\u00bb{}\u00bb][\/et_pb_button][et_pb_button button_url=\u00bbhttps:\/\/escapadas.mexicodesconocido.com.mx\/atractivos\/bellavista-nayarit\/\u00bb button_text=\u00bbM\u00e1s informaci\u00f3n\u00bb button_alignment=\u00bbleft\u00bb button_alignment_tablet=\u00bbcenter\u00bb button_alignment_phone=\u00bbleft\u00bb button_alignment_last_edited=\u00bbon|desktop\u00bb _builder_version=\u00bb4.27.6&#8243; custom_button=\u00bbon\u00bb button_text_size=\u00bb14px\u00bb button_icon=\u00bb&#xf055;||fa||900&#8243; button_on_hover=\u00bboff\u00bb global_colors_info=\u00bb{}\u00bb][\/et_pb_button][\/et_pb_column][et_pb_column type=\u00bb1_3&#8243; _builder_version=\u00bb4.27.6&#8243; _module_preset=\u00bbdefault\u00bb custom_padding=\u00bb||20px||false|false\u00bb custom_css_main_element=\u00bb  display: flex;||  justify-content: center;||  flex-wrap: wrap;\u00bb border_radii=\u00bbon|20px|20px|20px|20px\u00bb border_width_all=\u00bb1px\u00bb border_color_all=\u00bbrgba(61,90,105,0.35)\u00bb global_colors_info=\u00bb{}\u00bb][et_pb_image src=\u00bbhttps:\/\/hotelesfray.com\/wp-content\/uploads\/2023\/06\/JalaAerea1.jpg\u00bb alt=\u00bbVista aerea de una iglesia colonial en un pueblo\u00bb title_text=\u00bbJalaAerea1&#8243; show_in_lightbox=\u00bbon\u00bb align=\u00bbcenter\u00bb _builder_version=\u00bb4.27.6&#8243; module_alignment=\u00bbcenter\u00bb custom_margin=\u00bb||||false|false\u00bb border_radii=\u00bbon|5px|5px|5px|5px\u00bb box_shadow_style=\u00bbpreset3&#8243; global_colors_info=\u00bb{}\u00bb][\/et_pb_image][et_pb_text _builder_version=\u00bb4.27.6&#8243; custom_margin=\u00bb-10px||15px||false|false\u00bb custom_padding=\u00bb|20px||20px|false|false\u00bb global_colors_info=\u00bb{}\u00bb]<\/p>\n<h3 style=\"text-align: center;\">Jala<\/h3>\n<p style=\"text-align: center;\">Jala es un Pueblo M\u00e1gico lleno de historia, arquitectura y tradici\u00f3n; de calles empedradas y viejas casonas de estilo espa\u00f1ol, construidas con adobe y techos cubiertos de teja roja.<\/p>\n<p style=\"text-align: center;\"><span style=\"color: #eba123;\"><strong>Distancia desde el hotel:<\/strong><\/span><br \/>70 kil\u00f3metros (60 minutos)<\/p>\n<p>[\/et_pb_text][et_pb_button button_url=\u00bbhttps:\/\/goo.gl\/maps\/mRZMkGXoFTbroHgL8&#8243; button_text=\u00bb\u00bfC\u00f3mo llegar?\u00bb button_alignment=\u00bbleft\u00bb _builder_version=\u00bb4.27.6&#8243; custom_button=\u00bbon\u00bb button_text_size=\u00bb14px\u00bb custom_margin=\u00bb|10px|||false|false\u00bb custom_padding=\u00bb||||false|false\u00bb global_colors_info=\u00bb{}\u00bb][\/et_pb_button][et_pb_button button_url=\u00bb@ET-DC@eyJkeW5hbWljIjp0cnVlLCJjb250ZW50IjoicG9zdF9saW5rX3VybF9wb3N0Iiwic2V0dGluZ3MiOnsicG9zdF9pZCI6IjMzNzAifX0=@\u00bb button_text=\u00bbM\u00e1s Informaci\u00f3n\u00bb button_alignment=\u00bbleft\u00bb _builder_version=\u00bb4.21.0&#8243; _dynamic_attributes=\u00bbbutton_url\u00bb custom_button=\u00bbon\u00bb button_text_size=\u00bb14px\u00bb button_icon=\u00bb&#xf055;||fa||900&#8243; button_on_hover=\u00bboff\u00bb custom_margin=\u00bb||30px||false|false\u00bb global_colors_info=\u00bb{}\u00bb][\/et_pb_button][\/et_pb_column][et_pb_column type=\u00bb1_3&#8243; _builder_version=\u00bb4.27.6&#8243; _module_preset=\u00bbdefault\u00bb custom_padding=\u00bb||20px||false|false\u00bb custom_css_main_element=\u00bb  display: flex;||  justify-content: center;||  flex-wrap: wrap;\u00bb border_radii=\u00bbon|20px|20px|20px|20px\u00bb border_width_all=\u00bb1px\u00bb border_color_all=\u00bbrgba(61,90,105,0.35)\u00bb global_colors_info=\u00bb{}\u00bb][et_pb_image src=\u00bbhttps:\/\/hotelesfray.com\/wp-content\/uploads\/2025\/03\/2019-04-18_10-05-12-scaled.webp\u00bb alt=\u00bbPareja en la Ex-Fabrica Textil de Bellavista en Tepic\u00bb title_text=\u00bb2019-04-18_10-05-12&#8243; show_in_lightbox=\u00bbon\u00bb align=\u00bbcenter\u00bb _builder_version=\u00bb4.27.4&#8243; width_tablet=\u00bb90%\u00bb width_last_edited=\u00bboff|phone\u00bb border_radii=\u00bbon|5px|5px|5px|5px\u00bb box_shadow_style=\u00bbpreset3&#8243; global_colors_info=\u00bb{}\u00bb][\/et_pb_image][et_pb_text _builder_version=\u00bb4.27.6&#8243; text_orientation=\u00bbcenter\u00bb custom_margin=\u00bb||15px||false|false\u00bb custom_padding=\u00bb|20px||20px|false|false\u00bb global_colors_info=\u00bb{}\u00bb]<\/p>\n<h3>Colonia Zitakua<\/h3>\n<p>La \u00fanica comunidad Wix\u00e1rika ubicada dentro de una ciudad en todo M\u00e9xico. Aqu\u00ed puedes disfrutar de su gastronom\u00eda a base de ma\u00edz morado, as\u00ed como artesan\u00edas fabricadas por manos de su comunidad.<\/p>\n<p><span style=\"color: #eba123;\"><strong>Distancia desde el hotel:<\/strong><\/span><br \/>5 kil\u00f3metros (10 minutos)<\/p>\n<p>[\/et_pb_text][et_pb_button button_url=\u00bbhttps:\/\/maps.app.goo.gl\/QxicgSMK3F6NH5rm7&#8243; button_text=\u00bbC\u00f3mo llegar\u00bb button_alignment=\u00bbleft\u00bb button_alignment_tablet=\u00bbcenter\u00bb button_alignment_phone=\u00bbleft\u00bb button_alignment_last_edited=\u00bbon|desktop\u00bb _builder_version=\u00bb4.27.6&#8243; custom_button=\u00bbon\u00bb button_text_size=\u00bb14px\u00bb button_icon=\u00bb&#xe081;||divi||400&#8243; custom_margin=\u00bb|10px|||false|false\u00bb global_colors_info=\u00bb{}\u00bb][\/et_pb_button][\/et_pb_column][\/et_pb_row][\/et_pb_section][et_pb_section fb_built=\u00bb1&#8243; _builder_version=\u00bb4.27.6&#8243; _module_preset=\u00bbdefault\u00bb custom_padding=\u00bb30px||0px||false|false\u00bb da_disable_devices=\u00bboff|off|off\u00bb global_colors_info=\u00bb{}\u00bb da_is_popup=\u00bboff\u00bb da_exit_intent=\u00bboff\u00bb da_has_close=\u00bbon\u00bb da_alt_close=\u00bboff\u00bb da_dark_close=\u00bboff\u00bb da_not_modal=\u00bbon\u00bb da_is_singular=\u00bboff\u00bb da_with_loader=\u00bboff\u00bb da_has_shadow=\u00bbon\u00bb][et_pb_row module_id=\u00bbecoturismo\u00bb _builder_version=\u00bb4.27.6&#8243; custom_padding=\u00bb||||false|false\u00bb global_colors_info=\u00bb{}\u00bb][et_pb_column type=\u00bb4_4&#8243; _builder_version=\u00bb4.16&#8243; global_colors_info=\u00bb{}\u00bb][et_pb_text _builder_version=\u00bb4.27.6&#8243; custom_margin=\u00bb||||false|false\u00bb custom_padding=\u00bb||||false|false\u00bb border_width_bottom=\u00bb2px\u00bb border_color_bottom=\u00bb#EBA123&#8243; global_colors_info=\u00bb{}\u00bb]<\/p>\n<h2>Ecoturismo y Aventura en los Alrededores de Tepic<\/h2>\n<p>[\/et_pb_text][\/et_pb_column][\/et_pb_row][et_pb_row column_structure=\u00bb1_3,1_3,1_3&#8243; use_custom_gutter=\u00bbon\u00bb make_equal=\u00bbon\u00bb module_class=\u00bbthree-columns\u00bb _builder_version=\u00bb4.27.6&#8243; _module_preset=\u00bbdefault\u00bb custom_padding=\u00bb||||false|false\u00bb global_colors_info=\u00bb{}\u00bb][et_pb_column type=\u00bb1_3&#8243; _builder_version=\u00bb4.27.6&#8243; _module_preset=\u00bbdefault\u00bb custom_padding=\u00bb||20px||false|false\u00bb custom_css_main_element=\u00bb  display: flex;||  justify-content: center;||  flex-wrap: wrap;\u00bb border_radii=\u00bbon|20px|20px|20px|20px\u00bb border_width_all=\u00bb1px\u00bb border_color_all=\u00bbrgba(61,90,105,0.35)\u00bb global_colors_info=\u00bb{}\u00bb][et_pb_image src=\u00bbhttps:\/\/hotelesfray.com\/wp-content\/uploads\/2023\/06\/SanBlas-tovara.jpg\u00bb alt=\u00bbLancha navegando por canal de agua rodeado de manglar en la Tovara, San Blas Nayarit\u00bb title_text=\u00bbSanBlas-tovara\u00bb show_in_lightbox=\u00bbon\u00bb align=\u00bbcenter\u00bb _builder_version=\u00bb4.21.0&#8243; module_alignment=\u00bbcenter\u00bb border_radii=\u00bbon|5px|5px|5px|5px\u00bb box_shadow_style=\u00bbpreset3&#8243; global_colors_info=\u00bb{}\u00bb][\/et_pb_image][et_pb_text _builder_version=\u00bb4.21.0&#8243; text_orientation=\u00bbcenter\u00bb custom_margin=\u00bb||15px||false|false\u00bb custom_padding=\u00bb|20px||20px|false|false\u00bb global_colors_info=\u00bb{}\u00bb]<\/p>\n<h3>La Tovara<\/h3>\n<p>La zona de manglares m\u00e1s importante de M\u00e9xico, \u00fanica por su naturaleza, con sus 8 km. de canales navegables.<\/p>\n<p><em>San Blas \u2013 45 minutos<\/em><\/p>\n<p>[\/et_pb_text][et_pb_button button_url=\u00bbhttps:\/\/goo.gl\/maps\/AJCRvWHiiBdGj8Ks8&#8243; button_text=\u00bb\u00bfC\u00f3mo llegar?\u00bb button_alignment=\u00bbleft\u00bb _builder_version=\u00bb4.27.6&#8243; custom_button=\u00bbon\u00bb button_text_size=\u00bb14px\u00bb custom_margin=\u00bb|10px|||false|false\u00bb global_colors_info=\u00bb{}\u00bb][\/et_pb_button][et_pb_button button_url=\u00bb@ET-DC@eyJkeW5hbWljIjp0cnVlLCJjb250ZW50IjoicG9zdF9saW5rX3VybF9wb3N0Iiwic2V0dGluZ3MiOnsicG9zdF9pZCI6IjgxOSJ9fQ==@\u00bb button_text=\u00bbM\u00e1s Informaci\u00f3n\u00bb button_alignment=\u00bbleft\u00bb _builder_version=\u00bb4.27.6&#8243; _dynamic_attributes=\u00bbbutton_url\u00bb custom_button=\u00bbon\u00bb button_text_size=\u00bb14px\u00bb button_icon=\u00bb&#xf055;||fa||900&#8243; button_on_hover=\u00bboff\u00bb custom_margin=\u00bb||||false|false\u00bb global_colors_info=\u00bb{}\u00bb][\/et_pb_button][\/et_pb_column][et_pb_column type=\u00bb1_3&#8243; _builder_version=\u00bb4.27.6&#8243; _module_preset=\u00bbdefault\u00bb custom_padding=\u00bb||20px||false|false\u00bb custom_css_main_element=\u00bb  display: flex;||  justify-content: center;||  flex-wrap: wrap;\u00bb border_radii=\u00bbon|20px|20px|20px|20px\u00bb border_width_all=\u00bb1px\u00bb border_color_all=\u00bbrgba(61,90,105,0.35)\u00bb global_colors_info=\u00bb{}\u00bb][et_pb_image src=\u00bbhttps:\/\/hotelfrayjunipero.com\/wp-content\/uploads\/2020\/02\/DestNoria.jpg\u00bb show_in_lightbox=\u00bbon\u00bb align=\u00bbcenter\u00bb _builder_version=\u00bb4.27.6&#8243; module_alignment=\u00bbcenter\u00bb custom_margin=\u00bb||||false|false\u00bb hover_enabled=\u00bb0&#8243; border_radii=\u00bbon|5px|5px|5px|5px\u00bb box_shadow_style=\u00bbpreset3&#8243; global_colors_info=\u00bb{}\u00bb sticky_enabled=\u00bb0&#8243;][\/et_pb_image][et_pb_text _builder_version=\u00bb4.27.6&#8243; text_orientation=\u00bbcenter\u00bb custom_margin=\u00bb||15px||false|false\u00bb custom_padding=\u00bb|20px||20px|false|false\u00bb global_colors_info=\u00bb{}\u00bb]<\/p>\n<h3>Rancho La Noria<\/h3>\n<p>Un \u00e1rea para practicar el eco-turismo: con caba\u00f1as,\u00a0tirolesa, rappel, senderismo, ciclismo, cuatrimotos y caballos.<\/p>\n<p><em>Xalisco \u2013 30 minutos<\/em><\/p>\n<p>[\/et_pb_text][et_pb_button button_url=\u00bbhttps:\/\/goo.gl\/maps\/JMD7Vc3tsPAaRmez6&#8243; button_text=\u00bb\u00bfC\u00f3mo llegar?\u00bb button_alignment=\u00bbleft\u00bb _builder_version=\u00bb4.27.6&#8243; custom_button=\u00bbon\u00bb button_text_size=\u00bb14px\u00bb custom_margin=\u00bb|10px|||false|false\u00bb custom_padding=\u00bb||||false|false\u00bb global_colors_info=\u00bb{}\u00bb][\/et_pb_button][et_pb_button button_url=\u00bb@ET-DC@eyJkeW5hbWljIjp0cnVlLCJjb250ZW50IjoicG9zdF9saW5rX3VybF9wb3N0Iiwic2V0dGluZ3MiOnsicG9zdF9pZCI6IjIyNzcifX0=@\u00bb button_text=\u00bbM\u00e1s Informaci\u00f3n\u00bb button_alignment=\u00bbleft\u00bb _builder_version=\u00bb4.27.6&#8243; _dynamic_attributes=\u00bbbutton_url\u00bb custom_button=\u00bbon\u00bb button_text_size=\u00bb14px\u00bb custom_margin=\u00bb|10px|||false|false\u00bb global_colors_info=\u00bb{}\u00bb][\/et_pb_button][\/et_pb_column][et_pb_column type=\u00bb1_3&#8243; _builder_version=\u00bb4.27.6&#8243; _module_preset=\u00bbdefault\u00bb custom_padding=\u00bb||20px||false|false\u00bb custom_css_main_element=\u00bb  display: flex;||  justify-content: center;||  flex-wrap: wrap;\u00bb border_radii=\u00bbon|20px|20px|20px|20px\u00bb border_width_all=\u00bb1px\u00bb border_color_all=\u00bbrgba(61,90,105,0.35)\u00bb global_colors_info=\u00bb{}\u00bb][et_pb_image src=\u00bbhttps:\/\/hotelfrayjunipero.com\/wp-content\/uploads\/2020\/02\/DestMonta\u00f1a.jpg\u00bb show_in_lightbox=\u00bbon\u00bb align=\u00bbcenter\u00bb _builder_version=\u00bb4.21.0&#8243; module_alignment=\u00bbcenter\u00bb border_radii=\u00bbon|5px|5px|5px|5px\u00bb box_shadow_style=\u00bbpreset3&#8243; global_colors_info=\u00bb{}\u00bb][\/et_pb_image][et_pb_text _builder_version=\u00bb4.21.0&#8243; text_orientation=\u00bbcenter\u00bb custom_margin=\u00bb||15px||false|false\u00bb custom_padding=\u00bb|20px||20px|false|false\u00bb global_colors_info=\u00bb{}\u00bb]<\/p>\n<h3>La Monta\u00f1a<\/h3>\n<p>Aventura en contacto con la naturaleza: piletas de agua de manantial, restaurante rural, y su famosa Ruta del Oro.<\/p>\n<p><em>Xalisco \u2013 45 minutos<\/em><\/p>\n<p>[\/et_pb_text][et_pb_button button_url=\u00bbhttps:\/\/goo.gl\/maps\/noQmV99Cjb9MhBKS6&#8243; button_text=\u00bb\u00bfC\u00f3mo llegar?\u00bb button_alignment=\u00bbleft\u00bb _builder_version=\u00bb4.27.6&#8243; custom_button=\u00bbon\u00bb button_text_size=\u00bb14px\u00bb custom_margin=\u00bb|10px|||false|false\u00bb global_colors_info=\u00bb{}\u00bb][\/et_pb_button][et_pb_button button_url=\u00bb@ET-DC@eyJkeW5hbWljIjp0cnVlLCJjb250ZW50IjoicG9zdF9saW5rX3VybF9wb3N0Iiwic2V0dGluZ3MiOnsicG9zdF9pZCI6IjE5MDUifX0=@\u00bb button_text=\u00bbM\u00e1s Informaci\u00f3n\u00bb button_alignment=\u00bbleft\u00bb _builder_version=\u00bb4.27.6&#8243; _dynamic_attributes=\u00bbbutton_url\u00bb custom_button=\u00bbon\u00bb button_text_size=\u00bb14px\u00bb button_icon=\u00bb&#xf055;||fa||900&#8243; button_on_hover=\u00bboff\u00bb custom_margin=\u00bb||||false|false\u00bb global_colors_info=\u00bb{}\u00bb][\/et_pb_button][\/et_pb_column][\/et_pb_row][et_pb_row use_custom_gutter=\u00bbon\u00bb make_equal=\u00bbon\u00bb _builder_version=\u00bb4.27.6&#8243; background_enable_image=\u00bboff\u00bb custom_margin=\u00bb||25px||false|false\u00bb custom_padding=\u00bb0px|0px|0px|0px|true|true\u00bb global_colors_info=\u00bb{}\u00bb][et_pb_column type=\u00bb4_4&#8243; _builder_version=\u00bb4.27.6&#8243; use_background_color_gradient=\u00bbon\u00bb background_color_gradient_stops=\u00bbrgba(103,209,41,0.53) 0%|rgba(41,196,169,0.6) 100%\u00bb background_color_gradient_overlays_image=\u00bbon\u00bb background_image=\u00bbhttps:\/\/hotelesfray.com\/wp-content\/uploads\/2024\/02\/Islas2-jpg.webp\u00bb custom_padding=\u00bb20px|20px|25px|20px|false|false\u00bb border_radii=\u00bbon|20px|20px|20px|20px\u00bb box_shadow_style=\u00bbpreset3&#8243; box_shadow_vertical=\u00bb7px\u00bb global_colors_info=\u00bb{}\u00bb][et_pb_text _builder_version=\u00bb4.27.6&#8243; text_text_color=\u00bb#ffffff\u00bb header_text_color=\u00bb#20292d\u00bb header_2_text_color=\u00bb#ffffff\u00bb header_2_font_size=\u00bb28px\u00bb header_2_line_height=\u00bb1.5em\u00bb header_3_text_color=\u00bb#FFFFFF\u00bb header_3_font_size=\u00bb28px\u00bb header_3_line_height=\u00bb1.5em\u00bb custom_margin=\u00bb||||false|false\u00bb text_text_shadow_style=\u00bbpreset1&#8243; text_text_shadow_blur_strength=\u00bb0.62em\u00bb text_text_shadow_color=\u00bbrgba(0,0,0,0.6)\u00bb border_width_bottom=\u00bb2px\u00bb border_color_bottom=\u00bb#FFFFFF\u00bb global_colors_info=\u00bb{}\u00bb]<\/p>\n<h3>Conoce las <span style=\"color: #ffcc00;\">Islas Mar\u00edas<\/span><\/h3>\n<p>[\/et_pb_text][et_pb_text _builder_version=\u00bb4.27.6&#8243; text_text_color=\u00bb#ffffff\u00bb header_text_color=\u00bb#20292d\u00bb header_2_text_color=\u00bb#ffffff\u00bb header_2_font_size=\u00bb28px\u00bb header_2_line_height=\u00bb1.5em\u00bb header_3_text_color=\u00bb#FFFFFF\u00bb header_3_font_size=\u00bb28px\u00bb header_3_line_height=\u00bb1.5em\u00bb custom_margin=\u00bb||||false|false\u00bb custom_padding=\u00bb||10px||false|false\u00bb text_text_shadow_style=\u00bbpreset1&#8243; text_text_shadow_blur_strength=\u00bb0.62em\u00bb text_text_shadow_color=\u00bbrgba(0,0,0,0.6)\u00bb global_colors_info=\u00bb{}\u00bb]<\/p>\n<p><strong>Nayarit Adventures<\/strong><span>\u00a0y\u00a0<\/span><strong>Hoteles Fray<\/strong><span>\u00a0tienen para ti un completo paquete para conocer el nuevo destino tur\u00edstico y Pueblo M\u00e1gico: Puerto Balleto en las Islas Mar\u00edas. Una antigua colonia penitenciaria que se convierte en una reserva de la bi\u00f3sfera.<\/span><\/p>\n<p>[\/et_pb_text][et_pb_button button_url=\u00bb@ET-DC@eyJkeW5hbWljIjp0cnVlLCJjb250ZW50IjoicG9zdF9saW5rX3VybF9wYWdlIiwic2V0dGluZ3MiOnsicG9zdF9pZCI6IjQ5NzcifX0=@\u00bb button_text=\u00bbM\u00e1s informaci\u00f3n\u00bb _builder_version=\u00bb4.27.4&#8243; _dynamic_attributes=\u00bbbutton_url\u00bb custom_button=\u00bbon\u00bb button_text_color=\u00bb#3a4b54&#8243; button_bg_color=\u00bb#ffffff\u00bb button_icon=\u00bb&#xf055;||fa||900&#8243; button_on_hover=\u00bboff\u00bb global_colors_info=\u00bb{}\u00bb button_bg_color__hover_enabled=\u00bbon|desktop\u00bb button_bg_color__hover=\u00bb#ffffff\u00bb button_bg_enable_color__hover=\u00bbon\u00bb][\/et_pb_button][\/et_pb_column][\/et_pb_row][\/et_pb_section][et_pb_section fb_built=\u00bb1&#8243; _builder_version=\u00bb4.27.6&#8243; _module_preset=\u00bbdefault\u00bb custom_padding=\u00bb30px||0px||false|false\u00bb da_disable_devices=\u00bboff|off|off\u00bb global_colors_info=\u00bb{}\u00bb da_is_popup=\u00bboff\u00bb da_exit_intent=\u00bboff\u00bb da_has_close=\u00bbon\u00bb da_alt_close=\u00bboff\u00bb da_dark_close=\u00bboff\u00bb da_not_modal=\u00bbon\u00bb da_is_singular=\u00bboff\u00bb da_with_loader=\u00bboff\u00bb da_has_shadow=\u00bbon\u00bb][et_pb_row module_id=\u00bbparques\u00bb _builder_version=\u00bb4.27.6&#8243; custom_padding=\u00bb||||false|false\u00bb global_colors_info=\u00bb{}\u00bb][et_pb_column type=\u00bb4_4&#8243; _builder_version=\u00bb4.16&#8243; global_colors_info=\u00bb{}\u00bb][et_pb_text _builder_version=\u00bb4.27.6&#8243; custom_margin=\u00bb||||false|false\u00bb custom_padding=\u00bb||||false|false\u00bb border_width_bottom=\u00bb2px\u00bb border_color_bottom=\u00bb#EBA123&#8243; global_colors_info=\u00bb{}\u00bb]<\/p>\n<h2>Parques y Actividades al Aire Libre en Tepic<\/h2>\n<p>[\/et_pb_text][\/et_pb_column][\/et_pb_row][et_pb_row column_structure=\u00bb1_3,1_3,1_3&#8243; use_custom_gutter=\u00bbon\u00bb make_equal=\u00bbon\u00bb module_class=\u00bbthree-columns\u00bb _builder_version=\u00bb4.27.6&#8243; _module_preset=\u00bbdefault\u00bb custom_padding=\u00bb||||false|false\u00bb global_colors_info=\u00bb{}\u00bb][et_pb_column type=\u00bb1_3&#8243; _builder_version=\u00bb4.27.6&#8243; _module_preset=\u00bbdefault\u00bb custom_padding=\u00bb||20px||false|false\u00bb custom_css_main_element=\u00bb  display: flex;||  justify-content: center;||  flex-wrap: wrap;\u00bb border_radii=\u00bbon|20px|20px|20px|20px\u00bb border_width_all=\u00bb1px\u00bb border_color_all=\u00bbrgba(61,90,105,0.35)\u00bb global_colors_info=\u00bb{}\u00bb][et_pb_image src=\u00bbhttps:\/\/hotelfrayjunipero.com\/wp-content\/uploads\/2020\/05\/Tepic18.jpg\u00bb title_text=\u00bbTepic18&#8243; _builder_version=\u00bb4.27.6&#8243; _module_preset=\u00bbdefault\u00bb hover_enabled=\u00bb0&#8243; border_radii=\u00bbon|5px|5px|5px|5px\u00bb box_shadow_style=\u00bbpreset3&#8243; box_shadow_vertical=\u00bb10px\u00bb box_shadow_blur=\u00bb10px\u00bb global_colors_info=\u00bb{}\u00bb show_in_lightbox=\u00bbon\u00bb sticky_enabled=\u00bb0&#8243;][\/et_pb_image][et_pb_text _builder_version=\u00bb4.27.6&#8243; _module_preset=\u00bbdefault\u00bb text_orientation=\u00bbcenter\u00bb custom_margin=\u00bb||15px||false|false\u00bb custom_padding=\u00bb|20px||20px|false|false\u00bb global_colors_info=\u00bb{}\u00bb]<\/p>\n<h3>Parque \u201cLa Loma\u201d<\/h3>\n<p>Se trata del principal pulm\u00f3n de la ciudad de Tepic, y es el lugar perfecto tanto si deseas relajarte un poco el domingo por la tarde, o si quieres activarte cualquier d\u00eda por la ma\u00f1ana: cuenta con una trotapista con tramos de 2.5 y 5 kil\u00f3metros.<\/p>\n<p><em>Distancia: 5 minutos en autom\u00f3vil<\/em><\/p>\n<p>[\/et_pb_text][et_pb_button button_url=\u00bbhttps:\/\/goo.gl\/maps\/zCpQuc6qjAkWoHum8&#8243; button_text=\u00bb\u00bfC\u00f3mo llegar?\u00bb _builder_version=\u00bb4.27.6&#8243; _module_preset=\u00bbdefault\u00bb custom_button=\u00bbon\u00bb button_text_size=\u00bb14px\u00bb custom_margin=\u00bb|10px|15px||false|false\u00bb global_colors_info=\u00bb{}\u00bb][\/et_pb_button][et_pb_button button_url=\u00bb@ET-DC@eyJkeW5hbWljIjp0cnVlLCJjb250ZW50IjoicG9zdF9saW5rX3VybF9wb3N0Iiwic2V0dGluZ3MiOnsicG9zdF9pZCI6IjIyNzUifX0=@\u00bb button_text=\u00bbM\u00e1s informaci\u00f3n\u00bb _builder_version=\u00bb4.21.0&#8243; _dynamic_attributes=\u00bbbutton_url\u00bb _module_preset=\u00bbdefault\u00bb custom_button=\u00bbon\u00bb button_text_size=\u00bb14px\u00bb button_icon=\u00bb&#xf055;||fa||900&#8243; button_on_hover=\u00bboff\u00bb global_colors_info=\u00bb{}\u00bb][\/et_pb_button][\/et_pb_column][et_pb_column type=\u00bb1_3&#8243; _builder_version=\u00bb4.27.6&#8243; _module_preset=\u00bbdefault\u00bb custom_padding=\u00bb||20px||false|false\u00bb custom_css_main_element=\u00bb  display: flex;||  justify-content: center;||  flex-wrap: wrap;\u00bb border_radii=\u00bbon|20px|20px|20px|20px\u00bb border_width_all=\u00bb1px\u00bb border_color_all=\u00bbrgba(61,90,105,0.35)\u00bb global_colors_info=\u00bb{}\u00bb][et_pb_image src=\u00bbhttps:\/\/hotelfrayjunipero.com\/wp-content\/uploads\/2020\/03\/CerroSanJuan.jpg\u00bb title_text=\u00bbCerroSanJuan\u00bb _builder_version=\u00bb4.27.6&#8243; _module_preset=\u00bbdefault\u00bb hover_enabled=\u00bb0&#8243; border_radii=\u00bbon|5px|5px|5px|5px\u00bb box_shadow_style=\u00bbpreset3&#8243; box_shadow_vertical=\u00bb10px\u00bb box_shadow_blur=\u00bb10px\u00bb global_colors_info=\u00bb{}\u00bb show_in_lightbox=\u00bbon\u00bb sticky_enabled=\u00bb0&#8243;][\/et_pb_image][et_pb_text _builder_version=\u00bb4.27.6&#8243; _module_preset=\u00bbdefault\u00bb text_orientation=\u00bbcenter\u00bb custom_margin=\u00bb||15px||false|false\u00bb custom_padding=\u00bb|20px||20px|false|false\u00bb global_colors_info=\u00bb{}\u00bb]<\/p>\n<h3>Cerro de San Juan<\/h3>\n<p>Si deseas disfrutar del camino a un paso constante pero tranquilo puede llevarte hasta una hora llegar a \u201cla batea\u201d, que es la zona llana en la cima de este cerro donde se aprecia una vista incre\u00edble de la ciudad.<\/p>\n<p><em>Distancia: 10 minutos en autom\u00f3vil<\/em><\/p>\n<p>[\/et_pb_text][et_pb_button button_url=\u00bbhttps:\/\/goo.gl\/maps\/jsTvTjEik91upPQs5&#8243; button_text=\u00bb\u00bfC\u00f3mo llegar?\u00bb _builder_version=\u00bb4.27.6&#8243; _module_preset=\u00bbdefault\u00bb custom_button=\u00bbon\u00bb button_text_size=\u00bb14px\u00bb custom_margin=\u00bb|10px|15px||false|false\u00bb global_colors_info=\u00bb{}\u00bb][\/et_pb_button][et_pb_button button_url=\u00bb@ET-DC@eyJkeW5hbWljIjp0cnVlLCJjb250ZW50IjoicG9zdF9saW5rX3VybF9wb3N0Iiwic2V0dGluZ3MiOnsicG9zdF9pZCI6IjIyNzcifX0=@\u00bb button_text=\u00bbM\u00e1s informaci\u00f3n\u00bb _builder_version=\u00bb4.21.0&#8243; _dynamic_attributes=\u00bbbutton_url\u00bb _module_preset=\u00bbdefault\u00bb custom_button=\u00bbon\u00bb button_text_size=\u00bb14px\u00bb button_icon=\u00bb&#xf055;||fa||900&#8243; button_on_hover=\u00bboff\u00bb global_colors_info=\u00bb{}\u00bb][\/et_pb_button][\/et_pb_column][et_pb_column type=\u00bb1_3&#8243; _builder_version=\u00bb4.27.6&#8243; _module_preset=\u00bbdefault\u00bb custom_padding=\u00bb||20px||false|false\u00bb custom_css_main_element=\u00bb  display: flex;||  justify-content: center;||  flex-wrap: wrap;\u00bb border_radii=\u00bbon|20px|20px|20px|20px\u00bb border_width_all=\u00bb1px\u00bb border_color_all=\u00bbrgba(61,90,105,0.35)\u00bb global_colors_info=\u00bb{}\u00bb][et_pb_image src=\u00bbhttps:\/\/hotelfrayjunipero.com\/wp-content\/uploads\/2020\/03\/CerroLaCruz.jpg\u00bb title_text=\u00bbCerroLaCruz\u00bb _builder_version=\u00bb4.27.6&#8243; _module_preset=\u00bbdefault\u00bb hover_enabled=\u00bb0&#8243; border_radii=\u00bbon|5px|5px|5px|5px\u00bb box_shadow_style=\u00bbpreset3&#8243; box_shadow_vertical=\u00bb10px\u00bb box_shadow_blur=\u00bb10px\u00bb global_colors_info=\u00bb{}\u00bb show_in_lightbox=\u00bbon\u00bb sticky_enabled=\u00bb0&#8243;][\/et_pb_image][et_pb_text _builder_version=\u00bb4.21.0&#8243; _module_preset=\u00bbdefault\u00bb text_orientation=\u00bbcenter\u00bb custom_margin=\u00bb||15px||false|false\u00bb custom_padding=\u00bb|20px||20px|false|false\u00bb global_colors_info=\u00bb{}\u00bb]<\/p>\n<h3>Cerro de la Cruz<\/h3>\n<p>Hacia el norte encontrar\u00e1s un imponente \u00edcono de la ciudad: con sus tres cruces y su camino empedrado que corta sus faldas. Es uno de los lugares favoritos de los tepicenses para ponerse en acci\u00f3n, gracias a su f\u00e1cil recorrido de tan s\u00f3lo 30 minutos a ritmo tranquilo.<\/p>\n<p><em>Distancia: 10 minutos en autom\u00f3vil<\/em><\/p>\n<p>[\/et_pb_text][et_pb_button button_url=\u00bbhttps:\/\/goo.gl\/maps\/jsTvTjEik91upPQs5&#8243; button_text=\u00bb\u00bfC\u00f3mo llegar?\u00bb _builder_version=\u00bb4.21.0&#8243; _module_preset=\u00bbdefault\u00bb custom_button=\u00bbon\u00bb button_text_size=\u00bb14px\u00bb global_colors_info=\u00bb{}\u00bb][\/et_pb_button][\/et_pb_column][\/et_pb_row][\/et_pb_section][et_pb_section fb_built=\u00bb1&#8243; _builder_version=\u00bb4.27.6&#8243; _module_preset=\u00bbdefault\u00bb custom_padding=\u00bb30px||30px||false|false\u00bb da_disable_devices=\u00bboff|off|off\u00bb global_colors_info=\u00bb{}\u00bb da_is_popup=\u00bboff\u00bb da_exit_intent=\u00bboff\u00bb da_has_close=\u00bbon\u00bb da_alt_close=\u00bboff\u00bb da_dark_close=\u00bboff\u00bb da_not_modal=\u00bbon\u00bb da_is_singular=\u00bboff\u00bb da_with_loader=\u00bboff\u00bb da_has_shadow=\u00bbon\u00bb][et_pb_row module_id=\u00bbfaq\u00bb _builder_version=\u00bb4.27.6&#8243; custom_padding=\u00bb||||false|false\u00bb global_colors_info=\u00bb{}\u00bb][et_pb_column type=\u00bb4_4&#8243; _builder_version=\u00bb4.16&#8243; global_colors_info=\u00bb{}\u00bb][et_pb_text _builder_version=\u00bb4.27.6&#8243; custom_margin=\u00bb||||false|false\u00bb custom_padding=\u00bb||||false|false\u00bb border_width_bottom=\u00bb2px\u00bb border_color_bottom=\u00bb#EBA123&#8243; global_colors_info=\u00bb{}\u00bb]<\/p>\n<h2>Preguntas Frecuentes (FAQs)<\/h2>\n<p>[\/et_pb_text][\/et_pb_column][\/et_pb_row][et_pb_row _builder_version=\u00bb4.27.6&#8243; _module_preset=\u00bbdefault\u00bb global_colors_info=\u00bb{}\u00bb][et_pb_column type=\u00bb4_4&#8243; _builder_version=\u00bb4.27.6&#8243; _module_preset=\u00bbdefault\u00bb global_colors_info=\u00bb{}\u00bb][et_pb_accordion open_toggle_background_color=\u00bbRGBA(255,255,255,0)\u00bb closed_toggle_background_color=\u00bbrgba(61,90,105,0.05)\u00bb toggle_icon=\u00bb&#x3b;||divi||400&#8243; _builder_version=\u00bb4.27.6&#8243; _module_preset=\u00bbdefault\u00bb toggle_font=\u00bb||||||||\u00bb toggle_font_size=\u00bb15px\u00bb toggle_letter_spacing=\u00bb0.5px\u00bb closed_toggle_font_size=\u00bb15px\u00bb body_font_size=\u00bb15px\u00bb custom_padding=\u00bb||||false|false\u00bb global_colors_info=\u00bb{}\u00bb][et_pb_accordion_item title=\u00bb\u00bfQu\u00e9 hacer en Tepic en un d\u00eda?\u00bb open=\u00bbon\u00bb _builder_version=\u00bb4.27.6&#8243; _module_preset=\u00bbdefault\u00bb global_colors_info=\u00bb{}\u00bb]<\/p>\n<p>Si cuentas con un solo d\u00eda en Tepic, lo mejor es concentrarte en el centro hist\u00f3rico y sus alrededores. Comienza por la ma\u00f1ana con un recorrido a pie por la Plaza Principal, donde podr\u00e1s admirar la Catedral de la Asunci\u00f3n con su fachada neog\u00f3tica. A unas cuadras est\u00e1 la Casa Museo Amado Nervo, donde naci\u00f3 el c\u00e9lebre poeta nayarita, y el Museo de los Cinco Pueblos, que te acercar\u00e1 a la riqueza cultural de las etnias de Nayarit: huicholes, coras, tepehuanos, mexicaneros y mestizos.<\/p>\n<p>Para el almuerzo, dir\u00edgete al Mercado Juan Escutia o al Mercado Morelos a probar un tamal de camar\u00f3n, unas enchiladas nayaritas o un buen pescado zarandeado. Por la tarde, visita el Parque La Loma, el principal pulm\u00f3n de la ciudad, ideal para caminar y disfrutar del aire libre. Si te queda tiempo, sube al Cerro de la Cruz, un recorrido sencillo de unos 30 minutos que te regalar\u00e1 una vista panor\u00e1mica de toda la ciudad.<\/p>\n<p>Un itinerario alternativo incluye visitar la Ciudad de las Artes Ind\u00edgenas de Nayarit, un espacio cultural inaugurado en 2024 con talleres, galer\u00edas y miradores hacia el r\u00edo Mololoa. Para cerrar el d\u00eda, pasea por el centro y disfruta de un caf\u00e9 o la escena nocturna de bares tranquilos con m\u00fasica en vivo.<\/p>\n<p><strong>Tip Hoteles Fray: <\/strong>Desde nuestros hoteles en el centro hist\u00f3rico, todos estos puntos est\u00e1n a menos de 10 minutos a pie o en autom\u00f3vil.<\/p>\n<p>[\/et_pb_accordion_item][et_pb_accordion_item title=\u00bb\u00bfCu\u00e1l es la mejor \u00e9poca para visitar Tepic?\u00bb _builder_version=\u00bb4.27.6&#8243; _module_preset=\u00bbdefault\u00bb global_colors_info=\u00bb{}\u00bb open=\u00bboff\u00bb]<\/p>\n<p>La mejor \u00e9poca para visitar Tepic es de noviembre a mayo, cuando el clima es seco, soleado y las temperaturas son agradables, oscilando entre los 15\u00b0C y 30\u00b0C. Los meses de enero a marzo son especialmente c\u00f3modos para recorrer la ciudad a pie y realizar excursiones a destinos cercanos como la Laguna de Santa Mar\u00eda del Oro o San Blas.<\/p>\n<p>La temporada de lluvias va de junio a octubre, con agosto como el mes m\u00e1s lluvioso. Aunque las lluvias suelen presentarse por la tarde o noche, la vegetaci\u00f3n se pone espectacularmente verde y hay menos turistas, lo que puede ser una ventaja si prefieres destinos tranquilos. Eso s\u00ed, algunas actividades al aire libre pueden verse afectadas.<\/p>\n<p>Fechas especiales para considerar: en Semana Santa hay mucha actividad en las playas cercanas; en septiembre se celebran las fiestas patrias y eventos regionales como la Feria del Elote en Jala; y en diciembre el ambiente navide\u00f1o en el centro hist\u00f3rico es muy agradable, con temperaturas frescas ideales para pasear.<\/p>\n<p><strong>Tip Hoteles Fray: <\/strong>Te recomendamos reservar con anticipaci\u00f3n en Semana Santa, puentes y temporada decembrina, ya que la demanda de hospedaje aumenta considerablemente.<\/p>\n<p>[\/et_pb_accordion_item][et_pb_accordion_item title=\u00bb\u00bfQu\u00e9 playas hay cerca de Tepic y c\u00f3mo llegar?\u00bb _builder_version=\u00bb4.27.6&#8243; _module_preset=\u00bbdefault\u00bb global_colors_info=\u00bb{}\u00bb open=\u00bboff\u00bb]<\/p>\n<p>Tepic tiene la gran ventaja de estar a menos de una hora de varias playas hermosas del Pac\u00edfico nayarita. Estas son las m\u00e1s cercanas:<\/p>\n<p><strong>Bah\u00eda de Matanch\u00e9n (San Blas)<\/strong> \u2013 A solo 30 minutos por la autopista Tepic\u2013Trapichillo\u2013Matanch\u00e9n. Es la playa m\u00e1s cercana a Tepic y cuenta con el famoso muelle de m\u00e1s de 200 metros sobre el mar. Encontrar\u00e1s restaurantes con pescado zarandeado aut\u00e9ntico a lo largo de 5 km de costa.<\/p>\n<p><strong>Playa Miramar (Compostela)<\/strong> \u2013 A unos 50 km (aproximadamente 50 minutos). Es una playa tradicional, tranquila y poco concurrida, ideal para un d\u00eda relajado. Cerca de ah\u00ed tambi\u00e9n puedes visitar La Manzanilla, con barrancos espectaculares formados por el oleaje.<\/p>\n<p><strong>Aticama (San Blas)<\/strong> \u2013 A 55 km (45 minutos). Famosa por sus ostiones frescos y su paseo costero de un kil\u00f3metro que conecta con Matanch\u00e9n. Tambi\u00e9n hay un arroyo de agua dulce donde puedes nadar.<\/p>\n<p><strong>Playa Platanitos (Compostela)<\/strong> \u2013 A aproximadamente 1 hora. Un destino cl\u00e1sico con gastronom\u00eda t\u00edpica de la Riviera Nayarit, paisajes hermosos y un ambiente m\u00e1s r\u00fastico.<\/p>\n<p><strong>San Blas (puerto)<\/strong> \u2013 A 40 minutos. Adem\u00e1s de playa, San Blas te ofrece canales de mangle navegables, su pueblo hist\u00f3rico, el recorrido por La Tovara y una amplia oferta gastron\u00f3mica.<\/p>\n<p>Para llegar a cualquiera de estas playas puedes tomar la carretera federal o la autopista desde Tepic. Tambi\u00e9n hay autobuses de segunda clase desde la Central Camionera de Tepic con destino a San Blas y Compostela.<\/p>\n<p><strong>Tip Hoteles Fray: <\/strong>En la recepci\u00f3n de nuestros hoteles te ayudamos con indicaciones precisas y recomendaciones actualizadas para llegar a cada playa.<\/p>\n<p>[\/et_pb_accordion_item][et_pb_accordion_item title=\u00bb\u00bfQu\u00e9 pueblos m\u00e1gicos hay cerca de Tepic?\u00bb _builder_version=\u00bb4.27.6&#8243; _module_preset=\u00bbdefault\u00bb global_colors_info=\u00bb{}\u00bb open=\u00bboff\u00bb]<\/p>\n<p>Nayarit cuenta con varios Pueblos M\u00e1gicos que puedes visitar f\u00e1cilmente desde Tepic:<\/p>\n<p><strong>Jala<\/strong> \u2013 A 60 minutos (70 km) por la autopista rumbo a Guadalajara. Un pueblo de calles empedradas, casonas coloniales de adobe y teja roja, y la impresionante Bas\u00edlica Lateranense. Es famoso por su Feria del Elote en agosto, donde se exhiben elotes gigantes de la regi\u00f3n. Cerca de Jala puedes visitar el volc\u00e1n Ceboruco.<\/p>\n<p><strong>Mexcaltit\u00e1n<\/strong> \u2013 A 90 minutos (v\u00eda Santiago Ixcuintla). Conocida como \u201cla Venecia mexicana\u201d, es una peque\u00f1a isla circular en medio de una laguna. Recientemente renovada, ofrece arquitectura \u00fanica, gastronom\u00eda a base de camar\u00f3n y la tradici\u00f3n del origen del pescado zarandeado. Se llega en lancha desde La Batanga.<\/p>\n<p><strong>Compostela<\/strong> \u2013 A 40 minutos al sur. Un pueblo colorido con una plaza principal encantadora, famoso por sus raspados artesanales de El Manantial y su cercan\u00eda a playas como Miramar y La Manzanilla.<\/p>\n<p><strong>San Blas<\/strong> \u2013 A 40 minutos. Puerto hist\u00f3rico con fuerte colonial, manglares de La Tovara, playas y una gastronom\u00eda costera excepcional.<\/p>\n<p><strong>Sayulita<\/strong> \u2013 A aproximadamente 1 hora 40 minutos. Pueblo surfero con un ambiente cosmopolita, arte callejero, tiendas artesanales y vida nocturna vibrante.<\/p>\n<p><strong>Tip Hoteles Fray: <\/strong>Tepic es el punto de partida ideal para recorrer los Pueblos M\u00e1gicos de Nayarit. Puedes visitar Jala y Mexcaltit\u00e1n en excursiones de un d\u00eda y regresar a descansar a tu hotel en el centro de la ciudad.<\/p>\n<p>[\/et_pb_accordion_item][et_pb_accordion_item title=\u00bb\u00bfQu\u00e9 comida t\u00edpica probar en Tepic?\u00bb _builder_version=\u00bb4.27.6&#8243; _module_preset=\u00bbdefault\u00bb global_colors_info=\u00bb{}\u00bb open=\u00bboff\u00bb]<\/p>\n<p>La gastronom\u00eda de Tepic y Nayarit es una de las m\u00e1s ricas del Pac\u00edfico mexicano, con fuerte presencia de pescados, mariscos y sabores aut\u00e9nticos. Estos son los platillos que no te puedes perder:<\/p>\n<ul>\n<li>Pescado zarandeado: El platillo estrella de Nayarit, originario de Mexcaltit\u00e1n. Se prepara con pargo ahumado sobre le\u00f1a de mangle, marinado con lim\u00f3n, soya y chile. Se acompa\u00f1a con tortillas reci\u00e9n hechas y salsa.<\/li>\n<li>Tamales de camar\u00f3n: Una especialidad de la regi\u00f3n, hechos con masa de ma\u00edz y rellenos de camar\u00f3n fresco sazonado.<\/li>\n<li>Tlaxtihuilli (o tlatishuile): Un caldo espeso de origen prehisp\u00e1nico elaborado con masa de ma\u00edz, camar\u00f3n seco y chile. Es un manjar \u00fanico de la cocina nayarita.<\/li>\n<li>Sopes y enchiladas de osti\u00f3n: Antojitos t\u00edpicos de San Blas y Santiago Ixcuintla que tambi\u00e9n se consiguen en Tepic.<\/li>\n<li>Chicharr\u00f3n de pescado: Trozos de pescado fresco fritos hasta quedar crujientes, servidos con tortillas y salsa.<\/li>\n<li>Ceviche de camar\u00f3n: Fresco, c\u00edtrico y con el toque nayarita de cebolla morada y chile serrano.<\/li>\n<li>Aguachile: Camarones frescos en jugo de lim\u00f3n con chile, pepino y cebolla morada. Una delicia refrescante.<\/li>\n<li>Pan de pl\u00e1tano de San Blas: Un postre dulce y h\u00famedo que es tradici\u00f3n de la costa nayarita.<\/li>\n<li>Jericalla: Postre horneado a base de leche, huevo, az\u00facar y canela. Delicioso servido fr\u00edo.<\/li>\n<li>Tejuino: Bebida refrescante de ma\u00edz fermentado con lim\u00f3n y sal, ideal para los d\u00edas calurosos.<\/li>\n<\/ul>\n<p>Puedes encontrar estos platillos en los mercados Juan Escutia y Morelos en el centro de Tepic, en restaurantes del centro hist\u00f3rico y en las ramadas de las playas de San Blas y Matanch\u00e9n.<\/p>\n<p><strong>Tip Hoteles Fray: <\/strong>Nuestro restaurante en el Hotel Fray Jun\u00edpero Serra ofrece platillos regionales que te acercar\u00e1n a los sabores m\u00e1s aut\u00e9nticos de Nayarit.<\/p>\n<p>[\/et_pb_accordion_item][et_pb_accordion_item title=\u00bb\u00bfEs seguro visitar la Laguna de Santa Mar\u00eda del Oro?\u00bb _builder_version=\u00bb4.27.6&#8243; _module_preset=\u00bbdefault\u00bb global_colors_info=\u00bb{}\u00bb open=\u00bboff\u00bb]<\/p>\n<p>S\u00ed, la Laguna de Santa Mar\u00eda del Oro es un destino tur\u00edstico familiar y seguro que recibe visitantes durante todo el a\u00f1o. Se encuentra a 55 km de Tepic (aproximadamente 50 minutos en autom\u00f3vil) y es uno de los atractivos naturales m\u00e1s populares de Nayarit.<\/p>\n<p>La laguna es un cr\u00e1ter volc\u00e1nico lleno de agua que cambia de color seg\u00fan la \u00e9poca del a\u00f1o y la luz del sol, pasando por tonos turquesa, verde esmeralda y azul profundo. Alrededor encontrar\u00e1s restaurantes con comida t\u00edpica, especialmente chicharr\u00f3n de pescado de tilapia, y servicios de renta de kayaks y lanchas.<\/p>\n<p>Recomendaciones para tu visita:<\/p>\n<ul>\n<li>Llega temprano (antes de las 10 am) para disfrutar del agua tranquila y encontrar buen lugar.<\/li>\n<li>Lleva bloqueador solar, sombrero y ropa c\u00f3moda.<\/li>\n<li>Si planeas nadar, toma en cuenta que la laguna es profunda en el centro; qu\u00e9date cerca de las orillas si no eres buen nadador.<\/li>\n<li>La mejor \u00e9poca para visitarla es de noviembre a abril, cuando el clima es seco y soleado.<\/li>\n<li>Hay opciones de hospedaje junto a la laguna, incluyendo glampings y caba\u00f1as.<\/li>\n<\/ul>\n<p><strong>Tip Hoteles Fray: <\/strong>Puedes visitar la laguna como excursi\u00f3n de un d\u00eda desde Tepic y regresar a descansar en tu hotel. En recepci\u00f3n te damos indicaciones y sugerencias para aprovechar al m\u00e1ximo tu visita.<\/p>\n<p>[\/et_pb_accordion_item][et_pb_accordion_item title=\u00bb\u00bfCu\u00e1ntos d\u00edas se necesitan para conocer Tepic y alrededores?\u00bb _builder_version=\u00bb4.27.6&#8243; _module_preset=\u00bbdefault\u00bb global_colors_info=\u00bb{}\u00bb open=\u00bboff\u00bb]<\/p>\n<p>Recomendamos entre 3 y 5 d\u00edas para conocer Tepic y los principales atractivos de sus alrededores a un ritmo c\u00f3modo. Aqu\u00ed te sugerimos c\u00f3mo distribuir tu tiempo:<\/p>\n<p><strong>1 d\u00eda: Centro hist\u00f3rico de Tepic. <\/strong>Museos (Cinco Pueblos, Regional de Nayarit, Amado Nervo), Plaza Principal, Catedral, mercados para comer platillos t\u00edpicos, Parque La Loma y Cerro de la Cruz para cerrar con una vista panor\u00e1mica.<\/p>\n<p><strong>1 d\u00eda: San Blas y la costa. <\/strong>Recorrido por La Tovara (manglares), Bah\u00eda de Matanch\u00e9n, Paseo de Aticama y comida de mariscos en la playa. Puedes combinar la playa con el pueblo hist\u00f3rico de San Blas.<\/p>\n<p><strong>1 d\u00eda: Laguna de Santa Mar\u00eda del Oro. <\/strong>Una ma\u00f1ana completa disfrutando de la laguna, comida t\u00edpica en los restaurantes de la orilla. De regreso puedes pasar por la Ex-F\u00e1brica de Bellavista o la Colonia Zitakua.<\/p>\n<p><strong>1 d\u00eda: Pueblos M\u00e1gicos. <\/strong>Excursi\u00f3n a Jala (calles coloniales, Bas\u00edlica) o a Mexcaltit\u00e1n (la isla circular). Cada uno requiere pr\u00e1cticamente un d\u00eda completo.<\/p>\n<p><strong>1 d\u00eda: Ecoturismo y aventura. <\/strong>Senderismo en el Cerro de San Juan, visita a La Noria (tirolesa, rappel, cuatrimotos) o el Parque Natural La Monta\u00f1a con sus piletas de agua de manantial.<\/p>\n<p>Si solo tienes un fin de semana (2 d\u00edas), te sugerimos dedicar uno al centro hist\u00f3rico y museos, y otro a San Blas o la Laguna de Santa Mar\u00eda del Oro.<\/p>\n<p><strong>Tip Hoteles Fray: <\/strong>Hosp\u00e9date en el centro de Tepic y \u00fasalo como base para explorar todo Nayarit. Nuestros hoteles est\u00e1n ubicados estrat\u00e9gicamente para que puedas salir temprano y regresar c\u00f3modamente cada noche.<\/p>\n<p>[\/et_pb_accordion_item][et_pb_accordion_item title=\u00bb\u00bfC\u00f3mo moverse en Tepic sin auto?\u00bb _builder_version=\u00bb4.27.6&#8243; _module_preset=\u00bbdefault\u00bb global_colors_info=\u00bb{}\u00bb open=\u00bboff\u00bb]<\/p>\n<p>Tepic es una ciudad relativamente compacta y el centro hist\u00f3rico se puede recorrer perfectamente a pie. Si necesitas desplazarte a puntos m\u00e1s alejados, tienes varias opciones:<\/p>\n<p><strong>A pie: <\/strong>El centro hist\u00f3rico es caminable. Desde los Hoteles Fray puedes llegar a la mayor\u00eda de museos, la Plaza Principal, mercados y restaurantes en menos de 10 minutos caminando.<\/p>\n<p><strong>Taxis y apps de transporte: <\/strong>Apps de transporte privado como Didi, Uber o InDriver operan\u00a0en Tepic y es una forma c\u00f3moda y segura de moverse. Tambi\u00e9n hay taxis de sitio disponibles. Las tarifas dentro de la ciudad son accesibles.<\/p>\n<p><strong>Transporte p\u00fablico (camiones y combis): <\/strong>Tepic cuenta con rutas de autob\u00fas urbano que conectan las principales colonias y puntos de la ciudad. El costo es econ\u00f3mico. La Secretar\u00eda de Movilidad del Estado tiene informaci\u00f3n sobre rutas disponibles.<\/p>\n<p><strong>Autobuses for\u00e1neos: <\/strong>Desde la Central Camionera de Tepic salen autobuses regulares hacia San Blas, Compostela, Jala, Santiago Ixcuintla y otros destinos cercanos. Es una opci\u00f3n econ\u00f3mica si no cuentas con auto.<\/p>\n<p><strong>Tours organizados: <\/strong>Para destinos como Islas Mar\u00edas, La Tovara o la Laguna de Santa Mar\u00eda del Oro, existen tours con transporte incluido que salen desde Tepic. Nayarit Adventures, por ejemplo, ofrece paquetes completos.<\/p>\n<p><strong>Renta de auto: <\/strong>Si planeas visitar varios destinos en los alrededores, rentar un auto te dar\u00e1 mayor libertad. Hay agencias de renta en el centro de la ciudad y en el aeropuerto.<\/p>\n<p><strong>Tip Hoteles Fray: <\/strong>En la recepci\u00f3n de nuestros hoteles te ayudamos a solicitar taxi, coordinar tours y darte indicaciones de rutas de transporte p\u00fablico. Nuestra ubicaci\u00f3n c\u00e9ntrica te permite moverte con facilidad a cualquier destino.<\/p>\n<p>[\/et_pb_accordion_item][\/et_pb_accordion][\/et_pb_column][\/et_pb_row][\/et_pb_section][et_pb_section fb_built=\u00bb1&#8243; _builder_version=\u00bb4.27.4&#8243; _module_preset=\u00bbdefault\u00bb background_color=\u00bbrgba(255,255,255,0.68)\u00bb background_image=\u00bbhttps:\/\/hotelesfray.com\/wp-content\/uploads\/2025\/01\/PlayasSanBlas2-jpg.webp\u00bb background_blend=\u00bbscreen\u00bb custom_margin=\u00bb||||false|false\u00bb custom_padding=\u00bb70px||70px||true|false\u00bb bottom_divider_height=\u00bb40px\u00bb bottom_divider_flip=\u00bbvertical\u00bb da_disable_devices=\u00bboff|off|off\u00bb border_width_top=\u00bb4px\u00bb border_color_top=\u00bb#FFFFFF\u00bb border_width_bottom=\u00bb0px\u00bb border_color_bottom=\u00bb#FFFFFF\u00bb global_colors_info=\u00bb{}\u00bb da_is_popup=\u00bboff\u00bb da_exit_intent=\u00bboff\u00bb da_has_close=\u00bbon\u00bb da_alt_close=\u00bboff\u00bb da_dark_close=\u00bboff\u00bb da_not_modal=\u00bbon\u00bb da_is_singular=\u00bboff\u00bb da_with_loader=\u00bboff\u00bb da_has_shadow=\u00bbon\u00bb][et_pb_row column_structure=\u00bb1_2,1_2&#8243; make_equal=\u00bbon\u00bb _builder_version=\u00bb4.27.6&#8243; _module_preset=\u00bbdefault\u00bb background_color=\u00bbrgba(255,255,255,0.66)\u00bb custom_padding=\u00bb|30px||30px|false|false\u00bb border_radii=\u00bbon|25px|25px|25px|25px\u00bb global_colors_info=\u00bb{}\u00bb][et_pb_column type=\u00bb1_2&#8243; _builder_version=\u00bb4.27.6&#8243; _module_preset=\u00bbdefault\u00bb custom_padding=\u00bb||||false|false\u00bb custom_padding_tablet=\u00bb||||false|false\u00bb custom_padding_phone=\u00bb||50px||false|false\u00bb custom_padding_last_edited=\u00bbon|phone\u00bb custom_css_main_element=\u00bbmargin:auto;\u00bb global_colors_info=\u00bb{}\u00bb][et_pb_image src=\u00bbhttps:\/\/hotelesfray.com\/wp-content\/uploads\/2024\/01\/logo_nayarit_adventures.png\u00bb title_text=\u00bblogo_nayarit_adventures\u00bb align_tablet=\u00bbleft\u00bb align_last_edited=\u00bboff|tablet\u00bb _builder_version=\u00bb4.27.6&#8243; _module_preset=\u00bbdefault\u00bb max_width=\u00bb45%\u00bb max_width_tablet=\u00bb30%\u00bb max_width_phone=\u00bb60%\u00bb max_width_last_edited=\u00bbon|phone\u00bb module_alignment=\u00bbcenter\u00bb custom_margin=\u00bb||30px||false|false\u00bb global_colors_info=\u00bb{}\u00bb][\/et_pb_image][et_pb_text _builder_version=\u00bb4.27.6&#8243; _module_preset=\u00bbdefault\u00bb text_font=\u00bb||||||||\u00bb text_text_color=\u00bb#3D5A69&#8243; text_font_size=\u00bb15px\u00bb text_line_height=\u00bb1.6em\u00bb header_2_text_color=\u00bb#005cb9&#8243; header_2_font_size=\u00bb24px\u00bb header_2_line_height=\u00bb1.4em\u00bb global_colors_info=\u00bb{}\u00bb]<\/p>\n<p style=\"text-align: center;\">Descubre Nayarit con <strong>Nayarit Adventures<\/strong>: excursiones de d\u00eda o tours de m\u00faltiples d\u00edas para conocer Tepic y alrededores de la mano de gu\u00edas certificados.<\/p>\n<p>[\/et_pb_text][et_pb_button button_url=\u00bb@ET-DC@eyJkeW5hbWljIjp0cnVlLCJjb250ZW50IjoicG9zdF9saW5rX3VybF9wYWdlIiwic2V0dGluZ3MiOnsicG9zdF9pZCI6IjE1ODMifX0=@\u00bb button_text=\u00bbConoce los tours aqu\u00ed\u00bb button_alignment=\u00bbcenter\u00bb _builder_version=\u00bb4.27.6&#8243; _dynamic_attributes=\u00bbbutton_url\u00bb _module_preset=\u00bbdefault\u00bb custom_button=\u00bbon\u00bb button_bg_color=\u00bb#005cb9&#8243; global_colors_info=\u00bb{}\u00bb][\/et_pb_button][\/et_pb_column][et_pb_column type=\u00bb1_2&#8243; _builder_version=\u00bb4.27.4&#8243; _module_preset=\u00bbdefault\u00bb global_colors_info=\u00bb{}\u00bb][et_pb_image src=\u00bbhttps:\/\/hotelesfray.com\/wp-content\/uploads\/2025\/05\/VisitaTepic-png.webp\u00bb title_text=\u00bbVisitaTepic\u00bb align_tablet=\u00bbleft\u00bb align_last_edited=\u00bboff|tablet\u00bb _builder_version=\u00bb4.27.6&#8243; _module_preset=\u00bbdefault\u00bb max_width=\u00bb60%\u00bb max_width_tablet=\u00bb30%\u00bb max_width_phone=\u00bb60%\u00bb max_width_last_edited=\u00bbon|phone\u00bb module_alignment=\u00bbcenter\u00bb custom_margin=\u00bb||30px||false|false\u00bb global_colors_info=\u00bb{}\u00bb][\/et_pb_image][et_pb_text _builder_version=\u00bb4.27.6&#8243; _module_preset=\u00bbdefault\u00bb text_font=\u00bb||||||||\u00bb text_text_color=\u00bb#3D5A69&#8243; text_font_size=\u00bb15px\u00bb text_line_height=\u00bb1.6em\u00bb header_2_text_color=\u00bb#005cb9&#8243; header_2_font_size=\u00bb24px\u00bb header_2_line_height=\u00bb1.4em\u00bb global_colors_info=\u00bb{}\u00bb]<\/p>\n<p style=\"text-align: center;\"><strong>Visita Tepic: maravillas por descubrir<\/strong><\/p>\n<p style=\"text-align: center;\">La capital del estado de Nayarit tiene playas, Pueblos M\u00e1gicos, bosques, lagunas encantadas y mucho m\u00e1s a s\u00f3lo minutos de distancia, \u00a1conoce todos los destinos de esta ciudad privilegiada!<\/p>\n<p>[\/et_pb_text][et_pb_button button_url=\u00bbhttps:\/\/visitatepic.com\/\u00bb url_new_window=\u00bbon\u00bb button_text=\u00bbSitio web oficial\u00bb button_alignment=\u00bbcenter\u00bb _builder_version=\u00bb4.27.6&#8243; _module_preset=\u00bbdefault\u00bb custom_button=\u00bbon\u00bb button_bg_color=\u00bb#005cb9&#8243; button_icon=\u00bb&#xf35d;||fa||900&#8243; button_on_hover=\u00bboff\u00bb custom_padding=\u00bb|40px||20px|false|false\u00bb global_colors_info=\u00bb{}\u00bb][\/et_pb_button][\/et_pb_column][\/et_pb_row][\/et_pb_section]<\/p>\n","protected":false},"excerpt":{"rendered":"<p>Gu\u00eda sobre qu\u00e9 hacer en Tepic y alrededores: playas, lagunas, pueblos m\u00e1gicos, museos y m\u00e1s. Gu\u00eda local desde Hoteles Fray con tips, distancias y mapas.<\/p>","protected":false},"author":2,"featured_media":4411,"parent":0,"menu_order":0,"comment_status":"closed","ping_status":"closed","template":"","meta":{"_et_pb_use_builder":"on","_et_pb_old_content":"","_et_gb_content_width":"","footnotes":""},"class_list":["post-339","page","type-page","status-publish","has-post-thumbnail","hentry"],"yoast_head":"<!-- This site is optimized with the Yoast SEO plugin v27.4 - https:\/\/yoast.com\/product\/yoast-seo-wordpress\/ -->\n<title>Hotels in Tepic | Hoteles Fray \u2013 Complimentary Buffet Breakfast<\/title>\n<meta name=\"description\" content=\"Looking for hotels in Tepic? Hoteles Fray offers the best location, complimentary buffet breakfast, free WiFi, and flexible cancellation. Book directly with no deposit!\" \/>\n<meta name=\"robots\" content=\"index, follow, max-snippet:-1, max-image-preview:large, max-video-preview:-1\" \/>\n<link rel=\"canonical\" href=\"https:\/\/hotelesfray.com\/en\/guia-turistica\/\" \/>\n<meta property=\"og:locale\" content=\"en_US\" \/>\n<meta property=\"og:type\" content=\"article\" \/>\n<meta property=\"og:title\" content=\"Hotels in Tepic | Hoteles Fray \u2013 Complimentary Buffet Breakfast\" \/>\n<meta property=\"og:description\" content=\"Looking for hotels in Tepic? Hoteles Fray offers the best location, complimentary buffet breakfast, free WiFi, and flexible cancellation. Book directly with no deposit!\" \/>\n<meta property=\"og:url\" content=\"https:\/\/hotelesfray.com\/en\/guia-turistica\/\" \/>\n<meta property=\"og:site_name\" content=\"Hoteles Fray\" \/>\n<meta property=\"article:modified_time\" content=\"2026-04-07T22:30:24+00:00\" \/>\n<meta property=\"og:image\" content=\"https:\/\/hotelesfray.com\/wp-content\/uploads\/2023\/06\/Tepic11.jpg\" \/>\n\t<meta property=\"og:image:width\" content=\"1095\" \/>\n\t<meta property=\"og:image:height\" content=\"730\" \/>\n\t<meta property=\"og:image:type\" content=\"image\/jpeg\" \/>\n<meta name=\"twitter:card\" content=\"summary_large_image\" \/>\n<meta name=\"twitter:label1\" content=\"Est. reading time\" \/>\n\t<meta name=\"twitter:data1\" content=\"41 minutes\" \/>\n<script type=\"application\/ld+json\" class=\"yoast-schema-graph\">{\"@context\":\"https:\\\/\\\/schema.org\",\"@graph\":[{\"@type\":\"WebPage\",\"@id\":\"https:\\\/\\\/hotelesfray.com\\\/guia-turistica\\\/\",\"url\":\"https:\\\/\\\/hotelesfray.com\\\/guia-turistica\\\/\",\"name\":\"Qu\u00e9 Hacer en Tepic 2026: Actividades y Lugares Imperdibles | Hoteles Fray\",\"isPartOf\":{\"@id\":\"https:\\\/\\\/hotelesfray.com\\\/#website\"},\"primaryImageOfPage\":{\"@id\":\"https:\\\/\\\/hotelesfray.com\\\/guia-turistica\\\/#primaryimage\"},\"image\":{\"@id\":\"https:\\\/\\\/hotelesfray.com\\\/guia-turistica\\\/#primaryimage\"},\"thumbnailUrl\":\"https:\\\/\\\/hotelesfray.com\\\/wp-content\\\/uploads\\\/2023\\\/06\\\/Tepic11.jpg\",\"datePublished\":\"2020-02-03T22:16:11+00:00\",\"dateModified\":\"2026-04-07T22:30:24+00:00\",\"description\":\"Descubre qu\u00e9 hacer en Tepic y alrededores: playas, lagunas, pueblos m\u00e1gicos, museos y m\u00e1s. Gu\u00eda local desde Hoteles Fray con tips, distancias y mapas.\",\"inLanguage\":\"en-US\",\"potentialAction\":[{\"@type\":\"ReadAction\",\"target\":[\"https:\\\/\\\/hotelesfray.com\\\/guia-turistica\\\/\"]}]},{\"@type\":\"ImageObject\",\"inLanguage\":\"en-US\",\"@id\":\"https:\\\/\\\/hotelesfray.com\\\/guia-turistica\\\/#primaryimage\",\"url\":\"https:\\\/\\\/hotelesfray.com\\\/wp-content\\\/uploads\\\/2023\\\/06\\\/Tepic11.jpg\",\"contentUrl\":\"https:\\\/\\\/hotelesfray.com\\\/wp-content\\\/uploads\\\/2023\\\/06\\\/Tepic11.jpg\",\"width\":1095,\"height\":730},{\"@type\":\"WebSite\",\"@id\":\"https:\\\/\\\/hotelesfray.com\\\/#website\",\"url\":\"https:\\\/\\\/hotelesfray.com\\\/\",\"name\":\"Hoteles Fray\",\"description\":\"Los Mejores Hoteles en el Centro de Tepic, Nayarit\",\"publisher\":{\"@id\":\"https:\\\/\\\/hotelesfray.com\\\/#organization\"},\"potentialAction\":[{\"@type\":\"SearchAction\",\"target\":{\"@type\":\"EntryPoint\",\"urlTemplate\":\"https:\\\/\\\/hotelesfray.com\\\/?s={search_term_string}\"},\"query-input\":{\"@type\":\"PropertyValueSpecification\",\"valueRequired\":true,\"valueName\":\"search_term_string\"}}],\"inLanguage\":\"en-US\"},{\"@type\":\"Organization\",\"@id\":\"https:\\\/\\\/hotelesfray.com\\\/#organization\",\"name\":\"Hoteles Fray\",\"url\":\"https:\\\/\\\/hotelesfray.com\\\/\",\"logo\":{\"@type\":\"ImageObject\",\"inLanguage\":\"en-US\",\"@id\":\"https:\\\/\\\/hotelesfray.com\\\/#\\\/schema\\\/logo\\\/image\\\/\",\"url\":\"https:\\\/\\\/hotelesfray.com\\\/wp-content\\\/uploads\\\/2023\\\/01\\\/HotelesFray-cuadro.png\",\"contentUrl\":\"https:\\\/\\\/hotelesfray.com\\\/wp-content\\\/uploads\\\/2023\\\/01\\\/HotelesFray-cuadro.png\",\"width\":2200,\"height\":2200,\"caption\":\"Hoteles Fray\"},\"image\":{\"@id\":\"https:\\\/\\\/hotelesfray.com\\\/#\\\/schema\\\/logo\\\/image\\\/\"}}]}<\/script>\n<!-- \/ Yoast SEO plugin. -->","yoast_head_json":{"title":"Hotels in Tepic | Hoteles Fray \u2013 Complimentary Buffet Breakfast","description":"Looking for hotels in Tepic? Hoteles Fray offers the best location, complimentary buffet breakfast, free WiFi, and flexible cancellation. Book directly with no deposit!","robots":{"index":"index","follow":"follow","max-snippet":"max-snippet:-1","max-image-preview":"max-image-preview:large","max-video-preview":"max-video-preview:-1"},"canonical":"https:\/\/hotelesfray.com\/en\/guia-turistica\/","og_locale":"en_US","og_type":"article","og_title":"Hotels in Tepic | Hoteles Fray \u2013 Complimentary Buffet Breakfast","og_description":"Looking for hotels in Tepic? Hoteles Fray offers the best location, complimentary buffet breakfast, free WiFi, and flexible cancellation. Book directly with no deposit!","og_url":"https:\/\/hotelesfray.com\/en\/guia-turistica\/","og_site_name":"Hoteles Fray","article_modified_time":"2026-04-07T22:30:24+00:00","og_image":[{"width":1095,"height":730,"url":"https:\/\/hotelesfray.com\/wp-content\/uploads\/2023\/06\/Tepic11.jpg","type":"image\/jpeg"}],"twitter_card":"summary_large_image","twitter_misc":{"Est. reading time":"41 minutes"},"schema":{"@context":"https:\/\/schema.org","@graph":[{"@type":"WebPage","@id":"https:\/\/hotelesfray.com\/guia-turistica\/","url":"https:\/\/hotelesfray.com\/guia-turistica\/","name":"Qu\u00e9 Hacer en Tepic 2026: Actividades y Lugares Imperdibles | Hoteles Fray","isPartOf":{"@id":"https:\/\/hotelesfray.com\/#website"},"primaryImageOfPage":{"@id":"https:\/\/hotelesfray.com\/guia-turistica\/#primaryimage"},"image":{"@id":"https:\/\/hotelesfray.com\/guia-turistica\/#primaryimage"},"thumbnailUrl":"https:\/\/hotelesfray.com\/wp-content\/uploads\/2023\/06\/Tepic11.jpg","datePublished":"2020-02-03T22:16:11+00:00","dateModified":"2026-04-07T22:30:24+00:00","description":"Descubre qu\u00e9 hacer en Tepic y alrededores: playas, lagunas, pueblos m\u00e1gicos, museos y m\u00e1s. Gu\u00eda local desde Hoteles Fray con tips, distancias y mapas.","inLanguage":"en-US","potentialAction":[{"@type":"ReadAction","target":["https:\/\/hotelesfray.com\/guia-turistica\/"]}]},{"@type":"ImageObject","inLanguage":"en-US","@id":"https:\/\/hotelesfray.com\/guia-turistica\/#primaryimage","url":"https:\/\/hotelesfray.com\/wp-content\/uploads\/2023\/06\/Tepic11.jpg","contentUrl":"https:\/\/hotelesfray.com\/wp-content\/uploads\/2023\/06\/Tepic11.jpg","width":1095,"height":730},{"@type":"WebSite","@id":"https:\/\/hotelesfray.com\/#website","url":"https:\/\/hotelesfray.com\/","name":"Hoteles Fray","description":"Los Mejores Hoteles en el Centro de Tepic, Nayarit","publisher":{"@id":"https:\/\/hotelesfray.com\/#organization"},"potentialAction":[{"@type":"SearchAction","target":{"@type":"EntryPoint","urlTemplate":"https:\/\/hotelesfray.com\/?s={search_term_string}"},"query-input":{"@type":"PropertyValueSpecification","valueRequired":true,"valueName":"search_term_string"}}],"inLanguage":"en-US"},{"@type":"Organization","@id":"https:\/\/hotelesfray.com\/#organization","name":"Hoteles Fray","url":"https:\/\/hotelesfray.com\/","logo":{"@type":"ImageObject","inLanguage":"en-US","@id":"https:\/\/hotelesfray.com\/#\/schema\/logo\/image\/","url":"https:\/\/hotelesfray.com\/wp-content\/uploads\/2023\/01\/HotelesFray-cuadro.png","contentUrl":"https:\/\/hotelesfray.com\/wp-content\/uploads\/2023\/01\/HotelesFray-cuadro.png","width":2200,"height":2200,"caption":"Hoteles Fray"},"image":{"@id":"https:\/\/hotelesfray.com\/#\/schema\/logo\/image\/"}}]}},"_links":{"self":[{"href":"https:\/\/hotelesfray.com\/en\/wp-json\/wp\/v2\/pages\/339","targetHints":{"allow":["GET"]}}],"collection":[{"href":"https:\/\/hotelesfray.com\/en\/wp-json\/wp\/v2\/pages"}],"about":[{"href":"https:\/\/hotelesfray.com\/en\/wp-json\/wp\/v2\/types\/page"}],"author":[{"embeddable":true,"href":"https:\/\/hotelesfray.com\/en\/wp-json\/wp\/v2\/users\/2"}],"replies":[{"embeddable":true,"href":"https:\/\/hotelesfray.com\/en\/wp-json\/wp\/v2\/comments?post=339"}],"version-history":[{"count":49,"href":"https:\/\/hotelesfray.com\/en\/wp-json\/wp\/v2\/pages\/339\/revisions"}],"predecessor-version":[{"id":7556,"href":"https:\/\/hotelesfray.com\/en\/wp-json\/wp\/v2\/pages\/339\/revisions\/7556"}],"wp:featuredmedia":[{"embeddable":true,"href":"https:\/\/hotelesfray.com\/en\/wp-json\/wp\/v2\/media\/4411"}],"wp:attachment":[{"href":"https:\/\/hotelesfray.com\/en\/wp-json\/wp\/v2\/media?parent=339"}],"curies":[{"name":"wp","href":"https:\/\/api.w.org\/{rel}","templated":true}]}}