{"id":356,"date":"2020-02-03T19:50:36","date_gmt":"2020-02-03T23:50:36","guid":{"rendered":"https:\/\/hotelfrayjunipero.com\/?page_id=356"},"modified":"2026-04-23T18:34:33","modified_gmt":"2026-04-23T22:34:33","slug":"inicio","status":"publish","type":"page","link":"https:\/\/hotelesfray.com\/en\/","title":{"rendered":"Inicio"},"content":{"rendered":"<p>[et_pb_section fb_built=\u00bb1&#8243; next_background_color=\u00bb#ffffff\u00bb admin_label=\u00bbSection\u00bb _builder_version=\u00bb4.27.6&#8243; _module_preset=\u00bbdefault\u00bb background_color=\u00bb#3D5A69&#8243; use_background_color_gradient=\u00bbon\u00bb background_color_gradient_stops=\u00bb#3d5a69 0%|rgba(10,0,0,0.52) 100%\u00bb background_enable_image=\u00bboff\u00bb custom_padding=\u00bb0px||0px||false|false\u00bb bottom_divider_style=\u00bbcurve\u00bb bottom_divider_height=\u00bb2vh\u00bb da_disable_devices=\u00bboff|off|off\u00bb global_colors_info=\u00bb{}\u00bb da_is_popup=\u00bboff\u00bb da_exit_intent=\u00bboff\u00bb da_has_close=\u00bbon\u00bb da_alt_close=\u00bboff\u00bb da_dark_close=\u00bboff\u00bb da_not_modal=\u00bbon\u00bb da_is_singular=\u00bboff\u00bb da_with_loader=\u00bboff\u00bb da_has_shadow=\u00bbon\u00bb][et_pb_row custom_padding_last_edited=\u00bbon|phone\u00bb _builder_version=\u00bb4.27.6&#8243; _module_preset=\u00bbdefault\u00bb background_enable_color=\u00bboff\u00bb background_enable_image=\u00bboff\u00bb height_last_edited=\u00bboff|tablet\u00bb custom_margin=\u00bb0px||0px||false|false\u00bb custom_padding=\u00bb200px||50px||false|false\u00bb custom_padding_tablet=\u00bb200px||30px||false|false\u00bb custom_padding_phone=\u00bb175px||40px||false|false\u00bb global_colors_info=\u00bb{}\u00bb][et_pb_column type=\u00bb4_4&#8243; _builder_version=\u00bb4.27.6&#8243; _module_preset=\u00bbdefault\u00bb custom_padding=\u00bb||||false|false\u00bb global_colors_info=\u00bb{}\u00bb][et_pb_code admin_label=\u00bbSCHEMA &#8211; ORGANIZACION\u00bb _builder_version=\u00bb4.27.6&#8243; _module_preset=\u00bbdefault\u00bb width_last_edited=\u00bboff|desktop\u00bb custom_margin=\u00bb||0px||false|false\u00bb custom_padding=\u00bb||||false|false\u00bb global_colors_info=\u00bb{}\u00bb]<script type=\"application\/ld+json\"><!-- [et_pb_line_break_holder] -->{<!-- [et_pb_line_break_holder] -->  \"@context\": \"https:\/\/schema.org\",<!-- [et_pb_line_break_holder] -->  \"@type\": \"Organization\",<!-- [et_pb_line_break_holder] -->  \"name\": \"Hoteles Fray\",<!-- [et_pb_line_break_holder] -->  \"legalName\": \"Jorge Humberto Sanchez Ibarra\",<!-- [et_pb_line_break_holder] -->  \"url\": \"https:\/\/hotelesfray.com\/\",<!-- [et_pb_line_break_holder] -->  \"logo\": \"https:\/\/hotelesfray.com\/wp-content\/uploads\/2023\/01\/HotelesFray.png\",<!-- [et_pb_line_break_holder] -->  \"description\": \"Grupo hotelero con dos propiedades de servicio completo en el centro de Tepic, Nayarit: Hotel Fray Jun\u00edpero Serra (emblem\u00e1tico frente a la Catedral) y Hotel Fray Select (moderno y estrat\u00e9gico).\",<!-- [et_pb_line_break_holder] -->  \"address\": {<!-- [et_pb_line_break_holder] -->    \"@type\": \"PostalAddress\",<!-- [et_pb_line_break_holder] -->    \"streetAddress\": \"Sebasti\u00e1n Lerdo de Tejada Pte. 23\",<!-- [et_pb_line_break_holder] -->    \"addressLocality\": \"Tepic\",<!-- [et_pb_line_break_holder] -->    \"addressRegion\": \"Nayarit\",<!-- [et_pb_line_break_holder] -->    \"postalCode\": \"63000\",<!-- [et_pb_line_break_holder] -->    \"addressCountry\": \"MX\"<!-- [et_pb_line_break_holder] -->  },<!-- [et_pb_line_break_holder] -->  \"contactPoint\": {<!-- [et_pb_line_break_holder] -->    \"@type\": \"ContactPoint\",<!-- [et_pb_line_break_holder] -->    \"telephone\": \"+523112122525\",<!-- [et_pb_line_break_holder] -->    \"contactType\": \"reservations\",<!-- [et_pb_line_break_holder] -->    \"email\": \"reservaciones@hotelfrayjunipero.com\",<!-- [et_pb_line_break_holder] -->    \"areaServed\": \"MX\",<!-- [et_pb_line_break_holder] -->    \"availableLanguage\": [\"Spanish\", \"English\"]<!-- [et_pb_line_break_holder] -->  },<!-- [et_pb_line_break_holder] -->  \"sameAs\": [<!-- [et_pb_line_break_holder] -->    \"https:\/\/www.facebook.com\/hotelesfray\",<!-- [et_pb_line_break_holder] -->    \"https:\/\/www.instagram.com\/hotelesfray\"<!-- [et_pb_line_break_holder] -->  ],<!-- [et_pb_line_break_holder] -->  \"subOrganization\": [<!-- [et_pb_line_break_holder] -->    {<!-- [et_pb_line_break_holder] -->      \"@type\": \"Hotel\",<!-- [et_pb_line_break_holder] -->      \"name\": \"Hotel Fray Jun\u00edpero Serra\",<!-- [et_pb_line_break_holder] -->      \"url\": \"https:\/\/hotelesfray.com\/frayjunipero\/\",<!-- [et_pb_line_break_holder] -->      \"description\": \"Hotel emblem\u00e1tico en el coraz\u00f3n de Tepic, frente a la Catedral, con tradici\u00f3n hotelera, atenci\u00f3n personalizada y excelente ubicaci\u00f3n para turismo y negocios.\",<!-- [et_pb_line_break_holder] -->      \"address\": {<!-- [et_pb_line_break_holder] -->        \"@type\": \"PostalAddress\",<!-- [et_pb_line_break_holder] -->        \"streetAddress\": \"Sebasti\u00e1n Lerdo de Tejada Pte. 23, Centro\",<!-- [et_pb_line_break_holder] -->        \"addressLocality\": \"Tepic\",<!-- [et_pb_line_break_holder] -->        \"addressRegion\": \"Nayarit\",<!-- [et_pb_line_break_holder] -->        \"postalCode\": \"63000\",<!-- [et_pb_line_break_holder] -->        \"addressCountry\": \"MX\"<!-- [et_pb_line_break_holder] -->      },<!-- [et_pb_line_break_holder] -->      \"telephone\": \"+523112122525\",<!-- [et_pb_line_break_holder] -->      \"email\": \"recepcion@hotelfrayjunipero.com\",<!-- [et_pb_line_break_holder] -->      \"priceRange\": \"$$\",<!-- [et_pb_line_break_holder] -->      \"geo\": {<!-- [et_pb_line_break_holder] -->        \"@type\": \"GeoCoordinates\",<!-- [et_pb_line_break_holder] -->        \"latitude\": 21.511547,<!-- [et_pb_line_break_holder] -->        \"longitude\": -104.8944279<!-- [et_pb_line_break_holder] -->      },<!-- [et_pb_line_break_holder] -->      \"aggregateRating\": {<!-- [et_pb_line_break_holder] -->        \"@type\": \"AggregateRating\",<!-- [et_pb_line_break_holder] -->        \"ratingValue\": \"4.6\",<!-- [et_pb_line_break_holder] -->        \"reviewCount\": \"3900\",<!-- [et_pb_line_break_holder] -->        \"bestRating\": \"5\",<!-- [et_pb_line_break_holder] -->        \"worstRating\": \"1\"<!-- [et_pb_line_break_holder] -->      },<!-- [et_pb_line_break_holder] -->      \"amenityFeature\": [<!-- [et_pb_line_break_holder] -->        \"Desayuno buffet incluido\",<!-- [et_pb_line_break_holder] -->        \"Estacionamiento subterr\u00e1neo\",<!-- [et_pb_line_break_holder] -->        \"WiFi gratuito en habitaciones y \u00e1reas comunes\",<!-- [et_pb_line_break_holder] -->        \"Aire acondicionado\",<!-- [et_pb_line_break_holder] -->        \"Restaurante mexicano\",<!-- [et_pb_line_break_holder] -->        \"Salones para eventos\",<!-- [et_pb_line_break_holder] -->        \"TV de alta definici\u00f3n\",<!-- [et_pb_line_break_holder] -->        \"Gimnasio\"<!-- [et_pb_line_break_holder] -->      ],<!-- [et_pb_line_break_holder] -->      \"checkinTime\": \"15:00\",<!-- [et_pb_line_break_holder] -->      \"checkoutTime\": \"13:00\",<!-- [et_pb_line_break_holder] -->      \"sameAs\": [<!-- [et_pb_line_break_holder] -->        \"https:\/\/www.facebook.com\/hotelesfray\",<!-- [et_pb_line_break_holder] -->        \"https:\/\/www.instagram.com\/hotelesfray\"<!-- [et_pb_line_break_holder] -->      ],<!-- [et_pb_line_break_holder] -->      \"parentOrganization\": {<!-- [et_pb_line_break_holder] -->        \"@type\": \"Organization\",<!-- [et_pb_line_break_holder] -->        \"name\": \"Hoteles Fray\",<!-- [et_pb_line_break_holder] -->        \"url\": \"https:\/\/hotelesfray.com\/\"<!-- [et_pb_line_break_holder] -->      }<!-- [et_pb_line_break_holder] -->    },<!-- [et_pb_line_break_holder] -->    {<!-- [et_pb_line_break_holder] -->      \"@type\": \"Hotel\",<!-- [et_pb_line_break_holder] -->      \"name\": \"Hotel Fray Select\",<!-- [et_pb_line_break_holder] -->      \"url\": \"https:\/\/hotelesfray.com\/frayselect\/\",<!-- [et_pb_line_break_holder] -->      \"description\": \"Hotel moderno y nuevo en Tepic con habitaciones contempor\u00e1neas, desayuno buffet completo incluido y ubicaci\u00f3n estrat\u00e9gica para cualquier tipo de viaje.\",<!-- [et_pb_line_break_holder] -->      \"address\": {<!-- [et_pb_line_break_holder] -->        \"@type\": \"PostalAddress\",<!-- [et_pb_line_break_holder] -->        \"streetAddress\": \"Av. Prisciliano S\u00e1nchez Sur 130, Centro\",<!-- [et_pb_line_break_holder] -->        \"addressLocality\": \"Tepic\",<!-- [et_pb_line_break_holder] -->        \"addressRegion\": \"Nayarit\",<!-- [et_pb_line_break_holder] -->        \"postalCode\": \"63000\",<!-- [et_pb_line_break_holder] -->        \"addressCountry\": \"MX\"<!-- [et_pb_line_break_holder] -->      },<!-- [et_pb_line_break_holder] -->      \"telephone\": \"+523111337060\",<!-- [et_pb_line_break_holder] -->      \"email\": \"recepcion@hotelfrayselect.com\",<!-- [et_pb_line_break_holder] -->      \"priceRange\": \"$$\",<!-- [et_pb_line_break_holder] -->      \"geo\": {<!-- [et_pb_line_break_holder] -->        \"@type\": \"GeoCoordinates\",<!-- [et_pb_line_break_holder] -->        \"latitude\": 21.5044999,<!-- [et_pb_line_break_holder] -->        \"longitude\": -104.8890931<!-- [et_pb_line_break_holder] -->      },<!-- [et_pb_line_break_holder] -->      \"aggregateRating\": {<!-- [et_pb_line_break_holder] -->        \"@type\": \"AggregateRating\",<!-- [et_pb_line_break_holder] -->        \"ratingValue\": \"4.7\",<!-- [et_pb_line_break_holder] -->        \"reviewCount\": \"400\",<!-- [et_pb_line_break_holder] -->        \"bestRating\": \"5\",<!-- [et_pb_line_break_holder] -->        \"worstRating\": \"1\"<!-- [et_pb_line_break_holder] -->      },<!-- [et_pb_line_break_holder] -->      \"amenityFeature\": [<!-- [et_pb_line_break_holder] -->        \"Desayuno buffet incluido\",<!-- [et_pb_line_break_holder] -->        \"Estacionamiento amplio y seguro\",<!-- [et_pb_line_break_holder] -->        \"WiFi gratuito en habitaciones y \u00e1reas comunes\",<!-- [et_pb_line_break_holder] -->        \"Aire acondicionado\",<!-- [et_pb_line_break_holder] -->        \"Restaurante elegante\",<!-- [et_pb_line_break_holder] -->        \"Salones para eventos\",<!-- [et_pb_line_break_holder] -->        \"TV de alta definici\u00f3n\",<!-- [et_pb_line_break_holder] -->        \"Terraza\"<!-- [et_pb_line_break_holder] -->      ],<!-- [et_pb_line_break_holder] -->      \"checkinTime\": \"15:00\",<!-- [et_pb_line_break_holder] -->      \"checkoutTime\": \"13:00\",<!-- [et_pb_line_break_holder] -->      \"sameAs\": [<!-- [et_pb_line_break_holder] -->        \"https:\/\/www.facebook.com\/hotelesfray\",<!-- [et_pb_line_break_holder] -->        \"https:\/\/www.instagram.com\/hotelesfray\"<!-- [et_pb_line_break_holder] -->      ],<!-- [et_pb_line_break_holder] -->      \"parentOrganization\": {<!-- [et_pb_line_break_holder] -->        \"@type\": \"Organization\",<!-- [et_pb_line_break_holder] -->        \"name\": \"Hoteles Fray\",<!-- [et_pb_line_break_holder] -->        \"url\": \"https:\/\/hotelesfray.com\/\"<!-- [et_pb_line_break_holder] -->      }<!-- [et_pb_line_break_holder] -->    }<!-- [et_pb_line_break_holder] -->  ]<!-- [et_pb_line_break_holder] -->}<!-- [et_pb_line_break_holder] --><\/script>[\/et_pb_code][et_pb_heading title=\u00bbHoteles Fray: Hoteles en Tepic, Nayarit\u00bb _builder_version=\u00bb4.27.6&#8243; _module_preset=\u00bbdefault\u00bb title_font=\u00bb||||||||\u00bb title_text_align=\u00bbcenter\u00bb title_text_color=\u00bb#FFFFFF\u00bb width_tablet=\u00bb90%\u00bb width_phone=\u00bb85%\u00bb width_last_edited=\u00bbon|desktop\u00bb module_alignment=\u00bbcenter\u00bb custom_margin=\u00bb||0px||false|false\u00bb custom_padding=\u00bb||||false|false\u00bb title_font_size_tablet=\u00bb32px\u00bb title_font_size_phone=\u00bb26px\u00bb title_font_size_last_edited=\u00bbon|phone\u00bb global_colors_info=\u00bb{}\u00bb][\/et_pb_heading][et_pb_text _builder_version=\u00bb4.27.6&#8243; _module_preset=\u00bbdefault\u00bb text_text_color=\u00bb#FFFFFF\u00bb text_orientation=\u00bbcenter\u00bb width_tablet=\u00bb90%\u00bb width_phone=\u00bb85%\u00bb width_last_edited=\u00bboff|desktop\u00bb module_alignment=\u00bbcenter\u00bb text_font_size_tablet=\u00bb16px\u00bb text_font_size_phone=\u00bb\u00bb text_font_size_last_edited=\u00bbon|phone\u00bb global_colors_info=\u00bb{}\u00bb]<\/p>\n<p>Reserva en Hoteles Fray y disfruta la mejor ubicaci\u00f3n y servicio. <strong>Hoteles en Tepic<\/strong> con habitaciones modernas, <strong>WiFi gratuito<\/strong> y <strong>desayuno buffet incluido<\/strong>. Conoce nuestras dos opciones de hospedaje: el cl\u00e1sico <strong>Hotel Fray Jun\u00edpero Serra<\/strong>, frente a la Catedral y la Plaza Principal, y el moderno <strong>Hotel Fray Select<\/strong>, el hotel m\u00e1s nuevo de la ciudad.<\/p>\n<p>[\/et_pb_text][\/et_pb_column][\/et_pb_row][\/et_pb_section][et_pb_section fb_built=\u00bb1&#8243; next_background_color=\u00bb#000000&#8243; admin_label=\u00bbSection\u00bb _builder_version=\u00bb4.27.0&#8243; _module_preset=\u00bbdefault\u00bb custom_padding=\u00bb30px||||false|false\u00bb bottom_divider_style=\u00bbnone\u00bb bottom_divider_height=\u00bb20px\u00bb da_disable_devices=\u00bboff|off|off\u00bb box_shadow_style=\u00bbpreset3&#8243; global_colors_info=\u00bb{}\u00bb da_is_popup=\u00bboff\u00bb da_exit_intent=\u00bboff\u00bb da_has_close=\u00bbon\u00bb da_alt_close=\u00bboff\u00bb da_dark_close=\u00bboff\u00bb da_not_modal=\u00bbon\u00bb da_is_singular=\u00bboff\u00bb da_with_loader=\u00bboff\u00bb da_has_shadow=\u00bbon\u00bb][et_pb_row column_structure=\u00bb1_2,1_2&#8243; use_custom_gutter=\u00bbon\u00bb make_equal=\u00bbon\u00bb module_class=\u00bbtwo-columns\u00bb _builder_version=\u00bb4.27.6&#8243; _module_preset=\u00bbdefault\u00bb custom_margin=\u00bb||||false|false\u00bb custom_margin_last_edited=\u00bboff|phone\u00bb custom_padding=\u00bb||||false|false\u00bb global_colors_info=\u00bb{}\u00bb][et_pb_column type=\u00bb1_2&#8243; module_class=\u00bbpa-inline-buttons\u00bb _builder_version=\u00bb4.27.6&#8243; _module_preset=\u00bbdefault\u00bb background_color=\u00bbRGBA(255,255,255,0)\u00bb custom_padding=\u00bb0px|0px||0px|false|true\u00bb custom_padding_tablet=\u00bb0px||0px|0px|false|false\u00bb custom_padding_phone=\u00bb|0px|50px||false|false\u00bb custom_padding_last_edited=\u00bbon|tablet\u00bb custom_css_main_element=\u00bbtext-align: center;\u00bb border_color_bottom=\u00bb#cccccc\u00bb border_width_all_tablet=\u00bb\u00bb border_width_all_phone=\u00bb\u00bb border_width_all_last_edited=\u00bbon|phone\u00bb border_width_bottom_tablet=\u00bb\u00bb border_width_bottom_phone=\u00bb1px\u00bb border_width_bottom_last_edited=\u00bbon|phone\u00bb global_colors_info=\u00bb{}\u00bb][et_pb_image src=\u00bbhttps:\/\/hotelesfray.com\/wp-content\/uploads\/2025\/10\/FraySelectEH-png.webp\u00bb title_text=\u00bbFraySelectEH\u00bb url=\u00bb@ET-DC@eyJkeW5hbWljIjp0cnVlLCJjb250ZW50IjoicG9zdF9saW5rX3VybF9wYWdlIiwic2V0dGluZ3MiOnsicG9zdF9pZCI6IjM1ODMifX0=@\u00bb _builder_version=\u00bb4.27.6&#8243; _dynamic_attributes=\u00bburl\u00bb _module_preset=\u00bbdefault\u00bb width_tablet=\u00bb\u00bb width_phone=\u00bb75%\u00bb width_last_edited=\u00bbon|phone\u00bb max_width=\u00bb65%\u00bb module_alignment=\u00bbcenter\u00bb custom_margin=\u00bb||10px||false|false\u00bb global_colors_info=\u00bb{}\u00bb][\/et_pb_image][et_pb_gallery gallery_ids=\u00bb6249,4509,7559,7560,5303,4648,4510,4511&#8243; fullwidth=\u00bbon\u00bb _builder_version=\u00bb4.27.6&#8243; _module_preset=\u00bbdefault\u00bb border_radii=\u00bbon|10px|10px|10px|10px\u00bb global_colors_info=\u00bb{}\u00bb][\/et_pb_gallery][et_pb_text _builder_version=\u00bb4.27.6&#8243; _dynamic_attributes=\u00bblink_option_url\u00bb _module_preset=\u00bbdefault\u00bb header_2_font=\u00bb|||on|||||\u00bb header_2_text_color=\u00bb#CB253D\u00bb header_2_font_size=\u00bb20px\u00bb header_2_letter_spacing=\u00bb1px\u00bb custom_margin=\u00bb||0px||false|false\u00bb link_option_url=\u00bb@ET-DC@eyJkeW5hbWljIjp0cnVlLCJjb250ZW50IjoicG9zdF9saW5rX3VybF9wYWdlIiwic2V0dGluZ3MiOnsicG9zdF9pZCI6IjM1ODMifX0=@\u00bb header_2_font_size_tablet=\u00bb20px\u00bb header_2_font_size_phone=\u00bb20px\u00bb header_2_font_size_last_edited=\u00bbon|phone\u00bb global_colors_info=\u00bb{}\u00bb]<\/p>\n<h2 style=\"text-align: center;\"><strong>Hotel Fray Select<\/strong><\/h2>\n<p>[\/et_pb_text][et_pb_text _builder_version=\u00bb4.27.6&#8243; _module_preset=\u00bbdefault\u00bb text_text_color=\u00bb#3d5a69&#8243; link_font=\u00bb||||on||||\u00bb link_text_color=\u00bb#CB253D\u00bb header_2_font=\u00bb|700||on|||||\u00bb header_2_font_size=\u00bb20px\u00bb header_2_letter_spacing=\u00bb1px\u00bb custom_margin=\u00bb||20px||false|false\u00bb custom_padding=\u00bb||||false|false\u00bb global_colors_info=\u00bb{}\u00bb]<\/p>\n<p style=\"text-align: center;\">El hotel m\u00e1s nuevo y moderno de Tepic, <strong>con la ubicaci\u00f3n m\u00e1s conveniente y habitaciones contempor\u00e1neas<\/strong> de alto nivel.<\/p>\n<p>[\/et_pb_text][et_pb_button button_url=\u00bbtel:3111337060&#8243; button_text=\u00bb311 133 7060&#8243; button_alignment=\u00bbcenter\u00bb _builder_version=\u00bb4.27.6&#8243; _module_preset=\u00bbdefault\u00bb custom_button=\u00bbon\u00bb button_text_size=\u00bb14px\u00bb button_bg_color=\u00bb#CB253D\u00bb button_border_radius=\u00bb30px\u00bb button_font=\u00bb|700|||||||\u00bb button_icon=\u00bb&#xe090;||divi||400&#8243; button_icon_placement=\u00bbleft\u00bb button_on_hover=\u00bboff\u00bb custom_margin=\u00bb|8px|16px||false|false\u00bb custom_padding=\u00bb8px||8px||false|false\u00bb global_colors_info=\u00bb{}\u00bb][\/et_pb_button][et_pb_button button_url=\u00bb#reservar\u00bb button_text=\u00bbReservar\u00bb button_alignment=\u00bbcenter\u00bb _builder_version=\u00bb4.27.6&#8243; _module_preset=\u00bbdefault\u00bb custom_button=\u00bbon\u00bb button_text_size=\u00bb14px\u00bb button_bg_color=\u00bb#CB253D\u00bb button_border_radius=\u00bb30px\u00bb button_font=\u00bb|700|||||||\u00bb button_use_icon=\u00bboff\u00bb custom_margin=\u00bb|8px|16px||false|false\u00bb custom_padding=\u00bb8px||8px||false|false\u00bb global_colors_info=\u00bb{}\u00bb][\/et_pb_button][et_pb_button button_url=\u00bbhttps:\/\/hotelesfray.com\/tours\/frayselect\u00bb button_text=\u00bbTour virtual\u00bb button_alignment=\u00bbcenter\u00bb _builder_version=\u00bb4.27.6&#8243; _module_preset=\u00bbdefault\u00bb custom_button=\u00bbon\u00bb button_text_size=\u00bb14px\u00bb button_bg_color=\u00bb#3D5A69&#8243; button_use_icon=\u00bboff\u00bb custom_margin=\u00bb|8px|16px||false|false\u00bb custom_padding=\u00bb8px||8px||false|false\u00bb global_colors_info=\u00bb{}\u00bb][\/et_pb_button][\/et_pb_column][et_pb_column type=\u00bb1_2&#8243; module_class=\u00bbpa-inline-buttons\u00bb _builder_version=\u00bb4.27.6&#8243; _module_preset=\u00bbdefault\u00bb background_color=\u00bbRGBA(255,255,255,0)\u00bb custom_padding=\u00bb0px|0px|0px|0px|false|true\u00bb custom_padding_tablet=\u00bb0px|0px|0px||false|false\u00bb custom_padding_phone=\u00bb10px|||0px|false|false\u00bb custom_padding_last_edited=\u00bbon|phone\u00bb custom_css_main_element=\u00bbtext-align: center;\u00bb border_width_all=\u00bb0px\u00bb border_width_top=\u00bb0px\u00bb global_colors_info=\u00bb{}\u00bb][et_pb_image src=\u00bbhttps:\/\/hotelesfray.com\/wp-content\/uploads\/2025\/10\/FrayCentroEH-png.webp\u00bb title_text=\u00bbFrayCentroEH\u00bb url=\u00bb@ET-DC@eyJkeW5hbWljIjp0cnVlLCJjb250ZW50IjoicG9zdF9saW5rX3VybF9wYWdlIiwic2V0dGluZ3MiOnsicG9zdF9pZCI6IjM2MjAifX0=@\u00bb _builder_version=\u00bb4.27.6&#8243; _dynamic_attributes=\u00bburl\u00bb _module_preset=\u00bbdefault\u00bb width_tablet=\u00bb\u00bb width_phone=\u00bb75%\u00bb width_last_edited=\u00bbon|phone\u00bb max_width=\u00bb65%\u00bb module_alignment=\u00bbcenter\u00bb custom_margin=\u00bb||10px||false|false\u00bb global_colors_info=\u00bb{}\u00bb][\/et_pb_image][et_pb_gallery gallery_ids=\u00bb6431,6247,6405,7487,4501,267&#8243; fullwidth=\u00bbon\u00bb _builder_version=\u00bb4.27.6&#8243; _module_preset=\u00bbdefault\u00bb border_radii=\u00bbon|10px|10px|10px|10px\u00bb global_colors_info=\u00bb{}\u00bb][\/et_pb_gallery][et_pb_text _builder_version=\u00bb4.27.6&#8243; _dynamic_attributes=\u00bblink_option_url\u00bb _module_preset=\u00bbdefault\u00bb header_2_font=\u00bb|||on|||||\u00bb header_2_text_color=\u00bb#EBA123&#8243; header_2_font_size=\u00bb20px\u00bb header_2_letter_spacing=\u00bb1px\u00bb custom_margin=\u00bb||0px||false|false\u00bb link_option_url=\u00bb@ET-DC@eyJkeW5hbWljIjp0cnVlLCJjb250ZW50IjoicG9zdF9saW5rX3VybF9wYWdlIiwic2V0dGluZ3MiOnsicG9zdF9pZCI6IjM2MjAifX0=@\u00bb global_colors_info=\u00bb{}\u00bb]<\/p>\n<h2 style=\"text-align: center;\"><strong>Hotel Fray Jun\u00edpero<\/strong><\/h2>\n<p>[\/et_pb_text][et_pb_text _builder_version=\u00bb4.27.6&#8243; _module_preset=\u00bbdefault\u00bb text_font=\u00bb||||||||\u00bb text_text_color=\u00bb#3d5a69&#8243; link_font=\u00bb||||||||\u00bb link_text_color=\u00bb#EBA123&#8243; header_font=\u00bb||||on||||\u00bb header_2_font=\u00bb|700||on|||||\u00bb header_2_text_color=\u00bb#EBA123&#8243; header_2_font_size=\u00bb20px\u00bb header_2_letter_spacing=\u00bb1px\u00bb custom_margin=\u00bb||20px||false|false\u00bb custom_padding=\u00bb||||false|false\u00bb global_colors_info=\u00bb{}\u00bb]<\/p>\n<p style=\"text-align: center;\">Ubicaci\u00f3n privilegiada frente a la Catedral y la Plaza Principal, con vistas \u00fanicas y <strong>todos los atractivos tur\u00edsticos y de negocios a pocos pasos.<\/strong><\/p>\n<p>[\/et_pb_text][et_pb_button button_url=\u00bbtel:3112122525&#8243; button_text=\u00bb311 212 2525&#8243; button_alignment=\u00bbcenter\u00bb _builder_version=\u00bb4.27.4&#8243; _module_preset=\u00bbdefault\u00bb custom_button=\u00bbon\u00bb button_text_size=\u00bb14px\u00bb button_bg_color=\u00bb#EBA123&#8243; button_border_radius=\u00bb30px\u00bb button_font=\u00bb|700|||||||\u00bb button_icon=\u00bb&#xe090;||divi||400&#8243; button_icon_placement=\u00bbleft\u00bb button_on_hover=\u00bboff\u00bb custom_margin=\u00bb|8px|16px||false|false\u00bb custom_padding=\u00bb8px||8px||false|false\u00bb global_colors_info=\u00bb{}\u00bb][\/et_pb_button][et_pb_button button_url=\u00bb#reservar\u00bb button_text=\u00bbReservar\u00bb button_alignment=\u00bbcenter\u00bb _builder_version=\u00bb4.27.6&#8243; _module_preset=\u00bbdefault\u00bb custom_button=\u00bbon\u00bb button_text_size=\u00bb14px\u00bb button_text_color=\u00bb#FFFFFF\u00bb button_bg_color=\u00bb#EBA123&#8243; button_border_color=\u00bbRGBA(255,255,255,0)\u00bb button_border_radius=\u00bb30px\u00bb button_font=\u00bb|700|||||||\u00bb button_use_icon=\u00bboff\u00bb custom_margin=\u00bb|8px|16px||false|false\u00bb custom_padding=\u00bb8px||8px||false|false\u00bb global_colors_info=\u00bb{}\u00bb][\/et_pb_button][et_pb_button button_url=\u00bbhttps:\/\/hotelesfray.com\/tours\/fraycentro\/\u00bb button_text=\u00bbTour virtual\u00bb button_alignment=\u00bbcenter\u00bb disabled_on=\u00bboff|off|off\u00bb _builder_version=\u00bb4.27.6&#8243; _module_preset=\u00bbdefault\u00bb custom_button=\u00bbon\u00bb button_text_size=\u00bb14px\u00bb button_bg_color=\u00bb#3D5A69&#8243; button_use_icon=\u00bboff\u00bb custom_margin=\u00bb|8px|16px||false|false\u00bb custom_padding=\u00bb8px||8px||false|false\u00bb locked=\u00bboff\u00bb global_colors_info=\u00bb{}\u00bb][\/et_pb_button][\/et_pb_column][\/et_pb_row][\/et_pb_section][et_pb_section fb_built=\u00bb1&#8243; admin_label=\u00bbSection\u00bb module_id=\u00bbreservar\u00bb _builder_version=\u00bb4.27.6&#8243; _module_preset=\u00bbdefault\u00bb background_enable_color=\u00bboff\u00bb use_background_color_gradient=\u00bbon\u00bb background_color_gradient_stops=\u00bbrgba(0,0,0,0.85) 50%|rgba(37,51,49,0.9) 100%\u00bb background_color_gradient_overlays_image=\u00bbon\u00bb background_image=\u00bbhttps:\/\/hotelesfray.com\/wp-content\/uploads\/2023\/11\/frayselect-cb2-jpg.webp\u00bb parallax=\u00bbon\u00bb custom_padding=\u00bb||||false|false\u00bb da_popup_slug=\u00bbreservar\u00bb da_disable_devices=\u00bboff|off|off\u00bb global_colors_info=\u00bb{}\u00bb da_is_popup=\u00bboff\u00bb da_exit_intent=\u00bboff\u00bb da_has_close=\u00bbon\u00bb da_alt_close=\u00bboff\u00bb da_dark_close=\u00bboff\u00bb da_not_modal=\u00bbon\u00bb da_is_singular=\u00bboff\u00bb da_with_loader=\u00bboff\u00bb da_has_shadow=\u00bbon\u00bb][et_pb_row _builder_version=\u00bb4.27.6&#8243; _module_preset=\u00bbdefault\u00bb width_tablet=\u00bb\u00bb width_phone=\u00bb\u00bb width_last_edited=\u00bbon|phone\u00bb custom_margin=\u00bb||||false|false\u00bb custom_padding=\u00bb0px||0px||false|false\u00bb global_colors_info=\u00bb{}\u00bb][et_pb_column type=\u00bb4_4&#8243; _builder_version=\u00bb4.27.4&#8243; _module_preset=\u00bbdefault\u00bb global_colors_info=\u00bb{}\u00bb][et_pb_button button_url=\u00bb#ventajas\u00bb button_text=\u00bbVentajas de reservar directamente\u00bb button_alignment=\u00bbcenter\u00bb _builder_version=\u00bb4.27.6&#8243; _module_preset=\u00bbdefault\u00bb custom_button=\u00bbon\u00bb button_text_color=\u00bb#FFFFFF\u00bb button_bg_color=\u00bbRGBA(255,255,255,0)\u00bb button_border_width=\u00bb1px\u00bb button_border_color=\u00bb#FFFFFF\u00bb button_border_radius=\u00bb40px\u00bb button_font=\u00bb||||||||\u00bb button_icon=\u00bb&#xf0ae;||fa||900&#8243; button_icon_color=\u00bb#1ece33&#8243; button_on_hover=\u00bboff\u00bb custom_padding=\u00bb8px||8px||false|false\u00bb button_border_color_last_edited=\u00bboff|desktop\u00bb custom_css_main_element=\u00bbwidth: 100%;\u00bb global_colors_info=\u00bb{}\u00bb button_bg_color__hover_enabled=\u00bbon|hover\u00bb button_bg_color__hover=\u00bbrgba(108,132,129,0.4)\u00bb button_bg_enable_color__hover=\u00bbon\u00bb button_text_color__hover_enabled=\u00bbon|hover\u00bb button_text_color__hover=\u00bb#FFFFFF\u00bb button_border_color__hover_enabled=\u00bboff|hover\u00bb button_border_color__hover=\u00bb#FFFFFF\u00bb][\/et_pb_button][\/et_pb_column][\/et_pb_row][et_pb_row column_structure=\u00bb1_3,1_3,1_3&#8243; use_custom_gutter=\u00bbon\u00bb make_equal=\u00bbon\u00bb custom_padding_last_edited=\u00bboff|desktop\u00bb disabled_on=\u00bboff|off|off\u00bb module_class=\u00bbtwo-columns\u00bb _builder_version=\u00bb4.27.6&#8243; _module_preset=\u00bbdefault\u00bb background_enable_color=\u00bboff\u00bb width_tablet=\u00bb\u00bb width_phone=\u00bb90%\u00bb width_last_edited=\u00bbon|phone\u00bb custom_margin=\u00bb||||false|false\u00bb custom_padding=\u00bb||||false|false\u00bb border_radii=\u00bbon|10px|10px|10px|10px\u00bb global_colors_info=\u00bb{}\u00bb][et_pb_column type=\u00bb1_3&#8243; _builder_version=\u00bb4.27.6&#8243; _module_preset=\u00bbdefault\u00bb background_color=\u00bbrgba(0,0,0,0.4)\u00bb custom_padding=\u00bb20px|20px|30px|20px|false|false\u00bb border_radii=\u00bbon|20px|20px|20px|20px\u00bb border_width_all=\u00bb1px\u00bb border_color_all=\u00bbrgba(206,206,206,0.4)\u00bb global_colors_info=\u00bb{}\u00bb][et_pb_image src=\u00bbhttps:\/\/hotelesfray.com\/wp-content\/uploads\/2025\/12\/HotelesFray210x120-png.webp\u00bb title_text=\u00bbHotelesFray210x120&#8243; url=\u00bb@ET-DC@eyJkeW5hbWljIjp0cnVlLCJjb250ZW50IjoicG9zdF9saW5rX3VybF9wYWdlIiwic2V0dGluZ3MiOnsicG9zdF9pZCI6IjM2MjAifX0=@\u00bb align=\u00bbcenter\u00bb _builder_version=\u00bb4.27.6&#8243; _dynamic_attributes=\u00bburl\u00bb _module_preset=\u00bbdefault\u00bb width=\u00bb50%\u00bb width_tablet=\u00bb40%\u00bb width_phone=\u00bb80%\u00bb width_last_edited=\u00bbon|desktop\u00bb module_alignment=\u00bbcenter\u00bb custom_margin=\u00bb||-20px||false|false\u00bb custom_padding=\u00bb||||false|false\u00bb filter_saturate=\u00bb0%\u00bb filter_brightness=\u00bb500%\u00bb global_colors_info=\u00bb{}\u00bb][\/et_pb_image][et_pb_code _builder_version=\u00bb4.27.6&#8243; _module_preset=\u00bbdefault\u00bb background_color=\u00bbrgba(255,255,255,0.1)\u00bb custom_margin=\u00bb30px||30px||false|false\u00bb custom_padding=\u00bb20px|15px|20px|15px|false|false\u00bb border_radii=\u00bbon|10px|10px|10px|10px\u00bb box_shadow_style=\u00bbpreset1&#8243; box_shadow_blur=\u00bb10px\u00bb box_shadow_color=\u00bbrgba(0,0,0,0.15)\u00bb global_colors_info=\u00bb{}\u00bb]<\/p>\n<div id=\"cloudbeds-widget-unified\" style=\"padding: 10px;\"><!-- [et_pb_line_break_holder] -->  <\/p>\n<form id=\"booking-form-unified\" style=\"font-family: 'Figtree', sans-serif; font-size: 15px;\"><!-- [et_pb_line_break_holder] -->    <\/p>\n<div style=\"margin-bottom: 20px;\"><!-- [et_pb_line_break_holder] -->      <select id=\"hotel-select\" required style=\"width: 100%; padding: 12px 20px; border-radius: 20px; font-size: 15px; border: 1px solid #ccc; background: white; cursor: pointer; appearance: none; -webkit-appearance: none; background-image: url('data:image\/svg+xml;charset=UTF-8,<svg xmlns=%22http:\/\/www.w3.org\/2000\/svg%22 width=%2212%22 height=%228%22 viewBox=%220 0 12 8%22><path fill=%22%23999%22 d=%22M6 8L0 0h12z%22\/><\/svg>&#8216;); background-repeat: no-repeat; background-position: right 16px center; color: #555;\u00bb><!-- [et_pb_line_break_holder] --><option value=\"\" disabled selected>Seleccionar Hotel<\/option><!-- [et_pb_line_break_holder] --><option value=\"u2yvwq\">Hotel Fray Jun\u00edpero (Centro Hist\u00f3rico)<\/option><!-- [et_pb_line_break_holder] --><option value=\"d8ajqB\">Hotel Fray Select<\/option><!-- [et_pb_line_break_holder] -->      <\/select><!-- [et_pb_line_break_holder] -->    <\/div>\n<p><!-- [et_pb_line_break_holder] -->    <\/p>\n<div style=\"margin-bottom: 20px;\"><!-- [et_pb_line_break_holder] -->      <input type=\"text\" id=\"checkin-unified\" placeholder=\"Llegada\" readonly required style=\"width: 100%; padding: 12px 20px; border-radius: 20px; font-size: 15px; border: 1px solid #ccc; background: white; cursor: pointer;\"><!-- [et_pb_line_break_holder] -->    <\/div>\n<p><!-- [et_pb_line_break_holder] -->    <\/p>\n<div style=\"margin-bottom: 20px;\"><!-- [et_pb_line_break_holder] -->      <input type=\"text\" id=\"checkout-unified\" placeholder=\"Salida\" readonly required style=\"width: 100%; padding: 12px 20px; border-radius: 20px; font-size: 15px; border: 1px solid #ccc; background: white; cursor: pointer;\"><!-- [et_pb_line_break_holder] -->    <\/div>\n<p><!-- [et_pb_line_break_holder] -->    <\/p>\n<div style=\"margin-bottom: 20px;\"><!-- [et_pb_line_break_holder] -->      <input type=\"text\" id=\"promo-unified\" placeholder=\"C\u00f3digo Promocional (Opcional)\" style=\"width: 100%; padding: 12px 20px; border-radius: 20px; font-size: 15px; border: 1px solid #ccc;\"><!-- [et_pb_line_break_holder] -->    <\/div>\n<p><!-- [et_pb_line_break_holder] -->    <button type=\"submit\" style=\"width: 100%; padding: 12px; background: #6c8481; color: white; border: none; cursor: pointer; border-radius: 20px; letter-spacing: 1px; font-size: 14px; font-weight: 600;\">RESERVAR<\/button><!-- [et_pb_line_break_holder] -->  <\/form>\n<p><!-- [et_pb_line_break_holder] --><\/div>\n<p><!-- [et_pb_line_break_holder] --><script><!-- [et_pb_line_break_holder] -->(function($) {<!-- [et_pb_line_break_holder] -->  $(function() {<!-- [et_pb_line_break_holder] -->    var $cin = $(\"#checkin-unified\"), $cout = $(\"#checkout-unified\");<!-- [et_pb_line_break_holder] --><!-- [et_pb_line_break_holder] -->    $cin.datepicker({<!-- [et_pb_line_break_holder] -->      dateFormat: 'dd\/mm\/yy',<!-- [et_pb_line_break_holder] -->      minDate: 1,<!-- [et_pb_line_break_holder] -->      monthNames: ['Enero', 'Febrero', 'Marzo', 'Abril', 'Mayo', 'Junio', 'Julio', 'Agosto', 'Septiembre', 'Octubre', 'Noviembre', 'Diciembre'],<!-- [et_pb_line_break_holder] -->      dayNamesMin: ['Do', 'Lu', 'Ma', 'Mi', 'Ju', 'Vi', 'S\u00e1'],<!-- [et_pb_line_break_holder] -->      firstDay: 1,<!-- [et_pb_line_break_holder] -->      onSelect: function() {<!-- [et_pb_line_break_holder] -->        var date = $(this).datepicker('getDate');<!-- [et_pb_line_break_holder] -->        date.setDate(date.getDate() + 1);<!-- [et_pb_line_break_holder] -->        $cout.datepicker(\"option\", \"minDate\", date);<!-- [et_pb_line_break_holder] -->        $cout.datepicker(\"setDate\", date);<!-- [et_pb_line_break_holder] -->        setTimeout(function() { $cout.datepicker(\"show\"); }, 200);<!-- [et_pb_line_break_holder] -->      }<!-- [et_pb_line_break_holder] -->    });<!-- [et_pb_line_break_holder] --><!-- [et_pb_line_break_holder] -->    $cout.datepicker({<!-- [et_pb_line_break_holder] -->      dateFormat: 'dd\/mm\/yy',<!-- [et_pb_line_break_holder] -->      minDate: 2,<!-- [et_pb_line_break_holder] -->      monthNames: ['Enero', 'Febrero', 'Marzo', 'Abril', 'Mayo', 'Junio', 'Julio', 'Agosto', 'Septiembre', 'Octubre', 'Noviembre', 'Diciembre'],<!-- [et_pb_line_break_holder] -->      dayNamesMin: ['Do', 'Lu', 'Ma', 'Mi', 'Ju', 'Vi', 'S\u00e1'],<!-- [et_pb_line_break_holder] -->      firstDay: 1<!-- [et_pb_line_break_holder] -->    });<!-- [et_pb_line_break_holder] --><!-- [et_pb_line_break_holder] -->    $(\"#booking-form-unified\").on(\"submit\", function(e) {<!-- [et_pb_line_break_holder] -->      e.preventDefault();<!-- [et_pb_line_break_holder] --><!-- [et_pb_line_break_holder] -->      var hotelCode = $(\"#hotel-select\").val();<!-- [et_pb_line_break_holder] -->      if (!hotelCode) {<!-- [et_pb_line_break_holder] -->        alert(\"Por favor selecciona un hotel.\");<!-- [et_pb_line_break_holder] -->        return;<!-- [et_pb_line_break_holder] -->      }<!-- [et_pb_line_break_holder] --><!-- [et_pb_line_break_holder] -->      var dIn = $cin.datepicker('getDate'), dOut = $cout.datepicker('getDate');<!-- [et_pb_line_break_holder] -->      if (!dIn || !dOut) return;<!-- [et_pb_line_break_holder] --><!-- [et_pb_line_break_holder] -->      var cin = $.datepicker.formatDate('yy-mm-dd', dIn);<!-- [et_pb_line_break_holder] -->      var cout = $.datepicker.formatDate('yy-mm-dd', dOut);<!-- [et_pb_line_break_holder] --><!-- [et_pb_line_break_holder] -->      var url = \"https:\/\/hotels.cloudbeds.com\/es\/reservation\/\" + hotelCode + \"\/?checkin=\" + cin + \"&checkout=\" + cout;<!-- [et_pb_line_break_holder] --><!-- [et_pb_line_break_holder] -->      var p = $(\"#promo-unified\").val().trim();<!-- [et_pb_line_break_holder] -->      if (p) url += \"&promo=\" + encodeURIComponent(p);<!-- [et_pb_line_break_holder] --><!-- [et_pb_line_break_holder] -->      window.location.href = url;<!-- [et_pb_line_break_holder] -->    });<!-- [et_pb_line_break_holder] -->  });<!-- [et_pb_line_break_holder] -->})(jQuery);<!-- [et_pb_line_break_holder] --><\/script>[\/et_pb_code][\/et_pb_column][et_pb_column type=\u00bb1_3&#8243; module_id=\u00bbfj\u00bb _builder_version=\u00bb4.27.6&#8243; _module_preset=\u00bbdefault\u00bb background_color=\u00bbrgba(0,0,0,0.4)\u00bb custom_padding=\u00bb20px|20px|30px|20px|false|false\u00bb border_radii=\u00bbon|20px|20px|20px|20px\u00bb border_width_all=\u00bb1px\u00bb border_color_all=\u00bbrgba(206,206,206,0.4)\u00bb global_colors_info=\u00bb{}\u00bb][et_pb_image src=\u00bbhttps:\/\/hotelesfray.com\/wp-content\/uploads\/2026\/02\/Gb-logo-smaller2-png.webp\u00bb title_text=\u00bbGb logo smaller2&#8243; align=\u00bbcenter\u00bb _builder_version=\u00bb4.27.6&#8243; _module_preset=\u00bbdefault\u00bb width=\u00bb25%\u00bb width_tablet=\u00bb20%\u00bb width_phone=\u00bb30%\u00bb width_last_edited=\u00bbon|tablet\u00bb custom_margin=\u00bb||30px||false|false\u00bb custom_margin_tablet=\u00bb||30px||false|false\u00bb custom_margin_phone=\u00bb20px||30px||false|false\u00bb custom_margin_last_edited=\u00bbon|phone\u00bb filter_invert=\u00bb100%\u00bb global_colors_info=\u00bb{}\u00bb][\/et_pb_image][et_pb_heading title=\u00bbRECOMPENSAMOS TU LEALTAD\u00bb _builder_version=\u00bb4.27.6&#8243; _module_preset=\u00bbdefault\u00bb title_level=\u00bbh3&#8243; title_text_align=\u00bbcenter\u00bb title_text_color=\u00bb#FFFFFF\u00bb title_letter_spacing=\u00bb1px\u00bb custom_margin=\u00bb||||false|false\u00bb custom_margin_tablet=\u00bb||10px||false|false\u00bb custom_margin_phone=\u00bb||10px||false|false\u00bb custom_margin_last_edited=\u00bbon|desktop\u00bb global_colors_info=\u00bb{}\u00bb][\/et_pb_heading][et_pb_text _builder_version=\u00bb4.27.6&#8243; _module_preset=\u00bbdefault\u00bb text_text_color=\u00bb#FFFFFF\u00bb text_font_size=\u00bb15px\u00bb custom_margin=\u00bb||10px||false|false\u00bb global_colors_info=\u00bb{}\u00bb]<\/p>\n<p dir=\"auto\" style=\"text-align: center;\">Hoteles Fray se une a <strong>The Guestbook Hotel Rewards<\/strong>. Obt\u00e9n hasta 15% de recompensa en tus <strong>reservas a trav\u00e9s de nuestro sitio web<\/strong>. <span>Registrate hoy a The Guestbook y empieza a recibir recompensas.<br \/><\/span><\/p>\n<p>[\/et_pb_text][et_pb_button button_url=\u00bb#guestbook\u00bb button_text=\u00bb\u00bfC\u00f3mo funciona?\u00bb button_alignment=\u00bbcenter\u00bb _builder_version=\u00bb4.27.6&#8243; _module_preset=\u00bbdefault\u00bb custom_button=\u00bbon\u00bb button_text_size=\u00bb14px\u00bb button_bg_color=\u00bbRGBA(255,255,255,0)\u00bb button_border_width=\u00bb2px\u00bb button_border_color=\u00bb#FFFFFF\u00bb button_use_icon=\u00bboff\u00bb custom_margin=\u00bb20px||||false|false\u00bb custom_padding=\u00bb8px|25px|8px|25px|false|false\u00bb box_shadow_style=\u00bbpreset3&#8243; global_colors_info=\u00bb{}\u00bb][\/et_pb_button][et_pb_button button_url=\u00bbhttps:\/\/theguestbook.com\/reward_sign_up\/hotelesfray1&#8243; button_text=\u00bb\u00danete a The Guestbook\u00bb button_alignment=\u00bbcenter\u00bb _builder_version=\u00bb4.27.6&#8243; _module_preset=\u00bbdefault\u00bb custom_button=\u00bbon\u00bb button_text_size=\u00bb14px\u00bb button_bg_color=\u00bb#6c8481&#8243; button_icon=\u00bb&#xf35d;||fa||900&#8243; button_on_hover=\u00bboff\u00bb custom_margin=\u00bb20px||30px||false|false\u00bb custom_padding=\u00bb10px|40px|10px|25px|false|false\u00bb box_shadow_style=\u00bbpreset3&#8243; global_colors_info=\u00bb{}\u00bb][\/et_pb_button][\/et_pb_column][et_pb_column type=\u00bb1_3&#8243; module_id=\u00bbfj\u00bb _builder_version=\u00bb4.27.6&#8243; _module_preset=\u00bbdefault\u00bb background_color=\u00bbrgba(0,0,0,0.4)\u00bb custom_padding=\u00bb20px|20px|30px|20px|false|false\u00bb border_radii=\u00bbon|20px|20px|20px|20px\u00bb border_width_all=\u00bb1px\u00bb border_color_all=\u00bbrgba(206,206,206,0.4)\u00bb global_colors_info=\u00bb{}\u00bb][et_pb_image src=\u00bbhttps:\/\/hotelesfray.com\/wp-content\/uploads\/2021\/06\/ConvenioEmpresa.png\u00bb title_text=\u00bbConvenioEmpresa\u00bb align=\u00bbcenter\u00bb _builder_version=\u00bb4.27.6&#8243; _module_preset=\u00bbdefault\u00bb width=\u00bb42%\u00bb width_tablet=\u00bb20%\u00bb width_phone=\u00bb35%\u00bb width_last_edited=\u00bbon|phone\u00bb custom_margin=\u00bb10px||30px||false|false\u00bb custom_margin_tablet=\u00bb10px||30px||false|false\u00bb custom_margin_phone=\u00bb20px||30px||false|false\u00bb custom_margin_last_edited=\u00bbon|phone\u00bb filter_saturate=\u00bb0%\u00bb filter_brightness=\u00bb500%\u00bb global_colors_info=\u00bb{}\u00bb][\/et_pb_image][et_pb_heading title=\u00bbCONVENIO DE TARIFAS\u00bb _builder_version=\u00bb4.27.6&#8243; _module_preset=\u00bbdefault\u00bb title_level=\u00bbh3&#8243; title_text_align=\u00bbcenter\u00bb title_text_color=\u00bb#FFFFFF\u00bb title_letter_spacing=\u00bb1px\u00bb custom_margin=\u00bb||||false|false\u00bb custom_margin_tablet=\u00bb||10px||false|false\u00bb custom_margin_phone=\u00bb||10px||false|false\u00bb custom_margin_last_edited=\u00bbon|phone\u00bb global_colors_info=\u00bb{}\u00bb][\/et_pb_heading][et_pb_text _builder_version=\u00bb4.27.6&#8243; _module_preset=\u00bbdefault\u00bb text_text_color=\u00bb#FFFFFF\u00bb text_font_size=\u00bb15px\u00bb custom_margin=\u00bb||30px||false|false\u00bb global_colors_info=\u00bb{}\u00bb]<\/p>\n<p dir=\"auto\" style=\"text-align: center;\">Tarifas fijas competitivas, flexibilidad en reservas y servicios personalizados que garantizan comodidad y eficiencia para ti o tu empresa. <strong>\u00a1Descubre c\u00f3mo nuestro convenio puede beneficiarte y solic\u00edtalo sin costo!<\/strong><\/p>\n<p>[\/et_pb_text][et_pb_button button_url=\u00bb@ET-DC@eyJkeW5hbWljIjp0cnVlLCJjb250ZW50IjoicG9zdF9saW5rX3VybF9wYWdlIiwic2V0dGluZ3MiOnsicG9zdF9pZCI6IjI4MTcifX0=@\u00bb button_text=\u00bbM\u00e1s informaci\u00f3n\u00bb button_alignment=\u00bbcenter\u00bb _builder_version=\u00bb4.27.6&#8243; _dynamic_attributes=\u00bbbutton_url\u00bb _module_preset=\u00bbdefault\u00bb custom_button=\u00bbon\u00bb button_text_size=\u00bb14px\u00bb button_bg_color=\u00bb#6c8481&#8243; button_use_icon=\u00bboff\u00bb custom_margin=\u00bb20px||30px||false|false\u00bb custom_padding=\u00bb10px|25px|10px|25px|false|false\u00bb box_shadow_style=\u00bbpreset3&#8243; global_colors_info=\u00bb{}\u00bb][\/et_pb_button][\/et_pb_column][\/et_pb_row][\/et_pb_section][et_pb_section fb_built=\u00bb1&#8243; admin_label=\u00bbPopup &#8211; #guestbook\u00bb module_id=\u00bbguestbook\u00bb module_class=\u00bbpopup\u00bb _builder_version=\u00bb4.27.6&#8243; _module_preset=\u00bbdefault\u00bb width=\u00bb85%\u00bb max_height=\u00bb80%\u00bb custom_margin=\u00bb||||false|false\u00bb custom_padding=\u00bb||||false|false\u00bb custom_css_main_element=\u00bb\/* Increase the size of the close button icon *\/||.da-close {||    font-size: 32px !important; \/* Adjust this number to your liking *\/||    width: 40px !important;    \/* Match width\/height for a perfect square\/circle *\/||    height: 40px !important;||    line-height: 40px !important; \/* Centers the &#8216;X&#8217; vertically *\/||}||||\/* Optional: Add background color or padding to make it stand out *\/||.da-close {||    background-color: #ffffff !important;||    border-radius: 50%;||    box-shadow: 0px 2px 10px rgba(0,0,0,0.2);||}\u00bb da_is_popup=\u00bbon\u00bb da_popup_slug=\u00bbguestbook\u00bb da_disable_devices=\u00bboff|off|off\u00bb border_radii=\u00bbon|20px|20px|20px|20px\u00bb border_width_top=\u00bb1px\u00bb border_color_top=\u00bbrgba(122,122,122,0.5)\u00bb global_colors_info=\u00bb{}\u00bb da_exit_intent=\u00bboff\u00bb da_has_close=\u00bbon\u00bb da_alt_close=\u00bboff\u00bb da_dark_close=\u00bboff\u00bb da_not_modal=\u00bbon\u00bb da_is_singular=\u00bboff\u00bb da_with_loader=\u00bboff\u00bb da_has_shadow=\u00bbon\u00bb][et_pb_row column_structure=\u00bb1_3,1_3,1_3&#8243; use_custom_gutter=\u00bbon\u00bb _builder_version=\u00bb4.27.6&#8243; _module_preset=\u00bbdefault\u00bb width=\u00bb90%\u00bb max_width=\u00bb100%\u00bb custom_padding=\u00bb20px||||false|false\u00bb global_colors_info=\u00bb{}\u00bb][et_pb_column type=\u00bb1_3&#8243; _builder_version=\u00bb4.27.6&#8243; _module_preset=\u00bbdefault\u00bb global_colors_info=\u00bb{}\u00bb][et_pb_icon font_icon=\u00bb&#xf2bd;||fa||900&#8243; icon_color=\u00bb#6c8481&#8243; icon_width=\u00bb48px\u00bb _builder_version=\u00bb4.27.6&#8243; _module_preset=\u00bbdefault\u00bb background_color=\u00bbRGBA(255,255,255,0)\u00bb custom_margin=\u00bb||20px||false|false\u00bb global_colors_info=\u00bb{}\u00bb][\/et_pb_icon][et_pb_heading title=\u00bb1. Crea tu cuenta o inicia sesi\u00f3n\u00bb _builder_version=\u00bb4.27.6&#8243; _module_preset=\u00bbdefault\u00bb title_level=\u00bbh4&#8243; title_font=\u00bb|600||on|||||\u00bb title_text_align=\u00bbcenter\u00bb title_text_color=\u00bb#6c8481&#8243; title_font_size=\u00bb16px\u00bb title_letter_spacing=\u00bb1px\u00bb title_line_height=\u00bb1.5em\u00bb custom_margin=\u00bb||0px||false|false\u00bb custom_padding=\u00bb||||false|false\u00bb global_colors_info=\u00bb{}\u00bb][\/et_pb_heading][et_pb_text _builder_version=\u00bb4.27.6&#8243; _module_preset=\u00bbdefault\u00bb text_text_color=\u00bb#3D5A69&#8243; text_line_height=\u00bb1.5em\u00bb link_font=\u00bb|600|||on||||\u00bb link_text_color=\u00bb#6c8481&#8243; custom_padding=\u00bb||0px|||\u00bb global_colors_info=\u00bb{}\u00bb]<\/p>\n<p style=\"text-align: center;\"><a href=\"https:\/\/theguestbook.com\/users\/sign_in?pid=theguestbook\" target=\"_blank\" rel=\"noopener\">Inicia sesi\u00f3n<\/a> o <a href=\"https:\/\/theguestbook.com\/users\/sign_up?pid=theguestbook\">registrate<\/a> de forma gratuita con <strong>The Guestbook. <\/strong>Descubre un amplio cat\u00e1logo de m\u00e1s de 850 hoteles asociados exclusivos.<\/p>\n<p>[\/et_pb_text][\/et_pb_column][et_pb_column type=\u00bb1_3&#8243; _builder_version=\u00bb4.27.0&#8243; _module_preset=\u00bbdefault\u00bb global_colors_info=\u00bb{}\u00bb][et_pb_icon font_icon=\u00bb&#xf236;||fa||900&#8243; icon_color=\u00bb#6c8481&#8243; icon_width=\u00bb48px\u00bb _builder_version=\u00bb4.27.6&#8243; _module_preset=\u00bbdefault\u00bb custom_margin=\u00bb||20px||false|false\u00bb global_colors_info=\u00bb{}\u00bb][\/et_pb_icon][et_pb_heading title=\u00bb2. Reserva como siempre\u00bb _builder_version=\u00bb4.27.6&#8243; _module_preset=\u00bbdefault\u00bb title_level=\u00bbh4&#8243; title_font=\u00bb|600||on|||||\u00bb title_text_align=\u00bbcenter\u00bb title_text_color=\u00bb#6c8481&#8243; title_font_size=\u00bb16px\u00bb title_letter_spacing=\u00bb1px\u00bb title_line_height=\u00bb1.5em\u00bb custom_margin=\u00bb||0px||false|false\u00bb custom_padding=\u00bb||||false|false\u00bb locked=\u00bboff\u00bb global_colors_info=\u00bb{}\u00bb][\/et_pb_heading][et_pb_text _builder_version=\u00bb4.27.6&#8243; _module_preset=\u00bbdefault\u00bb text_text_color=\u00bb#3D5A69&#8243; text_line_height=\u00bb1.5em\u00bb custom_padding=\u00bb||0px|||\u00bb global_colors_info=\u00bb{}\u00bb]<\/p>\n<p style=\"text-align: center;\">Reserva tu habitaci\u00f3n <strong>directamente en nuestro sitio web<\/strong> utilizando la misma direcci\u00f3n de correo de tu cuenta de The Guestbook.<\/p>\n<p>[\/et_pb_text][\/et_pb_column][et_pb_column type=\u00bb1_3&#8243; _builder_version=\u00bb4.27.0&#8243; _module_preset=\u00bbdefault\u00bb global_colors_info=\u00bb{}\u00bb][et_pb_icon font_icon=\u00bb&#xf4c0;||fa||900&#8243; icon_color=\u00bb#6c8481&#8243; icon_width=\u00bb48px\u00bb _builder_version=\u00bb4.27.6&#8243; _module_preset=\u00bbdefault\u00bb custom_margin=\u00bb||20px||false|false\u00bb global_colors_info=\u00bb{}\u00bb][\/et_pb_icon][et_pb_heading title=\u00bb3. Canjea recompensas\u00bb _builder_version=\u00bb4.27.6&#8243; _module_preset=\u00bbdefault\u00bb title_level=\u00bbh4&#8243; title_font=\u00bb|600||on|||||\u00bb title_text_align=\u00bbcenter\u00bb title_text_color=\u00bb#6c8481&#8243; title_font_size=\u00bb16px\u00bb title_letter_spacing=\u00bb1px\u00bb title_line_height=\u00bb1.5em\u00bb custom_margin=\u00bb||0px||false|false\u00bb custom_padding=\u00bb||||false|false\u00bb locked=\u00bboff\u00bb global_colors_info=\u00bb{}\u00bb][\/et_pb_heading][et_pb_text _builder_version=\u00bb4.27.6&#8243; _module_preset=\u00bbdefault\u00bb text_text_color=\u00bb#3D5A69&#8243; text_line_height=\u00bb1.5em\u00bb custom_padding=\u00bb||0px|||\u00bb global_colors_info=\u00bb{}\u00bb]<\/p>\n<p style=\"text-align: center;\">Elige entre recibir un reembolso de<strong> 5% en efectivo <\/strong>a trav\u00e9s de PayPal o tarjetas de regalo, donar el <strong>5% a una causa<\/strong> o aplicar un <strong>cr\u00e9dito del 15%<\/strong> para una futura visita al hotel o cualquier hotel del cat\u00e1logo de The Guestbook.<\/p>\n<p>[\/et_pb_text][\/et_pb_column][\/et_pb_row][\/et_pb_section][et_pb_section fb_built=\u00bb1&#8243; admin_label=\u00bbPopup &#8211; #ventajas\u00bb module_id=\u00bbventajas\u00bb module_class=\u00bbpopup\u00bb _builder_version=\u00bb4.27.4&#8243; _module_preset=\u00bbdefault\u00bb width=\u00bb85%\u00bb max_height=\u00bb80%\u00bb custom_margin=\u00bb||||false|false\u00bb custom_padding=\u00bb||||false|false\u00bb custom_css_main_element=\u00bb\/* Increase the size of the close button icon *\/||.da-close {||    font-size: 32px !important; \/* Adjust this number to your liking *\/||    width: 40px !important;    \/* Match width\/height for a perfect square\/circle *\/||    height: 40px !important;||    line-height: 40px !important; \/* Centers the &#8216;X&#8217; vertically *\/||}||||\/* Optional: Add background color or padding to make it stand out *\/||.da-close {||    background-color: #ffffff !important;||    border-radius: 50%;||    box-shadow: 0px 2px 10px rgba(0,0,0,0.2);||}\u00bb da_is_popup=\u00bbon\u00bb da_popup_slug=\u00bbventajas\u00bb da_disable_devices=\u00bboff|off|off\u00bb border_radii=\u00bbon|20px|20px|20px|20px\u00bb border_width_top=\u00bb1px\u00bb border_color_top=\u00bbrgba(122,122,122,0.5)\u00bb global_colors_info=\u00bb{}\u00bb da_exit_intent=\u00bboff\u00bb da_has_close=\u00bbon\u00bb da_alt_close=\u00bboff\u00bb da_dark_close=\u00bboff\u00bb da_not_modal=\u00bbon\u00bb da_is_singular=\u00bboff\u00bb da_with_loader=\u00bboff\u00bb da_has_shadow=\u00bbon\u00bb][et_pb_row column_structure=\u00bb1_4,1_4,1_4,1_4&#8243; use_custom_gutter=\u00bbon\u00bb _builder_version=\u00bb4.27.4&#8243; _module_preset=\u00bbdefault\u00bb width=\u00bb90%\u00bb max_width=\u00bb100%\u00bb custom_padding=\u00bb20px||||false|false\u00bb global_colors_info=\u00bb{}\u00bb][et_pb_column type=\u00bb1_4&#8243; _builder_version=\u00bb4.27.0&#8243; _module_preset=\u00bbdefault\u00bb global_colors_info=\u00bb{}\u00bb][et_pb_icon font_icon=\u00bb&#xf02c;||fa||900&#8243; icon_width=\u00bb48px\u00bb _builder_version=\u00bb4.27.0&#8243; _module_preset=\u00bbdefault\u00bb custom_margin=\u00bb||20px||false|false\u00bb global_colors_info=\u00bb{}\u00bb][\/et_pb_icon][et_pb_heading title=\u00bbLa mejor tarifa y recompensas\u00bb _builder_version=\u00bb4.27.4&#8243; _module_preset=\u00bbdefault\u00bb title_level=\u00bbh2&#8243; title_font=\u00bb|600||on|||||\u00bb title_text_align=\u00bbcenter\u00bb title_font_size=\u00bb16px\u00bb title_letter_spacing=\u00bb1px\u00bb title_line_height=\u00bb1.5em\u00bb custom_margin=\u00bb||0px||false|false\u00bb custom_padding=\u00bb||||false|false\u00bb global_colors_info=\u00bb{}\u00bb][\/et_pb_heading][et_pb_text _builder_version=\u00bb4.27.6&#8243; _module_preset=\u00bbdefault\u00bb text_text_color=\u00bb#3D5A69&#8243; text_line_height=\u00bb1.5em\u00bb custom_margin=\u00bb||0px||false|false\u00bb custom_padding=\u00bb||0px|||\u00bb global_colors_info=\u00bb{}\u00bb]<\/p>\n<p style=\"text-align: center;\">Obt\u00e9n la mejor tarifa disponible y recompensas de hasta 15% del total de tu reserva con <strong>The Guestbook &#8211; Hotel Cash Rewards Program<\/strong><\/p>\n<p>[\/et_pb_text][et_pb_text _builder_version=\u00bb4.27.6&#8243; _module_preset=\u00bbdefault\u00bb text_font=\u00bb|600|||on|||#EBA123|\u00bb text_text_color=\u00bb#EBA123&#8243; text_font_size=\u00bb15px\u00bb text_orientation=\u00bbcenter\u00bb custom_margin=\u00bb0px||||false|false\u00bb custom_padding=\u00bb0px||||false|false\u00bb link_option_url=\u00bb#guestbook\u00bb global_colors_info=\u00bb{}\u00bb]<\/p>\n<p>\u00bfC\u00f3mo funciona?<\/p>\n<p>[\/et_pb_text][\/et_pb_column][et_pb_column type=\u00bb1_4&#8243; _builder_version=\u00bb4.27.0&#8243; _module_preset=\u00bbdefault\u00bb global_colors_info=\u00bb{}\u00bb][et_pb_icon font_icon=\u00bb&#xf590;||fa||900&#8243; icon_width=\u00bb48px\u00bb _builder_version=\u00bb4.27.0&#8243; _module_preset=\u00bbdefault\u00bb custom_margin=\u00bb||20px||false|false\u00bb global_colors_info=\u00bb{}\u00bb][\/et_pb_icon][et_pb_heading title=\u00bbCancelaci\u00f3n Flexible\u00bb _builder_version=\u00bb4.27.0&#8243; _module_preset=\u00bbdefault\u00bb title_level=\u00bbh2&#8243; title_font=\u00bb|600||on|||||\u00bb title_text_align=\u00bbcenter\u00bb title_font_size=\u00bb16px\u00bb title_letter_spacing=\u00bb1px\u00bb title_line_height=\u00bb1.5em\u00bb custom_margin=\u00bb||0px||false|false\u00bb custom_padding=\u00bb||||false|false\u00bb global_colors_info=\u00bb{}\u00bb][\/et_pb_heading][et_pb_text _builder_version=\u00bb4.27.6&#8243; _module_preset=\u00bbdefault\u00bb text_text_color=\u00bb#3D5A69&#8243; text_line_height=\u00bb1.5em\u00bb custom_padding=\u00bb||0px|||\u00bb global_colors_info=\u00bb{}\u00bb]<\/p>\n<p style=\"text-align: center;\"><strong>M\u00e1xima flexibilidad en cambios y cancelaciones.<\/strong> Directo con el hotel, sin complicaciones.<\/p>\n<p>[\/et_pb_text][\/et_pb_column][et_pb_column type=\u00bb1_4&#8243; _builder_version=\u00bb4.27.0&#8243; _module_preset=\u00bbdefault\u00bb global_colors_info=\u00bb{}\u00bb][et_pb_icon font_icon=\u00bb&#xf3ed;||fa||900&#8243; icon_width=\u00bb48px\u00bb _builder_version=\u00bb4.27.0&#8243; _module_preset=\u00bbdefault\u00bb custom_margin=\u00bb||20px||false|false\u00bb global_colors_info=\u00bb{}\u00bb][\/et_pb_icon][et_pb_heading title=\u00bbSeguridad de datos\u00bb _builder_version=\u00bb4.27.0&#8243; _module_preset=\u00bbdefault\u00bb title_level=\u00bbh2&#8243; title_font=\u00bb|600||on|||||\u00bb title_text_align=\u00bbcenter\u00bb title_font_size=\u00bb16px\u00bb title_letter_spacing=\u00bb1px\u00bb title_line_height=\u00bb1.5em\u00bb custom_margin=\u00bb||0px||false|false\u00bb custom_padding=\u00bb||||false|false\u00bb global_colors_info=\u00bb{}\u00bb][\/et_pb_heading][et_pb_text _builder_version=\u00bb4.27.6&#8243; _module_preset=\u00bbdefault\u00bb text_text_color=\u00bb#3D5A69&#8243; text_line_height=\u00bb1.5em\u00bb custom_padding=\u00bb||0px|||\u00bb global_colors_info=\u00bb{}\u00bb]<\/p>\n<p style=\"text-align: center;\"><span class=\"citation-29\">Utilizamos tecnolog\u00eda Cloudbeds con certificaci\u00f3n <\/span><span class=\"citation-29\">PCI DSS de Nivel 1<\/span><span class=\"citation-29 citation-end-29\">. Tus datos se manejen bajo<strong> los m\u00e1s altos est\u00e1ndares de seguridad global.<\/strong><\/span><\/p>\n<p>[\/et_pb_text][\/et_pb_column][et_pb_column type=\u00bb1_4&#8243; _builder_version=\u00bb4.27.0&#8243; _module_preset=\u00bbdefault\u00bb global_colors_info=\u00bb{}\u00bb][et_pb_icon font_icon=\u00bb&#xf09d;||fa||900&#8243; icon_width=\u00bb48px\u00bb _builder_version=\u00bb4.27.0&#8243; _module_preset=\u00bbdefault\u00bb custom_margin=\u00bb||20px||false|false\u00bb global_colors_info=\u00bb{}\u00bb][\/et_pb_icon][et_pb_heading title=\u00bbSin pago por adelantado\u00bb _builder_version=\u00bb4.27.0&#8243; _module_preset=\u00bbdefault\u00bb title_level=\u00bbh2&#8243; title_font=\u00bb|600||on|||||\u00bb title_text_align=\u00bbcenter\u00bb title_font_size=\u00bb16px\u00bb title_letter_spacing=\u00bb1px\u00bb title_line_height=\u00bb1.5em\u00bb custom_margin=\u00bb||0px||false|false\u00bb custom_padding=\u00bb||||false|false\u00bb global_colors_info=\u00bb{}\u00bb][\/et_pb_heading][et_pb_text _builder_version=\u00bb4.27.2&#8243; _module_preset=\u00bbdefault\u00bb text_text_color=\u00bb#3D5A69&#8243; text_line_height=\u00bb1.5em\u00bb custom_padding=\u00bb||0px|||\u00bb global_colors_info=\u00bb{}\u00bb]<\/p>\n<p style=\"text-align: center;\">Reserva ahora y paga tu estancia al momento de tu llegada.<\/p>\n<p>[\/et_pb_text][\/et_pb_column][\/et_pb_row][\/et_pb_section][et_pb_section fb_built=\u00bb1&#8243; admin_label=\u00bbSection\u00bb _builder_version=\u00bb4.27.6&#8243; _module_preset=\u00bbdefault\u00bb background_color=\u00bb#cb253d\u00bb background_enable_pattern_style=\u00bbon\u00bb background_pattern_style=\u00bbcrosses\u00bb background_pattern_color=\u00bbrgba(0,0,0,0.08)\u00bb background_pattern_size=\u00bbcustom\u00bb background_pattern_width=\u00bb38px\u00bb background_pattern_height=\u00bb38px\u00bb custom_padding=\u00bb||||false|false\u00bb bottom_divider_flip=\u00bbvertical\u00bb da_disable_devices=\u00bboff|off|off\u00bb border_color_all=\u00bbRGBA(255,255,255,0)\u00bb border_width_bottom=\u00bb4px\u00bb border_color_bottom=\u00bb#3d5a69&#8243; global_colors_info=\u00bb{}\u00bb da_is_popup=\u00bboff\u00bb da_exit_intent=\u00bboff\u00bb da_has_close=\u00bbon\u00bb da_alt_close=\u00bboff\u00bb da_dark_close=\u00bboff\u00bb da_not_modal=\u00bbon\u00bb da_is_singular=\u00bboff\u00bb da_with_loader=\u00bboff\u00bb da_has_shadow=\u00bbon\u00bb][et_pb_row _builder_version=\u00bb4.27.6&#8243; _module_preset=\u00bbdefault\u00bb custom_margin=\u00bb||||false|false\u00bb border_color_all=\u00bb#FFFFFF\u00bb global_colors_info=\u00bb{}\u00bb][et_pb_column type=\u00bb4_4&#8243; _builder_version=\u00bb4.27.4&#8243; _module_preset=\u00bbdefault\u00bb global_colors_info=\u00bb{}\u00bb][et_pb_text _builder_version=\u00bb4.27.6&#8243; _module_preset=\u00bbdefault\u00bb text_text_color=\u00bb#FFFFFF\u00bb text_orientation=\u00bbcenter\u00bb global_colors_info=\u00bb{}\u00bb]<\/p>\n<p>En<strong> Hoteles Fray<\/strong> ofrecemos mucho m\u00e1s que una habitaci\u00f3n; te brindamos una experiencia completa con <strong>el mejor desayuno buffet\u00a0incluido<\/strong>, atenci\u00f3n personalizada, restaurantes localmente reconocidos, habitaciones y espacios que hacen que cada estancia en Tepic te sientas como en casa. Conoce nuestros servicios:<\/p>\n<p>[\/et_pb_text][\/et_pb_column][\/et_pb_row][et_pb_row column_structure=\u00bb1_3,1_3,1_3&#8243; use_custom_gutter=\u00bbon\u00bb make_equal=\u00bbon\u00bb custom_padding_last_edited=\u00bboff|desktop\u00bb disabled_on=\u00bboff|off|off\u00bb module_class=\u00bbtwo-columns\u00bb _builder_version=\u00bb4.27.6&#8243; _module_preset=\u00bbdefault\u00bb background_enable_color=\u00bboff\u00bb width_tablet=\u00bb\u00bb width_phone=\u00bb90%\u00bb width_last_edited=\u00bbon|phone\u00bb custom_margin=\u00bb||||false|false\u00bb custom_padding=\u00bb||||false|false\u00bb border_radii=\u00bbon|10px|10px|10px|10px\u00bb global_colors_info=\u00bb{}\u00bb][et_pb_column type=\u00bb1_3&#8243; _builder_version=\u00bb4.27.6&#8243; _module_preset=\u00bbdefault\u00bb background_color=\u00bbrgba(145,26,40,0.5)\u00bb custom_padding=\u00bb30px|20px||20px|false|false\u00bb border_radii=\u00bbon|20px|20px|20px|20px\u00bb border_color_all=\u00bb#961b2f\u00bb global_colors_info=\u00bb{}\u00bb][et_pb_text _builder_version=\u00bb4.27.6&#8243; _dynamic_attributes=\u00bblink_option_url\u00bb _module_preset=\u00bbdefault\u00bb header_2_font=\u00bb|700||on|||||\u00bb header_2_text_color=\u00bb#FFFFFF\u00bb header_2_font_size=\u00bb20px\u00bb header_2_letter_spacing=\u00bb1px\u00bb custom_margin=\u00bb||||false|false\u00bb link_option_url=\u00bb@ET-DC@eyJkeW5hbWljIjp0cnVlLCJjb250ZW50IjoicG9zdF9saW5rX3VybF9wYWdlIiwic2V0dGluZ3MiOnsicG9zdF9pZCI6IjM3NiJ9fQ==@\u00bb global_colors_info=\u00bb{}\u00bb]<\/p>\n<h2>Habitaciones<\/h2>\n<p>[\/et_pb_text][et_pb_gallery gallery_ids=\u00bb4509,4490,4510,4492&#8243; fullwidth=\u00bbon\u00bb _builder_version=\u00bb4.27.4&#8243; _module_preset=\u00bbdefault\u00bb custom_margin=\u00bb||15px||false|false\u00bb border_radii=\u00bbon|5px|5px|5px|5px\u00bb box_shadow_style=\u00bbpreset3&#8243; box_shadow_color=\u00bb#7c0c46&#8243; global_colors_info=\u00bb{}\u00bb][\/et_pb_gallery][et_pb_text _builder_version=\u00bb4.27.6&#8243; _module_preset=\u00bbdefault\u00bb text_text_color=\u00bb#FFFFFF\u00bb header_2_text_color=\u00bb#FFFFFF\u00bb custom_margin=\u00bb||15px||false|false\u00bb global_colors_info=\u00bb{}\u00bb]<\/p>\n<p>Amplias y acogedoras habitaciones con Smart TV de 50&#8243;, WiFi gratis y todas las amenidades para que te sientas como en casa.<\/p>\n<p>[\/et_pb_text][et_pb_button button_url=\u00bb@ET-DC@eyJkeW5hbWljIjp0cnVlLCJjb250ZW50IjoicG9zdF9saW5rX3VybF9wYWdlIiwic2V0dGluZ3MiOnsicG9zdF9pZCI6IjM3NiJ9fQ==@\u00bb button_text=\u00bbVer m\u00e1s\u00bb button_alignment=\u00bbleft\u00bb _builder_version=\u00bb4.27.6&#8243; _dynamic_attributes=\u00bbbutton_url\u00bb _module_preset=\u00bbdefault\u00bb custom_button=\u00bbon\u00bb button_text_size=\u00bb14px\u00bb button_text_color=\u00bb#FFFFFF\u00bb button_bg_color=\u00bbRGBA(255,255,255,0)\u00bb button_border_width=\u00bb2px\u00bb button_font=\u00bb||||||||\u00bb custom_margin=\u00bb||40px||false|false\u00bb custom_padding=\u00bb6px||6px||false|false\u00bb box_shadow_style=\u00bbpreset1&#8243; box_shadow_blur=\u00bb12px\u00bb box_shadow_color=\u00bb#7c0c46&#8243; global_colors_info=\u00bb{}\u00bb][\/et_pb_button][\/et_pb_column][et_pb_column type=\u00bb1_3&#8243; module_id=\u00bbfj\u00bb _builder_version=\u00bb4.27.6&#8243; _module_preset=\u00bbdefault\u00bb background_color=\u00bbrgba(145,26,40,0.5)\u00bb custom_padding=\u00bb30px|20px||20px|false|false\u00bb border_radii=\u00bbon|20px|20px|20px|20px\u00bb border_color_all=\u00bb#961b2f\u00bb global_colors_info=\u00bb{}\u00bb][et_pb_text _builder_version=\u00bb4.19.4&#8243; _dynamic_attributes=\u00bblink_option_url\u00bb _module_preset=\u00bbdefault\u00bb header_2_font=\u00bb|700||on|||||\u00bb header_2_text_color=\u00bb#FFFFFF\u00bb header_2_font_size=\u00bb20px\u00bb header_2_letter_spacing=\u00bb1px\u00bb custom_margin=\u00bb||||false|false\u00bb link_option_url=\u00bb@ET-DC@eyJkeW5hbWljIjp0cnVlLCJjb250ZW50IjoicG9zdF9saW5rX3VybF9wYWdlIiwic2V0dGluZ3MiOnsicG9zdF9pZCI6IjM1MjYifX0=@\u00bb global_colors_info=\u00bb{}\u00bb]<\/p>\n<h2>Restaurantes<\/h2>\n<p>[\/et_pb_text][et_pb_gallery gallery_ids=\u00bb4527,4501,4497&#8243; fullwidth=\u00bbon\u00bb _builder_version=\u00bb4.27.6&#8243; _module_preset=\u00bbdefault\u00bb custom_margin=\u00bb||15px||false|false\u00bb border_radii=\u00bbon|5px|5px|5px|5px\u00bb box_shadow_style=\u00bbpreset3&#8243; box_shadow_color=\u00bb#7c0c46&#8243; global_colors_info=\u00bb{}\u00bb][\/et_pb_gallery][et_pb_text _builder_version=\u00bb4.21.0&#8243; _module_preset=\u00bbdefault\u00bb text_text_color=\u00bb#FFFFFF\u00bb header_2_text_color=\u00bb#FFFFFF\u00bb custom_margin=\u00bb||15px||false|false\u00bb global_colors_info=\u00bb{}\u00bb]<\/p>\n<p>Nos preciamos de tener una gran herencia culinaria as\u00ed como solo utilizar ingredientes de la mejor calidad. Conoce nuestros platillos de comida mexicana e internacional as\u00ed como una gran variedad de desayunos.<\/p>\n<p>[\/et_pb_text][et_pb_button button_url=\u00bb@ET-DC@eyJkeW5hbWljIjp0cnVlLCJjb250ZW50IjoicG9zdF9saW5rX3VybF9wYWdlIiwic2V0dGluZ3MiOnsicG9zdF9pZCI6IjM1MjYifX0=@\u00bb button_text=\u00bbVer m\u00e1s\u00bb button_alignment=\u00bbleft\u00bb _builder_version=\u00bb4.27.6&#8243; _dynamic_attributes=\u00bbbutton_url\u00bb _module_preset=\u00bbdefault\u00bb custom_button=\u00bbon\u00bb button_text_size=\u00bb14px\u00bb button_text_color=\u00bb#FFFFFF\u00bb button_bg_color=\u00bbRGBA(255,255,255,0)\u00bb button_border_width=\u00bb2px\u00bb button_font=\u00bb||||||||\u00bb custom_margin=\u00bb||40px||false|false\u00bb custom_padding=\u00bb6px||6px||false|false\u00bb box_shadow_style=\u00bbpreset1&#8243; box_shadow_blur=\u00bb12px\u00bb box_shadow_color=\u00bb#7c0c46&#8243; global_colors_info=\u00bb{}\u00bb][\/et_pb_button][\/et_pb_column][et_pb_column type=\u00bb1_3&#8243; module_id=\u00bbfj\u00bb _builder_version=\u00bb4.27.6&#8243; _module_preset=\u00bbdefault\u00bb background_color=\u00bbrgba(145,26,40,0.5)\u00bb custom_padding=\u00bb30px|20px||20px|false|false\u00bb border_radii=\u00bbon|20px|20px|20px|20px\u00bb border_color_all=\u00bb#961b2f\u00bb global_colors_info=\u00bb{}\u00bb][et_pb_text disabled_on=\u00bboff|off|off\u00bb _builder_version=\u00bb4.27.6&#8243; _dynamic_attributes=\u00bblink_option_url\u00bb _module_preset=\u00bbdefault\u00bb header_2_font=\u00bb|700||on|||||\u00bb header_2_text_color=\u00bb#FFFFFF\u00bb header_2_font_size=\u00bb20px\u00bb header_2_letter_spacing=\u00bb1px\u00bb custom_margin=\u00bb||||false|false\u00bb link_option_url=\u00bb@ET-DC@eyJkeW5hbWljIjp0cnVlLCJjb250ZW50IjoicG9zdF9saW5rX3VybF9wYWdlIiwic2V0dGluZ3MiOnsicG9zdF9pZCI6IjM4MiJ9fQ==@\u00bb global_colors_info=\u00bb{}\u00bb]<\/p>\n<h2>Salones de Eventos<\/h2>\n<p>[\/et_pb_text][et_pb_gallery gallery_ids=\u00bb4520,4502,4503,4521&#8243; fullwidth=\u00bbon\u00bb disabled_on=\u00bboff|off|off\u00bb _builder_version=\u00bb4.27.6&#8243; _module_preset=\u00bbdefault\u00bb custom_margin=\u00bb||15px||false|false\u00bb border_radii=\u00bbon|5px|5px|5px|5px\u00bb box_shadow_style=\u00bbpreset3&#8243; box_shadow_color=\u00bb#7c0c46&#8243; global_colors_info=\u00bb{}\u00bb][\/et_pb_gallery][et_pb_text disabled_on=\u00bboff|off|off\u00bb _builder_version=\u00bb4.27.6&#8243; _module_preset=\u00bbdefault\u00bb text_text_color=\u00bb#FFFFFF\u00bb header_2_text_color=\u00bb#FFFFFF\u00bb custom_margin=\u00bb||15px||false|false\u00bb global_colors_info=\u00bb{}\u00bb]<\/p>\n<p>Atenci\u00f3n y asesor\u00eda personalizada para todo tipo de eventos, desde desayunos, capacitaciones y conferencias hasta convenciones y bodas. La experiencia de nuestro equipo har\u00e1n de tu evento o reuni\u00f3n todo un \u00e9xito.<\/p>\n<p>[\/et_pb_text][et_pb_button button_url=\u00bb@ET-DC@eyJkeW5hbWljIjp0cnVlLCJjb250ZW50IjoicG9zdF9saW5rX3VybF9wYWdlIiwic2V0dGluZ3MiOnsicG9zdF9pZCI6IjM4MiJ9fQ==@\u00bb button_text=\u00bbVer m\u00e1s\u00bb button_alignment=\u00bbleft\u00bb disabled_on=\u00bboff|off|off\u00bb _builder_version=\u00bb4.27.6&#8243; _dynamic_attributes=\u00bbbutton_url\u00bb _module_preset=\u00bbdefault\u00bb custom_button=\u00bbon\u00bb button_text_size=\u00bb14px\u00bb button_text_color=\u00bb#FFFFFF\u00bb button_bg_color=\u00bbRGBA(255,255,255,0)\u00bb button_border_width=\u00bb2px\u00bb button_font=\u00bb||||||||\u00bb custom_margin=\u00bb||40px||false|false\u00bb custom_margin_tablet=\u00bb||40px||false|false\u00bb custom_margin_phone=\u00bb||40px||false|false\u00bb custom_margin_last_edited=\u00bboff|phone\u00bb custom_padding=\u00bb6px||6px||false|false\u00bb box_shadow_style=\u00bbpreset1&#8243; box_shadow_blur=\u00bb12px\u00bb box_shadow_color=\u00bb#7c0c46&#8243; global_colors_info=\u00bb{}\u00bb][\/et_pb_button][\/et_pb_column][\/et_pb_row][\/et_pb_section][et_pb_section fb_built=\u00bb1&#8243; custom_padding_last_edited=\u00bboff|desktop\u00bb admin_label=\u00bbSection\u00bb _builder_version=\u00bb4.27.6&#8243; _module_preset=\u00bbdefault\u00bb background_enable_color=\u00bboff\u00bb use_background_color_gradient=\u00bbon\u00bb background_color_gradient_stops=\u00bbrgba(32,41,45,0.8) 0%|rgba(32,41,45,0.8) 100%\u00bb background_color_gradient_overlays_image=\u00bbon\u00bb background_image=\u00bbhttps:\/\/hotelesfray.com\/wp-content\/uploads\/2023\/07\/FS-Hab-20-scaled.webp\u00bb parallax=\u00bbon\u00bb parallax_method=\u00bboff\u00bb custom_padding=\u00bb60px||||false|false\u00bb custom_padding_tablet=\u00bb60px||||false|false\u00bb custom_padding_phone=\u00bb60px||||false|false\u00bb da_disable_devices=\u00bboff|off|off\u00bb global_colors_info=\u00bb{}\u00bb da_is_popup=\u00bboff\u00bb da_exit_intent=\u00bboff\u00bb da_has_close=\u00bbon\u00bb da_alt_close=\u00bboff\u00bb da_dark_close=\u00bboff\u00bb da_not_modal=\u00bbon\u00bb da_is_singular=\u00bboff\u00bb da_with_loader=\u00bboff\u00bb da_has_shadow=\u00bbon\u00bb][et_pb_row _builder_version=\u00bb4.19.4&#8243; _module_preset=\u00bbdefault\u00bb custom_margin=\u00bb||20px||false|false\u00bb global_colors_info=\u00bb{}\u00bb][et_pb_column type=\u00bb4_4&#8243; _builder_version=\u00bb4.19.4&#8243; _module_preset=\u00bbdefault\u00bb global_colors_info=\u00bb{}\u00bb][et_pb_text _builder_version=\u00bb4.27.6&#8243; _module_preset=\u00bbdefault\u00bb text_text_color=\u00bb#FFFFFF\u00bb header_line_height=\u00bb1.2em\u00bb header_2_font=\u00bb|700||on|||||\u00bb header_2_text_color=\u00bb#EBA123&#8243; header_2_font_size=\u00bb20px\u00bb header_2_letter_spacing=\u00bb1px\u00bb header_2_line_height=\u00bb1.2em\u00bb header_3_font=\u00bb|||on|||||\u00bb header_3_font_size=\u00bb20px\u00bb header_3_letter_spacing=\u00bb2px\u00bb header_3_line_height=\u00bb1.25em\u00bb text_orientation=\u00bbcenter\u00bb global_colors_info=\u00bb{}\u00bb]<\/p>\n<h3>Dar un gran servicio es nuestra prioridad<\/h3>\n<p>Gracias a ti estamos clasificados como los mejores hotel en Tepic.<\/p>\n<p>[\/et_pb_text][\/et_pb_column][\/et_pb_row][et_pb_row column_structure=\u00bb1_4,1_4,1_4,1_4&#8243; custom_padding_last_edited=\u00bbon|desktop\u00bb _builder_version=\u00bb4.27.6&#8243; _module_preset=\u00bbdefault\u00bb background_color=\u00bb#FFFFFF\u00bb module_alignment=\u00bbcenter\u00bb custom_margin=\u00bb||20px||false|false\u00bb custom_padding=\u00bb||25px||false|false\u00bb custom_padding_tablet=\u00bb||0px||false|false\u00bb custom_padding_phone=\u00bb||0px||false|false\u00bb hover_enabled=\u00bb0&#8243; border_radii=\u00bbon|20px|20px|20px|20px\u00bb box_shadow_style=\u00bbpreset3&#8243; global_colors_info=\u00bb{}\u00bb custom_css_main_element_last_edited=\u00bboff|tablet\u00bb sticky_enabled=\u00bb0&#8243; module_class=\u00bbfour-columns\u00bb custom_margin_last_edited=\u00bboff|phone\u00bb][et_pb_column type=\u00bb1_4&#8243; _builder_version=\u00bb4.27.6&#8243; _module_preset=\u00bbdefault\u00bb global_colors_info=\u00bb{}\u00bb custom_css_main_element_last_edited=\u00bbon|phone\u00bb custom_css_main_element_phone=\u00bbwidth: 50% !important\u00bb custom_padding=\u00bb|20px||20px|false|true\u00bb hover_enabled=\u00bb0&#8243; sticky_enabled=\u00bb0&#8243;][et_pb_image src=\u00bbhttps:\/\/hotelesfray.com\/wp-content\/uploads\/2024\/08\/TC-LOGO_2024.png\u00bb title_text=\u00bbTC LOGO_2024&#8243; align=\u00bbcenter\u00bb align_tablet=\u00bbcenter\u00bb align_phone=\u00bbright\u00bb align_last_edited=\u00bboff|phone\u00bb _builder_version=\u00bb4.27.6&#8243; _module_preset=\u00bbdefault\u00bb max_width=\u00bb80%\u00bb max_width_tablet=\u00bb100%\u00bb max_width_phone=\u00bb80%\u00bb max_width_last_edited=\u00bbon|phone\u00bb hover_enabled=\u00bb0&#8243; border_radii=\u00bbon|20px|20px|20px|20px\u00bb global_colors_info=\u00bb{}\u00bb sticky_enabled=\u00bb0&#8243;][\/et_pb_image][\/et_pb_column][et_pb_column type=\u00bb1_4&#8243; _builder_version=\u00bb4.27.6&#8243; _module_preset=\u00bbdefault\u00bb custom_padding=\u00bb|20px||20px|false|true\u00bb hover_enabled=\u00bb0&#8243; global_colors_info=\u00bb{}\u00bb custom_css_main_element_last_edited=\u00bbon|phone\u00bb custom_css_main_element_phone=\u00bbwidth: 42% !important\u00bb custom_padding_last_edited=\u00bbon|tablet\u00bb custom_padding_phone=\u00bb|5px||5px|false|true\u00bb sticky_enabled=\u00bb0&#8243; custom_padding_tablet=\u00bb|20px||20px|false|true\u00bb][et_pb_image src=\u00bbhttps:\/\/hotelesfray.com\/wp-content\/uploads\/2026\/02\/booking-com-2026-traveller-review-awards-png.webp\u00bb title_text=\u00bbTC LOGO_2024&#8243; align=\u00bbcenter\u00bb align_tablet=\u00bbcenter\u00bb align_last_edited=\u00bboff|phone\u00bb _builder_version=\u00bb4.27.6&#8243; _module_preset=\u00bbdefault\u00bb max_width=\u00bb80%\u00bb max_width_tablet=\u00bb100%\u00bb max_width_phone=\u00bb80%\u00bb max_width_last_edited=\u00bbon|phone\u00bb custom_padding=\u00bb||||false|false\u00bb hover_enabled=\u00bb0&#8243; global_colors_info=\u00bb{}\u00bb align_phone=\u00bbright\u00bb sticky_enabled=\u00bb0&#8243; custom_margin=\u00bb||||false|false\u00bb custom_margin_last_edited=\u00bbon|phone\u00bb custom_margin_phone=\u00bb|||25px|false|false\u00bb custom_margin_tablet=\u00bb||||false|false\u00bb][\/et_pb_image][\/et_pb_column][et_pb_column type=\u00bb1_4&#8243; _builder_version=\u00bb4.21.0&#8243; _module_preset=\u00bbdefault\u00bb hover_enabled=\u00bb0&#8243; global_colors_info=\u00bb{}\u00bb custom_css_main_element_last_edited=\u00bbon|phone\u00bb custom_css_main_element_phone=\u00bbwidth: 50% !important\u00bb custom_padding=\u00bb|20px||20px|false|true\u00bb][et_pb_image src=\u00bbhttps:\/\/hotelesfray.com\/wp-content\/uploads\/2024\/10\/WHITE_LARGE_TRAVEL_AWARDS-2023-png.webp\u00bb title_text=\u00bbTC LOGO_2024&#8243; url=\u00bbhttps:\/\/www.kayak.com.mx\/Tepic-Hoteles-Hotel-Fray-Junipero-Serra.264825.ksp\u00bb url_new_window=\u00bbon\u00bb align=\u00bbcenter\u00bb _builder_version=\u00bb4.27.6&#8243; _module_preset=\u00bbdefault\u00bb max_width=\u00bb80%\u00bb max_width_tablet=\u00bb100%\u00bb max_width_phone=\u00bb80%\u00bb max_width_last_edited=\u00bbon|phone\u00bb hover_enabled=\u00bb0&#8243; global_colors_info=\u00bb{}\u00bb align_tablet=\u00bbcenter\u00bb align_phone=\u00bbright\u00bb align_last_edited=\u00bboff|phone\u00bb sticky_enabled=\u00bb0&#8243;][\/et_pb_image][\/et_pb_column][et_pb_column type=\u00bb1_4&#8243; _builder_version=\u00bb4.27.4&#8243; _module_preset=\u00bbdefault\u00bb hover_enabled=\u00bb0&#8243; global_colors_info=\u00bb{}\u00bb custom_css_main_element_last_edited=\u00bbon|phone\u00bb custom_css_main_element_phone=\u00bbwidth: 50% !important\u00bb custom_padding=\u00bb|20px||20px|false|true\u00bb][et_pb_image src=\u00bbhttps:\/\/hotelesfray.com\/wp-content\/uploads\/2026\/02\/CADENA-con-mejor-NPS-EN-LATAM-png.webp\u00bb title_text=\u00bbTC LOGO_2024&#8243; align_tablet=\u00bbcenter\u00bb align_phone=\u00bbright\u00bb align_last_edited=\u00bboff|phone\u00bb _builder_version=\u00bb4.27.6&#8243; _module_preset=\u00bbdefault\u00bb max_width=\u00bb80%\u00bb max_width_tablet=\u00bb100%\u00bb max_width_phone=\u00bb80%\u00bb max_width_last_edited=\u00bbon|phone\u00bb hover_enabled=\u00bb0&#8243; global_colors_info=\u00bb{}\u00bb align=\u00bbcenter\u00bb sticky_enabled=\u00bb0&#8243;][\/et_pb_image][\/et_pb_column][\/et_pb_row][et_pb_row column_structure=\u00bb1_3,1_3,1_3&#8243; module_class=\u00bbthree-columns\u00bb _builder_version=\u00bb4.27.2&#8243; _module_preset=\u00bbdefault\u00bb custom_padding=\u00bb||50px||false|false\u00bb global_colors_info=\u00bb{}\u00bb][et_pb_column type=\u00bb1_3&#8243; _builder_version=\u00bb4.27.2&#8243; _module_preset=\u00bbdefault\u00bb custom_padding=\u00bb||||false|false\u00bb custom_padding_tablet=\u00bb|15px|||false|false\u00bb custom_padding_phone=\u00bb|15px|||false|false\u00bb custom_padding_last_edited=\u00bbon|tablet\u00bb global_colors_info=\u00bb{}\u00bb][et_pb_text _builder_version=\u00bb4.27.4&#8243; _module_preset=\u00bbdefault\u00bb text_font=\u00bb|700||on|||||\u00bb text_text_color=\u00bb#EBA123&#8243; text_letter_spacing=\u00bb1px\u00bb custom_margin=\u00bb||5px||false|false\u00bb global_colors_info=\u00bb{}\u00bb]<\/p>\n<p>Lugar para descansar<\/p>\n<p>[\/et_pb_text][et_pb_image src=\u00bbhttps:\/\/hotelesfray.com\/wp-content\/uploads\/2023\/01\/5stars.png\u00bb title_text=\u00bb5stars\u00bb _builder_version=\u00bb4.21.0&#8243; _module_preset=\u00bbdefault\u00bb max_width=\u00bb40%\u00bb max_width_tablet=\u00bb20%\u00bb max_width_phone=\u00bb30%\u00bb max_width_last_edited=\u00bbon|phone\u00bb custom_margin=\u00bb||||false|false\u00bb global_colors_info=\u00bb{}\u00bb][\/et_pb_image][et_pb_text _builder_version=\u00bb4.27.6&#8243; _module_preset=\u00bbdefault\u00bb text_text_color=\u00bb#FFFFFF\u00bb text_font_size=\u00bb14px\u00bb global_colors_info=\u00bb{}\u00bb]<\/p>\n<p>Excelente atenci\u00f3n. Buena ubicaci\u00f3n aun costado de Catedral y plaza. Lugar ideal para descansar y conocer el centro de Nayarit y alrededores. Consienten al comensal en el desayuno.<\/p>\n<p><em>\u2013 Nos visit\u00f3 desde&#8230; Durango, M\u00e9xico<\/em><\/p>\n<p>[\/et_pb_text][\/et_pb_column][et_pb_column type=\u00bb1_3&#8243; _builder_version=\u00bb4.27.2&#8243; _module_preset=\u00bbdefault\u00bb custom_padding_tablet=\u00bb|15px|||false|false\u00bb custom_padding_phone=\u00bb|15px|||false|false\u00bb custom_padding_last_edited=\u00bbon|tablet\u00bb global_colors_info=\u00bb{}\u00bb][et_pb_text _builder_version=\u00bb4.27.4&#8243; _module_preset=\u00bbdefault\u00bb text_font=\u00bb|700||on|||||\u00bb text_text_color=\u00bb#EBA123&#8243; text_letter_spacing=\u00bb1px\u00bb custom_margin=\u00bb||5px||false|false\u00bb global_colors_info=\u00bb{}\u00bb]<\/p>\n<p>Excelente<\/p>\n<p>[\/et_pb_text][et_pb_image src=\u00bbhttps:\/\/hotelesfray.com\/wp-content\/uploads\/2023\/01\/5stars.png\u00bb title_text=\u00bb5stars\u00bb _builder_version=\u00bb4.19.4&#8243; _module_preset=\u00bbdefault\u00bb max_width=\u00bb40%\u00bb max_width_tablet=\u00bb20%\u00bb max_width_phone=\u00bb30%\u00bb max_width_last_edited=\u00bbon|phone\u00bb custom_margin=\u00bb||||false|false\u00bb global_colors_info=\u00bb{}\u00bb][\/et_pb_image][et_pb_text _builder_version=\u00bb4.27.4&#8243; _module_preset=\u00bbdefault\u00bb text_text_color=\u00bb#FFFFFF\u00bb text_font_size=\u00bb14px\u00bb global_colors_info=\u00bb{}\u00bb]<\/p>\n<p>Primeramente quiero felicitarles por el buen servicio y la limpieza de sus instalaciones, me fue muy agradable la comida en su restaurante, as\u00ed como lo c\u00f3modo de sus habitaciones, en el desayuno quede satisfecho por el menu y el servicio.<\/p>\n<p><em>\u2013 Nos visit\u00f3 desde&#8230; Guadalajara, M\u00e9xico<\/em><\/p>\n<p>[\/et_pb_text][\/et_pb_column][et_pb_column type=\u00bb1_3&#8243; _builder_version=\u00bb4.19.4&#8243; _module_preset=\u00bbdefault\u00bb global_colors_info=\u00bb{}\u00bb][et_pb_text _builder_version=\u00bb4.27.0&#8243; _module_preset=\u00bbdefault\u00bb text_font=\u00bb|700||on|||||\u00bb text_text_color=\u00bb#EBA123&#8243; text_letter_spacing=\u00bb1px\u00bb custom_margin=\u00bb||5px||false|false\u00bb global_colors_info=\u00bb{}\u00bb]<\/p>\n<p>Muy buen servicio<\/p>\n<p>[\/et_pb_text][et_pb_image src=\u00bbhttps:\/\/hotelesfray.com\/wp-content\/uploads\/2023\/01\/5stars.png\u00bb title_text=\u00bb5stars\u00bb _builder_version=\u00bb4.21.0&#8243; _module_preset=\u00bbdefault\u00bb max_width=\u00bb40%\u00bb max_width_tablet=\u00bb20%\u00bb max_width_phone=\u00bb30%\u00bb max_width_last_edited=\u00bbon|phone\u00bb custom_margin=\u00bb||||false|false\u00bb global_colors_info=\u00bb{}\u00bb][\/et_pb_image][et_pb_text _builder_version=\u00bb4.27.2&#8243; _module_preset=\u00bbdefault\u00bb text_text_color=\u00bb#FFFFFF\u00bb text_font_size=\u00bb14px\u00bb global_colors_info=\u00bb{}\u00bb]<\/p>\n<p>Tienes todo a la mano, el hotel esta c\u00e9ntrico muy limpio y muy amables en todos los servicios que te proporcionan (cuarto, bufete, informaci\u00f3n tur\u00edstica). Adem\u00e1s hay muy buena comunicaci\u00f3n sobre los servicios.<\/p>\n<p><em>\u2013 Nos visit\u00f3 desde&#8230; Tejupilco, M\u00e9xico<\/em><\/p>\n<p>[\/et_pb_text][\/et_pb_column][\/et_pb_row][\/et_pb_section][et_pb_section fb_built=\u00bb1&#8243; admin_label=\u00bbSection\u00bb _builder_version=\u00bb4.27.4&#8243; _module_preset=\u00bbdefault\u00bb background_color=\u00bbrgba(255,255,255,0.68)\u00bb background_image=\u00bbhttps:\/\/hotelesfray.com\/wp-content\/uploads\/2025\/01\/PlayasSanBlas2-jpg.webp\u00bb background_blend=\u00bbscreen\u00bb custom_margin=\u00bb||||false|false\u00bb custom_padding=\u00bb70px||70px||true|false\u00bb bottom_divider_height=\u00bb40px\u00bb bottom_divider_flip=\u00bbvertical\u00bb da_disable_devices=\u00bboff|off|off\u00bb border_width_top=\u00bb4px\u00bb border_color_top=\u00bb#FFFFFF\u00bb border_width_bottom=\u00bb0px\u00bb border_color_bottom=\u00bb#FFFFFF\u00bb global_colors_info=\u00bb{}\u00bb da_is_popup=\u00bboff\u00bb da_exit_intent=\u00bboff\u00bb da_has_close=\u00bbon\u00bb da_alt_close=\u00bboff\u00bb da_dark_close=\u00bboff\u00bb da_not_modal=\u00bbon\u00bb da_is_singular=\u00bboff\u00bb da_with_loader=\u00bboff\u00bb da_has_shadow=\u00bbon\u00bb][et_pb_row column_structure=\u00bb2_5,3_5&#8243; make_equal=\u00bbon\u00bb _builder_version=\u00bb4.27.6&#8243; _module_preset=\u00bbdefault\u00bb background_color=\u00bbrgba(255,255,255,0.66)\u00bb custom_padding=\u00bb|30px||30px|false|false\u00bb border_radii=\u00bbon|25px|25px|25px|25px\u00bb global_colors_info=\u00bb{}\u00bb][et_pb_column type=\u00bb2_5&#8243; _builder_version=\u00bb4.27.6&#8243; _module_preset=\u00bbdefault\u00bb custom_css_main_element=\u00bbmargin:auto;\u00bb global_colors_info=\u00bb{}\u00bb][et_pb_image src=\u00bbhttps:\/\/hotelesfray.com\/wp-content\/uploads\/2025\/05\/VisitaTepic-png.webp\u00bb title_text=\u00bbVisitaTepic\u00bb align_tablet=\u00bbleft\u00bb align_last_edited=\u00bboff|tablet\u00bb _builder_version=\u00bb4.27.6&#8243; _module_preset=\u00bbdefault\u00bb max_width=\u00bb80%\u00bb max_width_tablet=\u00bb30%\u00bb max_width_phone=\u00bb60%\u00bb max_width_last_edited=\u00bbon|tablet\u00bb module_alignment=\u00bbcenter\u00bb custom_margin=\u00bb||30px||false|false\u00bb global_colors_info=\u00bb{}\u00bb][\/et_pb_image][\/et_pb_column][et_pb_column type=\u00bb3_5&#8243; _builder_version=\u00bb4.27.4&#8243; _module_preset=\u00bbdefault\u00bb global_colors_info=\u00bb{}\u00bb][et_pb_text _builder_version=\u00bb4.27.6&#8243; _module_preset=\u00bbdefault\u00bb text_font=\u00bb||||||||\u00bb text_text_color=\u00bb#3D5A69&#8243; header_2_text_color=\u00bb#005cb9&#8243; header_2_font_size=\u00bb24px\u00bb header_2_line_height=\u00bb1.4em\u00bb global_colors_info=\u00bb{}\u00bb]<\/p>\n<p style=\"text-align: center;\"><strong>Visita Tepic: maravillas por descubrir<\/strong><\/p>\n<p style=\"text-align: center;\">La capital del estado de Nayarit tiene playas, Pueblos M\u00e1gicos, bosques, lagunas encantadas y mucho m\u00e1s a s\u00f3lo minutos de distancia, \u00a1conoce todos los destinos de esta ciudad privilegiada!<\/p>\n<p>[\/et_pb_text][et_pb_button button_url=\u00bbhttps:\/\/visitatepic.com\/\u00bb url_new_window=\u00bbon\u00bb button_text=\u00bbSitio web oficial\u00bb button_alignment=\u00bbcenter\u00bb _builder_version=\u00bb4.27.6&#8243; _module_preset=\u00bbdefault\u00bb custom_button=\u00bbon\u00bb button_bg_color=\u00bb#005cb9&#8243; button_icon=\u00bb&#xf35d;||fa||900&#8243; button_on_hover=\u00bboff\u00bb global_colors_info=\u00bb{}\u00bb][\/et_pb_button][\/et_pb_column][\/et_pb_row][\/et_pb_section]<\/p>\n","protected":false},"excerpt":{"rendered":"<p>Hoteles Fray ofrece dos hoteles en el centro de Tepic con desayuno buffet incluido, restaurante, salones de eventos y la mejor ubicaci\u00f3n. Reserva directo y obt\u00e9n la mejor tarifa.<\/p>","protected":false},"author":2,"featured_media":6536,"parent":0,"menu_order":0,"comment_status":"closed","ping_status":"closed","template":"","meta":{"_et_pb_use_builder":"on","_et_pb_old_content":"","_et_gb_content_width":"","footnotes":""},"class_list":["post-356","page","type-page","status-publish","has-post-thumbnail","hentry"],"yoast_head":"<!-- This site is optimized with the Yoast SEO plugin v27.4 - https:\/\/yoast.com\/product\/yoast-seo-wordpress\/ -->\n<title>Hotels in Tepic | Hoteles Fray \u2013 Complimentary Buffet Breakfast<\/title>\n<meta name=\"description\" content=\"Looking for hotels in Tepic? Hoteles Fray offers the best location, complimentary buffet breakfast, free WiFi, and flexible cancellation. Book directly with no deposit!\" \/>\n<meta name=\"robots\" content=\"index, follow, max-snippet:-1, max-image-preview:large, max-video-preview:-1\" \/>\n<link rel=\"canonical\" href=\"https:\/\/hotelesfray.com\/en\/\" \/>\n<meta property=\"og:locale\" content=\"en_US\" \/>\n<meta property=\"og:type\" content=\"article\" \/>\n<meta property=\"og:title\" content=\"Hotels in Tepic | Hoteles Fray \u2013 Complimentary Buffet Breakfast\" \/>\n<meta property=\"og:description\" content=\"Looking for hotels in Tepic? Hoteles Fray offers the best location, complimentary buffet breakfast, free WiFi, and flexible cancellation. Book directly with no deposit!\" \/>\n<meta property=\"og:url\" content=\"https:\/\/hotelesfray.com\/en\/\" \/>\n<meta property=\"og:site_name\" content=\"Hoteles Fray\" \/>\n<meta property=\"article:modified_time\" content=\"2026-04-23T22:34:33+00:00\" \/>\n<meta property=\"og:image\" content=\"https:\/\/hotelesfray.com\/wp-content\/uploads\/2025\/10\/FrayCentro-Portada.webp\" \/>\n\t<meta property=\"og:image:width\" content=\"1920\" \/>\n\t<meta property=\"og:image:height\" content=\"1080\" \/>\n\t<meta property=\"og:image:type\" content=\"image\/jpeg\" \/>\n<meta name=\"twitter:card\" content=\"summary_large_image\" \/>\n<meta name=\"twitter:image\" content=\"https:\/\/hotelesfray.com\/wp-content\/uploads\/2020\/10\/hotel-fray-junipero-en-tepic.jpg\" \/>\n<meta name=\"twitter:label1\" content=\"Est. reading time\" \/>\n\t<meta name=\"twitter:data1\" content=\"8 minutes\" \/>\n<script type=\"application\/ld+json\" class=\"yoast-schema-graph\">{\"@context\":\"https:\\\/\\\/schema.org\",\"@graph\":[{\"@type\":\"WebPage\",\"@id\":\"https:\\\/\\\/hotelesfray.com\\\/\",\"url\":\"https:\\\/\\\/hotelesfray.com\\\/\",\"name\":\"Hoteles en Tepic | Hoteles Fray \u2013 Desayuno Buffet Incluido\",\"isPartOf\":{\"@id\":\"https:\\\/\\\/hotelesfray.com\\\/#website\"},\"primaryImageOfPage\":{\"@id\":\"https:\\\/\\\/hotelesfray.com\\\/#primaryimage\"},\"image\":{\"@id\":\"https:\\\/\\\/hotelesfray.com\\\/#primaryimage\"},\"thumbnailUrl\":\"https:\\\/\\\/hotelesfray.com\\\/wp-content\\\/uploads\\\/2025\\\/10\\\/FrayCentro-Portada.webp\",\"datePublished\":\"2020-02-03T23:50:36+00:00\",\"dateModified\":\"2026-04-23T22:34:33+00:00\",\"description\":\"\u00bfBuscas hoteles en Tepic? Hoteles Fray te ofrece la mejor ubicaci\u00f3n, desayuno buffet incluido, WiFi gratis y cancelaci\u00f3n flexible. \u00a1Reserva directo sin anticipo!\",\"inLanguage\":\"en-US\",\"potentialAction\":[{\"@type\":\"ReadAction\",\"target\":[\"https:\\\/\\\/hotelesfray.com\\\/\"]}]},{\"@type\":\"ImageObject\",\"inLanguage\":\"en-US\",\"@id\":\"https:\\\/\\\/hotelesfray.com\\\/#primaryimage\",\"url\":\"https:\\\/\\\/hotelesfray.com\\\/wp-content\\\/uploads\\\/2025\\\/10\\\/FrayCentro-Portada.webp\",\"contentUrl\":\"https:\\\/\\\/hotelesfray.com\\\/wp-content\\\/uploads\\\/2025\\\/10\\\/FrayCentro-Portada.webp\",\"width\":1920,\"height\":1080,\"caption\":\"Fachada del Hotel Fray Jun\u00edpero Serra en Tepic\"},{\"@type\":\"WebSite\",\"@id\":\"https:\\\/\\\/hotelesfray.com\\\/#website\",\"url\":\"https:\\\/\\\/hotelesfray.com\\\/\",\"name\":\"Hoteles Fray\",\"description\":\"Los Mejores Hoteles en el Centro de Tepic, Nayarit\",\"publisher\":{\"@id\":\"https:\\\/\\\/hotelesfray.com\\\/#organization\"},\"potentialAction\":[{\"@type\":\"SearchAction\",\"target\":{\"@type\":\"EntryPoint\",\"urlTemplate\":\"https:\\\/\\\/hotelesfray.com\\\/?s={search_term_string}\"},\"query-input\":{\"@type\":\"PropertyValueSpecification\",\"valueRequired\":true,\"valueName\":\"search_term_string\"}}],\"inLanguage\":\"en-US\"},{\"@type\":\"Organization\",\"@id\":\"https:\\\/\\\/hotelesfray.com\\\/#organization\",\"name\":\"Hoteles Fray\",\"url\":\"https:\\\/\\\/hotelesfray.com\\\/\",\"logo\":{\"@type\":\"ImageObject\",\"inLanguage\":\"en-US\",\"@id\":\"https:\\\/\\\/hotelesfray.com\\\/#\\\/schema\\\/logo\\\/image\\\/\",\"url\":\"https:\\\/\\\/hotelesfray.com\\\/wp-content\\\/uploads\\\/2023\\\/01\\\/HotelesFray-cuadro.png\",\"contentUrl\":\"https:\\\/\\\/hotelesfray.com\\\/wp-content\\\/uploads\\\/2023\\\/01\\\/HotelesFray-cuadro.png\",\"width\":2200,\"height\":2200,\"caption\":\"Hoteles Fray\"},\"image\":{\"@id\":\"https:\\\/\\\/hotelesfray.com\\\/#\\\/schema\\\/logo\\\/image\\\/\"}}]}<\/script>\n<!-- \/ Yoast SEO plugin. -->","yoast_head_json":{"title":"Hotels in Tepic | Hoteles Fray \u2013 Complimentary Buffet Breakfast","description":"Looking for hotels in Tepic? Hoteles Fray offers the best location, complimentary buffet breakfast, free WiFi, and flexible cancellation. Book directly with no deposit!","robots":{"index":"index","follow":"follow","max-snippet":"max-snippet:-1","max-image-preview":"max-image-preview:large","max-video-preview":"max-video-preview:-1"},"canonical":"https:\/\/hotelesfray.com\/en\/","og_locale":"en_US","og_type":"article","og_title":"Hotels in Tepic | Hoteles Fray \u2013 Complimentary Buffet Breakfast","og_description":"Looking for hotels in Tepic? Hoteles Fray offers the best location, complimentary buffet breakfast, free WiFi, and flexible cancellation. Book directly with no deposit!","og_url":"https:\/\/hotelesfray.com\/en\/","og_site_name":"Hoteles Fray","article_modified_time":"2026-04-23T22:34:33+00:00","og_image":[{"width":1920,"height":1080,"url":"https:\/\/hotelesfray.com\/wp-content\/uploads\/2025\/10\/FrayCentro-Portada.webp","type":"image\/jpeg"}],"twitter_card":"summary_large_image","twitter_image":"https:\/\/hotelesfray.com\/wp-content\/uploads\/2020\/10\/hotel-fray-junipero-en-tepic.jpg","twitter_misc":{"Est. reading time":"8 minutes"},"schema":{"@context":"https:\/\/schema.org","@graph":[{"@type":"WebPage","@id":"https:\/\/hotelesfray.com\/","url":"https:\/\/hotelesfray.com\/","name":"Hotels in Tepic | Fray Hotels \u2013 Complimentary Buffet Breakfast","isPartOf":{"@id":"https:\/\/hotelesfray.com\/#website"},"primaryImageOfPage":{"@id":"https:\/\/hotelesfray.com\/#primaryimage"},"image":{"@id":"https:\/\/hotelesfray.com\/#primaryimage"},"thumbnailUrl":"https:\/\/hotelesfray.com\/wp-content\/uploads\/2025\/10\/FrayCentro-Portada.webp","datePublished":"2020-02-03T23:50:36+00:00","dateModified":"2026-04-23T22:34:33+00:00","description":"Looking for hotels in Tepic? Hoteles Fray offers the best location, buffet breakfast included, free WiFi, and flexible cancellation. Book direct with no deposit required!","inLanguage":"en-US","potentialAction":[{"@type":"ReadAction","target":["https:\/\/hotelesfray.com\/"]}]},{"@type":"ImageObject","inLanguage":"en-US","@id":"https:\/\/hotelesfray.com\/#primaryimage","url":"https:\/\/hotelesfray.com\/wp-content\/uploads\/2025\/10\/FrayCentro-Portada.webp","contentUrl":"https:\/\/hotelesfray.com\/wp-content\/uploads\/2025\/10\/FrayCentro-Portada.webp","width":1920,"height":1080,"caption":"Fachada del Hotel Fray Jun\u00edpero Serra en Tepic"},{"@type":"WebSite","@id":"https:\/\/hotelesfray.com\/#website","url":"https:\/\/hotelesfray.com\/","name":"Hoteles Fray","description":"Los Mejores Hoteles en el Centro de Tepic, Nayarit","publisher":{"@id":"https:\/\/hotelesfray.com\/#organization"},"potentialAction":[{"@type":"SearchAction","target":{"@type":"EntryPoint","urlTemplate":"https:\/\/hotelesfray.com\/?s={search_term_string}"},"query-input":{"@type":"PropertyValueSpecification","valueRequired":true,"valueName":"search_term_string"}}],"inLanguage":"en-US"},{"@type":"Organization","@id":"https:\/\/hotelesfray.com\/#organization","name":"Hoteles Fray","url":"https:\/\/hotelesfray.com\/","logo":{"@type":"ImageObject","inLanguage":"en-US","@id":"https:\/\/hotelesfray.com\/#\/schema\/logo\/image\/","url":"https:\/\/hotelesfray.com\/wp-content\/uploads\/2023\/01\/HotelesFray-cuadro.png","contentUrl":"https:\/\/hotelesfray.com\/wp-content\/uploads\/2023\/01\/HotelesFray-cuadro.png","width":2200,"height":2200,"caption":"Hoteles Fray"},"image":{"@id":"https:\/\/hotelesfray.com\/#\/schema\/logo\/image\/"}}]}},"_links":{"self":[{"href":"https:\/\/hotelesfray.com\/en\/wp-json\/wp\/v2\/pages\/356","targetHints":{"allow":["GET"]}}],"collection":[{"href":"https:\/\/hotelesfray.com\/en\/wp-json\/wp\/v2\/pages"}],"about":[{"href":"https:\/\/hotelesfray.com\/en\/wp-json\/wp\/v2\/types\/page"}],"author":[{"embeddable":true,"href":"https:\/\/hotelesfray.com\/en\/wp-json\/wp\/v2\/users\/2"}],"replies":[{"embeddable":true,"href":"https:\/\/hotelesfray.com\/en\/wp-json\/wp\/v2\/comments?post=356"}],"version-history":[{"count":447,"href":"https:\/\/hotelesfray.com\/en\/wp-json\/wp\/v2\/pages\/356\/revisions"}],"predecessor-version":[{"id":8016,"href":"https:\/\/hotelesfray.com\/en\/wp-json\/wp\/v2\/pages\/356\/revisions\/8016"}],"wp:featuredmedia":[{"embeddable":true,"href":"https:\/\/hotelesfray.com\/en\/wp-json\/wp\/v2\/media\/6536"}],"wp:attachment":[{"href":"https:\/\/hotelesfray.com\/en\/wp-json\/wp\/v2\/media?parent=356"}],"curies":[{"name":"wp","href":"https:\/\/api.w.org\/{rel}","templated":true}]}}