{"id":382,"date":"2020-02-05T02:01:58","date_gmt":"2020-02-05T06:01:58","guid":{"rendered":"https:\/\/hotelfrayjunipero.com\/?page_id=382"},"modified":"2026-04-24T16:46:48","modified_gmt":"2026-04-24T20:46:48","slug":"eventos","status":"publish","type":"page","link":"https:\/\/hotelesfray.com\/en\/eventos\/","title":{"rendered":"Salones de Eventos en Tepic"},"content":{"rendered":"<p>[et_pb_section fb_built=\u00bb1&#8243; _builder_version=\u00bb4.27.2&#8243; _module_preset=\u00bbdefault\u00bb background_image=\u00bbhttps:\/\/hotelesfray.com\/wp-content\/uploads\/2025\/02\/EventosHero-1-jpg.webp\u00bb da_disable_devices=\u00bboff|off|off\u00bb global_colors_info=\u00bb{}\u00bb da_is_popup=\u00bboff\u00bb da_exit_intent=\u00bboff\u00bb da_has_close=\u00bbon\u00bb da_alt_close=\u00bboff\u00bb da_dark_close=\u00bboff\u00bb da_not_modal=\u00bbon\u00bb da_is_singular=\u00bboff\u00bb da_with_loader=\u00bboff\u00bb da_has_shadow=\u00bbon\u00bb][et_pb_row custom_padding_last_edited=\u00bbon|phone\u00bb _builder_version=\u00bb4.27.6&#8243; _module_preset=\u00bbdefault\u00bb custom_padding=\u00bb250px||100px||false|false\u00bb custom_padding_tablet=\u00bb250px||100px||false|false\u00bb custom_padding_phone=\u00bb250px||100px||false|false\u00bb global_colors_info=\u00bb{}\u00bb][et_pb_column type=\u00bb4_4&#8243; _builder_version=\u00bb4.27.2&#8243; _module_preset=\u00bbdefault\u00bb global_colors_info=\u00bb{}\u00bb][et_pb_image src=\u00bbhttps:\/\/hotelesfray.com\/wp-content\/uploads\/2025\/02\/EventosHotelesW-png.webp\u00bb alt=\u00bbSalones de Eventos\u00bb title_text=\u00bbEventosHotelesW\u00bb _builder_version=\u00bb4.27.2&#8243; _module_preset=\u00bbdefault\u00bb max_width=\u00bb50%\u00bb max_width_tablet=\u00bb50%\u00bb max_width_phone=\u00bb100%\u00bb max_width_last_edited=\u00bbon|phone\u00bb global_colors_info=\u00bb{}\u00bb][\/et_pb_image][\/et_pb_column][\/et_pb_row][\/et_pb_section][et_pb_section fb_built=\u00bb1&#8243; _builder_version=\u00bb4.27.2&#8243; _module_preset=\u00bbdefault\u00bb custom_padding=\u00bb||0px|||\u00bb da_disable_devices=\u00bboff|off|off\u00bb global_colors_info=\u00bb{}\u00bb da_is_popup=\u00bboff\u00bb da_exit_intent=\u00bboff\u00bb da_has_close=\u00bbon\u00bb da_alt_close=\u00bboff\u00bb da_dark_close=\u00bboff\u00bb da_not_modal=\u00bbon\u00bb da_is_singular=\u00bboff\u00bb da_with_loader=\u00bboff\u00bb da_has_shadow=\u00bbon\u00bb][et_pb_row _builder_version=\u00bb4.27.2&#8243; _module_preset=\u00bbdefault\u00bb custom_padding=\u00bb||0px|||\u00bb global_colors_info=\u00bb{}\u00bb][et_pb_column type=\u00bb4_4&#8243; _builder_version=\u00bb4.27.2&#8243; _module_preset=\u00bbdefault\u00bb global_colors_info=\u00bb{}\u00bb][et_pb_text _builder_version=\u00bb4.27.6&#8243; _module_preset=\u00bbdefault\u00bb text_text_color=\u00bb#3D5A69&#8243; header_font_size=\u00bb34px\u00bb header_line_height=\u00bb1.2em\u00bb custom_padding=\u00bb||10px||false|false\u00bb text_orientation_tablet=\u00bb\u00bb text_orientation_phone=\u00bbcenter\u00bb text_orientation_last_edited=\u00bbon|phone\u00bb global_colors_info=\u00bb{}\u00bb]<\/p>\n<h1>Salones de eventos en Tepic<\/h1>\n<p>Con la <strong>experiencia y servicio que nos caracteriza<\/strong>, atendemos todo <strong>tipo de eventos<\/strong> en cualquiera de nuestros <strong>salones de usos m\u00faltiples<\/strong>: capacitaciones, desayunos, coffe break, banquetes, conferencias y mucho m\u00e1s. Todos nuestros salones de usos m\u00faltiples cuentan con aire acondicionado, internet inal\u00e1mbrico, sonido, pantalla y proyector. Micr\u00f3fono y rotafolio a petici\u00f3n, sin costo.<\/p>\n<p>[\/et_pb_text][et_pb_divider color=\u00bbrgba(88,109,122,0.28)\u00bb divider_style=\u00bbdotted\u00bb divider_weight=\u00bb2px\u00bb _builder_version=\u00bb4.27.2&#8243; _module_preset=\u00bbdefault\u00bb custom_padding=\u00bb20px|89px|5px|89px|false|true\u00bb global_colors_info=\u00bb{}\u00bb][\/et_pb_divider][\/et_pb_column][\/et_pb_row][\/et_pb_section][et_pb_section fb_built=\u00bb1&#8243; _builder_version=\u00bb4.27.4&#8243; _module_preset=\u00bbdefault\u00bb custom_margin=\u00bb||||false|false\u00bb custom_padding=\u00bb20px||||false|false\u00bb da_disable_devices=\u00bboff|off|off\u00bb global_colors_info=\u00bb{}\u00bb da_is_popup=\u00bboff\u00bb da_exit_intent=\u00bboff\u00bb da_has_close=\u00bbon\u00bb da_alt_close=\u00bboff\u00bb da_dark_close=\u00bboff\u00bb da_not_modal=\u00bbon\u00bb da_is_singular=\u00bboff\u00bb da_with_loader=\u00bboff\u00bb da_has_shadow=\u00bbon\u00bb][et_pb_row column_structure=\u00bb1_2,1_2&#8243; module_class=\u00bbtwo-columns\u00bb _builder_version=\u00bb4.27.6&#8243; _module_preset=\u00bbdefault\u00bb custom_padding=\u00bb0px||30px||false|false\u00bb global_colors_info=\u00bb{}\u00bb][et_pb_column type=\u00bb1_2&#8243; module_id=\u00bbfrayjunipero\u00bb _builder_version=\u00bb4.27.6&#8243; _module_preset=\u00bbdefault\u00bb custom_padding_tablet=\u00bb\u00bb custom_padding_phone=\u00bb||40px||false|false\u00bb custom_padding_last_edited=\u00bbon|phone\u00bb global_colors_info=\u00bb{}\u00bb][et_pb_image src=\u00bbhttps:\/\/hotelesfray.com\/wp-content\/uploads\/2022\/12\/LogoCHsmall.png\u00bb title_text=\u00bbLogoCHsmall\u00bb url=\u00bb@ET-DC@eyJkeW5hbWljIjp0cnVlLCJjb250ZW50IjoicG9zdF9saW5rX3VybF9wYWdlIiwic2V0dGluZ3MiOnsicG9zdF9pZCI6IjM2MjAifX0=@\u00bb align=\u00bbcenter\u00bb module_id=\u00bbSalonesCentro\u00bb _builder_version=\u00bb4.27.6&#8243; _dynamic_attributes=\u00bburl\u00bb _module_preset=\u00bbdefault\u00bb max_width=\u00bb60%\u00bb max_width_tablet=\u00bb60%\u00bb max_width_phone=\u00bb70%\u00bb max_width_last_edited=\u00bbon|phone\u00bb global_colors_info=\u00bb{}\u00bb][\/et_pb_image][et_pb_button button_url=\u00bbhttps:\/\/hotelesfray.com\/Documentos\/EventosCentro2026-03.pdf\u00bb button_text=\u00bbEspacios y precios\u00bb button_alignment=\u00bbcenter\u00bb _builder_version=\u00bb4.27.6&#8243; _module_preset=\u00bbdefault\u00bb custom_button=\u00bbon\u00bb button_icon=\u00bb&#xf15c;||fa||900&#8243; button_icon_color=\u00bb#7a2818&#8243; button_on_hover=\u00bboff\u00bb custom_css_main_element=\u00bbwidth: 100%\u00bb global_colors_info=\u00bb{}\u00bb][\/et_pb_button][et_pb_button button_url=\u00bbhttps:\/\/hotelesfray.com\/precotizador-eventos\/\u00bb button_text=\u00bbPre-cotizador\u00bb button_alignment=\u00bbcenter\u00bb _builder_version=\u00bb4.27.4&#8243; _module_preset=\u00bbdefault\u00bb custom_button=\u00bbon\u00bb button_icon=\u00bb&#xe0f3;||divi||400&#8243; button_icon_color=\u00bb#7a2818&#8243; button_on_hover=\u00bboff\u00bb custom_css_main_element=\u00bbwidth: 100%\u00bb locked=\u00bboff\u00bb global_colors_info=\u00bb{}\u00bb][\/et_pb_button][et_pb_button button_url=\u00bbtel:+523112154675&#8243; button_text=\u00bbLlamar al 311 215 4675&#8243; button_alignment=\u00bbcenter\u00bb _builder_version=\u00bb4.27.4&#8243; _module_preset=\u00bbdefault\u00bb custom_button=\u00bbon\u00bb button_icon=\u00bb&#xf095;||fa||900&#8243; button_icon_color=\u00bb#7a2818&#8243; button_on_hover=\u00bboff\u00bb custom_css_main_element=\u00bbwidth: 100%\u00bb locked=\u00bboff\u00bb global_colors_info=\u00bb{}\u00bb][\/et_pb_button][et_pb_button button_url=\u00bbhttps:\/\/wa.me\/3112154675&#8243; button_text=\u00bbInfo. WhatsApp\u00bb button_alignment=\u00bbcenter\u00bb _builder_version=\u00bb4.27.4&#8243; _module_preset=\u00bbdefault\u00bb custom_button=\u00bbon\u00bb button_icon=\u00bb&#xf232;||fa||400&#8243; button_icon_color=\u00bb#7a2818&#8243; button_on_hover=\u00bboff\u00bb custom_css_main_element=\u00bbwidth: 100%\u00bb locked=\u00bboff\u00bb global_colors_info=\u00bb{}\u00bb][\/et_pb_button][\/et_pb_column][et_pb_column type=\u00bb1_2&#8243; module_id=\u00bbfrayselect\u00bb _builder_version=\u00bb4.21.0&#8243; _module_preset=\u00bbdefault\u00bb global_colors_info=\u00bb{}\u00bb][et_pb_image src=\u00bbhttps:\/\/hotelesfray.com\/wp-content\/uploads\/2022\/12\/LogoFSsmall.png\u00bb title_text=\u00bbLogoFSsmall\u00bb url=\u00bb@ET-DC@eyJkeW5hbWljIjp0cnVlLCJjb250ZW50IjoicG9zdF9saW5rX3VybF9wYWdlIiwic2V0dGluZ3MiOnsicG9zdF9pZCI6IjM1ODMifX0=@\u00bb align=\u00bbcenter\u00bb module_id=\u00bbSalonesCentro\u00bb _builder_version=\u00bb4.27.6&#8243; _dynamic_attributes=\u00bburl\u00bb _module_preset=\u00bbdefault\u00bb max_width=\u00bb60%\u00bb max_width_tablet=\u00bb60%\u00bb max_width_phone=\u00bb70%\u00bb max_width_last_edited=\u00bbon|phone\u00bb global_colors_info=\u00bb{}\u00bb][\/et_pb_image][et_pb_button button_url=\u00bbhttps:\/\/hotelesfray.com\/Documentos\/EventosSelect2026-03.pdf\u00bb button_text=\u00bbEspacios y precios\u00bb button_alignment=\u00bbcenter\u00bb _builder_version=\u00bb4.27.6&#8243; _module_preset=\u00bbdefault\u00bb custom_button=\u00bbon\u00bb button_bg_color=\u00bb#CB253D\u00bb button_icon=\u00bb&#xf15c;||fa||900&#8243; button_icon_color=\u00bb#4c0028&#8243; button_on_hover=\u00bboff\u00bb custom_css_main_element=\u00bbwidth: 100%\u00bb locked=\u00bboff\u00bb global_colors_info=\u00bb{}\u00bb][\/et_pb_button][et_pb_button button_url=\u00bbhttps:\/\/hotelesfray.com\/precotizador-select\/\u00bb button_text=\u00bbPre-cotizador\u00bb button_alignment=\u00bbcenter\u00bb _builder_version=\u00bb4.27.4&#8243; _module_preset=\u00bbdefault\u00bb custom_button=\u00bbon\u00bb button_bg_color=\u00bb#CB253D\u00bb button_icon=\u00bb&#xe0f3;||divi||400&#8243; button_icon_color=\u00bb#4c0028&#8243; button_on_hover=\u00bboff\u00bb custom_css_main_element=\u00bbwidth: 100%\u00bb locked=\u00bboff\u00bb global_colors_info=\u00bb{}\u00bb][\/et_pb_button][et_pb_button button_url=\u00bbtel:+523119801908&#8243; button_text=\u00bbLlamar al 311 980 1908&#8243; button_alignment=\u00bbcenter\u00bb _builder_version=\u00bb4.27.4&#8243; _module_preset=\u00bbdefault\u00bb custom_button=\u00bbon\u00bb button_bg_color=\u00bb#CB253D\u00bb button_icon=\u00bb&#xf095;||fa||900&#8243; button_icon_color=\u00bb#4c0028&#8243; button_on_hover=\u00bboff\u00bb custom_css_main_element=\u00bbwidth: 100%\u00bb locked=\u00bboff\u00bb global_colors_info=\u00bb{}\u00bb][\/et_pb_button][et_pb_button button_url=\u00bbhttps:\/\/wa.me\/3119801908&#8243; button_text=\u00bbInfo. WhatsApp\u00bb button_alignment=\u00bbcenter\u00bb _builder_version=\u00bb4.27.4&#8243; _module_preset=\u00bbdefault\u00bb custom_button=\u00bbon\u00bb button_bg_color=\u00bb#CB253D\u00bb button_icon=\u00bb&#xf232;||fa||400&#8243; button_icon_color=\u00bb#4c0028&#8243; button_on_hover=\u00bboff\u00bb custom_css_main_element=\u00bbwidth: 100%\u00bb locked=\u00bboff\u00bb global_colors_info=\u00bb{}\u00bb][\/et_pb_button][\/et_pb_column][\/et_pb_row][et_pb_row disabled_on=\u00bbon|on|on\u00bb _builder_version=\u00bb4.27.4&#8243; _module_preset=\u00bbdefault\u00bb disabled=\u00bbon\u00bb global_colors_info=\u00bb{}\u00bb][et_pb_column type=\u00bb4_4&#8243; _builder_version=\u00bb4.23.4&#8243; _module_preset=\u00bbdefault\u00bb global_colors_info=\u00bb{}\u00bb][et_pb_text _builder_version=\u00bb4.27.4&#8243; _module_preset=\u00bbdefault\u00bb text_font_size=\u00bb14px\u00bb text_orientation=\u00bbcenter\u00bb global_colors_info=\u00bb{}\u00bb]<\/p>\n<p>Tambi\u00e9n puedes contactar a nuestro equipo de eventos por medio del siguiente formulario, <strong>\u00a1nos comunicaremos contigo muy pronto!<\/strong><\/p>\n<p>[\/et_pb_text][et_pb_contact_form use_spam_service=\u00bbon\u00bb recaptcha_list=\u00bbHoteles Fray-0&#8243; email=\u00bbreservaciones@hotelfrayjunipero.com\u00bb success_message=\u00bbTu formulario ha sido enviado, nos pondremos en contacto a la brevedad\u00bb submit_button_text=\u00bbEnviar\u00bb disabled_on=\u00bboff|off|off\u00bb _builder_version=\u00bb4.27.4&#8243; _module_preset=\u00bbdefault\u00bb _unique_id=\u00bb11779b11-9e7d-4e00-87d6-12d543d83eae\u00bb form_field_custom_margin=\u00bb||5px||false|false\u00bb custom_margin=\u00bb||||false|false\u00bb custom_padding=\u00bb||||false|false\u00bb border_radii=\u00bbon|5px|5px|5px|5px\u00bb global_colors_info=\u00bb{}\u00bb][et_pb_contact_field field_id=\u00bbName\u00bb field_title=\u00bbNombre\u00bb _builder_version=\u00bb4.16&#8243; global_colors_info=\u00bb{}\u00bb button_text_size__hover_enabled=\u00bboff\u00bb button_one_text_size__hover_enabled=\u00bboff\u00bb button_two_text_size__hover_enabled=\u00bboff\u00bb button_text_color__hover_enabled=\u00bboff\u00bb button_one_text_color__hover_enabled=\u00bboff\u00bb button_two_text_color__hover_enabled=\u00bboff\u00bb button_border_width__hover_enabled=\u00bboff\u00bb button_one_border_width__hover_enabled=\u00bboff\u00bb button_two_border_width__hover_enabled=\u00bboff\u00bb button_border_color__hover_enabled=\u00bboff\u00bb button_one_border_color__hover_enabled=\u00bboff\u00bb button_two_border_color__hover_enabled=\u00bboff\u00bb button_border_radius__hover_enabled=\u00bboff\u00bb button_one_border_radius__hover_enabled=\u00bboff\u00bb button_two_border_radius__hover_enabled=\u00bboff\u00bb button_letter_spacing__hover_enabled=\u00bboff\u00bb button_one_letter_spacing__hover_enabled=\u00bboff\u00bb button_two_letter_spacing__hover_enabled=\u00bboff\u00bb button_bg_color__hover_enabled=\u00bboff\u00bb button_one_bg_color__hover_enabled=\u00bboff\u00bb button_two_bg_color__hover_enabled=\u00bboff\u00bb][\/et_pb_contact_field][et_pb_contact_field field_id=\u00bbEmail\u00bb field_title=\u00bbDirecci\u00f3n de correo electr\u00f3nico\u00bb field_type=\u00bbemail\u00bb _builder_version=\u00bb4.21.0&#8243; global_colors_info=\u00bb{}\u00bb button_text_size__hover_enabled=\u00bboff\u00bb button_one_text_size__hover_enabled=\u00bboff\u00bb button_two_text_size__hover_enabled=\u00bboff\u00bb button_text_color__hover_enabled=\u00bboff\u00bb button_one_text_color__hover_enabled=\u00bboff\u00bb button_two_text_color__hover_enabled=\u00bboff\u00bb button_border_width__hover_enabled=\u00bboff\u00bb button_one_border_width__hover_enabled=\u00bboff\u00bb button_two_border_width__hover_enabled=\u00bboff\u00bb button_border_color__hover_enabled=\u00bboff\u00bb button_one_border_color__hover_enabled=\u00bboff\u00bb button_two_border_color__hover_enabled=\u00bboff\u00bb button_border_radius__hover_enabled=\u00bboff\u00bb button_one_border_radius__hover_enabled=\u00bboff\u00bb button_two_border_radius__hover_enabled=\u00bboff\u00bb button_letter_spacing__hover_enabled=\u00bboff\u00bb button_one_letter_spacing__hover_enabled=\u00bboff\u00bb button_two_letter_spacing__hover_enabled=\u00bboff\u00bb button_bg_color__hover_enabled=\u00bboff\u00bb button_one_bg_color__hover_enabled=\u00bboff\u00bb button_two_bg_color__hover_enabled=\u00bboff\u00bb][\/et_pb_contact_field][et_pb_contact_field field_id=\u00bbTelefono\u00bb field_title=\u00bbTel\u00e9fono de contacto\u00bb min_length=\u00bb10&#8243; max_length=\u00bb13&#8243; allowed_symbols=\u00bbnumbers\u00bb _builder_version=\u00bb4.21.0&#8243; _module_preset=\u00bbdefault\u00bb global_colors_info=\u00bb{}\u00bb][\/et_pb_contact_field][et_pb_contact_field field_id=\u00bbFecha_del_evento\u00bb field_title=\u00bbFecha y hora (ej. 3 de junio 2023, 9:00 am)\u00bb _builder_version=\u00bb4.21.0&#8243; _module_preset=\u00bbdefault\u00bb global_colors_info=\u00bb{}\u00bb][\/et_pb_contact_field][et_pb_contact_field field_id=\u00bbTipo_de_evento\u00bb field_title=\u00bbTipo de evento (ej. desayuno, capacitaci\u00f3n, boda)\u00bb _builder_version=\u00bb4.21.0&#8243; _module_preset=\u00bbdefault\u00bb global_colors_info=\u00bb{}\u00bb][\/et_pb_contact_field][et_pb_contact_field field_id=\u00bbPersonas\u00bb field_title=\u00bbN\u00famero de personas\u00bb _builder_version=\u00bb4.21.0&#8243; _module_preset=\u00bbdefault\u00bb global_colors_info=\u00bb{}\u00bb][\/et_pb_contact_field][et_pb_contact_field field_id=\u00bbDetalles\u00bb field_title=\u00bbDetalles\u00bb field_type=\u00bbtext\u00bb required_mark=\u00bboff\u00bb fullwidth_field=\u00bbon\u00bb _builder_version=\u00bb4.21.0&#8243; _module_preset=\u00bbdefault\u00bb global_colors_info=\u00bb{}\u00bb][\/et_pb_contact_field][\/et_pb_contact_form][\/et_pb_column][\/et_pb_row][\/et_pb_section][et_pb_section fb_built=\u00bb1&#8243; _builder_version=\u00bb4.27.6&#8243; _module_preset=\u00bbdefault\u00bb background_color=\u00bb#141a21&#8243; background_image=\u00bbhttps:\/\/hotelfrayjunipero.com\/wp-content\/uploads\/2020\/02\/Pattern50.png\u00bb background_size=\u00bbinitial\u00bb background_repeat=\u00bbrepeat\u00bb custom_padding=\u00bb||||false|false\u00bb da_disable_devices=\u00bboff|off|off\u00bb global_colors_info=\u00bb{}\u00bb da_is_popup=\u00bboff\u00bb da_exit_intent=\u00bboff\u00bb da_has_close=\u00bbon\u00bb da_alt_close=\u00bboff\u00bb da_dark_close=\u00bboff\u00bb da_not_modal=\u00bbon\u00bb da_is_singular=\u00bboff\u00bb da_with_loader=\u00bboff\u00bb da_has_shadow=\u00bbon\u00bb][et_pb_row _builder_version=\u00bb4.19.4&#8243; _module_preset=\u00bbdefault\u00bb custom_padding=\u00bb||0px||false|false\u00bb global_colors_info=\u00bb{}\u00bb][et_pb_column type=\u00bb4_4&#8243; _builder_version=\u00bb4.19.4&#8243; _module_preset=\u00bbdefault\u00bb global_colors_info=\u00bb{}\u00bb][et_pb_image src=\u00bbhttps:\/\/hotelesfray.com\/wp-content\/uploads\/2023\/01\/LogoCHsmallw.png\u00bb title_text=\u00bbLogoCHsmallw\u00bb url=\u00bb@ET-DC@eyJkeW5hbWljIjp0cnVlLCJjb250ZW50IjoicG9zdF9saW5rX3VybF9wYWdlIiwic2V0dGluZ3MiOnsicG9zdF9pZCI6IjM2MjAifX0=@\u00bb align=\u00bbcenter\u00bb module_id=\u00bbSalonesCentro\u00bb _builder_version=\u00bb4.27.6&#8243; _dynamic_attributes=\u00bburl\u00bb _module_preset=\u00bbdefault\u00bb max_width=\u00bb30%\u00bb max_width_tablet=\u00bb40%\u00bb max_width_phone=\u00bb70%\u00bb max_width_last_edited=\u00bbon|desktop\u00bb global_colors_info=\u00bb{}\u00bb][\/et_pb_image][\/et_pb_column][\/et_pb_row][et_pb_row column_structure=\u00bb1_2,1_2&#8243; module_class=\u00bbtwo-columns\u00bb _builder_version=\u00bb4.27.6&#8243; _module_preset=\u00bbdefault\u00bb custom_margin=\u00bb30px||||false|false\u00bb custom_padding=\u00bb0px||||false|false\u00bb global_colors_info=\u00bb{}\u00bb][et_pb_column type=\u00bb1_2&#8243; _builder_version=\u00bb4.19.4&#8243; _module_preset=\u00bbdefault\u00bb custom_padding=\u00bb20px|20px|20px|20px|false|false\u00bb custom_css_main_element=\u00bbborder-radius: 10px\u00bb border_width_all=\u00bb2px\u00bb border_color_all=\u00bb#586D7A\u00bb global_colors_info=\u00bb{}\u00bb][et_pb_gallery gallery_ids=\u00bb4502&#8243; fullwidth=\u00bbon\u00bb _builder_version=\u00bb4.21.0&#8243; _module_preset=\u00bbdefault\u00bb background_layout=\u00bbdark\u00bb custom_margin=\u00bb-20px|-20px||-20px|false|false\u00bb border_radii=\u00bboff|8px|8px||\u00bb box_shadow_style=\u00bbpreset3&#8243; box_shadow_vertical=\u00bb8px\u00bb box_shadow_blur=\u00bb12px\u00bb box_shadow_spread=\u00bb-4px\u00bb box_shadow_color=\u00bbrgba(0,0,0,0.15)\u00bb global_colors_info=\u00bb{}\u00bb][\/et_pb_gallery][et_pb_text _builder_version=\u00bb4.27.6&#8243; _module_preset=\u00bbdefault\u00bb text_text_color=\u00bb#ffffff\u00bb text_font_size=\u00bb15px\u00bb text_line_height=\u00bb1.5em\u00bb header_font_size=\u00bb28px\u00bb header_2_font=\u00bb|||on|||||\u00bb header_2_font_size=\u00bb24px\u00bb header_2_letter_spacing=\u00bb1px\u00bb header_3_line_height=\u00bb1.5em\u00bb custom_margin=\u00bb20px||||false|false\u00bb hover_enabled=\u00bb0&#8243; global_colors_info=\u00bb{}\u00bb sticky_enabled=\u00bb0&#8243;]<\/p>\n<h2>Sal\u00f3n Principal<\/h2>\n<p>Renta de sal\u00f3n en cortes\u00eda a partir de consumo para 50 personas.<\/p>\n<p><strong>\u00c1rea:<\/strong> 210 m\u00b2<\/p>\n<p><strong>Capacidad:<br \/><\/strong>&#8211; Auditorio: 200<br \/>&#8211; Escuela: 120<br \/>&#8211; Cuadro: 55<br \/>&#8211; Herradura: 50<\/p>\n<p>[\/et_pb_text][et_pb_button button_url=\u00bbhttps:\/\/hotelesfray.com\/tours\/fraycentro\/#salon-principal\u00bb button_text=\u00bbTour Virtual\u00bb button_alignment=\u00bbleft\u00bb _builder_version=\u00bb4.27.6&#8243; _module_preset=\u00bbdefault\u00bb custom_button=\u00bbon\u00bb button_icon=\u00bb&#xf030;||fa||900&#8243; custom_margin=\u00bb||10px||false|false\u00bb custom_padding=\u00bb||||false|false\u00bb global_colors_info=\u00bb{}\u00bb][\/et_pb_button][\/et_pb_column][et_pb_column type=\u00bb1_2&#8243; _builder_version=\u00bb4.16&#8243; _module_preset=\u00bbdefault\u00bb custom_padding=\u00bb20px|20px|20px|20px|false|false\u00bb custom_css_main_element=\u00bbborder-radius: 10px\u00bb border_width_all=\u00bb2px\u00bb border_color_all=\u00bb#586D7A\u00bb global_colors_info=\u00bb{}\u00bb][et_pb_gallery gallery_ids=\u00bb4518&#8243; fullwidth=\u00bbon\u00bb _builder_version=\u00bb4.21.0&#8243; _module_preset=\u00bbdefault\u00bb background_layout=\u00bbdark\u00bb custom_margin=\u00bb-20px|-20px||-20px|false|false\u00bb border_radii=\u00bboff|8px|8px||\u00bb box_shadow_style=\u00bbpreset3&#8243; box_shadow_vertical=\u00bb8px\u00bb box_shadow_blur=\u00bb12px\u00bb box_shadow_spread=\u00bb-4px\u00bb box_shadow_color=\u00bbrgba(0,0,0,0.15)\u00bb global_colors_info=\u00bb{}\u00bb][\/et_pb_gallery][et_pb_text _builder_version=\u00bb4.27.6&#8243; _module_preset=\u00bbdefault\u00bb text_text_color=\u00bb#ffffff\u00bb text_font_size=\u00bb15px\u00bb text_line_height=\u00bb1.5em\u00bb header_font_size=\u00bb28px\u00bb header_2_font=\u00bb|||on|||||\u00bb header_2_font_size=\u00bb24px\u00bb header_2_letter_spacing=\u00bb1px\u00bb header_3_line_height=\u00bb1.5em\u00bb custom_margin=\u00bb20px||||false|false\u00bb hover_enabled=\u00bb0&#8243; global_colors_info=\u00bb{}\u00bb sticky_enabled=\u00bb0&#8243;]<\/p>\n<h2>Sal\u00f3n La Fuente<\/h2>\n<p>Renta de sal\u00f3n en cortes\u00eda a partir de consumo para 25 personas.<\/p>\n<p><strong>\u00c1rea:<\/strong> 75 m\u00b2<\/p>\n<p><strong>Capacidad:<br \/><\/strong>&#8211; Auditorio: 70<br \/>&#8211; Escuela: 30<br \/>&#8211; Cuadro: 40<br \/>&#8211; Herradura: 35<\/p>\n<p>[\/et_pb_text][et_pb_button button_url=\u00bbhttps:\/\/hotelesfray.com\/tours\/fraycentro\/#salon-la-fuente\u00bb button_text=\u00bbTour Virtual\u00bb button_alignment=\u00bbleft\u00bb _builder_version=\u00bb4.27.6&#8243; _module_preset=\u00bbdefault\u00bb custom_button=\u00bbon\u00bb button_icon=\u00bb&#xf030;||fa||900&#8243; custom_margin=\u00bb||10px||false|false\u00bb global_colors_info=\u00bb{}\u00bb][\/et_pb_button][\/et_pb_column][\/et_pb_row][et_pb_row column_structure=\u00bb1_2,1_2&#8243; use_custom_gutter=\u00bbon\u00bb make_equal=\u00bbon\u00bb module_class=\u00bbtwo-columns\u00bb _builder_version=\u00bb4.27.6&#8243; _module_preset=\u00bbdefault\u00bb custom_margin=\u00bb||||false|false\u00bb custom_padding=\u00bb0px||||false|false\u00bb global_colors_info=\u00bb{}\u00bb][et_pb_column type=\u00bb1_2&#8243; _builder_version=\u00bb4.27.6&#8243; _module_preset=\u00bbdefault\u00bb background_color=\u00bbRGBA(255,255,255,0)\u00bb custom_padding=\u00bb20px|20px|20px|20px|false|false\u00bb custom_css_main_element=\u00bbborder-radius: 10px\u00bb border_width_all=\u00bb2px\u00bb border_color_all=\u00bb#586D7A\u00bb global_colors_info=\u00bb{}\u00bb][et_pb_gallery gallery_ids=\u00bb4503&#8243; fullwidth=\u00bbon\u00bb _builder_version=\u00bb4.21.0&#8243; _module_preset=\u00bbdefault\u00bb background_layout=\u00bbdark\u00bb custom_margin=\u00bb-20px|-20px||-20px|false|false\u00bb border_radii=\u00bboff|8px|8px||\u00bb box_shadow_style=\u00bbpreset3&#8243; box_shadow_vertical=\u00bb8px\u00bb box_shadow_blur=\u00bb12px\u00bb box_shadow_spread=\u00bb-4px\u00bb box_shadow_color=\u00bbrgba(0,0,0,0.15)\u00bb global_colors_info=\u00bb{}\u00bb][\/et_pb_gallery][et_pb_text _builder_version=\u00bb4.27.6&#8243; _module_preset=\u00bbdefault\u00bb text_text_color=\u00bb#ffffff\u00bb text_font_size=\u00bb15px\u00bb text_line_height=\u00bb1.5em\u00bb header_font_size=\u00bb28px\u00bb header_2_font=\u00bb|||on|||||\u00bb header_2_font_size=\u00bb24px\u00bb header_2_letter_spacing=\u00bb1px\u00bb header_3_line_height=\u00bb1.5em\u00bb custom_margin=\u00bb20px||||false|false\u00bb hover_enabled=\u00bb0&#8243; global_colors_info=\u00bb{}\u00bb sticky_enabled=\u00bb0&#8243;]<\/p>\n<h2>Sal\u00f3n La Misi\u00f3n<\/h2>\n<p>Renta de sal\u00f3n en cortes\u00eda a partir de consumo para 20 personas.<\/p>\n<p><strong>\u00c1rea:<\/strong> 50 m\u00b2<\/p>\n<p><strong>Capacidad:<br \/><\/strong>&#8211; Auditorio: 50<br \/>&#8211; Escuela: 20<br \/>&#8211; Cuadro: 25<br \/>&#8211; Herradura: 25<\/p>\n<p>[\/et_pb_text][et_pb_button button_url=\u00bbhttps:\/\/hotelesfray.com\/tours\/fraycentro\/#salon-la-fuente\u00bb button_text=\u00bbTour Virtual\u00bb button_alignment=\u00bbleft\u00bb _builder_version=\u00bb4.27.6&#8243; _module_preset=\u00bbdefault\u00bb custom_button=\u00bbon\u00bb button_icon=\u00bb&#xf030;||fa||900&#8243; custom_margin=\u00bb||10px||false|false\u00bb global_colors_info=\u00bb{}\u00bb][\/et_pb_button][\/et_pb_column][et_pb_column type=\u00bb1_2&#8243; _builder_version=\u00bb4.27.6&#8243; _module_preset=\u00bbdefault\u00bb background_color=\u00bbrgba(235,161,35,0.05)\u00bb custom_padding=\u00bb20px|20px|0px|20px|false|true\u00bb custom_padding_tablet=\u00bb30px||0px|20px|false|false\u00bb custom_padding_last_edited=\u00bboff|tablet\u00bb custom_css_main_element=\u00bbborder-radius: 10px\u00bb border_width_all=\u00bb2px\u00bb border_color_all=\u00bb#EBA123&#8243; global_colors_info=\u00bb{}\u00bb][et_pb_gallery gallery_ids=\u00bb8022&#8243; fullwidth=\u00bbon\u00bb _builder_version=\u00bb4.27.6&#8243; _module_preset=\u00bbdefault\u00bb background_layout=\u00bbdark\u00bb custom_margin=\u00bb-20px|-20px||-20px|false|false\u00bb hover_enabled=\u00bb0&#8243; border_radii=\u00bboff|8px|8px||\u00bb box_shadow_style=\u00bbpreset3&#8243; box_shadow_vertical=\u00bb8px\u00bb box_shadow_blur=\u00bb12px\u00bb box_shadow_spread=\u00bb-4px\u00bb box_shadow_color=\u00bbrgba(0,0,0,0.15)\u00bb global_colors_info=\u00bb{}\u00bb sticky_enabled=\u00bb0&#8243;][\/et_pb_gallery][et_pb_heading title=\u00bbPaquete de hospedaje y recepci\u00f3n en terrazas panor\u00e1micas\u00bb _builder_version=\u00bb4.27.6&#8243; _module_preset=\u00bbdefault\u00bb title_level=\u00bbh2&#8243; title_font=\u00bb|||on|||||\u00bb title_font_size=\u00bb24px\u00bb title_letter_spacing=\u00bb1px\u00bb custom_margin=\u00bb20px||||false|false\u00bb global_colors_info=\u00bb{}\u00bb][\/et_pb_heading][et_pb_heading title=\u00bbEn Hotel Fray Jun\u00edpero (Centro Hist\u00f3rico)\u00bb _builder_version=\u00bb4.27.4&#8243; _module_preset=\u00bbdefault\u00bb title_level=\u00bbh3&#8243; title_font=\u00bb|600||on|||||\u00bb title_font_size=\u00bb14px\u00bb title_letter_spacing=\u00bb1px\u00bb global_colors_info=\u00bb{}\u00bb][\/et_pb_heading][et_pb_text _builder_version=\u00bb4.27.4&#8243; _module_preset=\u00bbdefault\u00bb text_text_color=\u00bb#FFFFFF\u00bb text_font_size=\u00bb15px\u00bb custom_margin=\u00bb||||false|false\u00bb custom_padding=\u00bb||10px||false|false\u00bb global_colors_info=\u00bb{}\u00bb]<\/p>\n<p dir=\"auto\" style=\"text-align: left;\">Hacemos que tu celebraci\u00f3n sea inolvidable con la mejor vista de Tepic. \u00a1Cont\u00e1ctanos para una propuesta a tu medida!<\/p>\n<p>[\/et_pb_text][et_pb_button button_url=\u00bb@ET-DC@eyJkeW5hbWljIjp0cnVlLCJjb250ZW50IjoicG9zdF9saW5rX3VybF9wYWdlIiwic2V0dGluZ3MiOnsicG9zdF9pZCI6IjY0MDIifX0=@\u00bb button_text=\u00bb@ET-DC@eyJkeW5hbWljIjp0cnVlLCJjb250ZW50IjoicG9zdF9saW5rIiwic2V0dGluZ3MiOnsiYmVmb3JlIjoiIiwiYWZ0ZXIiOiIiLCJ0ZXh0IjoiY3VzdG9tIiwiY3VzdG9tX3RleHQiOiJNXHUwMGUxcyBpbmZvcm1hY2lcdTAwZjNuIn19@\u00bb button_alignment=\u00bbleft\u00bb _builder_version=\u00bb4.27.4&#8243; _dynamic_attributes=\u00bbbutton_text,button_url\u00bb _module_preset=\u00bbdefault\u00bb custom_button=\u00bbon\u00bb button_text_size=\u00bb14px\u00bb custom_margin=\u00bb||30px||false|false\u00bb custom_padding=\u00bb||||false|false\u00bb global_colors_info=\u00bb{}\u00bb][\/et_pb_button][\/et_pb_column][\/et_pb_row][\/et_pb_section][et_pb_section fb_built=\u00bb1&#8243; _builder_version=\u00bb4.27.6&#8243; _module_preset=\u00bbdefault\u00bb custom_padding=\u00bb||||false|false\u00bb da_disable_devices=\u00bboff|off|off\u00bb global_colors_info=\u00bb{}\u00bb da_is_popup=\u00bboff\u00bb da_exit_intent=\u00bboff\u00bb da_has_close=\u00bbon\u00bb da_alt_close=\u00bboff\u00bb da_dark_close=\u00bboff\u00bb da_not_modal=\u00bbon\u00bb da_is_singular=\u00bboff\u00bb da_with_loader=\u00bboff\u00bb da_has_shadow=\u00bbon\u00bb][et_pb_row module_id=\u00bbsalonesfs\u00bb _builder_version=\u00bb4.19.4&#8243; _module_preset=\u00bbdefault\u00bb custom_margin=\u00bb30px||||false|false\u00bb custom_padding=\u00bb0px||0px|||\u00bb global_colors_info=\u00bb{}\u00bb][et_pb_column type=\u00bb4_4&#8243; _builder_version=\u00bb4.16&#8243; _module_preset=\u00bbdefault\u00bb global_colors_info=\u00bb{}\u00bb][et_pb_image src=\u00bbhttps:\/\/hotelesfray.com\/wp-content\/uploads\/2022\/12\/LogoFSsmall.png\u00bb title_text=\u00bbLogoFSsmall\u00bb url=\u00bb@ET-DC@eyJkeW5hbWljIjp0cnVlLCJjb250ZW50IjoicG9zdF9saW5rX3VybF9wYWdlIiwic2V0dGluZ3MiOnsicG9zdF9pZCI6IjM1ODMifX0=@\u00bb align=\u00bbcenter\u00bb module_id=\u00bbSalonesSelect\u00bb _builder_version=\u00bb4.27.6&#8243; _dynamic_attributes=\u00bburl\u00bb _module_preset=\u00bbdefault\u00bb max_width=\u00bb30%\u00bb max_width_tablet=\u00bb40%\u00bb max_width_phone=\u00bb70%\u00bb max_width_last_edited=\u00bbon|phone\u00bb custom_margin=\u00bb0px||||false|false\u00bb global_colors_info=\u00bb{}\u00bb][\/et_pb_image][\/et_pb_column][\/et_pb_row][et_pb_row column_structure=\u00bb1_2,1_2&#8243; make_equal=\u00bbon\u00bb module_class=\u00bbtwo-columns\u00bb _builder_version=\u00bb4.27.6&#8243; _module_preset=\u00bbdefault\u00bb custom_margin=\u00bb20px||20px||false|false\u00bb custom_padding=\u00bb0px||0px||false|false\u00bb global_colors_info=\u00bb{}\u00bb][et_pb_column type=\u00bb1_2&#8243; _builder_version=\u00bb4.27.4&#8243; _module_preset=\u00bbdefault\u00bb custom_padding=\u00bb20px|20px|20px|20px|false|false\u00bb custom_css_main_element=\u00bbborder-radius: 10px\u00bb border_width_all=\u00bb2px\u00bb border_color_all=\u00bbrgba(88,109,122,0.15)\u00bb global_colors_info=\u00bb{}\u00bb][et_pb_gallery gallery_ids=\u00bb4520&#8243; fullwidth=\u00bbon\u00bb _builder_version=\u00bb4.21.0&#8243; _module_preset=\u00bbdefault\u00bb background_layout=\u00bbdark\u00bb custom_margin=\u00bb-20px|-20px||-20px|false|false\u00bb border_radii=\u00bboff|8px|8px||\u00bb box_shadow_style=\u00bbpreset3&#8243; box_shadow_vertical=\u00bb8px\u00bb box_shadow_blur=\u00bb12px\u00bb box_shadow_spread=\u00bb-4px\u00bb box_shadow_color=\u00bbrgba(0,0,0,0.15)\u00bb global_colors_info=\u00bb{}\u00bb][\/et_pb_gallery][et_pb_text _builder_version=\u00bb4.27.6&#8243; _module_preset=\u00bbdefault\u00bb text_text_color=\u00bb#3D5A69&#8243; text_font_size=\u00bb15px\u00bb text_line_height=\u00bb1.5em\u00bb header_font_size=\u00bb28px\u00bb header_2_font=\u00bb|||on|||||\u00bb header_2_text_color=\u00bb#CB253D\u00bb header_2_font_size=\u00bb24px\u00bb header_2_letter_spacing=\u00bb1px\u00bb header_3_line_height=\u00bb1.5em\u00bb custom_margin=\u00bb20px||||false|false\u00bb hover_enabled=\u00bb0&#8243; global_colors_info=\u00bb{}\u00bb sticky_enabled=\u00bb0&#8243;]<\/p>\n<h2>Sal\u00f3n San Diego<\/h2>\n<p>Renta de sal\u00f3n en cortes\u00eda a partir de consumo para 20 personas.<\/p>\n<p><strong>\u00c1rea:<\/strong> 75 m\u00b2<\/p>\n<p><strong>Capacidad:<br \/><\/strong>&#8211; Auditorio: 80<br \/>&#8211; Escuela: 50<br \/>&#8211; Mesas R.: 50<br \/>&#8211; Herradura: 35<\/p>\n<p>[\/et_pb_text][et_pb_button button_url=\u00bbhttps:\/\/hotelesfray.com\/tours\/frayselect\/#salon_san_diego\u00bb button_text=\u00bbTour Virtual\u00bb button_alignment=\u00bbleft\u00bb _builder_version=\u00bb4.27.6&#8243; _module_preset=\u00bbdefault\u00bb custom_button=\u00bbon\u00bb button_bg_color=\u00bb#CB253D\u00bb button_icon=\u00bb&#xf030;||fa||900&#8243; custom_margin=\u00bb||10px||false|false\u00bb custom_padding=\u00bb||||false|false\u00bb locked=\u00bboff\u00bb global_colors_info=\u00bb{}\u00bb][\/et_pb_button][\/et_pb_column][et_pb_column type=\u00bb1_2&#8243; _builder_version=\u00bb4.16&#8243; _module_preset=\u00bbdefault\u00bb custom_padding=\u00bb20px|20px|20px|20px|false|false\u00bb custom_css_main_element=\u00bbborder-radius: 10px\u00bb border_width_all=\u00bb2px\u00bb border_color_all=\u00bbrgba(88,109,122,0.15)\u00bb global_colors_info=\u00bb{}\u00bb][et_pb_gallery gallery_ids=\u00bb4521&#8243; fullwidth=\u00bbon\u00bb _builder_version=\u00bb4.21.0&#8243; _module_preset=\u00bbdefault\u00bb background_layout=\u00bbdark\u00bb custom_margin=\u00bb-20px|-20px||-20px|false|false\u00bb border_radii=\u00bboff|8px|8px||\u00bb box_shadow_style=\u00bbpreset3&#8243; box_shadow_vertical=\u00bb8px\u00bb box_shadow_blur=\u00bb12px\u00bb box_shadow_spread=\u00bb-4px\u00bb box_shadow_color=\u00bbrgba(0,0,0,0.15)\u00bb global_colors_info=\u00bb{}\u00bb][\/et_pb_gallery][et_pb_text _builder_version=\u00bb4.27.6&#8243; _module_preset=\u00bbdefault\u00bb text_text_color=\u00bb#3D5A69&#8243; text_font_size=\u00bb15px\u00bb text_line_height=\u00bb1.5em\u00bb header_font_size=\u00bb28px\u00bb header_2_font=\u00bb|||on|||||\u00bb header_2_text_color=\u00bb#CB253D\u00bb header_2_font_size=\u00bb24px\u00bb header_2_letter_spacing=\u00bb1px\u00bb header_3_line_height=\u00bb1.5em\u00bb custom_margin=\u00bb20px||||false|false\u00bb hover_enabled=\u00bb0&#8243; global_colors_info=\u00bb{}\u00bb sticky_enabled=\u00bb0&#8243;]<\/p>\n<h2>Sal\u00f3n San Francisco<\/h2>\n<p>Renta de sal\u00f3n en cortes\u00eda a partir de consumo para 25 personas.<\/p>\n<p><strong>\u00c1rea:<\/strong> 80 m\u00b2<\/p>\n<p><strong>Capacidad:<br \/><\/strong>&#8211; Auditorio: 85<br \/>&#8211; Escuela: 55<br \/>&#8211; Mesas R.: 60<br \/>&#8211; Herradura: 45<\/p>\n<p>[\/et_pb_text][et_pb_button button_url=\u00bbhttps:\/\/hotelesfray.com\/tours\/frayselect\/#salon_san_francisco\u00bb button_text=\u00bbTour Virtual\u00bb button_alignment=\u00bbleft\u00bb _builder_version=\u00bb4.27.6&#8243; _module_preset=\u00bbdefault\u00bb custom_button=\u00bbon\u00bb button_bg_color=\u00bb#CB253D\u00bb button_icon=\u00bb&#xf030;||fa||900&#8243; custom_margin=\u00bb||10px||false|false\u00bb custom_padding=\u00bb||||false|false\u00bb locked=\u00bboff\u00bb global_colors_info=\u00bb{}\u00bb][\/et_pb_button][\/et_pb_column][\/et_pb_row][et_pb_row column_structure=\u00bb1_2,1_2&#8243; make_equal=\u00bbon\u00bb module_class=\u00bbtwo-columns\u00bb _builder_version=\u00bb4.27.6&#8243; _module_preset=\u00bbdefault\u00bb custom_margin=\u00bb20px||20px||false|false\u00bb custom_padding=\u00bb0px||0px||false|false\u00bb global_colors_info=\u00bb{}\u00bb][et_pb_column type=\u00bb1_2&#8243; _builder_version=\u00bb4.16&#8243; _module_preset=\u00bbdefault\u00bb custom_padding=\u00bb20px|20px|20px|20px|false|false\u00bb custom_css_main_element=\u00bbborder-radius: 10px\u00bb border_width_all=\u00bb2px\u00bb border_color_all=\u00bbrgba(88,109,122,0.15)\u00bb global_colors_info=\u00bb{}\u00bb][et_pb_gallery gallery_ids=\u00bb5843&#8243; fullwidth=\u00bbon\u00bb _builder_version=\u00bb4.27.2&#8243; _module_preset=\u00bbdefault\u00bb background_layout=\u00bbdark\u00bb custom_margin=\u00bb-20px|-20px||-20px|false|false\u00bb border_radii=\u00bboff|8px|8px||\u00bb box_shadow_style=\u00bbpreset3&#8243; box_shadow_vertical=\u00bb8px\u00bb box_shadow_blur=\u00bb12px\u00bb box_shadow_spread=\u00bb-4px\u00bb box_shadow_color=\u00bbrgba(0,0,0,0.15)\u00bb global_colors_info=\u00bb{}\u00bb][\/et_pb_gallery][et_pb_text _builder_version=\u00bb4.27.6&#8243; _module_preset=\u00bbdefault\u00bb text_text_color=\u00bb#3D5A69&#8243; text_font_size=\u00bb15px\u00bb text_line_height=\u00bb1.5em\u00bb header_font_size=\u00bb28px\u00bb header_2_font=\u00bb|||on|||||\u00bb header_2_text_color=\u00bb#CB253D\u00bb header_2_font_size=\u00bb24px\u00bb header_2_letter_spacing=\u00bb1px\u00bb header_3_line_height=\u00bb1.5em\u00bb custom_margin=\u00bb20px||||false|false\u00bb hover_enabled=\u00bb0&#8243; global_colors_info=\u00bb{}\u00bb sticky_enabled=\u00bb0&#8243;]<\/p>\n<h2>DESAYUNO BUFFET EN SAL\u00d3N ALCAL\u00c1<\/h2>\n<p>Favor de comunicarse para m\u00e1s informaci\u00f3n sobre este espacio.<\/p>\n<p><strong>\u00c1rea:<\/strong> 50 m\u00b2<\/p>\n<p><strong>Capacidad m\u00e1xima:<\/strong> 20 personas.<\/p>\n<p>[\/et_pb_text][et_pb_button button_url=\u00bbhttps:\/\/hotelesfray.com\/tours\/frayselect\/#salon_alcala\u00bb button_text=\u00bbTour Virtual\u00bb button_alignment=\u00bbleft\u00bb _builder_version=\u00bb4.27.6&#8243; _module_preset=\u00bbdefault\u00bb custom_button=\u00bbon\u00bb button_bg_color=\u00bb#CB253D\u00bb button_icon=\u00bb&#xf030;||fa||900&#8243; custom_margin=\u00bb||10px||false|false\u00bb custom_padding=\u00bb||||false|false\u00bb locked=\u00bboff\u00bb global_colors_info=\u00bb{}\u00bb][\/et_pb_button][\/et_pb_column][et_pb_column type=\u00bb1_2&#8243; _builder_version=\u00bb4.16&#8243; _module_preset=\u00bbdefault\u00bb custom_padding=\u00bb20px|20px|20px|20px|false|false\u00bb custom_css_main_element=\u00bbborder-radius: 10px\u00bb border_width_all=\u00bb2px\u00bb border_color_all=\u00bbrgba(88,109,122,0.15)\u00bb global_colors_info=\u00bb{}\u00bb][et_pb_gallery gallery_ids=\u00bb5844&#8243; fullwidth=\u00bbon\u00bb _builder_version=\u00bb4.27.2&#8243; _module_preset=\u00bbdefault\u00bb background_layout=\u00bbdark\u00bb custom_margin=\u00bb-20px|-20px||-20px|false|false\u00bb border_radii=\u00bboff|8px|8px||\u00bb box_shadow_style=\u00bbpreset3&#8243; box_shadow_vertical=\u00bb8px\u00bb box_shadow_blur=\u00bb12px\u00bb box_shadow_spread=\u00bb-4px\u00bb box_shadow_color=\u00bbrgba(0,0,0,0.15)\u00bb global_colors_info=\u00bb{}\u00bb][\/et_pb_gallery][et_pb_text _builder_version=\u00bb4.27.6&#8243; _module_preset=\u00bbdefault\u00bb text_text_color=\u00bb#3D5A69&#8243; text_font_size=\u00bb15px\u00bb text_line_height=\u00bb1.5em\u00bb header_font_size=\u00bb28px\u00bb header_2_font=\u00bb|||on|||||\u00bb header_2_text_color=\u00bb#CB253D\u00bb header_2_font_size=\u00bb24px\u00bb header_2_letter_spacing=\u00bb1px\u00bb header_3_line_height=\u00bb1.5em\u00bb custom_margin=\u00bb20px||||false|false\u00bb hover_enabled=\u00bb0&#8243; global_colors_info=\u00bb{}\u00bb sticky_enabled=\u00bb0&#8243;]<\/p>\n<h2>Privado Piso Uno<\/h2>\n<p>Renta de sal\u00f3n en cortes\u00eda con consumo de $2,000 o mayor.<strong><\/strong><\/p>\n<p><strong>\u00c1rea:<\/strong> 20 m\u00b2<strong><br \/><\/strong><\/p>\n<p><strong>Capacidad m\u00e1xima: <\/strong>10 personas<\/p>\n<p>[\/et_pb_text][et_pb_button button_url=\u00bbhttps:\/\/hotelesfray.com\/tours\/frayselect\/#salon_privado\u00bb button_text=\u00bbTour Virtual\u00bb button_alignment=\u00bbleft\u00bb _builder_version=\u00bb4.27.6&#8243; _module_preset=\u00bbdefault\u00bb custom_button=\u00bbon\u00bb button_bg_color=\u00bb#CB253D\u00bb button_icon=\u00bb&#xf030;||fa||900&#8243; custom_margin=\u00bb||10px||false|false\u00bb custom_padding=\u00bb||||false|false\u00bb locked=\u00bboff\u00bb global_colors_info=\u00bb{}\u00bb][\/et_pb_button][\/et_pb_column][\/et_pb_row][\/et_pb_section][et_pb_section fb_built=\u00bb1&#8243; _builder_version=\u00bb4.27.6&#8243; _module_preset=\u00bbdefault\u00bb custom_padding=\u00bb20px||||false|false\u00bb hover_enabled=\u00bb0&#8243; da_disable_devices=\u00bboff|off|off\u00bb global_colors_info=\u00bb{}\u00bb sticky_enabled=\u00bb0&#8243; da_is_popup=\u00bboff\u00bb da_exit_intent=\u00bboff\u00bb da_has_close=\u00bbon\u00bb da_alt_close=\u00bboff\u00bb da_dark_close=\u00bboff\u00bb da_not_modal=\u00bbon\u00bb da_is_singular=\u00bboff\u00bb da_with_loader=\u00bboff\u00bb da_has_shadow=\u00bbon\u00bb][et_pb_row _builder_version=\u00bb4.16&#8243; _module_preset=\u00bbdefault\u00bb custom_padding=\u00bb0px|||||\u00bb global_colors_info=\u00bb{}\u00bb][et_pb_column type=\u00bb4_4&#8243; _builder_version=\u00bb4.16&#8243; _module_preset=\u00bbdefault\u00bb global_colors_info=\u00bb{}\u00bb][et_pb_text _builder_version=\u00bb4.27.4&#8243; _module_preset=\u00bbdefault\u00bb text_orientation=\u00bbcenter\u00bb custom_padding=\u00bb20px||||false|false\u00bb global_colors_info=\u00bb{}\u00bb]<\/p>\n<h2>Acomodos de salones<\/h2>\n<p>[\/et_pb_text][et_pb_image src=\u00bbhttps:\/\/hotelesfray.com\/wp-content\/uploads\/2025\/02\/Acomodos-jpg.webp\u00bb alt=\u00bbAcomodo de salones en salones de eventos de hoteles fray\u00bb title_text=\u00bbAcomodos\u00bb show_in_lightbox=\u00bbon\u00bb align=\u00bbcenter\u00bb _builder_version=\u00bb4.27.4&#8243; _module_preset=\u00bbdefault\u00bb width=\u00bb95%\u00bb global_colors_info=\u00bb{}\u00bb][\/et_pb_image][\/et_pb_column][\/et_pb_row][\/et_pb_section][et_pb_section fb_built=\u00bb1&#8243; _builder_version=\u00bb4.27.6&#8243; _module_preset=\u00bbdefault\u00bb custom_margin=\u00bb||||false|false\u00bb custom_padding=\u00bb||||false|false\u00bb da_disable_devices=\u00bboff|off|off\u00bb box_shadow_style=\u00bbpreset6&#8243; global_colors_info=\u00bb{}\u00bb da_is_popup=\u00bboff\u00bb da_exit_intent=\u00bboff\u00bb da_has_close=\u00bbon\u00bb da_alt_close=\u00bboff\u00bb da_dark_close=\u00bboff\u00bb da_not_modal=\u00bbon\u00bb da_is_singular=\u00bboff\u00bb da_with_loader=\u00bboff\u00bb da_has_shadow=\u00bbon\u00bb][et_pb_row _builder_version=\u00bb4.21.0&#8243; _module_preset=\u00bbdefault\u00bb background_color=\u00bbrgba(234,239,242,0.61)\u00bb background_image=\u00bbhttps:\/\/hotelesfray.com\/wp-content\/uploads\/2020\/02\/Pattern25.png\u00bb background_size=\u00bbinitial\u00bb background_repeat=\u00bbrepeat\u00bb custom_padding=\u00bb25px|30px|25px|30px|true|true\u00bb border_radii=\u00bbon|10px|10px|10px|10px\u00bb box_shadow_style=\u00bbpreset3&#8243; global_colors_info=\u00bb{}\u00bb][et_pb_column type=\u00bb4_4&#8243; _builder_version=\u00bb4.16&#8243; _module_preset=\u00bbdefault\u00bb global_colors_info=\u00bb{}\u00bb][et_pb_text _builder_version=\u00bb4.27.4&#8243; _module_preset=\u00bbdefault\u00bb header_2_line_height=\u00bb1.5em\u00bb global_colors_info=\u00bb{}\u00bb]<\/p>\n<h2>T\u00e9rminos y condiciones de reservaci\u00f3n<\/h2>\n<p>[\/et_pb_text][et_pb_text _builder_version=\u00bb4.27.6&#8243; _module_preset=\u00bbdefault\u00bb text_font=\u00bb||||||||\u00bb text_text_color=\u00bb#3D5A69&#8243; global_colors_info=\u00bb{}\u00bb]<\/p>\n<ol>\n<li>Horario de reservaciones para eventos: lunes a s\u00e1bado de <strong>8:00 a 16:00 horas.<\/strong><\/li>\n<li>La contrataci\u00f3n de un evento tendr\u00e1 que hacerse con m\u00ednimo un d\u00eda de anticipaci\u00f3n.<\/li>\n<li><strong>Al momento de la reservaci\u00f3n se pedir\u00e1 un 50% de anticipo.<\/strong><\/li>\n<li><strong>Cualquier cancelaci\u00f3n o cambio de fecha deber\u00e1 realizarse con al menos 5 d\u00edas naturales de anticipaci\u00f3n para no incurrir en cargos.<\/strong> Cambios o cancelaciones dentro de los 5 d\u00edas naturales anteriores al evento tendr\u00e1n un cargo del 50% del anticipo. Cambios o cancelaciones dentro de las 24 horas anteriores al evento tendr\u00e1n un cargo del 100% del anticipo.<\/li>\n<li><strong>Cualquier evento programado y sus especificaciones (n\u00famero de invitados, platillos y guarniciones seleccionadas, etc.) deber\u00e1n estar confirmados con por lo menos 24 horas de anticipaci\u00f3n al inicio del mismo.<\/strong> En caso de no confirmar su guarnici\u00f3n se servir\u00e1 pur\u00e9 de papa y ensalada dulce.<\/li>\n<\/ol>\n<ul><\/ul>\n<p>[\/et_pb_text][\/et_pb_column][\/et_pb_row][\/et_pb_section]<\/p>\n","protected":false},"excerpt":{"rendered":"<p>Salones de eventos en Tepic Con la experiencia y servicio que nos caracteriza, atendemos todo tipo de eventos en cualquiera de nuestros salones de usos m\u00faltiples: capacitaciones, desayunos, coffe break, banquetes, conferencias y mucho m\u00e1s. Todos nuestros salones de usos m\u00faltiples cuentan con aire acondicionado, internet inal\u00e1mbrico, sonido, pantalla y proyector. Micr\u00f3fono y rotafolio a [&hellip;]<\/p>\n","protected":false},"author":2,"featured_media":5824,"parent":0,"menu_order":0,"comment_status":"closed","ping_status":"closed","template":"","meta":{"_et_pb_use_builder":"on","_et_pb_old_content":"<!-- wp:divi\/placeholder \/-->","_et_gb_content_width":"","footnotes":""},"class_list":["post-382","page","type-page","status-publish","has-post-thumbnail","hentry"],"yoast_head":"<!-- This site is optimized with the Yoast SEO plugin v27.4 - https:\/\/yoast.com\/product\/yoast-seo-wordpress\/ -->\n<title>Hotels in Tepic | Hoteles Fray \u2013 Complimentary Buffet Breakfast<\/title>\n<meta name=\"description\" content=\"Looking for hotels in Tepic? Hoteles Fray offers the best location, complimentary buffet breakfast, free WiFi, and flexible cancellation. Book directly with no deposit!\" \/>\n<meta name=\"robots\" content=\"index, follow, max-snippet:-1, max-image-preview:large, max-video-preview:-1\" \/>\n<link rel=\"canonical\" href=\"https:\/\/hotelesfray.com\/en\/eventos\/\" \/>\n<meta property=\"og:locale\" content=\"en_US\" \/>\n<meta property=\"og:type\" content=\"article\" \/>\n<meta property=\"og:title\" content=\"Hotels in Tepic | Hoteles Fray \u2013 Complimentary Buffet Breakfast\" \/>\n<meta property=\"og:description\" content=\"Looking for hotels in Tepic? Hoteles Fray offers the best location, complimentary buffet breakfast, free WiFi, and flexible cancellation. Book directly with no deposit!\" \/>\n<meta property=\"og:url\" content=\"https:\/\/hotelesfray.com\/en\/eventos\/\" \/>\n<meta property=\"og:site_name\" content=\"Hoteles Fray\" \/>\n<meta property=\"article:modified_time\" content=\"2026-04-24T20:46:48+00:00\" \/>\n<meta property=\"og:image\" content=\"https:\/\/hotelesfray.com\/wp-content\/uploads\/2025\/02\/EventosHero-jpg.webp\" \/>\n\t<meta property=\"og:image:width\" content=\"1920\" \/>\n\t<meta property=\"og:image:height\" content=\"1080\" \/>\n\t<meta property=\"og:image:type\" content=\"image\/jpeg\" \/>\n<meta name=\"twitter:card\" content=\"summary_large_image\" \/>\n<meta name=\"twitter:label1\" content=\"Est. reading time\" \/>\n\t<meta name=\"twitter:data1\" content=\"4 minutes\" \/>\n<script type=\"application\/ld+json\" class=\"yoast-schema-graph\">{\"@context\":\"https:\\\/\\\/schema.org\",\"@graph\":[{\"@type\":\"WebPage\",\"@id\":\"https:\\\/\\\/hotelesfray.com\\\/eventos\\\/\",\"url\":\"https:\\\/\\\/hotelesfray.com\\\/eventos\\\/\",\"name\":\"Salones de Eventos en Tepic | Hoteles Fray\",\"isPartOf\":{\"@id\":\"https:\\\/\\\/hotelesfray.com\\\/#website\"},\"primaryImageOfPage\":{\"@id\":\"https:\\\/\\\/hotelesfray.com\\\/eventos\\\/#primaryimage\"},\"image\":{\"@id\":\"https:\\\/\\\/hotelesfray.com\\\/eventos\\\/#primaryimage\"},\"thumbnailUrl\":\"https:\\\/\\\/hotelesfray.com\\\/wp-content\\\/uploads\\\/2025\\\/02\\\/EventosHero-jpg.webp\",\"datePublished\":\"2020-02-05T06:01:58+00:00\",\"dateModified\":\"2026-04-24T20:46:48+00:00\",\"description\":\"Todos nuestros salones cuentan con aire acondicionado, internet inal\u00e1mbrico, sonido, pantalla y proyector. Realiza tu evento en Hoteles Fray.\",\"inLanguage\":\"en-US\",\"potentialAction\":[{\"@type\":\"ReadAction\",\"target\":[\"https:\\\/\\\/hotelesfray.com\\\/eventos\\\/\"]}]},{\"@type\":\"ImageObject\",\"inLanguage\":\"en-US\",\"@id\":\"https:\\\/\\\/hotelesfray.com\\\/eventos\\\/#primaryimage\",\"url\":\"https:\\\/\\\/hotelesfray.com\\\/wp-content\\\/uploads\\\/2025\\\/02\\\/EventosHero-jpg.webp\",\"contentUrl\":\"https:\\\/\\\/hotelesfray.com\\\/wp-content\\\/uploads\\\/2025\\\/02\\\/EventosHero-jpg.webp\",\"width\":1920,\"height\":1080},{\"@type\":\"WebSite\",\"@id\":\"https:\\\/\\\/hotelesfray.com\\\/#website\",\"url\":\"https:\\\/\\\/hotelesfray.com\\\/\",\"name\":\"Hoteles Fray\",\"description\":\"Los Mejores Hoteles en el Centro de Tepic, Nayarit\",\"publisher\":{\"@id\":\"https:\\\/\\\/hotelesfray.com\\\/#organization\"},\"potentialAction\":[{\"@type\":\"SearchAction\",\"target\":{\"@type\":\"EntryPoint\",\"urlTemplate\":\"https:\\\/\\\/hotelesfray.com\\\/?s={search_term_string}\"},\"query-input\":{\"@type\":\"PropertyValueSpecification\",\"valueRequired\":true,\"valueName\":\"search_term_string\"}}],\"inLanguage\":\"en-US\"},{\"@type\":\"Organization\",\"@id\":\"https:\\\/\\\/hotelesfray.com\\\/#organization\",\"name\":\"Hoteles Fray\",\"url\":\"https:\\\/\\\/hotelesfray.com\\\/\",\"logo\":{\"@type\":\"ImageObject\",\"inLanguage\":\"en-US\",\"@id\":\"https:\\\/\\\/hotelesfray.com\\\/#\\\/schema\\\/logo\\\/image\\\/\",\"url\":\"https:\\\/\\\/hotelesfray.com\\\/wp-content\\\/uploads\\\/2023\\\/01\\\/HotelesFray-cuadro.png\",\"contentUrl\":\"https:\\\/\\\/hotelesfray.com\\\/wp-content\\\/uploads\\\/2023\\\/01\\\/HotelesFray-cuadro.png\",\"width\":2200,\"height\":2200,\"caption\":\"Hoteles Fray\"},\"image\":{\"@id\":\"https:\\\/\\\/hotelesfray.com\\\/#\\\/schema\\\/logo\\\/image\\\/\"}}]}<\/script>\n<!-- \/ Yoast SEO plugin. -->","yoast_head_json":{"title":"Hotels in Tepic | Hoteles Fray \u2013 Complimentary Buffet Breakfast","description":"Looking for hotels in Tepic? Hoteles Fray offers the best location, complimentary buffet breakfast, free WiFi, and flexible cancellation. Book directly with no deposit!","robots":{"index":"index","follow":"follow","max-snippet":"max-snippet:-1","max-image-preview":"max-image-preview:large","max-video-preview":"max-video-preview:-1"},"canonical":"https:\/\/hotelesfray.com\/en\/eventos\/","og_locale":"en_US","og_type":"article","og_title":"Hotels in Tepic | Hoteles Fray \u2013 Complimentary Buffet Breakfast","og_description":"Looking for hotels in Tepic? Hoteles Fray offers the best location, complimentary buffet breakfast, free WiFi, and flexible cancellation. Book directly with no deposit!","og_url":"https:\/\/hotelesfray.com\/en\/eventos\/","og_site_name":"Hoteles Fray","article_modified_time":"2026-04-24T20:46:48+00:00","og_image":[{"width":1920,"height":1080,"url":"https:\/\/hotelesfray.com\/wp-content\/uploads\/2025\/02\/EventosHero-jpg.webp","type":"image\/jpeg"}],"twitter_card":"summary_large_image","twitter_misc":{"Est. reading time":"4 minutes"},"schema":{"@context":"https:\/\/schema.org","@graph":[{"@type":"WebPage","@id":"https:\/\/hotelesfray.com\/eventos\/","url":"https:\/\/hotelesfray.com\/eventos\/","name":"Salones de Eventos en Tepic | Hoteles Fray","isPartOf":{"@id":"https:\/\/hotelesfray.com\/#website"},"primaryImageOfPage":{"@id":"https:\/\/hotelesfray.com\/eventos\/#primaryimage"},"image":{"@id":"https:\/\/hotelesfray.com\/eventos\/#primaryimage"},"thumbnailUrl":"https:\/\/hotelesfray.com\/wp-content\/uploads\/2025\/02\/EventosHero-jpg.webp","datePublished":"2020-02-05T06:01:58+00:00","dateModified":"2026-04-24T20:46:48+00:00","description":"Todos nuestros salones cuentan con aire acondicionado, internet inal\u00e1mbrico, sonido, pantalla y proyector. Realiza tu evento en Hoteles Fray.","inLanguage":"en-US","potentialAction":[{"@type":"ReadAction","target":["https:\/\/hotelesfray.com\/eventos\/"]}]},{"@type":"ImageObject","inLanguage":"en-US","@id":"https:\/\/hotelesfray.com\/eventos\/#primaryimage","url":"https:\/\/hotelesfray.com\/wp-content\/uploads\/2025\/02\/EventosHero-jpg.webp","contentUrl":"https:\/\/hotelesfray.com\/wp-content\/uploads\/2025\/02\/EventosHero-jpg.webp","width":1920,"height":1080},{"@type":"WebSite","@id":"https:\/\/hotelesfray.com\/#website","url":"https:\/\/hotelesfray.com\/","name":"Hoteles Fray","description":"Los Mejores Hoteles en el Centro de Tepic, Nayarit","publisher":{"@id":"https:\/\/hotelesfray.com\/#organization"},"potentialAction":[{"@type":"SearchAction","target":{"@type":"EntryPoint","urlTemplate":"https:\/\/hotelesfray.com\/?s={search_term_string}"},"query-input":{"@type":"PropertyValueSpecification","valueRequired":true,"valueName":"search_term_string"}}],"inLanguage":"en-US"},{"@type":"Organization","@id":"https:\/\/hotelesfray.com\/#organization","name":"Hoteles Fray","url":"https:\/\/hotelesfray.com\/","logo":{"@type":"ImageObject","inLanguage":"en-US","@id":"https:\/\/hotelesfray.com\/#\/schema\/logo\/image\/","url":"https:\/\/hotelesfray.com\/wp-content\/uploads\/2023\/01\/HotelesFray-cuadro.png","contentUrl":"https:\/\/hotelesfray.com\/wp-content\/uploads\/2023\/01\/HotelesFray-cuadro.png","width":2200,"height":2200,"caption":"Hoteles Fray"},"image":{"@id":"https:\/\/hotelesfray.com\/#\/schema\/logo\/image\/"}}]}},"_links":{"self":[{"href":"https:\/\/hotelesfray.com\/en\/wp-json\/wp\/v2\/pages\/382","targetHints":{"allow":["GET"]}}],"collection":[{"href":"https:\/\/hotelesfray.com\/en\/wp-json\/wp\/v2\/pages"}],"about":[{"href":"https:\/\/hotelesfray.com\/en\/wp-json\/wp\/v2\/types\/page"}],"author":[{"embeddable":true,"href":"https:\/\/hotelesfray.com\/en\/wp-json\/wp\/v2\/users\/2"}],"replies":[{"embeddable":true,"href":"https:\/\/hotelesfray.com\/en\/wp-json\/wp\/v2\/comments?post=382"}],"version-history":[{"count":126,"href":"https:\/\/hotelesfray.com\/en\/wp-json\/wp\/v2\/pages\/382\/revisions"}],"predecessor-version":[{"id":8026,"href":"https:\/\/hotelesfray.com\/en\/wp-json\/wp\/v2\/pages\/382\/revisions\/8026"}],"wp:featuredmedia":[{"embeddable":true,"href":"https:\/\/hotelesfray.com\/en\/wp-json\/wp\/v2\/media\/5824"}],"wp:attachment":[{"href":"https:\/\/hotelesfray.com\/en\/wp-json\/wp\/v2\/media?parent=382"}],"curies":[{"name":"wp","href":"https:\/\/api.w.org\/{rel}","templated":true}]}}