{"id":6366,"date":"2025-09-13T19:09:13","date_gmt":"2025-09-13T23:09:13","guid":{"rendered":"https:\/\/hotelesfray.com\/?page_id=6366"},"modified":"2026-04-16T18:43:22","modified_gmt":"2026-04-16T22:43:22","slug":"grupos","status":"publish","type":"page","link":"https:\/\/hotelesfray.com\/en\/grupos\/","title":{"rendered":"Hospedaje para Grupos en Tepic"},"content":{"rendered":"<p>[et_pb_section fb_built=\u00bb1&#8243; inner_shadow=\u00bbon\u00bb fullwidth=\u00bbon\u00bb _builder_version=\u00bb4.27.6&#8243; _module_preset=\u00bbdefault\u00bb z_index=\u00bb1&#8243; da_disable_devices=\u00bboff|off|off\u00bb global_colors_info=\u00bb{}\u00bb da_is_popup=\u00bboff\u00bb da_exit_intent=\u00bboff\u00bb da_has_close=\u00bbon\u00bb da_alt_close=\u00bboff\u00bb da_dark_close=\u00bboff\u00bb da_not_modal=\u00bbon\u00bb da_is_singular=\u00bboff\u00bb da_with_loader=\u00bboff\u00bb da_has_shadow=\u00bbon\u00bb][et_pb_fullwidth_header title=\u00bbHospedaje de grupos en Tepic\u00bb _builder_version=\u00bb4.27.6&#8243; _module_preset=\u00bbdefault\u00bb title_font=\u00bb|||on|||||\u00bb title_font_size=\u00bb26px\u00bb title_letter_spacing=\u00bb1px\u00bb title_line_height=\u00bb1.2em\u00bb background_enable_color=\u00bboff\u00bb use_background_color_gradient=\u00bbon\u00bb background_color_gradient_stops=\u00bbrgba(10,0,0,0.15) 21%|rgba(10,0,0,0.5) 55%\u00bb background_color_gradient_overlays_image=\u00bbon\u00bb background_image=\u00bbhttps:\/\/hotelesfray.com\/wp-content\/uploads\/2025\/09\/2025-07-21_11-19-09-scaled.webp\u00bb custom_margin=\u00bb||||false|false\u00bb custom_padding=\u00bb350px||||false|false\u00bb custom_padding_tablet=\u00bb300px||||false|false\u00bb custom_padding_phone=\u00bb250px||||false|false\u00bb custom_padding_last_edited=\u00bbon|phone\u00bb title_text_color_tablet=\u00bb\u00bb title_text_color_phone=\u00bb\u00bb title_text_color_last_edited=\u00bbon|phone\u00bb custom_css_main_element=\u00bbimg.header-logo {padding-bottom:20px;}\u00bb title_text_shadow_style=\u00bbpreset1&#8243; global_colors_info=\u00bb{}\u00bb][\/et_pb_fullwidth_header][\/et_pb_section][et_pb_section fb_built=\u00bb1&#8243; _builder_version=\u00bb4.27.6&#8243; background_color=\u00bb#ffffff\u00bb background_enable_image=\u00bboff\u00bb background_size=\u00bbinitial\u00bb background_repeat=\u00bbrepeat\u00bb background_blend=\u00bblighten\u00bb custom_margin=\u00bb||||false|false\u00bb custom_padding=\u00bb||||false|false\u00bb da_disable_devices=\u00bboff|off|off\u00bb box_shadow_style=\u00bbpreset3&#8243; box_shadow_position=\u00bbinner\u00bb global_colors_info=\u00bb{}\u00bb da_is_popup=\u00bboff\u00bb da_exit_intent=\u00bboff\u00bb da_has_close=\u00bbon\u00bb da_alt_close=\u00bboff\u00bb da_dark_close=\u00bboff\u00bb da_not_modal=\u00bbon\u00bb da_is_singular=\u00bboff\u00bb da_with_loader=\u00bboff\u00bb da_has_shadow=\u00bbon\u00bb][et_pb_row _builder_version=\u00bb4.27.6&#8243; _module_preset=\u00bbdefault\u00bb width_tablet=\u00bb\u00bb width_phone=\u00bb\u00bb width_last_edited=\u00bbon|phone\u00bb custom_margin=\u00bb||||false|false\u00bb custom_padding=\u00bb||||false|false\u00bb global_colors_info=\u00bb{}\u00bb][et_pb_column type=\u00bb4_4&#8243; _builder_version=\u00bb4.16&#8243; _module_preset=\u00bbdefault\u00bb global_colors_info=\u00bb{}\u00bb][et_pb_text _builder_version=\u00bb4.27.6&#8243; _module_preset=\u00bbdefault\u00bb text_text_color=\u00bb#3D5A69&#8243; header_2_font=\u00bb|600||on|||||\u00bb header_2_font_size=\u00bb24px\u00bb header_2_letter_spacing=\u00bb1px\u00bb header_2_line_height=\u00bb1.5em\u00bb global_colors_info=\u00bb{}\u00bb]<\/p>\n<div class=\"page\" title=\"Page 1\">\n<div class=\"layoutArea\">\n<div class=\"column\">\n<p data-path-to-node=\"5\">En <b data-path-to-node=\"5\" data-index-in-node=\"3\">Hoteles Fray<\/b>, entendemos que la log\u00edstica de grupo requiere precisi\u00f3n y atenci\u00f3n personalizada. Ofrecemos tarifas preferenciales y soluciones a medida para que su estancia sea impecable en cualquiera de nuestros hoteles.<\/p>\n<p data-path-to-node=\"5\">\n<ul>\n<li><b data-path-to-node=\"6,0,0\" data-index-in-node=\"0\">Eventos Corporativos:<\/b> Espacios ideales para convenciones y viajes de incentivo.<\/li>\n<li><b data-path-to-node=\"6,1,0\" data-index-in-node=\"0\">Grupos Tur\u00edsticos:<\/b> Tarifas especiales para agencias y operadores.<\/li>\n<li><b data-path-to-node=\"6,2,0\" data-index-in-node=\"0\">Eventos Sociales:<\/b> El alojamiento perfecto para bodas, aniversarios y reuniones familiares.<\/li>\n<\/ul>\n<\/div>\n<\/div>\n<\/div>\n<p>[\/et_pb_text][\/et_pb_column][\/et_pb_row][et_pb_row _builder_version=\u00bb4.27.6&#8243; _module_preset=\u00bbdefault\u00bb width_last_edited=\u00bboff|phone\u00bb custom_padding=\u00bb0px||||false|false\u00bb global_colors_info=\u00bb{}\u00bb][et_pb_column type=\u00bb4_4&#8243; _builder_version=\u00bb4.16&#8243; _module_preset=\u00bbdefault\u00bb global_colors_info=\u00bb{}\u00bb][et_pb_accordion toggle_icon=\u00bb&#xf067;||fa||900&#8243; _builder_version=\u00bb4.27.6&#8243; _module_preset=\u00bbdefault\u00bb toggle_text_color=\u00bb#3D5A69&#8243; toggle_level=\u00bbh3&#8243; body_text_color=\u00bb#3D5A69&#8243; global_colors_info=\u00bb{}\u00bb][et_pb_accordion_item title=\u00bbHabitaci\u00f3n en cortes\u00eda\u00bb open=\u00bbon\u00bb toggle_icon=\u00bb&#xf067;||fa||900&#8243; _builder_version=\u00bb4.27.6&#8243; _module_preset=\u00bbdefault\u00bb global_colors_info=\u00bb{}\u00bb toggle_font=\u00bb|600||on|||||\u00bb toggle_font_size=\u00bb14px\u00bb toggle_letter_spacing=\u00bb1px\u00bb closed_toggle_font=\u00bb|600||on|||||\u00bb closed_toggle_font_size=\u00bb14px\u00bb closed_toggle_letter_spacing=\u00bb1px\u00bb]<\/p>\n<p>Obt\u00e9n una habitaci\u00f3n en cortes\u00eda en reservas de grupo de 10 o m\u00e1s habitaciones.<\/p>\n<p>[\/et_pb_accordion_item][et_pb_accordion_item title=\u00bbLa mejor tarifa disponible\u00bb toggle_icon=\u00bb&#xf067;||fa||900&#8243; _builder_version=\u00bb4.27.6&#8243; _module_preset=\u00bbdefault\u00bb global_colors_info=\u00bb{}\u00bb toggle_font=\u00bb|600||on|||||\u00bb toggle_font_size=\u00bb14px\u00bb toggle_letter_spacing=\u00bb1px\u00bb closed_toggle_font=\u00bb|600||on|||||\u00bb closed_toggle_font_size=\u00bb14px\u00bb closed_toggle_letter_spacing=\u00bb1px\u00bb open=\u00bboff\u00bb]<\/p>\n<p>Obt\u00e9n nuestra mejor tarifa disponible para las fechas del viaje de tu grupo.<\/p>\n<p>[\/et_pb_accordion_item][et_pb_accordion_item title=\u00bbReserva en l\u00ednea o por tel\u00e9fono\u00bb toggle_icon=\u00bb&#xf067;||fa||900&#8243; _builder_version=\u00bb4.27.6&#8243; _module_preset=\u00bbdefault\u00bb global_colors_info=\u00bb{}\u00bb toggle_font=\u00bb|600||on|||||\u00bb toggle_font_size=\u00bb14px\u00bb toggle_letter_spacing=\u00bb1px\u00bb closed_toggle_font=\u00bb|600||on|||||\u00bb closed_toggle_font_size=\u00bb14px\u00bb closed_toggle_letter_spacing=\u00bb1px\u00bb open=\u00bboff\u00bb]<\/p>\n<p>Los asistentes podr\u00e1n reservar directamente por tel\u00e9fono haciendo menci\u00f3n del grupo o evento. Si lo solicitas tambi\u00e9n podr\u00e1n reservar su habitaci\u00f3n con la tarifa especial en nuestro sitio web con el c\u00f3digo que te proporcionaremos.<\/p>\n<p>[\/et_pb_accordion_item][et_pb_accordion_item title=\u00bbFlexibilidad en hora de entrada y salida\u00bb toggle_icon=\u00bb&#xf067;||fa||900&#8243; _builder_version=\u00bb4.27.0&#8243; _module_preset=\u00bbdefault\u00bb global_colors_info=\u00bb{}\u00bb toggle_font=\u00bb|600||on|||||\u00bb toggle_font_size=\u00bb14px\u00bb toggle_letter_spacing=\u00bb1px\u00bb closed_toggle_font=\u00bb|600||on|||||\u00bb closed_toggle_font_size=\u00bb14px\u00bb closed_toggle_letter_spacing=\u00bb1px\u00bb open=\u00bboff\u00bb]<\/p>\n<p>Ofrecemos a los asistentes a tu evento flexibilidad en los horarios de check-in y check-out, previa solicitud.<\/p>\n<p>[\/et_pb_accordion_item][et_pb_accordion_item title=\u00bbDisponibilidad garantizada\u00bb toggle_icon=\u00bb&#xf067;||fa||900&#8243; _builder_version=\u00bb4.27.6&#8243; _module_preset=\u00bbdefault\u00bb global_colors_info=\u00bb{}\u00bb toggle_font=\u00bb|600||on|||||\u00bb toggle_font_size=\u00bb14px\u00bb toggle_letter_spacing=\u00bb1px\u00bb closed_toggle_font=\u00bb|600||on|||||\u00bb closed_toggle_font_size=\u00bb14px\u00bb closed_toggle_letter_spacing=\u00bb1px\u00bb open=\u00bboff\u00bb]<\/p>\n<p>Para asegurar la disponibilidad de habitaciones para los asistentes, realizamos un bloqueo de habitaciones que se podr\u00e1n confirmar o liberar hasta una semana antes del evento, seg\u00fan las necesidades reales de hospedaje.<\/p>\n<p>[\/et_pb_accordion_item][et_pb_accordion_item title=\u00bbAlimentos a tu medida\u00bb toggle_icon=\u00bb&#xf067;||fa||900&#8243; _builder_version=\u00bb4.27.6&#8243; _module_preset=\u00bbdefault\u00bb global_colors_info=\u00bb{}\u00bb toggle_font=\u00bb|600||on|||||\u00bb toggle_font_size=\u00bb14px\u00bb toggle_letter_spacing=\u00bb1px\u00bb closed_toggle_font=\u00bb|600||on|||||\u00bb closed_toggle_font_size=\u00bb14px\u00bb closed_toggle_letter_spacing=\u00bb1px\u00bb open=\u00bboff\u00bb]<\/p>\n<p>Elige si requieres desayuno, comida, cena o cualquier combinaci\u00f3n para tu grupo.<\/p>\n<p>[\/et_pb_accordion_item][et_pb_accordion_item title=\u00bbDetalles de bienvenida\u00bb toggle_icon=\u00bb&#xf067;||fa||900&#8243; _builder_version=\u00bb4.27.0&#8243; _module_preset=\u00bbdefault\u00bb global_colors_info=\u00bb{}\u00bb toggle_font=\u00bb|600||on|||||\u00bb toggle_font_size=\u00bb14px\u00bb toggle_letter_spacing=\u00bb1px\u00bb closed_toggle_font=\u00bb|600||on|||||\u00bb closed_toggle_font_size=\u00bb14px\u00bb closed_toggle_letter_spacing=\u00bb1px\u00bb open=\u00bboff\u00bb]<\/p>\n<p>Si tienes un kit de bienvenida para los asistentes a tu evento, te ayudaremos a entreg\u00e1rselos al momento de su llegada o en su habitaci\u00f3n.<\/p>\n<p>[\/et_pb_accordion_item][et_pb_accordion_item title=\u00bbApoyo para contratar servicios de transporte\u00bb toggle_icon=\u00bb&#xf067;||fa||900&#8243; _builder_version=\u00bb4.27.0&#8243; _module_preset=\u00bbdefault\u00bb global_colors_info=\u00bb{}\u00bb toggle_font=\u00bb|600||on|||||\u00bb toggle_font_size=\u00bb14px\u00bb toggle_letter_spacing=\u00bb1px\u00bb closed_toggle_font=\u00bb|600||on|||||\u00bb closed_toggle_font_size=\u00bb14px\u00bb closed_toggle_letter_spacing=\u00bb1px\u00bb open=\u00bboff\u00bb]<\/p>\n<p>En caso de ser requerido, te apoyamos en la b\u00fasqueda de servicio de transporte para los asistentes, si es posible a un costo preferencial. El servicio se tendr\u00e1 que solicitar al menos 1 semana previa al evento.<\/p>\n<p>[\/et_pb_accordion_item][\/et_pb_accordion][\/et_pb_column][\/et_pb_row][et_pb_row _builder_version=\u00bb4.27.6&#8243; _module_preset=\u00bbdefault\u00bb custom_padding=\u00bb||0px||false|false\u00bb global_colors_info=\u00bb{}\u00bb][et_pb_column type=\u00bb4_4&#8243; _builder_version=\u00bb4.27.6&#8243; _module_preset=\u00bbdefault\u00bb global_colors_info=\u00bb{}\u00bb][et_pb_heading title=\u00bbConoce nuestros Hoteles\u00bb _builder_version=\u00bb4.27.6&#8243; _module_preset=\u00bbdefault\u00bb title_level=\u00bbh2&#8243; title_font=\u00bb|||on|||||\u00bb title_text_color=\u00bb#3D5A69&#8243; title_font_size=\u00bb22px\u00bb title_letter_spacing=\u00bb1px\u00bb global_colors_info=\u00bb{}\u00bb][\/et_pb_heading][\/et_pb_column][\/et_pb_row][et_pb_row column_structure=\u00bb1_2,1_2&#8243; use_custom_gutter=\u00bbon\u00bb make_equal=\u00bbon\u00bb custom_padding_last_edited=\u00bboff|desktop\u00bb disabled_on=\u00bboff|off|off\u00bb module_class=\u00bbtwo-columns\u00bb _builder_version=\u00bb4.27.6&#8243; _module_preset=\u00bbdefault\u00bb background_enable_color=\u00bboff\u00bb width_tablet=\u00bb\u00bb width_phone=\u00bb90%\u00bb width_last_edited=\u00bbon|phone\u00bb custom_margin=\u00bb||||false|false\u00bb custom_padding=\u00bb||||false|false\u00bb border_radii=\u00bbon|10px|10px|10px|10px\u00bb global_colors_info=\u00bb{}\u00bb][et_pb_column type=\u00bb1_2&#8243; module_id=\u00bbfj\u00bb _builder_version=\u00bb4.27.4&#8243; _module_preset=\u00bbdefault\u00bb background_color=\u00bb#fcfcfc\u00bb custom_padding=\u00bb20px|20px|30px|20px|false|false\u00bb border_radii=\u00bbon|20px|20px|20px|20px\u00bb border_width_all=\u00bb1px\u00bb border_color_all=\u00bb#cecece\u00bb global_colors_info=\u00bb{}\u00bb][et_pb_image src=\u00bbhttps:\/\/hotelesfray.com\/wp-content\/uploads\/2022\/12\/LogoCHsmall.png\u00bb title_text=\u00bbLogoCHsmall\u00bb align=\u00bbcenter\u00bb _builder_version=\u00bb4.27.6&#8243; _module_preset=\u00bbdefault\u00bb width=\u00bb60%\u00bb width_tablet=\u00bb60%\u00bb width_phone=\u00bb80%\u00bb width_last_edited=\u00bbon|phone\u00bb global_colors_info=\u00bb{}\u00bb][\/et_pb_image][et_pb_text _builder_version=\u00bb4.27.4&#8243; _module_preset=\u00bbdefault\u00bb background_enable_color=\u00bboff\u00bb use_background_color_gradient=\u00bbon\u00bb background_color_gradient_stops=\u00bbrgba(235,161,35,0.3) 0%|rgba(255,255,255,0.3) 100%\u00bb background_color_gradient_overlays_image=\u00bbon\u00bb background_image=\u00bbhttps:\/\/hotelesfray.com\/wp-content\/uploads\/2025\/08\/hotel-fray-junipero-1500.webp\u00bb custom_margin=\u00bb||20px||false|false\u00bb custom_padding=\u00bb50px||50px||false|false\u00bb border_radii=\u00bbon|5px|5px|5px|5px\u00bb global_colors_info=\u00bb{}\u00bb][\/et_pb_text][et_pb_text _builder_version=\u00bb4.27.6&#8243; _module_preset=\u00bbdefault\u00bb text_text_color=\u00bb#3D5A69&#8243; text_font_size=\u00bb15px\u00bb custom_margin=\u00bb||||false|false\u00bb global_colors_info=\u00bb{}\u00bb]<\/p>\n<p dir=\"auto\" style=\"text-align: center;\"><span><strong>Hotel Fray Jun\u00edpero<\/strong> cuenta con una ubicaci\u00f3n privilegiada frente a la Catedral y la Plaza Principal, con vistas \u00fanicas y <\/span><strong>todos los atractivos tur\u00edsticos y de negocios a pocos pasos.<\/strong><\/p>\n<p>[\/et_pb_text][et_pb_button button_url=\u00bb@ET-DC@eyJkeW5hbWljIjp0cnVlLCJjb250ZW50IjoicG9zdF9saW5rX3VybF9wYWdlIiwic2V0dGluZ3MiOnsicG9zdF9pZCI6IjM2MjAifX0=@\u00bb button_text=\u00bbVer m\u00e1s\u00bb button_alignment=\u00bbcenter\u00bb _builder_version=\u00bb4.27.6&#8243; _dynamic_attributes=\u00bbbutton_url\u00bb _module_preset=\u00bbdefault\u00bb custom_button=\u00bbon\u00bb button_text_size=\u00bb14px\u00bb button_bg_color=\u00bb#6c8481&#8243; custom_margin=\u00bb||||false|false\u00bb custom_padding=\u00bb8px||8px||false|false\u00bb global_colors_info=\u00bb{}\u00bb][\/et_pb_button][\/et_pb_column][et_pb_column type=\u00bb1_2&#8243; module_id=\u00bbfj\u00bb _builder_version=\u00bb4.27.4&#8243; _module_preset=\u00bbdefault\u00bb background_color=\u00bb#fcfcfc\u00bb custom_padding=\u00bb20px|20px|30px|20px|false|false\u00bb border_radii=\u00bbon|20px|20px|20px|20px\u00bb border_width_all=\u00bb1px\u00bb border_color_all=\u00bb#cecece\u00bb global_colors_info=\u00bb{}\u00bb][et_pb_image src=\u00bbhttps:\/\/hotelesfray.com\/wp-content\/uploads\/2022\/12\/LogoFSsmall.png\u00bb title_text=\u00bbLogoFSsmall\u00bb align=\u00bbcenter\u00bb _builder_version=\u00bb4.27.6&#8243; _module_preset=\u00bbdefault\u00bb width=\u00bb60%\u00bb width_tablet=\u00bb60%\u00bb width_phone=\u00bb80%\u00bb width_last_edited=\u00bbon|phone\u00bb global_colors_info=\u00bb{}\u00bb][\/et_pb_image][et_pb_text _builder_version=\u00bb4.27.6&#8243; _module_preset=\u00bbdefault\u00bb background_enable_color=\u00bboff\u00bb use_background_color_gradient=\u00bbon\u00bb background_color_gradient_stops=\u00bbrgba(203,37,61,0.3) 0%|rgba(255,255,255,0.3) 100%\u00bb background_color_gradient_overlays_image=\u00bbon\u00bb background_image=\u00bbhttps:\/\/hotelesfray.com\/wp-content\/uploads\/2023\/07\/FS-fachada6b-web-jpg.webp\u00bb custom_margin=\u00bb||20px||false|false\u00bb custom_padding=\u00bb50px||50px||false|false\u00bb border_radii=\u00bbon|5px|5px|5px|5px\u00bb global_colors_info=\u00bb{}\u00bb][\/et_pb_text][et_pb_text _builder_version=\u00bb4.27.6&#8243; _module_preset=\u00bbdefault\u00bb text_text_color=\u00bb#3D5A69&#8243; text_font_size=\u00bb15px\u00bb custom_margin=\u00bb||||false|false\u00bb global_colors_info=\u00bb{}\u00bb]<\/p>\n<p dir=\"auto\" style=\"text-align: center;\"><span><strong>Hotel Fray Select<\/strong> es el hotel m\u00e1s nuevo y moderno de Tepic,\u00a0<\/span><strong>con la ubicaci\u00f3n m\u00e1s conveniente <\/strong>y habitaciones contempor\u00e1neas<span>\u00a0de alto nivel.<\/span><\/p>\n<p>[\/et_pb_text][et_pb_button button_url=\u00bb@ET-DC@eyJkeW5hbWljIjp0cnVlLCJjb250ZW50IjoicG9zdF9saW5rX3VybF9wYWdlIiwic2V0dGluZ3MiOnsicG9zdF9pZCI6IjM1ODMifX0=@\u00bb button_text=\u00bbVer m\u00e1s\u00bb button_alignment=\u00bbcenter\u00bb _builder_version=\u00bb4.27.6&#8243; _dynamic_attributes=\u00bbbutton_url\u00bb _module_preset=\u00bbdefault\u00bb custom_button=\u00bbon\u00bb button_text_size=\u00bb14px\u00bb button_bg_color=\u00bb#6c8481&#8243; custom_margin=\u00bb||||false|false\u00bb custom_padding=\u00bb8px||8px||false|false\u00bb global_colors_info=\u00bb{}\u00bb][\/et_pb_button][\/et_pb_column][\/et_pb_row][et_pb_row use_custom_gutter=\u00bbon\u00bb make_equal=\u00bbon\u00bb _builder_version=\u00bb4.27.6&#8243; _module_preset=\u00bbdefault\u00bb custom_margin=\u00bb||||false|false\u00bb custom_padding=\u00bb||||false|false\u00bb global_colors_info=\u00bb{}\u00bb][et_pb_column type=\u00bb4_4&#8243; _builder_version=\u00bb4.27.2&#8243; _module_preset=\u00bbdefault\u00bb background_color=\u00bbrgba(235,161,35,0.05)\u00bb custom_padding=\u00bb30px|20px|0px|20px|false|true\u00bb custom_padding_tablet=\u00bb30px||0px|20px|false|false\u00bb custom_padding_last_edited=\u00bboff|tablet\u00bb custom_css_main_element=\u00bbborder-radius: 10px\u00bb border_width_all=\u00bb2px\u00bb border_color_all=\u00bb#EBA123&#8243; global_colors_info=\u00bb{}\u00bb][et_pb_heading title=\u00bbPaquete de hospedaje y recepci\u00f3n en terrazas panor\u00e1micas\u00bb _builder_version=\u00bb4.27.6&#8243; _module_preset=\u00bbdefault\u00bb title_level=\u00bbh2&#8243; title_font=\u00bb|||on|||||\u00bb title_font_size=\u00bb22px\u00bb title_letter_spacing=\u00bb1px\u00bb hover_enabled=\u00bb0&#8243; global_colors_info=\u00bb{}\u00bb title_line_height=\u00bb1.5em\u00bb sticky_enabled=\u00bb0&#8243;][\/et_pb_heading][et_pb_heading title=\u00bbEn Hotel Fray Jun\u00edpero (Centro Hist\u00f3rico)\u00bb _builder_version=\u00bb4.27.4&#8243; _module_preset=\u00bbdefault\u00bb title_level=\u00bbh3&#8243; title_font=\u00bb|600||on|||||\u00bb title_font_size=\u00bb14px\u00bb title_letter_spacing=\u00bb1px\u00bb global_colors_info=\u00bb{}\u00bb][\/et_pb_heading][et_pb_text _builder_version=\u00bb4.27.4&#8243; _module_preset=\u00bbdefault\u00bb text_text_color=\u00bb#3D5A69&#8243; text_font_size=\u00bb15px\u00bb custom_margin=\u00bb||||false|false\u00bb custom_padding=\u00bb||10px||false|false\u00bb global_colors_info=\u00bb{}\u00bb]<\/p>\n<p dir=\"auto\" style=\"text-align: left;\">Hacemos que tu celebraci\u00f3n sea inolvidable con la mejor vista de Tepic. \u00a1Cont\u00e1ctanos para una propuesta a tu medida!<\/p>\n<p>[\/et_pb_text][et_pb_button button_url=\u00bb@ET-DC@eyJkeW5hbWljIjp0cnVlLCJjb250ZW50IjoicG9zdF9saW5rX3VybF9wYWdlIiwic2V0dGluZ3MiOnsicG9zdF9pZCI6IjY0MDIifX0=@\u00bb button_text=\u00bb@ET-DC@eyJkeW5hbWljIjp0cnVlLCJjb250ZW50IjoicG9zdF9saW5rIiwic2V0dGluZ3MiOnsiYmVmb3JlIjoiIiwiYWZ0ZXIiOiIiLCJ0ZXh0IjoiY3VzdG9tIiwiY3VzdG9tX3RleHQiOiJNXHUwMGUxcyBpbmZvcm1hY2lcdTAwZjNuIn19@\u00bb button_alignment=\u00bbleft\u00bb _builder_version=\u00bb4.27.6&#8243; _dynamic_attributes=\u00bbbutton_text,button_url\u00bb _module_preset=\u00bbdefault\u00bb custom_button=\u00bbon\u00bb button_text_size=\u00bb14px\u00bb custom_margin=\u00bb||30px||false|false\u00bb custom_padding=\u00bb8px||8px||false|false\u00bb global_colors_info=\u00bb{}\u00bb][\/et_pb_button][\/et_pb_column][\/et_pb_row][et_pb_row _builder_version=\u00bb4.27.6&#8243; _module_preset=\u00bbdefault\u00bb custom_margin=\u00bb||||false|false\u00bb global_colors_info=\u00bb{}\u00bb][et_pb_column type=\u00bb4_4&#8243; _builder_version=\u00bb4.27.4&#8243; _module_preset=\u00bbdefault\u00bb global_colors_info=\u00bb{}\u00bb][et_pb_text _builder_version=\u00bb4.27.4&#8243; _module_preset=\u00bbdefault\u00bb text_text_color=\u00bb#3D5A69&#8243; text_orientation=\u00bbcenter\u00bb global_colors_info=\u00bb{}\u00bb]<\/p>\n<p>Cont\u00e1ctanos hoy para cotizar tu reserva de grupo en Hoteles Fray:<br \/><strong>Horario:<\/strong> Lunes a s\u00e1bado 9:00 am &#8211; 5:00 pm<br \/><strong>Correo:<\/strong> <a href=\"mailto:reservaciones@hotelfrayjunipero.com\">reservaciones@hotelfrayjunipero.com<\/a><br \/><strong>Tel\u00e9fono:<\/strong> <a href=\"tel:+523112154675\">311 215 4675<\/a><\/p>\n<p>[\/et_pb_text][\/et_pb_column][\/et_pb_row][\/et_pb_section]<\/p>\n","protected":false},"excerpt":{"rendered":"<p>En Hoteles Fray, entendemos que la log\u00edstica de grupo requiere precisi\u00f3n y atenci\u00f3n personalizada. Ofrecemos tarifas preferenciales y soluciones a medida para que su estancia sea impecable en cualquiera de nuestros hoteles. Eventos Corporativos: Espacios ideales para convenciones y viajes de incentivo. Grupos Tur\u00edsticos: Tarifas especiales para agencias y operadores. Eventos Sociales: El alojamiento perfecto [&hellip;]<\/p>\n","protected":false},"author":2,"featured_media":2970,"parent":0,"menu_order":0,"comment_status":"closed","ping_status":"closed","template":"","meta":{"_et_pb_use_builder":"on","_et_pb_old_content":"","_et_gb_content_width":"","footnotes":""},"class_list":["post-6366","page","type-page","status-publish","has-post-thumbnail","hentry"],"yoast_head":"<!-- This site is optimized with the Yoast SEO plugin v27.4 - https:\/\/yoast.com\/product\/yoast-seo-wordpress\/ -->\n<title>Hotels in Tepic | Hoteles Fray \u2013 Complimentary Buffet Breakfast<\/title>\n<meta name=\"description\" content=\"Looking for hotels in Tepic? Hoteles Fray offers the best location, complimentary buffet breakfast, free WiFi, and flexible cancellation. Book directly with no deposit!\" \/>\n<meta name=\"robots\" content=\"index, follow, max-snippet:-1, max-image-preview:large, max-video-preview:-1\" \/>\n<link rel=\"canonical\" href=\"https:\/\/hotelesfray.com\/en\/grupos\/\" \/>\n<meta property=\"og:locale\" content=\"en_US\" \/>\n<meta property=\"og:type\" content=\"article\" \/>\n<meta property=\"og:title\" content=\"Hotels in Tepic | Hoteles Fray \u2013 Complimentary Buffet Breakfast\" \/>\n<meta property=\"og:description\" content=\"Looking for hotels in Tepic? Hoteles Fray offers the best location, complimentary buffet breakfast, free WiFi, and flexible cancellation. Book directly with no deposit!\" \/>\n<meta property=\"og:url\" content=\"https:\/\/hotelesfray.com\/en\/grupos\/\" \/>\n<meta property=\"og:site_name\" content=\"Hoteles Fray\" \/>\n<meta property=\"article:modified_time\" content=\"2026-04-16T22:43:22+00:00\" \/>\n<meta property=\"og:image\" content=\"https:\/\/hotelesfray.com\/wp-content\/uploads\/2022\/02\/habitacion-dos-camas-web1.jpg\" \/>\n\t<meta property=\"og:image:width\" content=\"1200\" \/>\n\t<meta property=\"og:image:height\" content=\"801\" \/>\n\t<meta property=\"og:image:type\" content=\"image\/jpeg\" \/>\n<meta name=\"twitter:card\" content=\"summary_large_image\" \/>\n<meta name=\"twitter:label1\" content=\"Est. reading time\" \/>\n\t<meta name=\"twitter:data1\" content=\"11 minutes\" \/>\n<script type=\"application\/ld+json\" class=\"yoast-schema-graph\">{\"@context\":\"https:\\\/\\\/schema.org\",\"@graph\":[{\"@type\":\"WebPage\",\"@id\":\"https:\\\/\\\/hotelesfray.com\\\/grupos\\\/\",\"url\":\"https:\\\/\\\/hotelesfray.com\\\/grupos\\\/\",\"name\":\"Hospedaje para Grupos en Tepic | Hoteles Fray\",\"isPartOf\":{\"@id\":\"https:\\\/\\\/hotelesfray.com\\\/#website\"},\"primaryImageOfPage\":{\"@id\":\"https:\\\/\\\/hotelesfray.com\\\/grupos\\\/#primaryimage\"},\"image\":{\"@id\":\"https:\\\/\\\/hotelesfray.com\\\/grupos\\\/#primaryimage\"},\"thumbnailUrl\":\"https:\\\/\\\/hotelesfray.com\\\/wp-content\\\/uploads\\\/2022\\\/02\\\/habitacion-dos-camas-web1.jpg\",\"datePublished\":\"2025-09-13T23:09:13+00:00\",\"dateModified\":\"2026-04-16T22:43:22+00:00\",\"description\":\"Hospedaje para grupos en Tepic con descuentos de hasta 30%, habitaci\u00f3n en cortes\u00eda desde 10 cuartos y bloqueo de disponibilidad. Eventos corporativos, bodas y m\u00e1s.\",\"inLanguage\":\"en-US\",\"potentialAction\":[{\"@type\":\"ReadAction\",\"target\":[\"https:\\\/\\\/hotelesfray.com\\\/grupos\\\/\"]}]},{\"@type\":\"ImageObject\",\"inLanguage\":\"en-US\",\"@id\":\"https:\\\/\\\/hotelesfray.com\\\/grupos\\\/#primaryimage\",\"url\":\"https:\\\/\\\/hotelesfray.com\\\/wp-content\\\/uploads\\\/2022\\\/02\\\/habitacion-dos-camas-web1.jpg\",\"contentUrl\":\"https:\\\/\\\/hotelesfray.com\\\/wp-content\\\/uploads\\\/2022\\\/02\\\/habitacion-dos-camas-web1.jpg\",\"width\":1200,\"height\":801,\"caption\":\"Habitacion Estandar del Hotel Fray Junipero en Tepic\"},{\"@type\":\"WebSite\",\"@id\":\"https:\\\/\\\/hotelesfray.com\\\/#website\",\"url\":\"https:\\\/\\\/hotelesfray.com\\\/\",\"name\":\"Hoteles Fray\",\"description\":\"Los Mejores Hoteles en el Centro de Tepic, Nayarit\",\"publisher\":{\"@id\":\"https:\\\/\\\/hotelesfray.com\\\/#organization\"},\"potentialAction\":[{\"@type\":\"SearchAction\",\"target\":{\"@type\":\"EntryPoint\",\"urlTemplate\":\"https:\\\/\\\/hotelesfray.com\\\/?s={search_term_string}\"},\"query-input\":{\"@type\":\"PropertyValueSpecification\",\"valueRequired\":true,\"valueName\":\"search_term_string\"}}],\"inLanguage\":\"en-US\"},{\"@type\":\"Organization\",\"@id\":\"https:\\\/\\\/hotelesfray.com\\\/#organization\",\"name\":\"Hoteles Fray\",\"url\":\"https:\\\/\\\/hotelesfray.com\\\/\",\"logo\":{\"@type\":\"ImageObject\",\"inLanguage\":\"en-US\",\"@id\":\"https:\\\/\\\/hotelesfray.com\\\/#\\\/schema\\\/logo\\\/image\\\/\",\"url\":\"https:\\\/\\\/hotelesfray.com\\\/wp-content\\\/uploads\\\/2023\\\/01\\\/HotelesFray-cuadro.png\",\"contentUrl\":\"https:\\\/\\\/hotelesfray.com\\\/wp-content\\\/uploads\\\/2023\\\/01\\\/HotelesFray-cuadro.png\",\"width\":2200,\"height\":2200,\"caption\":\"Hoteles Fray\"},\"image\":{\"@id\":\"https:\\\/\\\/hotelesfray.com\\\/#\\\/schema\\\/logo\\\/image\\\/\"}}]}<\/script>\n<!-- \/ Yoast SEO plugin. -->","yoast_head_json":{"title":"Hotels in Tepic | Hoteles Fray \u2013 Complimentary Buffet Breakfast","description":"Looking for hotels in Tepic? Hoteles Fray offers the best location, complimentary buffet breakfast, free WiFi, and flexible cancellation. Book directly with no deposit!","robots":{"index":"index","follow":"follow","max-snippet":"max-snippet:-1","max-image-preview":"max-image-preview:large","max-video-preview":"max-video-preview:-1"},"canonical":"https:\/\/hotelesfray.com\/en\/grupos\/","og_locale":"en_US","og_type":"article","og_title":"Hotels in Tepic | Hoteles Fray \u2013 Complimentary Buffet Breakfast","og_description":"Looking for hotels in Tepic? Hoteles Fray offers the best location, complimentary buffet breakfast, free WiFi, and flexible cancellation. Book directly with no deposit!","og_url":"https:\/\/hotelesfray.com\/en\/grupos\/","og_site_name":"Hoteles Fray","article_modified_time":"2026-04-16T22:43:22+00:00","og_image":[{"width":1200,"height":801,"url":"https:\/\/hotelesfray.com\/wp-content\/uploads\/2022\/02\/habitacion-dos-camas-web1.jpg","type":"image\/jpeg"}],"twitter_card":"summary_large_image","twitter_misc":{"Est. reading time":"11 minutes"},"schema":{"@context":"https:\/\/schema.org","@graph":[{"@type":"WebPage","@id":"https:\/\/hotelesfray.com\/grupos\/","url":"https:\/\/hotelesfray.com\/grupos\/","name":"Hospedaje para Grupos en Tepic | Hoteles Fray","isPartOf":{"@id":"https:\/\/hotelesfray.com\/#website"},"primaryImageOfPage":{"@id":"https:\/\/hotelesfray.com\/grupos\/#primaryimage"},"image":{"@id":"https:\/\/hotelesfray.com\/grupos\/#primaryimage"},"thumbnailUrl":"https:\/\/hotelesfray.com\/wp-content\/uploads\/2022\/02\/habitacion-dos-camas-web1.jpg","datePublished":"2025-09-13T23:09:13+00:00","dateModified":"2026-04-16T22:43:22+00:00","description":"Hospedaje para grupos en Tepic con descuentos de hasta 30%, habitaci\u00f3n en cortes\u00eda desde 10 cuartos y bloqueo de disponibilidad. Eventos corporativos, bodas y m\u00e1s.","inLanguage":"en-US","potentialAction":[{"@type":"ReadAction","target":["https:\/\/hotelesfray.com\/grupos\/"]}]},{"@type":"ImageObject","inLanguage":"en-US","@id":"https:\/\/hotelesfray.com\/grupos\/#primaryimage","url":"https:\/\/hotelesfray.com\/wp-content\/uploads\/2022\/02\/habitacion-dos-camas-web1.jpg","contentUrl":"https:\/\/hotelesfray.com\/wp-content\/uploads\/2022\/02\/habitacion-dos-camas-web1.jpg","width":1200,"height":801,"caption":"Habitacion Estandar del Hotel Fray Junipero en Tepic"},{"@type":"WebSite","@id":"https:\/\/hotelesfray.com\/#website","url":"https:\/\/hotelesfray.com\/","name":"Hoteles Fray","description":"Los Mejores Hoteles en el Centro de Tepic, Nayarit","publisher":{"@id":"https:\/\/hotelesfray.com\/#organization"},"potentialAction":[{"@type":"SearchAction","target":{"@type":"EntryPoint","urlTemplate":"https:\/\/hotelesfray.com\/?s={search_term_string}"},"query-input":{"@type":"PropertyValueSpecification","valueRequired":true,"valueName":"search_term_string"}}],"inLanguage":"en-US"},{"@type":"Organization","@id":"https:\/\/hotelesfray.com\/#organization","name":"Hoteles Fray","url":"https:\/\/hotelesfray.com\/","logo":{"@type":"ImageObject","inLanguage":"en-US","@id":"https:\/\/hotelesfray.com\/#\/schema\/logo\/image\/","url":"https:\/\/hotelesfray.com\/wp-content\/uploads\/2023\/01\/HotelesFray-cuadro.png","contentUrl":"https:\/\/hotelesfray.com\/wp-content\/uploads\/2023\/01\/HotelesFray-cuadro.png","width":2200,"height":2200,"caption":"Hoteles Fray"},"image":{"@id":"https:\/\/hotelesfray.com\/#\/schema\/logo\/image\/"}}]}},"_links":{"self":[{"href":"https:\/\/hotelesfray.com\/en\/wp-json\/wp\/v2\/pages\/6366","targetHints":{"allow":["GET"]}}],"collection":[{"href":"https:\/\/hotelesfray.com\/en\/wp-json\/wp\/v2\/pages"}],"about":[{"href":"https:\/\/hotelesfray.com\/en\/wp-json\/wp\/v2\/types\/page"}],"author":[{"embeddable":true,"href":"https:\/\/hotelesfray.com\/en\/wp-json\/wp\/v2\/users\/2"}],"replies":[{"embeddable":true,"href":"https:\/\/hotelesfray.com\/en\/wp-json\/wp\/v2\/comments?post=6366"}],"version-history":[{"count":13,"href":"https:\/\/hotelesfray.com\/en\/wp-json\/wp\/v2\/pages\/6366\/revisions"}],"predecessor-version":[{"id":7800,"href":"https:\/\/hotelesfray.com\/en\/wp-json\/wp\/v2\/pages\/6366\/revisions\/7800"}],"wp:featuredmedia":[{"embeddable":true,"href":"https:\/\/hotelesfray.com\/en\/wp-json\/wp\/v2\/media\/2970"}],"wp:attachment":[{"href":"https:\/\/hotelesfray.com\/en\/wp-json\/wp\/v2\/media?parent=6366"}],"curies":[{"name":"wp","href":"https:\/\/api.w.org\/{rel}","templated":true}]}}