{"id":6402,"date":"2025-09-22T13:22:15","date_gmt":"2025-09-22T17:22:15","guid":{"rendered":"https:\/\/hotelesfray.com\/?page_id=6402"},"modified":"2026-04-24T16:48:50","modified_gmt":"2026-04-24T20:48:50","slug":"terrazas","status":"publish","type":"page","link":"https:\/\/hotelesfray.com\/en\/eventos\/terrazas\/","title":{"rendered":"Terrazas"},"content":{"rendered":"<p>[et_pb_section fb_built=\u00bb1&#8243; _builder_version=\u00bb4.27.4&#8243; _module_preset=\u00bbdefault\u00bb background_color=\u00bbrgba(10,5,5,0.5)\u00bb background_image=\u00bbhttps:\/\/hotelesfray.com\/wp-content\/uploads\/2025\/09\/2025-09-04_20-45-09-scaled.webp\u00bb background_blend=\u00bbmultiply\u00bb da_disable_devices=\u00bboff|off|off\u00bb global_colors_info=\u00bb{}\u00bb da_is_popup=\u00bboff\u00bb da_exit_intent=\u00bboff\u00bb da_has_close=\u00bbon\u00bb da_alt_close=\u00bboff\u00bb da_dark_close=\u00bboff\u00bb da_not_modal=\u00bbon\u00bb da_is_singular=\u00bboff\u00bb da_with_loader=\u00bboff\u00bb da_has_shadow=\u00bbon\u00bb][et_pb_row column_structure=\u00bb2_3,1_3&#8243; make_equal=\u00bbon\u00bb custom_padding_last_edited=\u00bbon|tablet\u00bb _builder_version=\u00bb4.27.6&#8243; _module_preset=\u00bbdefault\u00bb custom_padding=\u00bb300px||||false|false\u00bb custom_padding_tablet=\u00bb300px||||false|false\u00bb custom_padding_phone=\u00bb300px||||false|false\u00bb global_colors_info=\u00bb{}\u00bb][et_pb_column type=\u00bb2_3&#8243; _builder_version=\u00bb4.27.4&#8243; _module_preset=\u00bbdefault\u00bb custom_css_main_element=\u00bbmargin: auto;\u00bb global_colors_info=\u00bb{}\u00bb][et_pb_text _builder_version=\u00bb4.27.4&#8243; _module_preset=\u00bbdefault\u00bb text_orientation_tablet=\u00bb\u00bb text_orientation_phone=\u00bbcenter\u00bb text_orientation_last_edited=\u00bbon|phone\u00bb global_colors_info=\u00bb{}\u00bb]<\/p>\n<h1>Paquete de <span style=\"color: #ffffff;\">hospedaje y recepci\u00f3n<\/span> en <span style=\"color: #ffffff;\">terrazas panor\u00e1micas<\/span><\/h1>\n<p><span style=\"color: #ffffff;\"><strong>HOTEL FRAY JUN\u00cdPERO: CENTRO HIST\u00d3RICO<\/strong><\/span><\/p>\n<p>[\/et_pb_text][\/et_pb_column][et_pb_column type=\u00bb1_3&#8243; _builder_version=\u00bb4.27.4&#8243; _module_preset=\u00bbdefault\u00bb global_colors_info=\u00bb{}\u00bb][et_pb_image src=\u00bbhttps:\/\/hotelesfray.com\/wp-content\/uploads\/2025\/02\/EventosHotelesW-png.webp\u00bb title_text=\u00bbEventosHotelesW\u00bb align=\u00bbcenter\u00bb _builder_version=\u00bb4.27.6&#8243; _module_preset=\u00bbdefault\u00bb max_width_tablet=\u00bb50%\u00bb max_width_phone=\u00bb68%\u00bb max_width_last_edited=\u00bbon|phone\u00bb custom_margin_tablet=\u00bb\u00bb custom_margin_phone=\u00bb40px||-40px||false|false\u00bb custom_margin_last_edited=\u00bbon|phone\u00bb custom_padding_last_edited=\u00bboff|phone\u00bb global_colors_info=\u00bb{}\u00bb][\/et_pb_image][\/et_pb_column][\/et_pb_row][\/et_pb_section][et_pb_section fb_built=\u00bb1&#8243; _builder_version=\u00bb4.27.4&#8243; _module_preset=\u00bbdefault\u00bb da_disable_devices=\u00bboff|off|off\u00bb global_colors_info=\u00bb{}\u00bb da_is_popup=\u00bboff\u00bb da_exit_intent=\u00bboff\u00bb da_has_close=\u00bbon\u00bb da_alt_close=\u00bboff\u00bb da_dark_close=\u00bboff\u00bb da_not_modal=\u00bbon\u00bb da_is_singular=\u00bboff\u00bb da_with_loader=\u00bboff\u00bb da_has_shadow=\u00bbon\u00bb][et_pb_row _builder_version=\u00bb4.27.4&#8243; _module_preset=\u00bbdefault\u00bb custom_padding=\u00bb0px||0px||true|false\u00bb global_colors_info=\u00bb{}\u00bb][et_pb_column type=\u00bb4_4&#8243; _builder_version=\u00bb4.27.4&#8243; _module_preset=\u00bbdefault\u00bb global_colors_info=\u00bb{}\u00bb][et_pb_text disabled_on=\u00bboff|on|on\u00bb _builder_version=\u00bb4.27.4&#8243; _module_preset=\u00bbdefault\u00bb text_font=\u00bb|600|on||||||\u00bb text_text_color=\u00bb#586D7A\u00bb text_font_size=\u00bb14px\u00bb background_image=\u00bbhttps:\/\/hotelesfray.com\/wp-content\/uploads\/2025\/09\/RotationLock-png.webp\u00bb background_size=\u00bbcontain\u00bb background_position=\u00bbtop_right\u00bb custom_padding=\u00bb|60px|||false|false\u00bb global_colors_info=\u00bb{}\u00bb]<\/p>\n<p>Esta tabla se visualiza mejor con tu dispositivo en orientaci\u00f3n horizontal.<\/p>\n<p>[\/et_pb_text][et_pb_code _builder_version=\u00bb4.27.6&#8243; _module_preset=\u00bbdefault\u00bb hover_enabled=\u00bb0&#8243; custom_css_free_form=\u00bbth {color:#eba123 !important;font-size:20px !important;}||th, td {border:none !important; border-bottom: 2px solid #788fae !important;padding:10px 20px 10px 0 !important;}||table {border:none !important;}||ul {padding:0 !important;}||tr:last-child td {||  border-bottom: none !important;||}\u00bb global_colors_info=\u00bb{}\u00bb sticky_enabled=\u00bb0&#8243;]<\/p>\n<table><!-- [et_pb_line_break_holder] -->  <\/p>\n<thead><!-- [et_pb_line_break_holder] -->    <\/p>\n<tr><!-- [et_pb_line_break_holder] -->      <\/p>\n<th>Componente<\/th>\n<p><!-- [et_pb_line_break_holder] -->      <\/p>\n<th>Descripci\u00f3n<\/th>\n<p><!-- [et_pb_line_break_holder] -->      <\/p>\n<th>Inclusiones adicionales<\/th>\n<p><!-- [et_pb_line_break_holder] -->    <\/tr>\n<p><!-- [et_pb_line_break_holder] -->  <\/thead>\n<p><!-- [et_pb_line_break_holder] -->  <\/p>\n<tbody><!-- [et_pb_line_break_holder] -->    <\/p>\n<tr><!-- [et_pb_line_break_holder] -->      <\/p>\n<td><strong>Renta de terraza<\/strong><\/td>\n<p><!-- [et_pb_line_break_holder] -->      <\/p>\n<td>Renta de espacio en cortes\u00eda en reserva a partir de la renta de 10 habitaciones superiores para invitados.<\/td>\n<p><!-- [et_pb_line_break_holder] -->      <\/p>\n<td><!-- [et_pb_line_break_holder] -->        <\/p>\n<ul><!-- [et_pb_line_break_holder] -->          <\/p>\n<li>Descuentos grupales<\/li>\n<p><!-- [et_pb_line_break_holder] -->          <\/p>\n<li>Coordinaci\u00f3n con wedding planner para asignaciones<\/li>\n<p><!-- [et_pb_line_break_holder] -->          <\/p>\n<li>Desayuno buffet al d\u00eda siguiente<\/li>\n<p><!-- [et_pb_line_break_holder] -->          <\/p>\n<li>Acceso a amenidades del hotel<\/li>\n<p><!-- [et_pb_line_break_holder] -->        <\/ul>\n<p><!-- [et_pb_line_break_holder] -->      <\/td>\n<p><!-- [et_pb_line_break_holder] -->    <\/tr>\n<p><!-- [et_pb_line_break_holder] -->    <\/p>\n<tr><!-- [et_pb_line_break_holder] -->      <\/p>\n<td><strong>Uso de terrazas para recepci\u00f3n (m\u00e1x. 45 personas, incluyendo staff)<\/strong><\/td>\n<p><!-- [et_pb_line_break_holder] -->      <\/p>\n<td>Espacio al aire libre en 2 terrazas exclusivas con vistas panor\u00e1micas. Configurado para ceremonia civil, recepci\u00f3n y otros tipos de eventos.<\/td>\n<p><!-- [et_pb_line_break_holder] -->      <\/p>\n<td><!-- [et_pb_line_break_holder] -->        <\/p>\n<ul><!-- [et_pb_line_break_holder] -->          <\/p>\n<li>Iluminaci\u00f3n ambiental, mesas, sillas y sonido b\u00e1sico<\/li>\n<p><!-- [et_pb_line_break_holder] -->          <\/p>\n<li>Capacidad m\u00e1xima para 40 invitados<\/li>\n<p><!-- [et_pb_line_break_holder] -->        <\/ul>\n<p><!-- [et_pb_line_break_holder] -->      <\/td>\n<p><!-- [et_pb_line_break_holder] -->    <\/tr>\n<p><!-- [et_pb_line_break_holder] -->    <\/p>\n<tr><!-- [et_pb_line_break_holder] -->      <\/p>\n<td><strong>Servicio de recepci\u00f3n en terraza<\/strong><\/td>\n<p><!-- [et_pb_line_break_holder] -->      <\/p>\n<td><!-- [et_pb_line_break_holder] -->        Incluye decoraci\u00f3n y mobiliario para boda u otro tipo de evento. Ambig\u00fa (5 hrs.). C\u00f3ctel de bienvenida (costo variable)<!-- [et_pb_line_break_holder] -->      <\/td>\n<p><!-- [et_pb_line_break_holder] -->      <\/p>\n<td><!-- [et_pb_line_break_holder] -->        <\/p>\n<ul><!-- [et_pb_line_break_holder] -->          <\/p>\n<li>Incluye bebidas al gusto (refrescos, aguas de sabor)<\/li>\n<p><!-- [et_pb_line_break_holder] -->          <\/p>\n<li>NO se permite introducir bebidas alcoh\u00f3licas externas<\/li>\n<p><!-- [et_pb_line_break_holder] -->        <\/ul>\n<p><!-- [et_pb_line_break_holder] -->      <\/td>\n<p><!-- [et_pb_line_break_holder] -->    <\/tr>\n<p><!-- [et_pb_line_break_holder] -->  <\/tbody>\n<p><!-- [et_pb_line_break_holder] --><\/table>\n<p><!-- [et_pb_line_break_holder] -->[\/et_pb_code][et_pb_button button_url=\u00bbtel:+523112154675&#8243; button_text=\u00bbReservas y m\u00e1s informaci\u00f3n\u00bb button_alignment=\u00bbcenter\u00bb _builder_version=\u00bb4.27.4&#8243; _module_preset=\u00bbdefault\u00bb custom_button=\u00bbon\u00bb button_icon=\u00bb&#xf879;||fa||900&#8243; button_icon_placement=\u00bbleft\u00bb button_on_hover=\u00bboff\u00bb global_colors_info=\u00bb{}\u00bb][\/et_pb_button][\/et_pb_column][\/et_pb_row][\/et_pb_section][et_pb_section fb_built=\u00bb1&#8243; _builder_version=\u00bb4.27.4&#8243; _module_preset=\u00bbdefault\u00bb background_color=\u00bb#dee7ed\u00bb da_disable_devices=\u00bboff|off|off\u00bb global_colors_info=\u00bb{}\u00bb da_is_popup=\u00bboff\u00bb da_exit_intent=\u00bboff\u00bb da_has_close=\u00bbon\u00bb da_alt_close=\u00bboff\u00bb da_dark_close=\u00bboff\u00bb da_not_modal=\u00bbon\u00bb da_is_singular=\u00bboff\u00bb da_with_loader=\u00bboff\u00bb da_has_shadow=\u00bbon\u00bb][et_pb_row _builder_version=\u00bb4.27.4&#8243; _module_preset=\u00bbdefault\u00bb global_colors_info=\u00bb{}\u00bb][et_pb_column type=\u00bb4_4&#8243; _builder_version=\u00bb4.27.4&#8243; _module_preset=\u00bbdefault\u00bb global_colors_info=\u00bb{}\u00bb][et_pb_text _builder_version=\u00bb4.27.4&#8243; _module_preset=\u00bbdefault\u00bb custom_margin=\u00bb||0px||false|false\u00bb global_colors_info=\u00bb{}\u00bb]<\/p>\n<h2>Tipos de distribuci\u00f3n<\/h2>\n<p>[\/et_pb_text][et_pb_divider color=\u00bbrgba(88,109,122,0.28)\u00bb divider_weight=\u00bb2px\u00bb _builder_version=\u00bb4.27.4&#8243; _module_preset=\u00bbdefault\u00bb custom_margin=\u00bb||-30px||false|false\u00bb custom_padding=\u00bb||0px|||\u00bb global_colors_info=\u00bb{}\u00bb][\/et_pb_divider][\/et_pb_column][\/et_pb_row][et_pb_row column_structure=\u00bb1_2,1_2&#8243; module_class=\u00bbtwo-columns\u00bb _builder_version=\u00bb4.27.6&#8243; _module_preset=\u00bbdefault\u00bb custom_padding=\u00bb0px|||||\u00bb global_colors_info=\u00bb{}\u00bb][et_pb_column type=\u00bb1_2&#8243; _builder_version=\u00bb4.27.4&#8243; _module_preset=\u00bbdefault\u00bb global_colors_info=\u00bb{}\u00bb][et_pb_text _builder_version=\u00bb4.27.4&#8243; _module_preset=\u00bbdefault\u00bb text_font_size=\u00bb18px\u00bb global_colors_info=\u00bb{}\u00bb]<\/p>\n<p style=\"text-align: center;\">Acomodo: <strong>filas al centro<\/strong><\/p>\n<p>[\/et_pb_text][et_pb_image src=\u00bbhttps:\/\/hotelesfray.com\/wp-content\/uploads\/2025\/09\/TerrACentro-png.webp\u00bb title_text=\u00bbTerrACentro\u00bb _builder_version=\u00bb4.27.4&#8243; _module_preset=\u00bbdefault\u00bb global_colors_info=\u00bb{}\u00bb][\/et_pb_image][\/et_pb_column][et_pb_column type=\u00bb1_2&#8243; _builder_version=\u00bb4.27.4&#8243; _module_preset=\u00bbdefault\u00bb global_colors_info=\u00bb{}\u00bb][et_pb_text _builder_version=\u00bb4.27.4&#8243; _module_preset=\u00bbdefault\u00bb text_font_size=\u00bb18px\u00bb locked=\u00bboff\u00bb global_colors_info=\u00bb{}\u00bb]<\/p>\n<p style=\"text-align: center;\">Acomodo: <strong>filas en c\u00edrculo<\/strong><\/p>\n<p>[\/et_pb_text][et_pb_image src=\u00bbhttps:\/\/hotelesfray.com\/wp-content\/uploads\/2025\/09\/TerrACirculo-png.webp\u00bb title_text=\u00bbTerrACirculo\u00bb _builder_version=\u00bb4.27.4&#8243; _module_preset=\u00bbdefault\u00bb locked=\u00bboff\u00bb global_colors_info=\u00bb{}\u00bb][\/et_pb_image][\/et_pb_column][\/et_pb_row][et_pb_row column_structure=\u00bb1_2,1_2&#8243; module_class=\u00bbtwo-columns\u00bb _builder_version=\u00bb4.27.6&#8243; _module_preset=\u00bbdefault\u00bb custom_padding=\u00bb0px|||||\u00bb global_colors_info=\u00bb{}\u00bb][et_pb_column type=\u00bb1_2&#8243; _builder_version=\u00bb4.27.4&#8243; _module_preset=\u00bbdefault\u00bb global_colors_info=\u00bb{}\u00bb][et_pb_text _builder_version=\u00bb4.27.4&#8243; _module_preset=\u00bbdefault\u00bb text_font_size=\u00bb18px\u00bb locked=\u00bboff\u00bb global_colors_info=\u00bb{}\u00bb]<\/p>\n<p style=\"text-align: center;\">Acomodo: <strong>filas al frente<\/strong><\/p>\n<p>[\/et_pb_text][et_pb_image src=\u00bbhttps:\/\/hotelesfray.com\/wp-content\/uploads\/2025\/09\/TerrAFrente-png.webp\u00bb title_text=\u00bbTerrAFrente\u00bb _builder_version=\u00bb4.27.4&#8243; _module_preset=\u00bbdefault\u00bb locked=\u00bboff\u00bb global_colors_info=\u00bb{}\u00bb][\/et_pb_image][\/et_pb_column][et_pb_column type=\u00bb1_2&#8243; _builder_version=\u00bb4.27.4&#8243; _module_preset=\u00bbdefault\u00bb global_colors_info=\u00bb{}\u00bb][et_pb_text _builder_version=\u00bb4.27.4&#8243; _module_preset=\u00bbdefault\u00bb text_font_size=\u00bb18px\u00bb locked=\u00bboff\u00bb global_colors_info=\u00bb{}\u00bb]<\/p>\n<p style=\"text-align: center;\">Acomodo: <strong>filas en herradura<\/strong><\/p>\n<p>[\/et_pb_text][et_pb_image src=\u00bbhttps:\/\/hotelesfray.com\/wp-content\/uploads\/2025\/09\/TerrAHerradura-png.webp\u00bb title_text=\u00bbTerrAHerradura\u00bb _builder_version=\u00bb4.27.4&#8243; _module_preset=\u00bbdefault\u00bb locked=\u00bboff\u00bb global_colors_info=\u00bb{}\u00bb][\/et_pb_image][\/et_pb_column][\/et_pb_row][\/et_pb_section][et_pb_section fb_built=\u00bb1&#8243; _builder_version=\u00bb4.27.4&#8243; _module_preset=\u00bbdefault\u00bb background_color=\u00bb#242b35&#8243; da_disable_devices=\u00bboff|off|off\u00bb global_colors_info=\u00bb{}\u00bb da_is_popup=\u00bboff\u00bb da_exit_intent=\u00bboff\u00bb da_has_close=\u00bbon\u00bb da_alt_close=\u00bboff\u00bb da_dark_close=\u00bboff\u00bb da_not_modal=\u00bbon\u00bb da_is_singular=\u00bboff\u00bb da_with_loader=\u00bboff\u00bb da_has_shadow=\u00bbon\u00bb][et_pb_row column_structure=\u00bb1_2,1_2&#8243; module_class=\u00bbtwo-columns\u00bb _builder_version=\u00bb4.27.6&#8243; _module_preset=\u00bbdefault\u00bb global_colors_info=\u00bb{}\u00bb][et_pb_column type=\u00bb1_2&#8243; _builder_version=\u00bb4.27.4&#8243; _module_preset=\u00bbdefault\u00bb global_colors_info=\u00bb{}\u00bb][et_pb_text _builder_version=\u00bb4.27.4&#8243; _module_preset=\u00bbdefault\u00bb custom_margin=\u00bb||0px||false|false\u00bb locked=\u00bboff\u00bb global_colors_info=\u00bb{}\u00bb]<\/p>\n<h2>Galer\u00eda<\/h2>\n<p>[\/et_pb_text][et_pb_divider color=\u00bb#586d7a\u00bb divider_weight=\u00bb2px\u00bb _builder_version=\u00bb4.27.4&#8243; _module_preset=\u00bbdefault\u00bb custom_margin=\u00bb||0px||false|false\u00bb custom_padding=\u00bb||0px|||\u00bb locked=\u00bboff\u00bb global_colors_info=\u00bb{}\u00bb][\/et_pb_divider][et_pb_gallery gallery_ids=\u00bb6431,6405,6428,6430,6426&#8243; fullwidth=\u00bbon\u00bb _builder_version=\u00bb4.27.6&#8243; _module_preset=\u00bbdefault\u00bb background_layout=\u00bbdark\u00bb auto=\u00bbon\u00bb auto_speed=\u00bb2000&#8243; hover_enabled=\u00bb0&#8243; border_radii=\u00bbon|5px|5px|5px|5px\u00bb box_shadow_style=\u00bbpreset3&#8243; global_colors_info=\u00bb{}\u00bb sticky_enabled=\u00bb0&#8243;][\/et_pb_gallery][\/et_pb_column][et_pb_column type=\u00bb1_2&#8243; _builder_version=\u00bb4.27.4&#8243; _module_preset=\u00bbdefault\u00bb global_colors_info=\u00bb{}\u00bb][et_pb_text _builder_version=\u00bb4.27.4&#8243; _module_preset=\u00bbdefault\u00bb custom_margin=\u00bb||0px||false|false\u00bb locked=\u00bboff\u00bb global_colors_info=\u00bb{}\u00bb]<\/p>\n<h2>Video<\/h2>\n<p>[\/et_pb_text][et_pb_divider color=\u00bb#586d7a\u00bb divider_weight=\u00bb2px\u00bb _builder_version=\u00bb4.27.4&#8243; _module_preset=\u00bbdefault\u00bb custom_margin=\u00bb||0px||false|false\u00bb custom_padding=\u00bb||0px|||\u00bb locked=\u00bboff\u00bb global_colors_info=\u00bb{}\u00bb][\/et_pb_divider][et_pb_video src=\u00bbhttps:\/\/hotelesfray.com\/wp-content\/uploads\/2025\/09\/TerrazaCentro.mp4&#8243; _builder_version=\u00bb4.27.4&#8243; _module_preset=\u00bbdefault\u00bb box_shadow_style=\u00bbpreset3&#8243; global_colors_info=\u00bb{}\u00bb][\/et_pb_video][\/et_pb_column][\/et_pb_row][\/et_pb_section][et_pb_section fb_built=\u00bb1&#8243; _builder_version=\u00bb4.27.4&#8243; _module_preset=\u00bbdefault\u00bb da_disable_devices=\u00bboff|off|off\u00bb global_colors_info=\u00bb{}\u00bb da_is_popup=\u00bboff\u00bb da_exit_intent=\u00bboff\u00bb da_has_close=\u00bbon\u00bb da_alt_close=\u00bboff\u00bb da_dark_close=\u00bboff\u00bb da_not_modal=\u00bbon\u00bb da_is_singular=\u00bboff\u00bb da_with_loader=\u00bboff\u00bb da_has_shadow=\u00bbon\u00bb][et_pb_row _builder_version=\u00bb4.27.4&#8243; _module_preset=\u00bbdefault\u00bb locked=\u00bboff\u00bb global_colors_info=\u00bb{}\u00bb][et_pb_column type=\u00bb4_4&#8243; _builder_version=\u00bb4.27.4&#8243; _module_preset=\u00bbdefault\u00bb global_colors_info=\u00bb{}\u00bb][et_pb_text _builder_version=\u00bb4.27.4&#8243; _module_preset=\u00bbdefault\u00bb custom_margin=\u00bb||0px||false|false\u00bb global_colors_info=\u00bb{}\u00bb]<\/p>\n<h2>Pol\u00edticas del servicio<\/h2>\n<p>[\/et_pb_text][et_pb_divider color=\u00bbrgba(88,109,122,0.28)\u00bb divider_weight=\u00bb2px\u00bb _builder_version=\u00bb4.27.4&#8243; _module_preset=\u00bbdefault\u00bb custom_margin=\u00bb||-30px||false|false\u00bb custom_padding=\u00bb||0px|||\u00bb global_colors_info=\u00bb{}\u00bb][\/et_pb_divider][\/et_pb_column][\/et_pb_row][et_pb_row _builder_version=\u00bb4.27.4&#8243; _module_preset=\u00bbdefault\u00bb custom_padding=\u00bb0px|||||\u00bb global_colors_info=\u00bb{}\u00bb][et_pb_column type=\u00bb4_4&#8243; _builder_version=\u00bb4.27.4&#8243; _module_preset=\u00bbdefault\u00bb global_colors_info=\u00bb{}\u00bb][et_pb_text _builder_version=\u00bb4.27.6&#8243; _module_preset=\u00bbdefault\u00bb text_text_color=\u00bb#3D5A69&#8243; text_font_size=\u00bb15px\u00bb text_line_height=\u00bb1.5em\u00bb global_colors_info=\u00bb{}\u00bb]<\/p>\n<p><strong>1. Horarios del Evento (Recepci\u00f3n en Terraza)<\/strong><br \/>\u2013 Duraci\u00f3n est\u00e1ndar: el uso de la terraza est\u00e1 permitida hasta las 10:00 pm.<\/p>\n<p><strong>2. Volumen de M\u00fasica y Regulaciones de Ruido<\/strong><br \/>\u2013 L\u00edmite de decibeles: el volumen de la m\u00fasica debe mantenerse por debajo de 90 decibeles en \u00e1reas al aire libre.<br \/>\u2013 M\u00fasica en vivo o DJ: permitida, pero debe ser aprobada por el hotel.<br \/>\u2013 Corte de m\u00fasica al aire libre: la m\u00fasica en terrazas debe detenerse a como l\u00edmite a las 9:30 pm.<\/p>\n<p><strong>3. Uso de la Terraza<\/strong><br \/>\u2013 Capacidad m\u00e1xima: 45 personas, invitados, staff y proveedores (DJ, fot\u00f3grafos, etc.).<br \/>\u2013 Decoraci\u00f3n y montaje: solo se permiten decoraciones del hotel. No se podr\u00e1n utilizar proveedores externos. Est\u00e1 prohibido el uso de fuego abierto (velas grandes, antorchas) o materiales que puedan da\u00f1ar el pasto sint\u00e9tico (confeti met\u00e1lico, pintura).<br \/>\u2013 Clima: en caso de lluvia, el hotel proporcionar\u00e1 un plan B uno de los salones de eventos dentro del hotel.<\/p>\n<p><strong>4. Servicio de Alimentos\/Bebidas<\/strong><br \/>\u2013 Horarios: el ambig\u00fa tiene duraci\u00f3n de 5 horas, el c\u00f3ctel de bienvenida tiene duraci\u00f3n l\u00edmite de 2 horas.<br \/>\u2013 Restricciones de bebidas: el vino blanco y tinto ser\u00e1n a selecci\u00f3n del hotel. Si se desea un open bar, se aplica un costo adicional por persona.<br \/>\u2013 No se permite llevar alimentos fuera de la terraza.<\/p>\n<p><strong>5. Hospedaje y Habitaciones<\/strong><br \/>\u2013 Ocupaci\u00f3n de habitaciones superiores: m\u00e1ximo 2-4 personas por habitaci\u00f3n, seg\u00fan el tipo (cama king o dos camas).<br \/>\u2013 Master suite: no se permite realizar eventos en la Master suite sin autorizaci\u00f3n.<br \/>\u2013 Ruido en habitaciones: silencio obligatorio despu\u00e9s de las 22:00 hrs en \u00e1reas de hospedaje para respetar a otros hu\u00e9spedes.<\/p>\n<p><strong>6. Generales<\/strong><br \/>\u2013 Cancelaciones: dep\u00f3sito del 50% al reservar. Cancelaciones dentro de 14 d\u00edas antes del evento pierden el 100% del dep\u00f3sito. Cambios de fecha sujetos a disponibilidad y penalizaci\u00f3n.<br \/>\u2013 El cliente ser\u00e1 responsable del costo de reparaci\u00f3n de da\u00f1os a la terraza, habitaciones o mobiliario.<br \/>\u2013 Proveedores externos: fot\u00f3grafos, m\u00fasicos o DJ deben registrarse con el hotel para su acceso.<\/p>\n<p>[\/et_pb_text][\/et_pb_column][\/et_pb_row][et_pb_row disabled_on=\u00bbon|on|on\u00bb _builder_version=\u00bb4.27.4&#8243; _module_preset=\u00bbdefault\u00bb disabled=\u00bbon\u00bb locked=\u00bboff\u00bb global_colors_info=\u00bb{}\u00bb][et_pb_column type=\u00bb4_4&#8243; _builder_version=\u00bb4.27.4&#8243; _module_preset=\u00bbdefault\u00bb global_colors_info=\u00bb{}\u00bb][et_pb_text _builder_version=\u00bb4.27.4&#8243; _module_preset=\u00bbdefault\u00bb custom_margin=\u00bb||0px||false|false\u00bb global_colors_info=\u00bb{}\u00bb]<\/p>\n<h2>Ejemplo de cotizaci\u00f3n: boda para 35 personas<\/h2>\n<p>[\/et_pb_text][et_pb_divider color=\u00bbrgba(88,109,122,0.28)\u00bb divider_weight=\u00bb2px\u00bb _builder_version=\u00bb4.27.4&#8243; _module_preset=\u00bbdefault\u00bb custom_margin=\u00bb||0px||false|false\u00bb custom_padding=\u00bb||0px|||\u00bb global_colors_info=\u00bb{}\u00bb][\/et_pb_divider][et_pb_image src=\u00bbhttps:\/\/hotelesfray.com\/wp-content\/uploads\/2025\/09\/Screenshot-2025-09-22-104251-png.webp\u00bb title_text=\u00bbScreenshot 2025-09-22 104251&#8243; show_in_lightbox=\u00bbon\u00bb _builder_version=\u00bb4.27.4&#8243; _module_preset=\u00bbdefault\u00bb global_colors_info=\u00bb{}\u00bb][\/et_pb_image][et_pb_text disabled_on=\u00bboff|on|on\u00bb _builder_version=\u00bb4.27.4&#8243; _module_preset=\u00bbdefault\u00bb text_font=\u00bb|600|on||||||\u00bb text_text_color=\u00bb#586D7A\u00bb text_font_size=\u00bb14px\u00bb text_orientation=\u00bbcenter\u00bb locked=\u00bboff\u00bb global_colors_info=\u00bb{}\u00bb]<\/p>\n<p>Toca la imagen para ampliar o descargar<\/p>\n<p>[\/et_pb_text][\/et_pb_column][\/et_pb_row][\/et_pb_section]<\/p>\n","protected":false},"excerpt":{"rendered":"<p>Paquete de hospedaje y recepci\u00f3n en terrazas panor\u00e1micas HOTEL FRAY JUN\u00cdPERO: CENTRO HIST\u00d3RICOEsta tabla se visualiza mejor con tu dispositivo en orientaci\u00f3n horizontal.Tipos de distribuci\u00f3nAcomodo: filas al centroAcomodo: filas en c\u00edrculoAcomodo: filas al frenteAcomodo: filas en herraduraGaler\u00edaVideoPol\u00edticas del servicio1. Horarios del Evento (Recepci\u00f3n en Terraza)\u2013 Duraci\u00f3n est\u00e1ndar: el uso de la terraza est\u00e1 permitida hasta [&hellip;]<\/p>\n","protected":false},"author":2,"featured_media":0,"parent":382,"menu_order":0,"comment_status":"closed","ping_status":"closed","template":"","meta":{"_et_pb_use_builder":"on","_et_pb_old_content":"<!-- wp:divi\/placeholder \/-->","_et_gb_content_width":"","footnotes":""},"class_list":["post-6402","page","type-page","status-publish","hentry"],"yoast_head":"<!-- This site is optimized with the Yoast SEO plugin v27.4 - https:\/\/yoast.com\/product\/yoast-seo-wordpress\/ -->\n<title>Hotels in Tepic | Hoteles Fray \u2013 Complimentary Buffet Breakfast<\/title>\n<meta name=\"description\" content=\"Looking for hotels in Tepic? Hoteles Fray offers the best location, complimentary buffet breakfast, free WiFi, and flexible cancellation. Book directly with no deposit!\" \/>\n<meta name=\"robots\" content=\"index, follow, max-snippet:-1, max-image-preview:large, max-video-preview:-1\" \/>\n<link rel=\"canonical\" href=\"https:\/\/hotelesfray.com\/en\/eventos\/terrazas\/\" \/>\n<meta property=\"og:locale\" content=\"en_US\" \/>\n<meta property=\"og:type\" content=\"article\" \/>\n<meta property=\"og:title\" content=\"Hotels in Tepic | Hoteles Fray \u2013 Complimentary Buffet Breakfast\" \/>\n<meta property=\"og:description\" content=\"Looking for hotels in Tepic? Hoteles Fray offers the best location, complimentary buffet breakfast, free WiFi, and flexible cancellation. Book directly with no deposit!\" \/>\n<meta property=\"og:url\" content=\"https:\/\/hotelesfray.com\/en\/eventos\/terrazas\/\" \/>\n<meta property=\"og:site_name\" content=\"Hoteles Fray\" \/>\n<meta property=\"article:modified_time\" content=\"2026-04-24T20:48:50+00:00\" \/>\n<meta property=\"og:image\" content=\"https:\/\/hotelesfray.com\/wp-content\/uploads\/2023\/05\/fachada-dia-scaled.jpg\" \/>\n\t<meta property=\"og:image:width\" content=\"2560\" \/>\n\t<meta property=\"og:image:height\" content=\"1919\" \/>\n\t<meta property=\"og:image:type\" content=\"image\/jpeg\" \/>\n<meta name=\"twitter:card\" content=\"summary_large_image\" \/>\n<meta name=\"twitter:label1\" content=\"Est. reading time\" \/>\n\t<meta name=\"twitter:data1\" content=\"10 minutes\" \/>\n<script type=\"application\/ld+json\" class=\"yoast-schema-graph\">{\"@context\":\"https:\\\/\\\/schema.org\",\"@graph\":[{\"@type\":\"WebPage\",\"@id\":\"https:\\\/\\\/hotelesfray.com\\\/eventos\\\/terrazas\\\/\",\"url\":\"https:\\\/\\\/hotelesfray.com\\\/eventos\\\/terrazas\\\/\",\"name\":\"Terrazas | Hoteles Fray\",\"isPartOf\":{\"@id\":\"https:\\\/\\\/hotelesfray.com\\\/#website\"},\"datePublished\":\"2025-09-22T17:22:15+00:00\",\"dateModified\":\"2026-04-24T20:48:50+00:00\",\"breadcrumb\":{\"@id\":\"https:\\\/\\\/hotelesfray.com\\\/eventos\\\/terrazas\\\/#breadcrumb\"},\"inLanguage\":\"en-US\",\"potentialAction\":[{\"@type\":\"ReadAction\",\"target\":[\"https:\\\/\\\/hotelesfray.com\\\/eventos\\\/terrazas\\\/\"]}]},{\"@type\":\"BreadcrumbList\",\"@id\":\"https:\\\/\\\/hotelesfray.com\\\/eventos\\\/terrazas\\\/#breadcrumb\",\"itemListElement\":[{\"@type\":\"ListItem\",\"position\":1,\"name\":\"Salones de Eventos en Tepic\",\"item\":\"https:\\\/\\\/hotelesfray.com\\\/eventos\\\/\"},{\"@type\":\"ListItem\",\"position\":2,\"name\":\"Terrazas\"}]},{\"@type\":\"WebSite\",\"@id\":\"https:\\\/\\\/hotelesfray.com\\\/#website\",\"url\":\"https:\\\/\\\/hotelesfray.com\\\/\",\"name\":\"Hoteles Fray\",\"description\":\"Los Mejores Hoteles en el Centro de Tepic, Nayarit\",\"publisher\":{\"@id\":\"https:\\\/\\\/hotelesfray.com\\\/#organization\"},\"potentialAction\":[{\"@type\":\"SearchAction\",\"target\":{\"@type\":\"EntryPoint\",\"urlTemplate\":\"https:\\\/\\\/hotelesfray.com\\\/?s={search_term_string}\"},\"query-input\":{\"@type\":\"PropertyValueSpecification\",\"valueRequired\":true,\"valueName\":\"search_term_string\"}}],\"inLanguage\":\"en-US\"},{\"@type\":\"Organization\",\"@id\":\"https:\\\/\\\/hotelesfray.com\\\/#organization\",\"name\":\"Hoteles Fray\",\"url\":\"https:\\\/\\\/hotelesfray.com\\\/\",\"logo\":{\"@type\":\"ImageObject\",\"inLanguage\":\"en-US\",\"@id\":\"https:\\\/\\\/hotelesfray.com\\\/#\\\/schema\\\/logo\\\/image\\\/\",\"url\":\"https:\\\/\\\/hotelesfray.com\\\/wp-content\\\/uploads\\\/2023\\\/01\\\/HotelesFray-cuadro.png\",\"contentUrl\":\"https:\\\/\\\/hotelesfray.com\\\/wp-content\\\/uploads\\\/2023\\\/01\\\/HotelesFray-cuadro.png\",\"width\":2200,\"height\":2200,\"caption\":\"Hoteles Fray\"},\"image\":{\"@id\":\"https:\\\/\\\/hotelesfray.com\\\/#\\\/schema\\\/logo\\\/image\\\/\"}}]}<\/script>\n<!-- \/ Yoast SEO plugin. -->","yoast_head_json":{"title":"Hotels in Tepic | Hoteles Fray \u2013 Complimentary Buffet Breakfast","description":"Looking for hotels in Tepic? Hoteles Fray offers the best location, complimentary buffet breakfast, free WiFi, and flexible cancellation. Book directly with no deposit!","robots":{"index":"index","follow":"follow","max-snippet":"max-snippet:-1","max-image-preview":"max-image-preview:large","max-video-preview":"max-video-preview:-1"},"canonical":"https:\/\/hotelesfray.com\/en\/eventos\/terrazas\/","og_locale":"en_US","og_type":"article","og_title":"Hotels in Tepic | Hoteles Fray \u2013 Complimentary Buffet Breakfast","og_description":"Looking for hotels in Tepic? Hoteles Fray offers the best location, complimentary buffet breakfast, free WiFi, and flexible cancellation. Book directly with no deposit!","og_url":"https:\/\/hotelesfray.com\/en\/eventos\/terrazas\/","og_site_name":"Hoteles Fray","article_modified_time":"2026-04-24T20:48:50+00:00","og_image":[{"width":2560,"height":1919,"url":"https:\/\/hotelesfray.com\/wp-content\/uploads\/2023\/05\/fachada-dia-scaled.jpg","type":"image\/jpeg"}],"twitter_card":"summary_large_image","twitter_misc":{"Est. reading time":"10 minutes"},"schema":{"@context":"https:\/\/schema.org","@graph":[{"@type":"WebPage","@id":"https:\/\/hotelesfray.com\/eventos\/terrazas\/","url":"https:\/\/hotelesfray.com\/eventos\/terrazas\/","name":"Terrazas | Hoteles Fray","isPartOf":{"@id":"https:\/\/hotelesfray.com\/#website"},"datePublished":"2025-09-22T17:22:15+00:00","dateModified":"2026-04-24T20:48:50+00:00","breadcrumb":{"@id":"https:\/\/hotelesfray.com\/eventos\/terrazas\/#breadcrumb"},"inLanguage":"en-US","potentialAction":[{"@type":"ReadAction","target":["https:\/\/hotelesfray.com\/eventos\/terrazas\/"]}]},{"@type":"BreadcrumbList","@id":"https:\/\/hotelesfray.com\/eventos\/terrazas\/#breadcrumb","itemListElement":[{"@type":"ListItem","position":1,"name":"Salones de Eventos en Tepic","item":"https:\/\/hotelesfray.com\/eventos\/"},{"@type":"ListItem","position":2,"name":"Terrazas"}]},{"@type":"WebSite","@id":"https:\/\/hotelesfray.com\/#website","url":"https:\/\/hotelesfray.com\/","name":"Hoteles Fray","description":"Los Mejores Hoteles en el Centro de Tepic, Nayarit","publisher":{"@id":"https:\/\/hotelesfray.com\/#organization"},"potentialAction":[{"@type":"SearchAction","target":{"@type":"EntryPoint","urlTemplate":"https:\/\/hotelesfray.com\/?s={search_term_string}"},"query-input":{"@type":"PropertyValueSpecification","valueRequired":true,"valueName":"search_term_string"}}],"inLanguage":"en-US"},{"@type":"Organization","@id":"https:\/\/hotelesfray.com\/#organization","name":"Hoteles Fray","url":"https:\/\/hotelesfray.com\/","logo":{"@type":"ImageObject","inLanguage":"en-US","@id":"https:\/\/hotelesfray.com\/#\/schema\/logo\/image\/","url":"https:\/\/hotelesfray.com\/wp-content\/uploads\/2023\/01\/HotelesFray-cuadro.png","contentUrl":"https:\/\/hotelesfray.com\/wp-content\/uploads\/2023\/01\/HotelesFray-cuadro.png","width":2200,"height":2200,"caption":"Hoteles Fray"},"image":{"@id":"https:\/\/hotelesfray.com\/#\/schema\/logo\/image\/"}}]}},"_links":{"self":[{"href":"https:\/\/hotelesfray.com\/en\/wp-json\/wp\/v2\/pages\/6402","targetHints":{"allow":["GET"]}}],"collection":[{"href":"https:\/\/hotelesfray.com\/en\/wp-json\/wp\/v2\/pages"}],"about":[{"href":"https:\/\/hotelesfray.com\/en\/wp-json\/wp\/v2\/types\/page"}],"author":[{"embeddable":true,"href":"https:\/\/hotelesfray.com\/en\/wp-json\/wp\/v2\/users\/2"}],"replies":[{"embeddable":true,"href":"https:\/\/hotelesfray.com\/en\/wp-json\/wp\/v2\/comments?post=6402"}],"version-history":[{"count":24,"href":"https:\/\/hotelesfray.com\/en\/wp-json\/wp\/v2\/pages\/6402\/revisions"}],"predecessor-version":[{"id":8029,"href":"https:\/\/hotelesfray.com\/en\/wp-json\/wp\/v2\/pages\/6402\/revisions\/8029"}],"up":[{"embeddable":true,"href":"https:\/\/hotelesfray.com\/en\/wp-json\/wp\/v2\/pages\/382"}],"wp:attachment":[{"href":"https:\/\/hotelesfray.com\/en\/wp-json\/wp\/v2\/media?parent=6402"}],"curies":[{"name":"wp","href":"https:\/\/api.w.org\/{rel}","templated":true}]}}